{"id":17,"date":"2025-09-03T17:44:41","date_gmt":"2025-09-03T15:44:41","guid":{"rendered":"https:\/\/carebeautyplace.es\/?page_id=17"},"modified":"2026-04-24T13:20:27","modified_gmt":"2026-04-24T11:20:27","slug":"pide-tu-cita-ahora","status":"publish","type":"page","link":"https:\/\/carebeautyplace.es\/es\/pide-tu-cita-ahora\/","title":{"rendered":"Pide Hora"},"content":{"rendered":"<p>[et_pb_section fb_built=\u00bb1&#8243; custom_padding_last_edited=\u00bbon|phone\u00bb admin_label=\u00bbHero\u00bb _builder_version=\u00bb4.27.4&#8243; _module_preset=\u00bb8363d3a1-7f13-4aae-8984-26124f93e21c\u00bb background_color_gradient_stops=\u00bb#ede3df 0%|#89b82a 14%|#986556 70%|#ffffff 70%|#ffffff 100%\u00bb background_color_gradient_overlays_image=\u00bbon\u00bb background_image=\u00bbhttps:\/\/carebeautyplace.es\/wp-content\/uploads\/2025\/09\/CareBeautyPlace-Salon-02.webp\u00bb custom_padding=\u00bb||30px||false|false\u00bb custom_padding_tablet=\u00bb||20px||false|false\u00bb custom_padding_phone=\u00bb||15px||false|false\u00bb bottom_divider_style=\u00bbwaves2&#8243; bottom_divider_color=\u00bb#FFFFFF\u00bb background_last_edited=\u00bbon|phone\u00bb use_background_color_gradient_tablet=\u00bbon\u00bb use_background_color_gradient_phone=\u00bbon\u00bb background_color_gradient_stops_tablet=\u00bb#ede3df 0%|#89b82a 20%|#986556 80%|#ffffff 80%|#ffffff 100%\u00bb background_color_gradient_stops_phone=\u00bb#ede3df 0%|#89b82a 20%|#986556 85%|#ffffff 85%|#ffffff 100%\u00bb box_shadow_style=\u00bbpreset7&#8243; box_shadow_horizontal=\u00bb0px\u00bb box_shadow_vertical=\u00bb-10vw\u00bb box_shadow_color=\u00bb#FFFFFF\u00bb locked=\u00bboff\u00bb collapsed=\u00bbon\u00bb global_colors_info=\u00bb{%22gcid-36fd78a7-34bc-404d-873c-dafa34efaae5%22:%91%22colorStart%22,%22colorEnd%22%93}\u00bb][et_pb_row _builder_version=\u00bb4.27.4&#8243; _module_preset=\u00bb5138c454-be54-4233-bd3b-f8e6a8747976&#8243; custom_margin=\u00bb-15px||0px||false|false\u00bb custom_margin_tablet=\u00bb-15px||-30px||false|false\u00bb custom_margin_phone=\u00bb-25px||-35px||false|false\u00bb custom_margin_last_edited=\u00bbon|phone\u00bb animation_style=\u00bbfade\u00bb global_colors_info=\u00bb{}\u00bb][et_pb_column type=\u00bb4_4&#8243; _builder_version=\u00bb4.16&#8243; _module_preset=\u00bb73121f80-a3ef-4484-8763-c3f18e3c56d2&#8243; global_colors_info=\u00bb{}\u00bb][et_pb_heading title=\u00bbPide tu cita en Care Beauty Place\u00bb _builder_version=\u00bb4.27.4&#8243; _module_preset=\u00bbddeb8c09-9078-4424-bc15-2efb6572e28e\u00bb title_text_align=\u00bbcenter\u00bb title_text_color=\u00bb#FFFFFF\u00bb title_font_size=\u00bb65px\u00bb custom_margin=\u00bb|-15vw||-15vw|false|true\u00bb custom_margin_tablet=\u00bb|0vw||0vw|false|true\u00bb custom_margin_phone=\u00bb|20vw||20vw|false|true\u00bb custom_margin_last_edited=\u00bbon|phone\u00bb animation_style=\u00bbfade\u00bb animation_duration=\u00bb2000ms\u00bb title_font_size_tablet=\u00bb38px\u00bb title_font_size_phone=\u00bb26px\u00bb title_font_size_last_edited=\u00bbon|desktop\u00bb locked=\u00bboff\u00bb global_colors_info=\u00bb{}\u00bb][\/et_pb_heading][et_pb_text _builder_version=\u00bb4.27.4&#8243; _module_preset=\u00bb2c55a9c4-feed-423b-9edb-ae0b5b365cac\u00bb text_font=\u00bb&#8211;et_global_heading_font|300|||||||\u00bb text_text_color=\u00bb#FFFFFF\u00bb text_orientation=\u00bbcenter\u00bb custom_margin=\u00bb|-50px||-50px|false|true\u00bb custom_margin_tablet=\u00bb|0px||0px|false|true\u00bb custom_margin_phone=\u00bb|0px||0px|false|true\u00bb custom_margin_last_edited=\u00bbon|phone\u00bb animation_style=\u00bbslide\u00bb animation_direction=\u00bbbottom\u00bb animation_duration=\u00bb1200ms\u00bb animation_delay=\u00bb400ms\u00bb animation_intensity_slide=\u00bb5%\u00bb text_font_size_last_edited=\u00bboff|phone\u00bb text_orientation_tablet=\u00bbjustified\u00bb text_orientation_phone=\u00bbjustified\u00bb text_orientation_last_edited=\u00bbon|phone\u00bb locked=\u00bboff\u00bb global_colors_info=\u00bb{%22gcid-primary-color%22:%91%22link_text_color%22%93,%22gcid-heading-color%22:%91%22header_text_color%22,%22header_4_text_color%22,%22header_3_text_color%22,%22header_2_text_color%22,%22header_5_text_color%22,%22header_6_text_color%22,%22quote_text_color%22%93,%22gcid-secondary-color%22:%91%22quote_border_color%22%93}\u00bb]<\/p>\n<p>\u00bfLista para un <strong>cambio de look<\/strong>? \u00bfTienes un evento especial o simplemente quieres dedicarte un rato para ti? En <strong>Care Beauty Place<\/strong> encontrar\u00e1s <strong>el lugar perfecto<\/strong> para cuidarte.<br \/><strong>Ana<\/strong>, nuestra estilista, pone <strong>cari\u00f1o, detalle y experiencia en cada servicio<\/strong> para que todas las clientas salgan felices, radiantes y con la confianza renovada. Aqu\u00ed la belleza no es solo est\u00e9tica, es una experiencia de bienestar.<\/p>\n<p>[\/et_pb_text][et_pb_button button_url=\u00bb#pide-cita\u00bb button_text=\u00bbReserva ahora tu cita y ven a descubrir por qu\u00e9 nuestr@s client@s repiten\u00bb button_alignment=\u00bbcenter\u00bb button_text_tablet=\u00bbReserva ahora tu cita y comienza tu experiencia de bienestar\u00bb button_text_phone=\u00bbReserva ahora tu cita\u00bb button_text_last_edited=\u00bbon|phone\u00bb button_alignment_last_edited=\u00bboff|desktop\u00bb _builder_version=\u00bb4.27.4&#8243; _module_preset=\u00bb1bffc0fc-42a0-49d1-bd9a-ae3ade2d7206&#8243; button_text_size=\u00bb20px\u00bb button_letter_spacing=\u00bb1px\u00bb button_font=\u00bbBebas Neue|700|||||||\u00bb button_icon=\u00bb&#xf0c4;||fa||900&#8243; custom_margin=\u00bb40px||-10px||false|false\u00bb custom_margin_tablet=\u00bb60px||60px||false|false\u00bb custom_margin_phone=\u00bb45px||35px||false|false\u00bb custom_margin_last_edited=\u00bbon|phone\u00bb custom_padding=\u00bb15px|50px|15px|50px|true|true\u00bb custom_padding_tablet=\u00bb15px|50px|15px|50px|true|true\u00bb custom_padding_phone=\u00bb12px|30px|12px|30px|true|true\u00bb custom_padding_last_edited=\u00bbon|phone\u00bb animation_style=\u00bbfade\u00bb button_text_size_tablet=\u00bb20px\u00bb button_text_size_phone=\u00bb16px\u00bb button_text_size_last_edited=\u00bbon|phone\u00bb box_shadow_style=\u00bbpreset3&#8243; box_shadow_vertical=\u00bb0px\u00bb box_shadow_blur=\u00bb0px\u00bb locked=\u00bboff\u00bb global_colors_info=\u00bb{}\u00bb box_shadow_vertical__hover_enabled=\u00bbon|desktop\u00bb box_shadow_vertical__hover=\u00bb12px\u00bb box_shadow_blur__hover_enabled=\u00bbon|hover\u00bb box_shadow_blur__hover=\u00bb18px\u00bb button_bg_color__hover_enabled=\u00bbon|hover\u00bb button_bg_color__hover=\u00bb#E2B093&#8243; button_bg_enable_color__hover=\u00bbon\u00bb transform_styles__hover_enabled=\u00bbon|hover\u00bb transform_scale__hover_enabled=\u00bbon|hover\u00bb transform_translate__hover_enabled=\u00bbon|desktop\u00bb transform_rotate__hover_enabled=\u00bbon|desktop\u00bb transform_skew__hover_enabled=\u00bbon|desktop\u00bb transform_origin__hover_enabled=\u00bbon|desktop\u00bb transform_scale__hover=\u00bb102%|102%\u00bb][\/et_pb_button][\/et_pb_column][\/et_pb_row][et_pb_row _builder_version=\u00bb4.23.1&#8243; _module_preset=\u00bb5138c454-be54-4233-bd3b-f8e6a8747976&#8243; global_colors_info=\u00bb{}\u00bb][et_pb_column type=\u00bb4_4&#8243; _builder_version=\u00bb4.16&#8243; _module_preset=\u00bb73121f80-a3ef-4484-8763-c3f18e3c56d2&#8243; global_colors_info=\u00bb{}\u00bb][et_pb_image src=\u00bbhttps:\/\/carebeautyplace.es\/wp-content\/uploads\/2026\/04\/Foto-ANA-MIRETE-800x500px.webp\u00bb alt=\u00bbPide tu cita con Ana en la peluquer\u00eda Care Beauty Place\u00bb align=\u00bbcenter\u00bb _builder_version=\u00bb4.27.6&#8243; _module_preset=\u00bbdefault\u00bb border_width_all=\u00bb20px\u00bb border_color_all=\u00bb#FFFFFF\u00bb box_shadow_style=\u00bbpreset3&#8243; global_colors_info=\u00bb{}\u00bb][\/et_pb_image][\/et_pb_column][\/et_pb_row][\/et_pb_section][et_pb_section fb_built=\u00bb1&#8243; admin_label=\u00bbContact Info\u00bb _builder_version=\u00bb4.27.4&#8243; _module_preset=\u00bbdefault\u00bb custom_padding=\u00bb0px||||false|false\u00bb collapsed=\u00bbon\u00bb global_colors_info=\u00bb{}\u00bb][et_pb_row module_id=\u00bbpide-cita\u00bb _builder_version=\u00bb4.27.4&#8243; _module_preset=\u00bbdefault\u00bb global_colors_info=\u00bb{}\u00bb][et_pb_column type=\u00bb4_4&#8243; _builder_version=\u00bb4.27.4&#8243; _module_preset=\u00bbdefault\u00bb global_colors_info=\u00bb{}\u00bb][et_pb_heading title=\u00bbReserva f\u00e1cil y r\u00e1pida\u00bb _builder_version=\u00bb4.27.4&#8243; _module_preset=\u00bbddeb8c09-9078-4424-bc15-2efb6572e28e\u00bb title_level=\u00bbh2&#8243; title_text_align=\u00bbcenter\u00bb title_font_size=\u00bb44px\u00bb animation_style=\u00bbfade\u00bb animation_duration=\u00bb2000ms\u00bb title_font_size_tablet=\u00bb38px\u00bb title_font_size_phone=\u00bb26px\u00bb locked=\u00bboff\u00bb global_colors_info=\u00bb{}\u00bb][\/et_pb_heading][et_pb_text _builder_version=\u00bb4.27.4&#8243; _module_preset=\u00bb2c55a9c4-feed-423b-9edb-ae0b5b365cac\u00bb text_font=\u00bb&#8211;et_global_heading_font|300|||||||\u00bb text_orientation=\u00bbcenter\u00bb custom_margin=\u00bb-25px|0px||0px|false|true\u00bb animation_style=\u00bbslide\u00bb animation_direction=\u00bbbottom\u00bb animation_duration=\u00bb1200ms\u00bb animation_delay=\u00bb400ms\u00bb animation_intensity_slide=\u00bb5%\u00bb text_font_size_last_edited=\u00bboff|phone\u00bb locked=\u00bboff\u00bb global_colors_info=\u00bb{}\u00bb]<\/p>\n<p>En nuestra <strong>peluquer\u00eda en Sarri\u00e0-Sant Gervasi (Barcelona)<\/strong> te lo ponemos sencillo: elige el medio que prefieras y pide tu cita.<\/p>\n<p>[\/et_pb_text][\/et_pb_column][\/et_pb_row][et_pb_row column_structure=\u00bb1_3,1_3,1_3&#8243; make_equal=\u00bbon\u00bb _builder_version=\u00bb4.27.4&#8243; _module_preset=\u00bbdefault\u00bb custom_padding=\u00bb||||false|false\u00bb global_colors_info=\u00bb{}\u00bb][et_pb_column type=\u00bb1_3&#8243; _builder_version=\u00bb4.27.4&#8243; _module_preset=\u00bb50607da8-57bc-4d4b-aaef-f02e41c2cc4a\u00bb global_colors_info=\u00bb{%22gcid-primary-color%22:%91%22body_link_text_color%22,%22body_link_text_color%22,%22body_link_text_color%22,%22link_text_color%22,%22link_text_color%22,%22link_text_color%22%93,%22gcid-heading-color%22:%91%22header_text_color%22,%22header_text_color%22,%22header_4_text_color%22,%22header_3_text_color%22,%22header_2_text_color%22,%22header_5_text_color%22,%22header_6_text_color%22,%22quote_text_color%22,%22text_text_color%22%93,%22gcid-body-color%22:%91%22body_text_color%22,%22body_text_color%22,%22body_text_color%22,%22body_text_color%22,%22body_text_color%22%93,%22gcid-secondary-color%22:%91%22quote_border_color%22,%22quote_border_color%22,%22quote_border_color%22%93}\u00bb transform_styles__hover_enabled=\u00bbon|hover\u00bb transform_scale__hover_enabled=\u00bbon|hover\u00bb transform_translate__hover_enabled=\u00bbon|hover\u00bb transform_rotate__hover_enabled=\u00bbon|desktop\u00bb transform_skew__hover_enabled=\u00bbon|desktop\u00bb transform_origin__hover_enabled=\u00bbon|desktop\u00bb transform_translate__hover=\u00bb0px|-10px\u00bb background__hover_enabled=\u00bboff|desktop\u00bb background_color__hover=\u00bb#F0EBE8&#8243; background_enable_color__hover=\u00bbon\u00bb][et_pb_blurb title=\u00bbTel\u00e9fono\u00bb url=\u00bbhttps:\/\/wa.me\/+34645581853&#8243; image=\u00bbhttps:\/\/carebeautyplace.es\/wp-content\/uploads\/2025\/09\/Phone.webp\u00bb alt=\u00bbLL\u00e1manos y pide tu cita ahora\u00bb image_icon_width=\u00bb35%\u00bb icon_alignment=\u00bbcenter\u00bb image_icon_width_tablet=\u00bb35%\u00bb image_icon_width_phone=\u00bb35%\u00bb image_icon_width_last_edited=\u00bboff|phone\u00bb icon_alignment_tablet=\u00bbcenter\u00bb icon_alignment_phone=\u00bbcenter\u00bb icon_alignment_last_edited=\u00bboff|desktop\u00bb _builder_version=\u00bb4.27.4&#8243; _module_preset=\u00bb212b201d-2c34-41bd-936c-851b7357d08b\u00bb header_level=\u00bbh3&#8243; header_text_align=\u00bbcenter\u00bb header_text_color=\u00bb#0E0C19&#8243; header_font_size=\u00bb20px\u00bb body_font=\u00bb&#8211;et_global_heading_font|300|||||||\u00bb body_text_align=\u00bbcenter\u00bb body_text_color=\u00bbgcid-heading-color\u00bb transform_translate_linked__hover=\u00bboff\u00bb child_filter_sepia=\u00bb40%\u00bb animation_style=\u00bbslide\u00bb animation_direction=\u00bbbottom\u00bb animation_intensity_slide=\u00bb3%\u00bb header_text_align_tablet=\u00bbcenter\u00bb header_text_align_phone=\u00bbcenter\u00bb header_text_align_last_edited=\u00bboff|desktop\u00bb header_font_size_tablet=\u00bb20px\u00bb header_font_size_phone=\u00bb20px\u00bb header_font_size_last_edited=\u00bboff|phone\u00bb body_text_align_tablet=\u00bbcenter\u00bb body_text_align_phone=\u00bbcenter\u00bb body_text_align_last_edited=\u00bboff|desktop\u00bb custom_css_blurb_title=\u00bbmargin-top: -5px;\u00bb global_colors_info=\u00bb{%22gcid-primary-color%22:%91%22body_link_text_color%22,%22body_link_text_color%22,%22body_link_text_color%22,%22body_link_text_color%22,%22body_link_text_color%22,%22body_link_text_color%22,%22body_link_text_color%22,%22link_text_color%22,%22link_text_color%22,%22link_text_color%22%93,%22gcid-heading-color%22:%91%22header_text_color%22,%22header_text_color%22,%22header_text_color%22,%22header_text_color%22,%22header_text_color%22,%22header_text_color%22,%22header_4_text_color%22,%22header_3_text_color%22,%22header_2_text_color%22,%22header_5_text_color%22,%22header_6_text_color%22,%22quote_text_color%22,%22text_text_color%22%93,%22gcid-body-color%22:%91%22body_text_color%22,%22body_text_color%22,%22body_text_color%22,%22body_text_color%22,%22body_text_color%22,%22body_text_color%22,%22body_text_color%22,%22body_text_color%22,%22body_text_color%22%93,%22gcid-secondary-color%22:%91%22quote_border_color%22,%22quote_border_color%22,%22quote_border_color%22%93}\u00bb child_filter_sepia__hover_enabled=\u00bboff|desktop\u00bb child_filter_sepia__hover=\u00bb40%\u00bb header_text_color__hover_enabled=\u00bbon|hover\u00bb header_text_color__hover=\u00bb#89B82A\u00bb transform_styles__hover_enabled=\u00bboff|hover\u00bb transform_scale__hover_enabled=\u00bboff|hover\u00bb transform_translate__hover_enabled=\u00bboff|hover\u00bb transform_rotate__hover_enabled=\u00bboff|hover\u00bb transform_skew__hover_enabled=\u00bboff|hover\u00bb transform_origin__hover_enabled=\u00bboff|hover\u00bb transform_translate__hover=\u00bb0px|-10px\u00bb icon_color__hover_enabled=\u00bbon|desktop\u00bb icon_color__hover=\u00bb#986556&#8243; custom_css_blurb_title_last_edited=\u00bbon|desktop\u00bb custom_css_blurb_title_tablet=\u00bbmargin-top:-10px;\u00bb custom_css_blurb_title_phone=\u00bbmargin-top:-12px;\u00bb header_font_size__hover_enabled=\u00bbon|hover\u00bb header_font_size__hover=\u00bb24px\u00bb]<\/p>\n<p>Llamadas o WhatsApp<br \/>+34 645 581 853<\/p>\n<p>[\/et_pb_blurb][\/et_pb_column][et_pb_column type=\u00bb1_3&#8243; _builder_version=\u00bb4.27.4&#8243; _module_preset=\u00bb50607da8-57bc-4d4b-aaef-f02e41c2cc4a\u00bb global_colors_info=\u00bb{%22gcid-primary-color%22:%91%22body_link_text_color%22,%22body_link_text_color%22,%22body_link_text_color%22,%22link_text_color%22,%22link_text_color%22,%22link_text_color%22%93,%22gcid-heading-color%22:%91%22header_text_color%22,%22header_text_color%22,%22header_4_text_color%22,%22header_3_text_color%22,%22header_2_text_color%22,%22header_5_text_color%22,%22header_6_text_color%22,%22quote_text_color%22,%22text_text_color%22%93,%22gcid-body-color%22:%91%22body_text_color%22,%22body_text_color%22,%22body_text_color%22,%22body_text_color%22,%22body_text_color%22%93,%22gcid-secondary-color%22:%91%22quote_border_color%22,%22quote_border_color%22,%22quote_border_color%22%93}\u00bb transform_translate__hover=\u00bb0px|-10px\u00bb transform_translate__hover_enabled=\u00bbon|hover\u00bb transform_styles__hover_enabled=\u00bbon|hover\u00bb transform_scale__hover_enabled=\u00bbon|desktop\u00bb transform_rotate__hover_enabled=\u00bbon|desktop\u00bb transform_skew__hover_enabled=\u00bbon|desktop\u00bb transform_origin__hover_enabled=\u00bbon|desktop\u00bb background__hover_enabled=\u00bboff|desktop\u00bb background_color__hover=\u00bb#F0EBE8&#8243; background_enable_color__hover=\u00bbon\u00bb][et_pb_blurb title=\u00bbEmail\u00bb url=\u00bb#formulario-web\u00bb image=\u00bbhttps:\/\/carebeautyplace.es\/wp-content\/uploads\/2025\/09\/Mail.webp\u00bb alt=\u00bbEscr\u00edbenos y pide tu cita ahora\u00bb image_icon_width=\u00bb35%\u00bb icon_alignment=\u00bbcenter\u00bb image_icon_width_tablet=\u00bb300%\u00bb image_icon_width_phone=\u00bb300%\u00bb image_icon_width_last_edited=\u00bboff|desktop\u00bb icon_alignment_tablet=\u00bbcenter\u00bb icon_alignment_phone=\u00bbcenter\u00bb icon_alignment_last_edited=\u00bboff|desktop\u00bb _builder_version=\u00bb4.27.6&#8243; _module_preset=\u00bb212b201d-2c34-41bd-936c-851b7357d08b\u00bb header_level=\u00bbh3&#8243; header_text_align=\u00bbcenter\u00bb header_text_color=\u00bb#0E0C19&#8243; header_font_size=\u00bb20px\u00bb body_font=\u00bb&#8211;et_global_heading_font|300|||||||\u00bb body_text_align=\u00bbcenter\u00bb body_text_color=\u00bbgcid-heading-color\u00bb transform_translate_linked__hover=\u00bboff\u00bb custom_margin=\u00bb|0px||0px|false|true\u00bb custom_margin_tablet=\u00bb|0px||0px|false|true\u00bb custom_margin_phone=\u00bb|-5px||-5px|false|true\u00bb custom_margin_last_edited=\u00bbon|phone\u00bb child_filter_brightness=\u00bb94%\u00bb child_filter_sepia=\u00bb35%\u00bb animation_style=\u00bbslide\u00bb animation_direction=\u00bbbottom\u00bb animation_intensity_slide=\u00bb3%\u00bb header_text_align_tablet=\u00bbcenter\u00bb header_text_align_phone=\u00bbcenter\u00bb header_text_align_last_edited=\u00bboff|desktop\u00bb header_font_size_tablet=\u00bb20px\u00bb header_font_size_phone=\u00bb20px\u00bb header_font_size_last_edited=\u00bboff|phone\u00bb body_text_align_tablet=\u00bbcenter\u00bb body_text_align_phone=\u00bbcenter\u00bb body_text_align_last_edited=\u00bboff|desktop\u00bb custom_css_blurb_title=\u00bbmargin-top: -5px;\u00bb global_colors_info=\u00bb{%22gcid-primary-color%22:%91%22body_link_text_color%22,%22body_link_text_color%22,%22body_link_text_color%22,%22link_text_color%22,%22link_text_color%22,%22link_text_color%22%93,%22gcid-heading-color%22:%91%22header_text_color%22,%22header_text_color%22,%22header_4_text_color%22,%22header_3_text_color%22,%22header_2_text_color%22,%22header_5_text_color%22,%22header_6_text_color%22,%22quote_text_color%22,%22text_text_color%22%93,%22gcid-body-color%22:%91%22body_text_color%22,%22body_text_color%22,%22body_text_color%22,%22body_text_color%22,%22body_text_color%22%93,%22gcid-secondary-color%22:%91%22quote_border_color%22,%22quote_border_color%22,%22quote_border_color%22%93}\u00bb child_filter_sepia__hover_enabled=\u00bboff|desktop\u00bb child_filter_sepia__hover=\u00bb40%\u00bb header_text_color__hover_enabled=\u00bbon|hover\u00bb header_text_color__hover=\u00bb#89B82A\u00bb transform_styles__hover_enabled=\u00bboff|desktop\u00bb transform_scale__hover_enabled=\u00bboff|desktop\u00bb transform_translate__hover_enabled=\u00bboff|desktop\u00bb transform_rotate__hover_enabled=\u00bboff|desktop\u00bb transform_skew__hover_enabled=\u00bboff|desktop\u00bb transform_origin__hover_enabled=\u00bboff|desktop\u00bb transform_translate__hover=\u00bb0px|-10px\u00bb icon_color__hover_enabled=\u00bbon|hover\u00bb icon_color__hover=\u00bb#986556&#8243; custom_css_blurb_title_last_edited=\u00bbon|phone\u00bb custom_css_blurb_title_tablet=\u00bbmargin-top:-10px;\u00bb custom_css_blurb_title_phone=\u00bbmargin-top:-15px;\u00bb header_font_size__hover_enabled=\u00bbon|hover\u00bb header_font_size__hover=\u00bb24px\u00bb]<\/p>\n<p>Escr\u00edbenos al mail<br \/>hola@carebeautyplace.es<\/p>\n<p>[\/et_pb_blurb][\/et_pb_column][et_pb_column type=\u00bb1_3&#8243; _builder_version=\u00bb4.27.4&#8243; _module_preset=\u00bb50607da8-57bc-4d4b-aaef-f02e41c2cc4a\u00bb global_colors_info=\u00bb{%22gcid-primary-color%22:%91%22body_link_text_color%22,%22body_link_text_color%22,%22body_link_text_color%22,%22link_text_color%22,%22link_text_color%22,%22link_text_color%22%93,%22gcid-heading-color%22:%91%22header_text_color%22,%22header_text_color%22,%22header_4_text_color%22,%22header_3_text_color%22,%22header_2_text_color%22,%22header_5_text_color%22,%22header_6_text_color%22,%22quote_text_color%22,%22text_text_color%22%93,%22gcid-body-color%22:%91%22body_text_color%22,%22body_text_color%22,%22body_text_color%22,%22body_text_color%22,%22body_text_color%22%93,%22gcid-secondary-color%22:%91%22quote_border_color%22,%22quote_border_color%22,%22quote_border_color%22%93}\u00bb transform_translate__hover=\u00bb0px|-10px\u00bb transform_translate__hover_enabled=\u00bbon|hover\u00bb transform_styles__hover_enabled=\u00bbon|hover\u00bb transform_scale__hover_enabled=\u00bbon|desktop\u00bb transform_rotate__hover_enabled=\u00bbon|desktop\u00bb transform_skew__hover_enabled=\u00bbon|desktop\u00bb transform_origin__hover_enabled=\u00bbon|desktop\u00bb background__hover_enabled=\u00bboff|desktop\u00bb background_color__hover=\u00bb#F0EBE8&#8243; background_enable_color__hover=\u00bbon\u00bb][et_pb_blurb title=\u00bbDirecci\u00f3n\u00bb url=\u00bb#mapa\u00bb image=\u00bbhttps:\/\/carebeautyplace.es\/wp-content\/uploads\/2025\/09\/Map.webp\u00bb alt=\u00bbVen a vernos y pide tu cita\u00bb image_icon_width=\u00bb35%\u00bb icon_alignment=\u00bbcenter\u00bb image_icon_width_tablet=\u00bb300%\u00bb image_icon_width_phone=\u00bb300%\u00bb image_icon_width_last_edited=\u00bboff|desktop\u00bb icon_alignment_tablet=\u00bbcenter\u00bb icon_alignment_phone=\u00bbcenter\u00bb icon_alignment_last_edited=\u00bboff|desktop\u00bb _builder_version=\u00bb4.27.4&#8243; _module_preset=\u00bb212b201d-2c34-41bd-936c-851b7357d08b\u00bb header_level=\u00bbh3&#8243; header_text_align=\u00bbcenter\u00bb header_text_color=\u00bb#0E0C19&#8243; header_font_size=\u00bb20px\u00bb body_font=\u00bb&#8211;et_global_heading_font|300|||||||\u00bb body_text_align=\u00bbcenter\u00bb body_text_color=\u00bbgcid-heading-color\u00bb transform_translate_linked__hover=\u00bboff\u00bb child_filter_sepia=\u00bb35%\u00bb animation_style=\u00bbslide\u00bb animation_direction=\u00bbbottom\u00bb animation_intensity_slide=\u00bb3%\u00bb header_text_align_tablet=\u00bbcenter\u00bb header_text_align_phone=\u00bbcenter\u00bb header_text_align_last_edited=\u00bboff|desktop\u00bb header_font_size_tablet=\u00bb20px\u00bb header_font_size_phone=\u00bb20px\u00bb header_font_size_last_edited=\u00bboff|phone\u00bb body_text_align_tablet=\u00bbcenter\u00bb body_text_align_phone=\u00bbcenter\u00bb body_text_align_last_edited=\u00bboff|desktop\u00bb custom_css_blurb_title=\u00bbmargin-top: -5px;\u00bb global_colors_info=\u00bb{%22gcid-primary-color%22:%91%22body_link_text_color%22,%22body_link_text_color%22,%22body_link_text_color%22,%22link_text_color%22,%22link_text_color%22,%22link_text_color%22%93,%22gcid-heading-color%22:%91%22header_text_color%22,%22header_text_color%22,%22header_4_text_color%22,%22header_3_text_color%22,%22header_2_text_color%22,%22header_5_text_color%22,%22header_6_text_color%22,%22quote_text_color%22,%22text_text_color%22%93,%22gcid-body-color%22:%91%22body_text_color%22,%22body_text_color%22,%22body_text_color%22,%22body_text_color%22,%22body_text_color%22%93,%22gcid-secondary-color%22:%91%22quote_border_color%22,%22quote_border_color%22,%22quote_border_color%22%93}\u00bb child_filter_sepia__hover_enabled=\u00bboff|desktop\u00bb child_filter_sepia__hover=\u00bb40%\u00bb header_text_color__hover_enabled=\u00bbon|hover\u00bb header_text_color__hover=\u00bb#89B82A\u00bb transform_styles__hover_enabled=\u00bboff|desktop\u00bb transform_scale__hover_enabled=\u00bboff|desktop\u00bb transform_translate__hover_enabled=\u00bboff|desktop\u00bb transform_rotate__hover_enabled=\u00bboff|desktop\u00bb transform_skew__hover_enabled=\u00bboff|desktop\u00bb transform_origin__hover_enabled=\u00bboff|desktop\u00bb transform_translate__hover=\u00bb0px|-10px\u00bb icon_color__hover_enabled=\u00bbon|hover\u00bb icon_color__hover=\u00bb#986556&#8243; custom_css_blurb_title_last_edited=\u00bbon|phone\u00bb custom_css_blurb_title_tablet=\u00bbmargin-top:-10px;\u00bb custom_css_blurb_title_phone=\u00bbmargin-top:-12px;\u00bb header_font_size__hover_enabled=\u00bbon|hover\u00bb header_font_size__hover=\u00bb24px\u00bb]<\/p>\n<p>Carrer de Brusi, 39, 08006 Barcelona<br \/>Zona Sarri\u00e0-Sant Gervasi<\/p>\n<p>[\/et_pb_blurb][\/et_pb_column][\/et_pb_row][\/et_pb_section][et_pb_section fb_built=\u00bb1&#8243; prev_background_color=\u00bb#ffffff\u00bb admin_label=\u00bbAppointment Booking\u00bb _builder_version=\u00bb4.27.4&#8243; _module_preset=\u00bbdefault\u00bb background_color=\u00bbgcid-primary-color\u00bb top_divider_style=\u00bbwave2&#8243; top_divider_height=\u00bb90px\u00bb top_divider_height_tablet=\u00bb50px\u00bb top_divider_height_phone=\u00bb40px\u00bb top_divider_height_last_edited=\u00bbon|phone\u00bb locked=\u00bboff\u00bb collapsed=\u00bboff\u00bb global_colors_info=\u00bb{%22gcid-primary-color%22:%91%22background_color%22%93}\u00bb][et_pb_row custom_padding_last_edited=\u00bbon|phone\u00bb module_id=\u00bbformulario-web\u00bb _builder_version=\u00bb4.27.4&#8243; _module_preset=\u00bbc9cfaba2-2263-4f35-8227-8d16ca8bd1cc\u00bb custom_margin=\u00bb5vw||5vw||true|false\u00bb custom_margin_tablet=\u00bb9vw||6vw||false|false\u00bb custom_margin_phone=\u00bb10vw||5vw||false|false\u00bb custom_margin_last_edited=\u00bbon|phone\u00bb custom_padding=\u00bb80px|60px|80px|60px|true|true\u00bb custom_padding_tablet=\u00bb60px|30px|60px|30px|true|true\u00bb custom_padding_phone=\u00bb40px|10px|40px|10px|true|true\u00bb border_radii_tablet=\u00bbon|30px|30px|30px|30px\u00bb border_radii_phone=\u00bbon|20px|20px|20px|20px\u00bb border_radii_last_edited=\u00bboff|desktop\u00bb global_colors_info=\u00bb{}\u00bb][et_pb_column type=\u00bb4_4&#8243; _builder_version=\u00bb4.16&#8243; _module_preset=\u00bb73121f80-a3ef-4484-8763-c3f18e3c56d2&#8243; global_colors_info=\u00bb{}\u00bb][et_pb_heading title=\u00bbFormulario de contacto\u00bb _builder_version=\u00bb4.27.4&#8243; _module_preset=\u00bbf0c675ea-2574-4d0e-b725-30f8550a8550&#8243; title_level=\u00bbh2&#8243; title_font=\u00bbBebas Neue|||on|||||\u00bb title_text_align=\u00bbcenter\u00bb title_text_color=\u00bbgcid-primary-color\u00bb title_font_size=\u00bb24px\u00bb custom_margin=\u00bb||10px|5px|false|false\u00bb title_font_size_tablet=\u00bb18px\u00bb title_font_size_phone=\u00bb16px\u00bb title_font_size_last_edited=\u00bbon|phone\u00bb locked=\u00bboff\u00bb global_colors_info=\u00bb{%22gcid-primary-color%22:%91%22title_text_color%22%93}\u00bb][\/et_pb_heading][et_pb_heading title=\u00bb\u00bfPrefieres escribirnos? *\u00bb _builder_version=\u00bb4.27.4&#8243; _module_preset=\u00bbddeb8c09-9078-4424-bc15-2efb6572e28e\u00bb title_level=\u00bbh3&#8243; title_text_align=\u00bbcenter\u00bb title_font_size=\u00bb44px\u00bb animation_style=\u00bbfade\u00bb animation_duration=\u00bb2000ms\u00bb title_font_size_tablet=\u00bb38px\u00bb title_font_size_phone=\u00bb26px\u00bb locked=\u00bboff\u00bb global_colors_info=\u00bb{}\u00bb][\/et_pb_heading][et_pb_text _builder_version=\u00bb4.27.4&#8243; _module_preset=\u00bb2c55a9c4-feed-423b-9edb-ae0b5b365cac\u00bb text_font=\u00bb&#8211;et_global_heading_font|300|||||||\u00bb text_orientation=\u00bbcenter\u00bb custom_margin=\u00bb|0px|60px|0px|false|true\u00bb animation_style=\u00bbslide\u00bb animation_direction=\u00bbbottom\u00bb animation_duration=\u00bb1200ms\u00bb animation_delay=\u00bb400ms\u00bb animation_intensity_slide=\u00bb5%\u00bb text_font_size_last_edited=\u00bboff|phone\u00bb locked=\u00bboff\u00bb global_colors_info=\u00bb{}\u00bb]<\/p>\n<p>Completa este formulario y te responderemos lo antes posible para confirmar tu cita o resolver cualquier duda.<\/p>\n<p>[\/et_pb_text][et_pb_contact_form email=\u00bbcare.beautyplace@gmail.com\u00bb custom_message=\u00bb_ Este es un mensaje recibido a trav\u00e9s del Formulario WEB (ES) de la web: carebeautyplace.es||et_pb_line_break_holder||||et_pb_line_break_holder||_ A continuaci\u00f3n est\u00e1n los datos y el mensaje de la persona que ha escrito:||et_pb_line_break_holder||||et_pb_line_break_holder||Su nombre:  %%Name%%||et_pb_line_break_holder||Sus apellidos:  %%Lastname%%||et_pb_line_break_holder||Su e-mail:  %%Email%%||et_pb_line_break_holder||Su tel\u00e9fono:  %%Phone%%||et_pb_line_break_holder||||et_pb_line_break_holder||TEMA a TRATAR:  %%Subject%%||et_pb_line_break_holder||||et_pb_line_break_holder||Mensaje que ha dejado: ||et_pb_line_break_holder||%%Message%%||et_pb_line_break_holder||||et_pb_line_break_holder||||et_pb_line_break_holder||Conformidad que acepta la Pol\u00edtica de privacidad de la web: %%PrivacyPolicy%% Pol\u00edtica de Privacidad.||et_pb_line_break_holder||\u00bb success_message=\u00bbGracias por contactarnos, nos pondremos en contacto contigo lo antes posible.\u00bb _builder_version=\u00bb4.27.6&#8243; _module_preset=\u00bb347de7c5-8eec-4fb2-89ad-e07c220a4ead\u00bb _unique_id=\u00bbceddc97d-3019-4508-a1f2-667b6f23809b\u00bb form_field_custom_margin=\u00bb|10px|15px|-10px|false|false\u00bb form_field_custom_margin_tablet=\u00bb|0px|15px|0px|false|true\u00bb form_field_custom_margin_phone=\u00bb||10px||false|true\u00bb form_field_custom_margin_last_edited=\u00bbon|phone\u00bb form_field_custom_padding=\u00bb12px||12px||true|false\u00bb background_enable_color=\u00bboff\u00bb button_text_size=\u00bb20px\u00bb button_letter_spacing=\u00bb1px\u00bb button_font=\u00bbBebas Neue|700||on|||||\u00bb button_icon=\u00bb&#xf0c4;||fa||900&#8243; button_custom_margin=\u00bb0px||||false|false\u00bb button_custom_padding=\u00bb10px|50px|10px|50px|true|true\u00bb button_custom_padding_tablet=\u00bb10px|50px|10px|50px|true|true\u00bb button_custom_padding_phone=\u00bb|30px||30px|true|true\u00bb button_custom_padding_last_edited=\u00bbon|phone\u00bb custom_margin=\u00bb|80px||80px|false|true\u00bb custom_margin_tablet=\u00bb|20px||20px|false|true\u00bb custom_margin_phone=\u00bb|5px||5px|false|true\u00bb custom_margin_last_edited=\u00bbon|phone\u00bb animation_style=\u00bbfade\u00bb animation_delay=\u00bb650ms\u00bb hover_enabled=\u00bb0&#8243; button_text_size_tablet=\u00bb20px\u00bb button_text_size_phone=\u00bb16px\u00bb button_text_size_last_edited=\u00bbon|desktop\u00bb custom_css_contact_button=\u00bbtransform: scale(1);\u00bb box_shadow_style_button=\u00bbpreset3&#8243; box_shadow_vertical_button=\u00bb0px\u00bb box_shadow_blur_button=\u00bb0px\u00bb locked=\u00bboff\u00bb global_colors_info=\u00bb{}\u00bb button_bg_color__hover_enabled=\u00bbon|desktop\u00bb button_bg_color__hover=\u00bb#986556&#8243; button_bg_enable_color__hover=\u00bbon\u00bb box_shadow_vertical_button__hover_enabled=\u00bbon|hover\u00bb box_shadow_blur_button__hover_enabled=\u00bbon|desktop\u00bb box_shadow_vertical_button__hover=\u00bb12px\u00bb box_shadow_blur_button__hover=\u00bb18px\u00bb custom_css_contact_button__hover_enabled=\u00bbon|hover\u00bb custom_css_contact_button__hover=\u00bbtransform: scale(1.05);\u00bb use_spam_service=\u00bbon\u00bb recaptcha_list=\u00bbANA &#8211; Care Beauty Place|ANA &#8211; Care Beauty Place-0&#8243; sticky_enabled=\u00bb0&#8243;][et_pb_contact_field field_id=\u00bbName\u00bb field_title=\u00bbNombre\u00bb _builder_version=\u00bb4.27.4&#8243; _module_preset=\u00bbdefault\u00bb form_field_text_color=\u00bb#986556&#8243; form_field_font=\u00bbBebas Neue|||on|||||\u00bb form_field_text_align=\u00bbleft\u00bb form_field_font_size=\u00bb24px\u00bb form_field_letter_spacing=\u00bb1px\u00bb form_field_line_height=\u00bb1.4em\u00bb form_field_font_size_tablet=\u00bb18px\u00bb form_field_font_size_phone=\u00bb16px\u00bb form_field_font_size_last_edited=\u00bbon|desktop\u00bb box_shadow_style=\u00bbpreset3&#8243; box_shadow_vertical=\u00bb0px\u00bb box_shadow_blur=\u00bb0px\u00bb global_colors_info=\u00bb{}\u00bb button_text_size__hover_enabled=\u00bboff\u00bb button_one_text_size__hover_enabled=\u00bboff\u00bb button_two_text_size__hover_enabled=\u00bboff\u00bb button_text_color__hover_enabled=\u00bboff\u00bb button_one_text_color__hover_enabled=\u00bboff\u00bb button_two_text_color__hover_enabled=\u00bboff\u00bb button_border_width__hover_enabled=\u00bboff\u00bb button_one_border_width__hover_enabled=\u00bboff\u00bb button_two_border_width__hover_enabled=\u00bboff\u00bb button_border_color__hover_enabled=\u00bboff\u00bb button_one_border_color__hover_enabled=\u00bboff\u00bb button_two_border_color__hover_enabled=\u00bboff\u00bb button_border_radius__hover_enabled=\u00bboff\u00bb button_one_border_radius__hover_enabled=\u00bboff\u00bb button_two_border_radius__hover_enabled=\u00bboff\u00bb button_letter_spacing__hover_enabled=\u00bboff\u00bb button_one_letter_spacing__hover_enabled=\u00bboff\u00bb button_two_letter_spacing__hover_enabled=\u00bboff\u00bb button_bg_color__hover_enabled=\u00bboff\u00bb button_one_bg_color__hover_enabled=\u00bboff\u00bb button_two_bg_color__hover_enabled=\u00bboff\u00bb form_field_text_color__hover_enabled=\u00bbon|desktop\u00bb form_field_text_color__hover=\u00bb#E2B093&#8243; form_field_focus_background_color__hover_enabled=\u00bboff|desktop\u00bb form_field_focus_background_color__hover=\u00bb#F0EBE8&#8243; box_shadow_vertical__hover_enabled=\u00bboff|hover\u00bb box_shadow_vertical__hover=\u00bb0px\u00bb box_shadow_blur__hover_enabled=\u00bbon|hover\u00bb box_shadow_blur__hover=\u00bb12px\u00bb][\/et_pb_contact_field][et_pb_contact_field field_id=\u00bbLastname\u00bb field_title=\u00bbApellido\u00bb _builder_version=\u00bb4.27.4&#8243; _module_preset=\u00bbdefault\u00bb form_field_text_color=\u00bb#986556&#8243; form_field_font=\u00bbBebas Neue|||on|||||\u00bb form_field_text_align=\u00bbleft\u00bb form_field_font_size=\u00bb24px\u00bb form_field_letter_spacing=\u00bb1px\u00bb form_field_line_height=\u00bb1.4em\u00bb form_field_font_size_tablet=\u00bb18px\u00bb form_field_font_size_phone=\u00bb16px\u00bb form_field_font_size_last_edited=\u00bbon|desktop\u00bb box_shadow_style=\u00bbpreset3&#8243; box_shadow_vertical=\u00bb0px\u00bb box_shadow_blur=\u00bb0px\u00bb global_colors_info=\u00bb{}\u00bb button_text_size__hover_enabled=\u00bboff\u00bb button_one_text_size__hover_enabled=\u00bboff\u00bb button_two_text_size__hover_enabled=\u00bboff\u00bb button_text_color__hover_enabled=\u00bboff\u00bb button_one_text_color__hover_enabled=\u00bboff\u00bb button_two_text_color__hover_enabled=\u00bboff\u00bb button_border_width__hover_enabled=\u00bboff\u00bb button_one_border_width__hover_enabled=\u00bboff\u00bb button_two_border_width__hover_enabled=\u00bboff\u00bb button_border_color__hover_enabled=\u00bboff\u00bb button_one_border_color__hover_enabled=\u00bboff\u00bb button_two_border_color__hover_enabled=\u00bboff\u00bb button_border_radius__hover_enabled=\u00bboff\u00bb button_one_border_radius__hover_enabled=\u00bboff\u00bb button_two_border_radius__hover_enabled=\u00bboff\u00bb button_letter_spacing__hover_enabled=\u00bboff\u00bb button_one_letter_spacing__hover_enabled=\u00bboff\u00bb button_two_letter_spacing__hover_enabled=\u00bboff\u00bb button_bg_color__hover_enabled=\u00bboff\u00bb button_one_bg_color__hover_enabled=\u00bboff\u00bb button_two_bg_color__hover_enabled=\u00bboff\u00bb form_field_text_color__hover_enabled=\u00bbon|desktop\u00bb form_field_text_color__hover=\u00bb#E2B093&#8243; form_field_focus_background_color__hover_enabled=\u00bboff|desktop\u00bb form_field_focus_background_color__hover=\u00bb#F0EBE8&#8243; box_shadow_vertical__hover_enabled=\u00bboff|hover\u00bb box_shadow_vertical__hover=\u00bb0px\u00bb box_shadow_blur__hover_enabled=\u00bbon|hover\u00bb box_shadow_blur__hover=\u00bb12px\u00bb][\/et_pb_contact_field][et_pb_contact_field field_id=\u00bbEmail\u00bb field_title=\u00bbE-mail\u00bb field_type=\u00bbemail\u00bb _builder_version=\u00bb4.27.4&#8243; _module_preset=\u00bbdefault\u00bb form_field_text_color=\u00bb#986556&#8243; form_field_font=\u00bbBebas Neue|||on|||||\u00bb form_field_text_align=\u00bbleft\u00bb form_field_font_size=\u00bb24px\u00bb form_field_letter_spacing=\u00bb1px\u00bb form_field_line_height=\u00bb1.4em\u00bb form_field_font_size_tablet=\u00bb18px\u00bb form_field_font_size_phone=\u00bb16px\u00bb form_field_font_size_last_edited=\u00bbon|desktop\u00bb box_shadow_style=\u00bbpreset3&#8243; box_shadow_vertical=\u00bb0px\u00bb box_shadow_blur=\u00bb0px\u00bb global_colors_info=\u00bb{}\u00bb button_text_size__hover_enabled=\u00bboff\u00bb button_one_text_size__hover_enabled=\u00bboff\u00bb button_two_text_size__hover_enabled=\u00bboff\u00bb button_text_color__hover_enabled=\u00bboff\u00bb button_one_text_color__hover_enabled=\u00bboff\u00bb button_two_text_color__hover_enabled=\u00bboff\u00bb button_border_width__hover_enabled=\u00bboff\u00bb button_one_border_width__hover_enabled=\u00bboff\u00bb button_two_border_width__hover_enabled=\u00bboff\u00bb button_border_color__hover_enabled=\u00bboff\u00bb button_one_border_color__hover_enabled=\u00bboff\u00bb button_two_border_color__hover_enabled=\u00bboff\u00bb button_border_radius__hover_enabled=\u00bboff\u00bb button_one_border_radius__hover_enabled=\u00bboff\u00bb button_two_border_radius__hover_enabled=\u00bboff\u00bb button_letter_spacing__hover_enabled=\u00bboff\u00bb button_one_letter_spacing__hover_enabled=\u00bboff\u00bb button_two_letter_spacing__hover_enabled=\u00bboff\u00bb button_bg_color__hover_enabled=\u00bboff\u00bb button_one_bg_color__hover_enabled=\u00bboff\u00bb button_two_bg_color__hover_enabled=\u00bboff\u00bb form_field_text_color__hover_enabled=\u00bbon|desktop\u00bb form_field_text_color__hover=\u00bb#E2B093&#8243; form_field_focus_background_color__hover_enabled=\u00bboff|desktop\u00bb form_field_focus_background_color__hover=\u00bb#F0EBE8&#8243; box_shadow_vertical__hover_enabled=\u00bboff|hover\u00bb box_shadow_vertical__hover=\u00bb0px\u00bb box_shadow_blur__hover_enabled=\u00bbon|hover\u00bb box_shadow_blur__hover=\u00bb12px\u00bb][\/et_pb_contact_field][et_pb_contact_field field_id=\u00bbPhone\u00bb field_title=\u00bbTel\u00e9fono\u00bb _builder_version=\u00bb4.27.4&#8243; _module_preset=\u00bbdefault\u00bb form_field_text_color=\u00bb#986556&#8243; form_field_font=\u00bbBebas Neue|||on|||||\u00bb form_field_text_align=\u00bbleft\u00bb form_field_font_size=\u00bb24px\u00bb form_field_letter_spacing=\u00bb1px\u00bb form_field_line_height=\u00bb1.4em\u00bb form_field_font_size_tablet=\u00bb18px\u00bb form_field_font_size_phone=\u00bb16px\u00bb form_field_font_size_last_edited=\u00bbon|desktop\u00bb box_shadow_style=\u00bbpreset3&#8243; box_shadow_vertical=\u00bb0px\u00bb box_shadow_blur=\u00bb0px\u00bb global_colors_info=\u00bb{}\u00bb button_text_size__hover_enabled=\u00bboff\u00bb button_one_text_size__hover_enabled=\u00bboff\u00bb button_two_text_size__hover_enabled=\u00bboff\u00bb button_text_color__hover_enabled=\u00bboff\u00bb button_one_text_color__hover_enabled=\u00bboff\u00bb button_two_text_color__hover_enabled=\u00bboff\u00bb button_border_width__hover_enabled=\u00bboff\u00bb button_one_border_width__hover_enabled=\u00bboff\u00bb button_two_border_width__hover_enabled=\u00bboff\u00bb button_border_color__hover_enabled=\u00bboff\u00bb button_one_border_color__hover_enabled=\u00bboff\u00bb button_two_border_color__hover_enabled=\u00bboff\u00bb button_border_radius__hover_enabled=\u00bboff\u00bb button_one_border_radius__hover_enabled=\u00bboff\u00bb button_two_border_radius__hover_enabled=\u00bboff\u00bb button_letter_spacing__hover_enabled=\u00bboff\u00bb button_one_letter_spacing__hover_enabled=\u00bboff\u00bb button_two_letter_spacing__hover_enabled=\u00bboff\u00bb button_bg_color__hover_enabled=\u00bboff\u00bb button_one_bg_color__hover_enabled=\u00bboff\u00bb button_two_bg_color__hover_enabled=\u00bboff\u00bb form_field_text_color__hover_enabled=\u00bbon|desktop\u00bb form_field_text_color__hover=\u00bb#E2B093&#8243; form_field_focus_background_color__hover_enabled=\u00bboff|desktop\u00bb form_field_focus_background_color__hover=\u00bb#F0EBE8&#8243; box_shadow_vertical__hover_enabled=\u00bboff|hover\u00bb box_shadow_vertical__hover=\u00bb0px\u00bb box_shadow_blur__hover_enabled=\u00bbon|hover\u00bb box_shadow_blur__hover=\u00bb12px\u00bb][\/et_pb_contact_field][et_pb_contact_field field_id=\u00bbSubject\u00bb field_title=\u00bb\u00bfSobre qu\u00e9 tema quieres hablar?\u00bb field_type=\u00bbselect\u00bb select_options=\u00bb%91{%22value%22:%22Quiero pedir una cita%22,%22checked%22:0,%22dragID%22:-1},{%22value%22:%22Tengo preguntas, dudas y\/o sugerencias%22,%22checked%22:0,%22dragID%22:0},{%22value%22:%22Otros%22,%22checked%22:0,%22dragID%22:1}%93&#8243; fullwidth_field=\u00bbon\u00bb _builder_version=\u00bb4.27.4&#8243; _module_preset=\u00bbdefault\u00bb form_field_text_color=\u00bb#986556&#8243; form_field_font=\u00bbBebas Neue|||on|||||\u00bb form_field_text_align=\u00bbleft\u00bb form_field_font_size=\u00bb24px\u00bb form_field_letter_spacing=\u00bb1px\u00bb form_field_line_height=\u00bb1.4em\u00bb form_field_font_size_tablet=\u00bb18px\u00bb form_field_font_size_phone=\u00bb16px\u00bb form_field_font_size_last_edited=\u00bbon|desktop\u00bb box_shadow_style=\u00bbpreset3&#8243; box_shadow_vertical=\u00bb0px\u00bb box_shadow_blur=\u00bb0px\u00bb global_colors_info=\u00bb{}\u00bb button_text_size__hover_enabled=\u00bboff\u00bb button_one_text_size__hover_enabled=\u00bboff\u00bb button_two_text_size__hover_enabled=\u00bboff\u00bb button_text_color__hover_enabled=\u00bboff\u00bb button_one_text_color__hover_enabled=\u00bboff\u00bb button_two_text_color__hover_enabled=\u00bboff\u00bb button_border_width__hover_enabled=\u00bboff\u00bb button_one_border_width__hover_enabled=\u00bboff\u00bb button_two_border_width__hover_enabled=\u00bboff\u00bb button_border_color__hover_enabled=\u00bboff\u00bb button_one_border_color__hover_enabled=\u00bboff\u00bb button_two_border_color__hover_enabled=\u00bboff\u00bb button_border_radius__hover_enabled=\u00bboff\u00bb button_one_border_radius__hover_enabled=\u00bboff\u00bb button_two_border_radius__hover_enabled=\u00bboff\u00bb button_letter_spacing__hover_enabled=\u00bboff\u00bb button_one_letter_spacing__hover_enabled=\u00bboff\u00bb button_two_letter_spacing__hover_enabled=\u00bboff\u00bb button_bg_color__hover_enabled=\u00bboff\u00bb button_one_bg_color__hover_enabled=\u00bboff\u00bb button_two_bg_color__hover_enabled=\u00bboff\u00bb form_field_text_color__hover_enabled=\u00bbon|desktop\u00bb form_field_text_color__hover=\u00bb#E2B093&#8243; form_field_focus_background_color__hover_enabled=\u00bboff|desktop\u00bb form_field_focus_background_color__hover=\u00bb#F0EBE8&#8243; box_shadow_vertical__hover_enabled=\u00bboff|hover\u00bb box_shadow_vertical__hover=\u00bb0px\u00bb box_shadow_blur__hover_enabled=\u00bbon|hover\u00bb box_shadow_blur__hover=\u00bb12px\u00bb][\/et_pb_contact_field][et_pb_contact_field field_id=\u00bbMessage\u00bb field_title=\u00bbCu\u00e9ntanos  m\u00e1s&#8230;\u00bb field_type=\u00bbtext\u00bb required_mark=\u00bboff\u00bb fullwidth_field=\u00bbon\u00bb _builder_version=\u00bb4.27.4&#8243; _module_preset=\u00bbdefault\u00bb form_field_text_color=\u00bb#986556&#8243; form_field_font=\u00bbBebas Neue|||on|||||\u00bb form_field_text_align=\u00bbleft\u00bb form_field_font_size=\u00bb24px\u00bb form_field_letter_spacing=\u00bb1px\u00bb form_field_line_height=\u00bb1.4em\u00bb form_field_font_size_tablet=\u00bb18px\u00bb form_field_font_size_phone=\u00bb16px\u00bb form_field_font_size_last_edited=\u00bbon|desktop\u00bb box_shadow_style=\u00bbpreset3&#8243; box_shadow_vertical=\u00bb0px\u00bb box_shadow_blur=\u00bb0px\u00bb global_colors_info=\u00bb{}\u00bb button_text_size__hover_enabled=\u00bboff\u00bb button_one_text_size__hover_enabled=\u00bboff\u00bb button_two_text_size__hover_enabled=\u00bboff\u00bb button_text_color__hover_enabled=\u00bboff\u00bb button_one_text_color__hover_enabled=\u00bboff\u00bb button_two_text_color__hover_enabled=\u00bboff\u00bb button_border_width__hover_enabled=\u00bboff\u00bb button_one_border_width__hover_enabled=\u00bboff\u00bb button_two_border_width__hover_enabled=\u00bboff\u00bb button_border_color__hover_enabled=\u00bboff\u00bb button_one_border_color__hover_enabled=\u00bboff\u00bb button_two_border_color__hover_enabled=\u00bboff\u00bb button_border_radius__hover_enabled=\u00bboff\u00bb button_one_border_radius__hover_enabled=\u00bboff\u00bb button_two_border_radius__hover_enabled=\u00bboff\u00bb button_letter_spacing__hover_enabled=\u00bboff\u00bb button_one_letter_spacing__hover_enabled=\u00bboff\u00bb button_two_letter_spacing__hover_enabled=\u00bboff\u00bb button_bg_color__hover_enabled=\u00bboff\u00bb button_one_bg_color__hover_enabled=\u00bboff\u00bb button_two_bg_color__hover_enabled=\u00bboff\u00bb form_field_text_color__hover_enabled=\u00bbon|desktop\u00bb form_field_text_color__hover=\u00bb#E2B093&#8243; form_field_focus_background_color__hover_enabled=\u00bboff|desktop\u00bb form_field_focus_background_color__hover=\u00bb#F0EBE8&#8243; box_shadow_vertical__hover_enabled=\u00bboff|hover\u00bb box_shadow_vertical__hover=\u00bb0px\u00bb box_shadow_blur__hover_enabled=\u00bbon|hover\u00bb box_shadow_blur__hover=\u00bb12px\u00bb][\/et_pb_contact_field][et_pb_contact_field field_id=\u00bbPrivacyPolicy\u00bb field_title=\u00bb \u00bb field_type=\u00bbcheckbox\u00bb checkbox_options=\u00bb%91{%22value%22:%22He le\u00eddo y acepto la %22,%22checked%22:0,%22dragID%22:-1,%22link_text%22:%22Pol\u00edtica de privacidad.%22,%22link_url%22:%22https:\/\/carebeautyplace.es\/politica-privacidad\/%22}%93&#8243; fullwidth_field=\u00bbon\u00bb _builder_version=\u00bb4.27.6&#8243; _module_preset=\u00bbdefault\u00bb form_field_text_color=\u00bb#89B82A\u00bb form_field_font=\u00bbBebas Neue|||on|||||\u00bb form_field_text_align=\u00bbleft\u00bb form_field_font_size=\u00bb15px\u00bb form_field_letter_spacing=\u00bb1px\u00bb form_field_line_height=\u00bb1.4em\u00bb hover_enabled=\u00bb0&#8243; form_field_font_size_tablet=\u00bb15px\u00bb form_field_font_size_phone=\u00bb13px\u00bb form_field_font_size_last_edited=\u00bbon|phone\u00bb custom_css_main_element=\u00bbtransition: all .8s cubic-bezier(.2,.8,.2,1.2) 0s!important;\u00bb box_shadow_style=\u00bbpreset3&#8243; box_shadow_vertical=\u00bb0px\u00bb box_shadow_blur=\u00bb0px\u00bb global_colors_info=\u00bb{}\u00bb button_text_size__hover_enabled=\u00bboff\u00bb button_one_text_size__hover_enabled=\u00bboff\u00bb button_two_text_size__hover_enabled=\u00bboff\u00bb button_text_color__hover_enabled=\u00bboff\u00bb button_one_text_color__hover_enabled=\u00bboff\u00bb button_two_text_color__hover_enabled=\u00bboff\u00bb button_border_width__hover_enabled=\u00bboff\u00bb button_one_border_width__hover_enabled=\u00bboff\u00bb button_two_border_width__hover_enabled=\u00bboff\u00bb button_border_color__hover_enabled=\u00bboff\u00bb button_one_border_color__hover_enabled=\u00bboff\u00bb button_two_border_color__hover_enabled=\u00bboff\u00bb button_border_radius__hover_enabled=\u00bboff\u00bb button_one_border_radius__hover_enabled=\u00bboff\u00bb button_two_border_radius__hover_enabled=\u00bboff\u00bb button_letter_spacing__hover_enabled=\u00bboff\u00bb button_one_letter_spacing__hover_enabled=\u00bboff\u00bb button_two_letter_spacing__hover_enabled=\u00bboff\u00bb button_bg_color__hover_enabled=\u00bboff\u00bb button_one_bg_color__hover_enabled=\u00bboff\u00bb button_two_bg_color__hover_enabled=\u00bboff\u00bb form_field_text_color__hover_enabled=\u00bboff|desktop\u00bb form_field_text_color__hover=\u00bb#E2B093&#8243; form_field_focus_background_color__hover_enabled=\u00bboff|desktop\u00bb form_field_focus_background_color__hover=\u00bb#F0EBE8&#8243; box_shadow_vertical__hover_enabled=\u00bboff|hover\u00bb box_shadow_vertical__hover=\u00bb0px\u00bb box_shadow_blur__hover_enabled=\u00bbon|hover\u00bb box_shadow_blur__hover=\u00bb12px\u00bb sticky_enabled=\u00bb0&#8243;][\/et_pb_contact_field][\/et_pb_contact_form][et_pb_text _builder_version=\u00bb4.27.4&#8243; _module_preset=\u00bb2c55a9c4-feed-423b-9edb-ae0b5b365cac\u00bb text_font=\u00bb&#8211;et_global_heading_font|300|||||||\u00bb text_font_size=\u00bb13px\u00bb text_line_height=\u00bb1.4em\u00bb text_orientation=\u00bbright\u00bb width=\u00bb75%\u00bb width_tablet=\u00bb100%\u00bb width_phone=\u00bb104%\u00bb width_last_edited=\u00bbon|phone\u00bb module_alignment=\u00bbright\u00bb custom_padding=\u00bb|90px||0px|false|false\u00bb custom_padding_tablet=\u00bb|20px|||false|false\u00bb custom_padding_phone=\u00bb|17px||0px|false|false\u00bb custom_padding_last_edited=\u00bbon|phone\u00bb text_font_size_last_edited=\u00bboff|phone\u00bb locked=\u00bboff\u00bb global_colors_info=\u00bb{}\u00bb]<\/p>\n<p>* Recuerda que, si nos escribes por email o a trav\u00e9s del formulario web, tu cita estar\u00e1 <strong>sujeta a confirmaci\u00f3n<\/strong>. Para una respuesta r\u00e1pida y asegurarte tu hora con Ana, lo mejor es contactarnos directamente por <strong>tel\u00e9fono o WhatsApp<\/strong>: \u00a1as\u00ed podremos organizarlo todo m\u00e1s r\u00e1pidamente para que tu visita sea simplemente perfecta!<\/p>\n<p>[\/et_pb_text][\/et_pb_column][\/et_pb_row][\/et_pb_section][et_pb_section fb_built=\u00bb1&#8243; admin_label=\u00bbText &#038; Image\u00bb _builder_version=\u00bb4.24.2&#8243; _module_preset=\u00bbdefault\u00bb use_background_color_gradient=\u00bbon\u00bb background_color_gradient_direction=\u00bb90deg\u00bb background_color_gradient_stops=\u00bbrgba(255,255,255,0) 35%|gcid-primary-color 35%\u00bb background_last_edited=\u00bbon|tablet\u00bb background_color_gradient_direction_tablet=\u00bb180deg\u00bb locked=\u00bboff\u00bb collapsed=\u00bboff\u00bb global_colors_info=\u00bb{%22gcid-36fd78a7-34bc-404d-873c-dafa34efaae5%22:%91%22background_color_gradient_stops%22%93,%22gcid-primary-color%22:%91%22background_color_gradient_stops%22%93}\u00bb][et_pb_row column_structure=\u00bb1_2,1_2&#8243; module_id=\u00bbmapa\u00bb _builder_version=\u00bb4.27.4&#8243; _module_preset=\u00bb5138c454-be54-4233-bd3b-f8e6a8747976&#8243; custom_margin=\u00bb||-20px||false|false\u00bb custom_css_main_element=\u00bbdisplay: flex;||align-items: center;\u00bb global_colors_info=\u00bb{}\u00bb custom_css_main_element_last_edited=\u00bbon|phone\u00bb custom_css_main_element_tablet=\u00bb \u00bb custom_css_main_element_phone=\u00bb \u00ab][et_pb_column type=\u00bb1_2&#8243; _builder_version=\u00bb4.27.4&#8243; _module_preset=\u00bb73121f80-a3ef-4484-8763-c3f18e3c56d2&#8243; scroll_horizontal_motion_enable=\u00bbon\u00bb scroll_horizontal_motion=\u00bb0|35|35|100|-0.5|0|0&#8243; scroll_fade_enable=\u00bbon\u00bb scroll_fade=\u00bb0|35|35|100|0|100|100&#8243; scroll_scaling=\u00bb0|50|50|100|150%|100|100&#8243; global_colors_info=\u00bb{}\u00bb][et_pb_code _builder_version=\u00bb4.27.4&#8243; _module_preset=\u00bbdefault\u00bb border_radii=\u00bboff|6px|160px|160px|6px\u00bb border_radii_tablet=\u00bboff|6px|160px|6px|6px\u00bb border_radii_phone=\u00bboff|6px|160px|6px|6px\u00bb border_radii_last_edited=\u00bbon|desktop\u00bb global_colors_info=\u00bb{}\u00bb]<iframe src=\"https:\/\/www.google.com\/maps\/embed?pb=!1m18!1m12!1m3!1d2992.7626052946543!2d2.142827776465305!3d41.400961595152545!2m3!1f0!2f0!3f0!3m2!1i1024!2i768!4f13.1!3m3!1m2!1s0x12a4a3f5324537db%3A0x74bf5dadc120a56e!2sCare%20Beauty%20Place!5e0!3m2!1ses!2ses!4v1759186656913!5m2!1ses!2ses\" width=\"100%\" height=\"600\" style=\"border:0;\" allowfullscreen=\"\" loading=\"lazy\" referrerpolicy=\"no-referrer-when-downgrade\"><\/iframe>[\/et_pb_code][\/et_pb_column][et_pb_column type=\u00bb1_2&#8243; _builder_version=\u00bb4.18.0&#8243; _module_preset=\u00bb73121f80-a3ef-4484-8763-c3f18e3c56d2&#8243; custom_padding=\u00bb8%||8%||true|false\u00bb custom_padding_tablet=\u00bb0%||0%||true|false\u00bb custom_padding_phone=\u00bb0%||0%||true|false\u00bb custom_padding_last_edited=\u00bbon|desktop\u00bb global_colors_info=\u00bb{}\u00bb][et_pb_heading title=\u00bbUbicaci\u00f3n del sal\u00f3n\u00bb _builder_version=\u00bb4.27.4&#8243; _module_preset=\u00bbf0c675ea-2574-4d0e-b725-30f8550a8550&#8243; title_font=\u00bbBebas Neue|||on|||||\u00bb title_text_color=\u00bb#FFFFFF\u00bb title_font_size=\u00bb24px\u00bb custom_margin=\u00bb10px||10px|5px|false|false\u00bb title_font_size_tablet=\u00bb18px\u00bb title_font_size_phone=\u00bb16px\u00bb title_font_size_last_edited=\u00bbon|phone\u00bb locked=\u00bboff\u00bb global_colors_info=\u00bb{}\u00bb][\/et_pb_heading][et_pb_heading title=\u00bbEncu\u00e9ntranos en Barcelona\u00bb _builder_version=\u00bb4.27.4&#8243; _module_preset=\u00bbddeb8c09-9078-4424-bc15-2efb6572e28e\u00bb title_level=\u00bbh2&#8243; title_text_color=\u00bb#FFFFFF\u00bb title_font_size=\u00bb44px\u00bb animation_style=\u00bbfade\u00bb animation_duration=\u00bb2000ms\u00bb title_font_size_tablet=\u00bb38px\u00bb title_font_size_phone=\u00bb26px\u00bb locked=\u00bboff\u00bb global_colors_info=\u00bb{}\u00bb][\/et_pb_heading][et_pb_text _builder_version=\u00bb4.27.4&#8243; _module_preset=\u00bb2c55a9c4-feed-423b-9edb-ae0b5b365cac\u00bb text_font=\u00bb&#8211;et_global_heading_font||||||||\u00bb text_text_color=\u00bb#FFFFFF\u00bb text_orientation=\u00bbjustified\u00bb custom_margin=\u00bb|0px||0px|false|true\u00bb animation_style=\u00bbslide\u00bb animation_direction=\u00bbbottom\u00bb animation_duration=\u00bb1200ms\u00bb animation_delay=\u00bb400ms\u00bb animation_intensity_slide=\u00bb5%\u00bb text_font_size_last_edited=\u00bboff|phone\u00bb locked=\u00bboff\u00bb global_colors_info=\u00bb{%22gcid-primary-color%22:%91%22link_text_color%22%93,%22gcid-heading-color%22:%91%22header_text_color%22,%22header_4_text_color%22,%22header_3_text_color%22,%22header_2_text_color%22,%22header_5_text_color%22,%22header_6_text_color%22,%22quote_text_color%22%93,%22gcid-secondary-color%22:%91%22quote_border_color%22%93}\u00bb]<\/p>\n<p>Care Beauty Place se encuentra en el coraz\u00f3n de Sarri\u00e0-Sant Gervasi, en <strong>Carrer de Brusi, 39<\/strong>. Nuestra ubicaci\u00f3n es f\u00e1cilmente accesible, a solo unos minutos de las estaciones de <strong>FGC Sant Gervasi y Pl. Molina<\/strong>. Para tu comodidad, hemos integrado un mapa de Google Maps para que puedas encontrarnos sin problemas. Vis\u00edtanos y descubre un oasis de belleza en Barcelona.<\/p>\n<p>[\/et_pb_text][et_pb_button button_url=\u00bbhttps:\/\/share.google\/vTRfUsIzsXVFd6FTF\u00bb button_text=\u00bbVer en Google maps\u00bb button_alignment=\u00bbleft\u00bb button_alignment_tablet=\u00bbcenter\u00bb button_alignment_phone=\u00bbcenter\u00bb button_alignment_last_edited=\u00bbon|desktop\u00bb _builder_version=\u00bb4.27.4&#8243; _module_preset=\u00bb1bffc0fc-42a0-49d1-bd9a-ae3ade2d7206&#8243; button_text_size=\u00bb20px\u00bb button_text_color=\u00bb#89B82A\u00bb button_bg_color=\u00bb#FFFFFF\u00bb button_letter_spacing=\u00bb1px\u00bb button_font=\u00bbBebas Neue|700|||||||\u00bb button_icon=\u00bb&#xf0c4;||fa||900&#8243; custom_margin=\u00bb30px||||false|false\u00bb custom_margin_tablet=\u00bb55px||||false|false\u00bb custom_margin_phone=\u00bb45px||||false|false\u00bb custom_margin_last_edited=\u00bbon|phone\u00bb custom_padding=\u00bb15px|50px|15px|50px|true|true\u00bb custom_padding_tablet=\u00bb15px|50px|15px|50px|true|true\u00bb custom_padding_phone=\u00bb|30px||30px|true|true\u00bb custom_padding_last_edited=\u00bbon|phone\u00bb animation_style=\u00bbfade\u00bb button_text_size_tablet=\u00bb20px\u00bb button_text_size_phone=\u00bb16px\u00bb button_text_size_last_edited=\u00bbon|phone\u00bb custom_css_main_element=\u00bbline-height:1.1em!important;\u00bb box_shadow_style=\u00bbpreset3&#8243; box_shadow_vertical=\u00bb0px\u00bb box_shadow_blur=\u00bb0px\u00bb locked=\u00bboff\u00bb global_colors_info=\u00bb{}\u00bb box_shadow_vertical__hover_enabled=\u00bbon|desktop\u00bb box_shadow_vertical__hover=\u00bb12px\u00bb box_shadow_blur__hover_enabled=\u00bbon|hover\u00bb box_shadow_blur__hover=\u00bb18px\u00bb button_bg_color__hover_enabled=\u00bboff|desktop\u00bb button_bg_color__hover=\u00bb#986556&#8243; button_bg_enable_color__hover=\u00bbon\u00bb transform_styles__hover_enabled=\u00bbon|hover\u00bb transform_scale__hover_enabled=\u00bbon|hover\u00bb transform_translate__hover_enabled=\u00bbon|desktop\u00bb transform_rotate__hover_enabled=\u00bbon|desktop\u00bb transform_skew__hover_enabled=\u00bbon|desktop\u00bb transform_origin__hover_enabled=\u00bbon|desktop\u00bb transform_scale__hover=\u00bb102%|102%\u00bb button_text_color__hover_enabled=\u00bboff|desktop\u00bb button_text_color__hover=\u00bb#FFFFFF\u00bb][\/et_pb_button][dsm_icon_list _builder_version=\u00bb4.27.4&#8243; _module_preset=\u00bbdefault\u00bb custom_margin=\u00bb0px||||false|false\u00bb custom_margin_tablet=\u00bb0px||||false|false\u00bb custom_margin_phone=\u00bb45px||0px||false|false\u00bb custom_margin_last_edited=\u00bbon|phone\u00bb animation_style=\u00bbroll\u00bb animation_duration=\u00bb1200ms\u00bb animation_delay=\u00bb500ms\u00bb animation_intensity_roll=\u00bb1%\u00bb global_colors_info=\u00bb{}\u00bb][dsm_icon_list_child text=\u00bbPl. Molina \/ Sant Gervasi\u00bb use_icon=\u00bboff\u00bb image=\u00bbhttps:\/\/carebeautyplace.es\/wp-content\/uploads\/2025\/09\/FGC.webp\u00bb image_padding=\u00bb5px\u00bb image_max_width=\u00bb40px\u00bb _builder_version=\u00bb4.27.4&#8243; _module_preset=\u00bbdefault\u00bb text_font=\u00bbBebas Neue||||||||\u00bb text_text_color=\u00bb#FFFFFF\u00bb text_font_size=\u00bb17px\u00bb text_letter_spacing=\u00bb1px\u00bb text_line_height=\u00bb1.75em\u00bb border_color_all_icon=\u00bb#FFFFFF\u00bb border_radii_image=\u00bbon|6px|6px|6px|6px\u00bb border_width_all_image=\u00bb6px\u00bb border_color_all_image=\u00bb#FFFFFF\u00bb box_shadow_style_image=\u00bbpreset3&#8243; box_shadow_vertical_image=\u00bb0px\u00bb box_shadow_blur_image=\u00bb0px\u00bb global_colors_info=\u00bb{}\u00bb box_shadow_vertical_image__hover_enabled=\u00bbon|hover\u00bb box_shadow_vertical_image__hover=\u00bb12px\u00bb box_shadow_blur_image__hover_enabled=\u00bbon|hover\u00bb box_shadow_blur_image__hover=\u00bb18px\u00bb][\/dsm_icon_list_child][\/dsm_icon_list][\/et_pb_column][\/et_pb_row][\/et_pb_section][et_pb_section fb_built=\u00bb1&#8243; admin_label=\u00bbText\u00bb module_id=\u00bbhorarios\u00bb _builder_version=\u00bb4.27.4&#8243; _module_preset=\u00bbdefault\u00bb locked=\u00bboff\u00bb collapsed=\u00bboff\u00bb global_colors_info=\u00bb{}\u00bb][et_pb_row column_structure=\u00bb3_5,2_5&#8243; custom_padding_last_edited=\u00bbon|phone\u00bb module_id=\u00bbHorario\u00bb _builder_version=\u00bb4.27.4&#8243; _module_preset=\u00bb5138c454-be54-4233-bd3b-f8e6a8747976&#8243; background_color=\u00bb#FFFFFF\u00bb custom_padding=\u00bb60px|60px|60px|60px|true|true\u00bb custom_padding_tablet=\u00bb50px|30px|50px|30px|true|true\u00bb custom_padding_phone=\u00bb40px|20px|40px|20px|true|true\u00bb animation_style=\u00bbslide\u00bb animation_direction=\u00bbbottom\u00bb animation_duration=\u00bb2000ms\u00bb animation_delay=\u00bb500ms\u00bb animation_intensity_slide=\u00bb2%\u00bb custom_css_main_element=\u00bbdisplay: flex;||align-items: center;\u00bb border_radii=\u00bbon|6px|6px|6px|6px\u00bb box_shadow_style=\u00bbpreset1&#8243; box_shadow_vertical=\u00bb24px\u00bb box_shadow_blur=\u00bb72px\u00bb box_shadow_spread=\u00bb-12px\u00bb box_shadow_color=\u00bbrgba(0,0,0,0.12)\u00bb global_colors_info=\u00bb{%22gcid-7cadd8b3-5228-48e4-90c4-212d09232f7b%22:%91%22color%22,%22color%22%93,%22gcid-36fd78a7-34bc-404d-873c-dafa34efaae5%22:%91%22color%22,%22icon_color%22,%22icon_color%22%93}\u00bb custom_css_main_element_last_edited=\u00bbon|phone\u00bb custom_css_main_element_tablet=\u00bb \u00bb custom_css_main_element_phone=\u00bb \u00ab][et_pb_column type=\u00bb3_5&#8243; _builder_version=\u00bb4.16&#8243; _module_preset=\u00bb73121f80-a3ef-4484-8763-c3f18e3c56d2&#8243; global_colors_info=\u00bb{}\u00bb][et_pb_heading title=\u00bbHorario de atenci\u00f3n  al p\u00fablico\u00bb _builder_version=\u00bb4.27.4&#8243; _module_preset=\u00bbf0c675ea-2574-4d0e-b725-30f8550a8550&#8243; title_level=\u00bbh2&#8243; title_font=\u00bbBebas Neue|||on|||||\u00bb title_text_align=\u00bbleft\u00bb title_text_color=\u00bbgcid-primary-color\u00bb title_font_size=\u00bb24px\u00bb custom_margin=\u00bb||10px|5px|false|false\u00bb title_text_align_tablet=\u00bbcenter\u00bb title_text_align_phone=\u00bbcenter\u00bb title_text_align_last_edited=\u00bbon|phone\u00bb title_font_size_tablet=\u00bb18px\u00bb title_font_size_phone=\u00bb16px\u00bb title_font_size_last_edited=\u00bbon|phone\u00bb locked=\u00bboff\u00bb global_colors_info=\u00bb{%22gcid-primary-color%22:%91%22title_text_color%22%93}\u00bb][\/et_pb_heading][et_pb_heading title=\u00bbNuestros Horarios\u00bb _builder_version=\u00bb4.27.4&#8243; _module_preset=\u00bbddeb8c09-9078-4424-bc15-2efb6572e28e\u00bb title_level=\u00bbh3&#8243; title_text_align=\u00bbleft\u00bb title_font_size=\u00bb44px\u00bb title_text_align_tablet=\u00bbcenter\u00bb title_text_align_phone=\u00bbcenter\u00bb title_text_align_last_edited=\u00bbon|phone\u00bb title_font_size_tablet=\u00bb38px\u00bb title_font_size_phone=\u00bb26px\u00bb locked=\u00bboff\u00bb global_colors_info=\u00bb{}\u00bb][\/et_pb_heading][et_pb_text _builder_version=\u00bb4.27.4&#8243; _module_preset=\u00bb2c55a9c4-feed-423b-9edb-ae0b5b365cac\u00bb text_font=\u00bb&#8211;et_global_heading_font|300|||||||\u00bb text_text_color=\u00bb#0E0C19&#8243; text_orientation=\u00bbjustified\u00bb animation_direction=\u00bbbottom\u00bb text_font_size_last_edited=\u00bboff|phone\u00bb locked=\u00bboff\u00bb global_colors_info=\u00bb{%22gcid-primary-color%22:%91%22link_text_color%22%93,%22gcid-heading-color%22:%91%22header_text_color%22,%22header_4_text_color%22,%22header_3_text_color%22,%22header_2_text_color%22,%22header_5_text_color%22,%22header_6_text_color%22,%22quote_text_color%22%93,%22gcid-secondary-color%22:%91%22quote_border_color%22%93}\u00bb custom_margin__hover_enabled=\u00bboff|desktop\u00bb]<\/p>\n<p>En <strong>Care Beauty Place<\/strong>, nos dedicamos a ofrecerte un<strong> <span style=\"color: #000000;\"><a href=\"https:\/\/carebeautyplace.es\/servicios\/\" style=\"color: #0e0c19!important;\">servicio <\/a><\/span><\/strong>excepcional durante toda la semana. Nuestro horario es de <strong>martes a viernes de 10:00h a 19:15h<\/strong>, y los <strong>s\u00e1bados de 10:00h a 14:00h<\/strong>. Cerramos los lunes y domingos para recargar energ\u00edas y seguir brind\u00e1ndote lo mejor. Te esperamos para que disfrutes de una experiencia de belleza \u00fanica.<\/p>\n<p>[\/et_pb_text][\/et_pb_column][et_pb_column type=\u00bb2_5&#8243; _builder_version=\u00bb4.16&#8243; _module_preset=\u00bb73121f80-a3ef-4484-8763-c3f18e3c56d2&#8243; global_colors_info=\u00bb{}\u00bb][dsm_business_hours separator_gap=\u00bb15px\u00bb divider_style=\u00bbsolid\u00bb divider_color=\u00bb#DDD3D0&#8243; _builder_version=\u00bb4.27.4&#8243; _module_preset=\u00bbdefault\u00bb text_font=\u00bbBebas Neue||||||||\u00bb text_text_color=\u00bb#0E0C19&#8243; text_font_size=\u00bb20px\u00bb text_line_height=\u00bb1.8em\u00bb global_colors_info=\u00bb{}\u00bb][dsm_business_hours_child time=\u00bbCerrado\u00bb title=\u00bbLunes\u00bb _builder_version=\u00bb4.27.4&#8243; _module_preset=\u00bbdefault\u00bb text_line_height=\u00bb1.8em\u00bb header_font=\u00bbBebas Neue||||||||\u00bb header_text_color=\u00bb#0E0C19&#8243; header_font_size=\u00bb24px\u00bb header_letter_spacing=\u00bb1px\u00bb time_font=\u00bbBebas Neue||||||||\u00bb time_text_color=\u00bb#986556&#8243; time_font_size=\u00bb24px\u00bb custom_margin=\u00bb5px||5px||true|false\u00bb text_line_height_tablet=\u00bb1.8em\u00bb text_line_height_phone=\u00bb1.2em\u00bb text_line_height_last_edited=\u00bbon|phone\u00bb header_font_size_tablet=\u00bb20px\u00bb header_font_size_phone=\u00bb20px\u00bb header_font_size_last_edited=\u00bbon|desktop\u00bb time_font_size_tablet=\u00bb20px\u00bb time_font_size_phone=\u00bb20px\u00bb time_font_size_last_edited=\u00bbon|phone\u00bb global_colors_info=\u00bb{}\u00bb header_text_color__hover_enabled=\u00bbon|hover\u00bb time_text_color__hover_enabled=\u00bbon|hover\u00bb time_text_color__hover=\u00bb#E2B093&#8243; header_text_color__hover=\u00bb#89B82A\u00bb transform_styles__hover_enabled=\u00bbon|hover\u00bb transform_scale__hover_enabled=\u00bbon|hover\u00bb transform_translate__hover_enabled=\u00bbon|desktop\u00bb transform_rotate__hover_enabled=\u00bbon|desktop\u00bb transform_skew__hover_enabled=\u00bbon|desktop\u00bb transform_origin__hover_enabled=\u00bbon|desktop\u00bb transform_scale__hover=\u00bb102%|102%\u00bb][\/dsm_business_hours_child][dsm_business_hours_child time=\u00bb10:00h a 19:15h\u00bb title=\u00bbMartes\u00bb _builder_version=\u00bb4.27.4&#8243; _module_preset=\u00bbdefault\u00bb header_font=\u00bbBebas Neue||||||||\u00bb header_text_color=\u00bb#0E0C19&#8243; header_font_size=\u00bb24px\u00bb header_letter_spacing=\u00bb1px\u00bb time_font=\u00bbBebas Neue||||||||\u00bb time_text_color=\u00bb#986556&#8243; time_font_size=\u00bb24px\u00bb custom_margin=\u00bb5px||5px||true|false\u00bb text_line_height_tablet=\u00bb\u00bb text_line_height_phone=\u00bb1.2em\u00bb text_line_height_last_edited=\u00bbon|phone\u00bb header_font_size_tablet=\u00bb20px\u00bb header_font_size_phone=\u00bb20px\u00bb header_font_size_last_edited=\u00bbon|desktop\u00bb time_font_size_tablet=\u00bb20px\u00bb time_font_size_phone=\u00bb20px\u00bb time_font_size_last_edited=\u00bbon|phone\u00bb global_colors_info=\u00bb{}\u00bb header_text_color__hover_enabled=\u00bbon|hover\u00bb time_text_color__hover_enabled=\u00bbon|hover\u00bb time_text_color__hover=\u00bb#E2B093&#8243; header_text_color__hover=\u00bb#89B82A\u00bb transform_styles__hover_enabled=\u00bbon|hover\u00bb transform_scale__hover_enabled=\u00bbon|hover\u00bb transform_translate__hover_enabled=\u00bbon|desktop\u00bb transform_rotate__hover_enabled=\u00bbon|desktop\u00bb transform_skew__hover_enabled=\u00bbon|desktop\u00bb transform_origin__hover_enabled=\u00bbon|desktop\u00bb transform_scale__hover=\u00bb102%|102%\u00bb][\/dsm_business_hours_child][dsm_business_hours_child time=\u00bb10:00h a 19:15h\u00bb title=\u00bbMi\u00e9rcoles\u00bb _builder_version=\u00bb4.27.4&#8243; _module_preset=\u00bbdefault\u00bb header_font=\u00bbBebas Neue||||||||\u00bb header_text_color=\u00bb#0E0C19&#8243; header_font_size=\u00bb24px\u00bb header_letter_spacing=\u00bb1px\u00bb time_font=\u00bbBebas Neue||||||||\u00bb time_text_color=\u00bb#986556&#8243; time_font_size=\u00bb24px\u00bb custom_margin=\u00bb5px||5px||true|false\u00bb text_line_height_tablet=\u00bb\u00bb text_line_height_phone=\u00bb1.2em\u00bb text_line_height_last_edited=\u00bbon|phone\u00bb header_font_size_tablet=\u00bb20px\u00bb header_font_size_phone=\u00bb20px\u00bb header_font_size_last_edited=\u00bbon|desktop\u00bb time_font_size_tablet=\u00bb20px\u00bb time_font_size_phone=\u00bb20px\u00bb time_font_size_last_edited=\u00bbon|phone\u00bb global_colors_info=\u00bb{}\u00bb header_text_color__hover_enabled=\u00bbon|hover\u00bb time_text_color__hover_enabled=\u00bbon|hover\u00bb time_text_color__hover=\u00bb#E2B093&#8243; header_text_color__hover=\u00bb#89B82A\u00bb transform_styles__hover_enabled=\u00bbon|hover\u00bb transform_scale__hover_enabled=\u00bbon|hover\u00bb transform_translate__hover_enabled=\u00bbon|desktop\u00bb transform_rotate__hover_enabled=\u00bbon|desktop\u00bb transform_skew__hover_enabled=\u00bbon|desktop\u00bb transform_origin__hover_enabled=\u00bbon|desktop\u00bb transform_scale__hover=\u00bb102%|102%\u00bb][\/dsm_business_hours_child][dsm_business_hours_child time=\u00bb10:00h a 19:15h\u00bb title=\u00bbJueves\u00bb _builder_version=\u00bb4.27.4&#8243; _module_preset=\u00bbdefault\u00bb header_font=\u00bbBebas Neue||||||||\u00bb header_text_color=\u00bb#0E0C19&#8243; header_font_size=\u00bb24px\u00bb header_letter_spacing=\u00bb1px\u00bb time_font=\u00bbBebas Neue||||||||\u00bb time_text_color=\u00bb#986556&#8243; time_font_size=\u00bb24px\u00bb custom_margin=\u00bb5px||5px||true|false\u00bb text_line_height_tablet=\u00bb\u00bb text_line_height_phone=\u00bb1.2em\u00bb text_line_height_last_edited=\u00bbon|phone\u00bb header_font_size_tablet=\u00bb20px\u00bb header_font_size_phone=\u00bb20px\u00bb header_font_size_last_edited=\u00bbon|phone\u00bb time_font_size_tablet=\u00bb20px\u00bb time_font_size_phone=\u00bb20px\u00bb time_font_size_last_edited=\u00bbon|phone\u00bb global_colors_info=\u00bb{}\u00bb header_text_color__hover_enabled=\u00bbon|hover\u00bb time_text_color__hover_enabled=\u00bbon|hover\u00bb time_text_color__hover=\u00bb#E2B093&#8243; header_text_color__hover=\u00bb#89B82A\u00bb transform_styles__hover_enabled=\u00bbon|hover\u00bb transform_scale__hover_enabled=\u00bbon|hover\u00bb transform_translate__hover_enabled=\u00bbon|desktop\u00bb transform_rotate__hover_enabled=\u00bbon|desktop\u00bb transform_skew__hover_enabled=\u00bbon|desktop\u00bb transform_origin__hover_enabled=\u00bbon|desktop\u00bb transform_scale__hover=\u00bb102%|102%\u00bb][\/dsm_business_hours_child][dsm_business_hours_child time=\u00bb10:00h a 19:15h\u00bb title=\u00bbViernes\u00bb _builder_version=\u00bb4.27.4&#8243; _module_preset=\u00bbdefault\u00bb header_font=\u00bbBebas Neue||||||||\u00bb header_text_color=\u00bb#0E0C19&#8243; header_font_size=\u00bb24px\u00bb header_letter_spacing=\u00bb1px\u00bb time_font=\u00bbBebas Neue||||||||\u00bb time_text_color=\u00bb#986556&#8243; time_font_size=\u00bb24px\u00bb custom_margin=\u00bb5px||5px||true|false\u00bb text_line_height_tablet=\u00bb\u00bb text_line_height_phone=\u00bb1.2em\u00bb text_line_height_last_edited=\u00bbon|phone\u00bb header_font_size_tablet=\u00bb20px\u00bb header_font_size_phone=\u00bb20px\u00bb header_font_size_last_edited=\u00bbon|desktop\u00bb time_font_size_tablet=\u00bb20px\u00bb time_font_size_phone=\u00bb20px\u00bb time_font_size_last_edited=\u00bbon|phone\u00bb global_colors_info=\u00bb{}\u00bb header_text_color__hover_enabled=\u00bbon|hover\u00bb time_text_color__hover_enabled=\u00bbon|hover\u00bb time_text_color__hover=\u00bb#E2B093&#8243; header_text_color__hover=\u00bb#89B82A\u00bb transform_styles__hover_enabled=\u00bbon|hover\u00bb transform_scale__hover_enabled=\u00bbon|hover\u00bb transform_translate__hover_enabled=\u00bbon|desktop\u00bb transform_rotate__hover_enabled=\u00bbon|desktop\u00bb transform_skew__hover_enabled=\u00bbon|desktop\u00bb transform_origin__hover_enabled=\u00bbon|desktop\u00bb transform_scale__hover=\u00bb102%|102%\u00bb][\/dsm_business_hours_child][dsm_business_hours_child time=\u00bb10:00h a 14:00h\u00bb title=\u00bbS\u00e1bado\u00bb _builder_version=\u00bb4.27.4&#8243; _module_preset=\u00bbdefault\u00bb header_font=\u00bbBebas Neue||||||||\u00bb header_text_color=\u00bb#0E0C19&#8243; header_font_size=\u00bb24px\u00bb header_letter_spacing=\u00bb1px\u00bb time_font=\u00bbBebas Neue||||||||\u00bb time_text_color=\u00bb#986556&#8243; time_font_size=\u00bb24px\u00bb custom_margin=\u00bb5px||5px||true|false\u00bb text_line_height_tablet=\u00bb\u00bb text_line_height_phone=\u00bb1.2em\u00bb text_line_height_last_edited=\u00bbon|phone\u00bb header_font_size_tablet=\u00bb20px\u00bb header_font_size_phone=\u00bb20px\u00bb header_font_size_last_edited=\u00bbon|desktop\u00bb time_font_size_tablet=\u00bb20px\u00bb time_font_size_phone=\u00bb20px\u00bb time_font_size_last_edited=\u00bbon|phone\u00bb global_colors_info=\u00bb{}\u00bb header_text_color__hover_enabled=\u00bbon|hover\u00bb time_text_color__hover_enabled=\u00bbon|hover\u00bb time_text_color__hover=\u00bb#E2B093&#8243; header_text_color__hover=\u00bb#89B82A\u00bb transform_styles__hover_enabled=\u00bbon|hover\u00bb transform_scale__hover_enabled=\u00bbon|hover\u00bb transform_translate__hover_enabled=\u00bbon|desktop\u00bb transform_rotate__hover_enabled=\u00bbon|desktop\u00bb transform_skew__hover_enabled=\u00bbon|desktop\u00bb transform_origin__hover_enabled=\u00bbon|desktop\u00bb transform_scale__hover=\u00bb102%|102%\u00bb][\/dsm_business_hours_child][dsm_business_hours_child time=\u00bbCerrado\u00bb title=\u00bbDomingo\u00bb _builder_version=\u00bb4.27.4&#8243; _module_preset=\u00bbdefault\u00bb header_font=\u00bbBebas Neue||||||||\u00bb header_text_color=\u00bb#0E0C19&#8243; header_font_size=\u00bb24px\u00bb header_letter_spacing=\u00bb1px\u00bb time_font=\u00bbBebas Neue||||||||\u00bb time_text_color=\u00bb#986556&#8243; time_font_size=\u00bb24px\u00bb custom_margin=\u00bb5px||5px||true|false\u00bb text_line_height_tablet=\u00bb\u00bb text_line_height_phone=\u00bb1.2em\u00bb text_line_height_last_edited=\u00bbon|phone\u00bb header_font_size_tablet=\u00bb20px\u00bb header_font_size_phone=\u00bb20px\u00bb header_font_size_last_edited=\u00bbon|desktop\u00bb time_font_size_tablet=\u00bb20px\u00bb time_font_size_phone=\u00bb20px\u00bb time_font_size_last_edited=\u00bbon|phone\u00bb global_colors_info=\u00bb{}\u00bb header_text_color__hover_enabled=\u00bbon|hover\u00bb time_text_color__hover_enabled=\u00bbon|hover\u00bb time_text_color__hover=\u00bb#E2B093&#8243; header_text_color__hover=\u00bb#89B82A\u00bb transform_styles__hover_enabled=\u00bbon|hover\u00bb transform_scale__hover_enabled=\u00bbon|hover\u00bb transform_translate__hover_enabled=\u00bbon|desktop\u00bb transform_rotate__hover_enabled=\u00bbon|desktop\u00bb transform_skew__hover_enabled=\u00bbon|desktop\u00bb transform_origin__hover_enabled=\u00bbon|desktop\u00bb transform_scale__hover=\u00bb102%|102%\u00bb][\/dsm_business_hours_child][\/dsm_business_hours][\/et_pb_column][\/et_pb_row][\/et_pb_section][et_pb_section fb_built=\u00bb1&#8243; admin_label=\u00bbCall to Action\u00bb _builder_version=\u00bb4.17.6&#8243; _module_preset=\u00bbdefault\u00bb locked=\u00bboff\u00bb collapsed=\u00bbon\u00bb global_colors_info=\u00bb{}\u00bb][et_pb_row column_structure=\u00bb1_2,1_2&#8243; module_id=\u00bbLlama-ahora\u00bb _builder_version=\u00bb4.27.4&#8243; _module_preset=\u00bb5138c454-be54-4233-bd3b-f8e6a8747976&#8243; custom_margin=\u00bb-30px||||false|false\u00bb custom_margin_last_edited=\u00bboff|tablet\u00bb custom_css_main_element=\u00bbdisplay: flex;||align-items: center;\u00bb global_colors_info=\u00bb{}\u00bb custom_css_main_element_last_edited=\u00bbon|phone\u00bb custom_css_main_element_tablet=\u00bb \u00bb custom_css_main_element_phone=\u00bb \u00ab][et_pb_column type=\u00bb1_2&#8243; _builder_version=\u00bb4.16&#8243; _module_preset=\u00bb73121f80-a3ef-4484-8763-c3f18e3c56d2&#8243; global_colors_info=\u00bb{}\u00bb][et_pb_image src=\u00bbhttps:\/\/carebeautyplace.es\/wp-content\/uploads\/2025\/09\/Peinado-09.webp\u00bb alt=\u00bbClienta feliz en Care Beauty Place Peluquer\u00eda y Centro de est\u00e9tica en Sant Gervasi &#8211; Pide tu cita ahora\u00bb _builder_version=\u00bb4.27.4&#8243; _module_preset=\u00bb6ed8fd5c-62c5-4100-98c3-7b8b6d2c2ee6&#8243; global_colors_info=\u00bb{}\u00bb][\/et_pb_image][\/et_pb_column][et_pb_column type=\u00bb1_2&#8243; _builder_version=\u00bb4.16&#8243; _module_preset=\u00bb73121f80-a3ef-4484-8763-c3f18e3c56d2&#8243; global_colors_info=\u00bb{}\u00bb][et_pb_heading title=\u00bbVive la experiencia Care Beauty Place\u00bb _builder_version=\u00bb4.27.4&#8243; _module_preset=\u00bbf0c675ea-2574-4d0e-b725-30f8550a8550&#8243; title_level=\u00bbh2&#8243; title_font=\u00bbBebas Neue|||on|||||\u00bb title_text_align=\u00bbleft\u00bb title_text_color=\u00bbgcid-primary-color\u00bb title_font_size=\u00bb24px\u00bb custom_margin=\u00bb||10px|5px|false|false\u00bb title_font_size_tablet=\u00bb18px\u00bb title_font_size_phone=\u00bb16px\u00bb title_font_size_last_edited=\u00bbon|phone\u00bb locked=\u00bboff\u00bb global_colors_info=\u00bb{%22gcid-primary-color%22:%91%22title_text_color%22%93}\u00bb][\/et_pb_heading][et_pb_heading title=\u00bbReserva tu cita hoy mismo\u00bb _builder_version=\u00bb4.27.4&#8243; _module_preset=\u00bbddeb8c09-9078-4424-bc15-2efb6572e28e\u00bb title_level=\u00bbh3&#8243; title_text_align=\u00bbleft\u00bb title_font_size=\u00bb44px\u00bb animation_style=\u00bbfade\u00bb animation_duration=\u00bb2000ms\u00bb title_font_size_tablet=\u00bb38px\u00bb title_font_size_phone=\u00bb26px\u00bb locked=\u00bboff\u00bb global_colors_info=\u00bb{}\u00bb][\/et_pb_heading][et_pb_text _builder_version=\u00bb4.27.4&#8243; _module_preset=\u00bb2c55a9c4-feed-423b-9edb-ae0b5b365cac\u00bb text_font=\u00bb&#8211;et_global_heading_font|300|||||||\u00bb text_orientation=\u00bbjustified\u00bb custom_margin=\u00bb|0px|60px|0px|false|true\u00bb animation_style=\u00bbslide\u00bb animation_direction=\u00bbbottom\u00bb animation_duration=\u00bb1200ms\u00bb animation_delay=\u00bb400ms\u00bb animation_intensity_slide=\u00bb5%\u00bb text_font_size_last_edited=\u00bboff|phone\u00bb locked=\u00bboff\u00bb global_colors_info=\u00bb{}\u00bb]<\/p>\n<p>No esperes m\u00e1s para vivir la experiencia <strong>Care Beauty Place<\/strong> en Sarri\u00e0-Sant Gervasi. Pide tu cita hoy mismo y d\u00e9jate mimar. Cada visita es una oportunidad para renovarte y sentirte especial, con el cuidado y la atenci\u00f3n que Ana pone en cada detalle. Ll\u00e1manos o escr\u00edbenos por WhatsApp para asegurar tu lugar.<br \/>\u00a1Te esperamos! \ud83d\ude42<\/p>\n<p>[\/et_pb_text][et_pb_text _builder_version=\u00bb4.27.6&#8243; _module_preset=\u00bb2c55a9c4-feed-423b-9edb-ae0b5b365cac\u00bb text_font=\u00bbBebas Neue|800|||||||\u00bb text_text_color=\u00bb#986556&#8243; text_font_size=\u00bb35px\u00bb text_letter_spacing=\u00bb1px\u00bb custom_margin=\u00bb|0px|5px|0px|false|true\u00bb custom_margin_tablet=\u00bb||6px||false|true\u00bb custom_margin_phone=\u00bb-20px||-30px||false|true\u00bb custom_margin_last_edited=\u00bbon|phone\u00bb animation_style=\u00bbslide\u00bb animation_direction=\u00bbbottom\u00bb animation_duration=\u00bb1200ms\u00bb animation_delay=\u00bb400ms\u00bb animation_intensity_slide=\u00bb5%\u00bb link_option_url=\u00bbhttps:\/\/wa.me\/+34645581853&#8243; scroll_fade_enable=\u00bbon\u00bb scroll_fade=\u00bb0|35|35|100|0|100|100&#8243; scroll_scaling_enable=\u00bbon\u00bb scroll_scaling=\u00bb0|30|30|100|150%|100|100&#8243; text_font_size_tablet=\u00bb35px\u00bb text_font_size_phone=\u00bb35px\u00bb text_font_size_last_edited=\u00bboff|desktop\u00bb text_orientation_tablet=\u00bbcenter\u00bb text_orientation_phone=\u00bbcenter\u00bb text_orientation_last_edited=\u00bbon|phone\u00bb custom_css_main_element=\u00bbtransition: all .8s cubic-bezier(.2,.8,.2,1.2) 0s!important;\u00bb locked=\u00bboff\u00bb global_colors_info=\u00bb{%22gcid-primary-color%22:%91%22link_text_color%22,%22link_text_color%22%93,%22gcid-heading-color%22:%91%22header_text_color%22,%22header_4_text_color%22,%22header_3_text_color%22,%22header_2_text_color%22,%22header_5_text_color%22,%22header_6_text_color%22,%22quote_text_color%22,%22header_text_color%22,%22header_4_text_color%22,%22header_3_text_color%22,%22header_2_text_color%22,%22header_5_text_color%22,%22header_6_text_color%22,%22quote_text_color%22%93,%22gcid-secondary-color%22:%91%22quote_border_color%22,%22quote_border_color%22%93}\u00bb text_text_color__hover_enabled=\u00bbon|hover\u00bb text_text_color__hover=\u00bb#89B82A\u00bb]<\/p>\n<p>Whatsapp<\/p>\n<p>[\/et_pb_text][et_pb_text _builder_version=\u00bb4.27.6&#8243; _module_preset=\u00bb2c55a9c4-feed-423b-9edb-ae0b5b365cac\u00bb text_font=\u00bbBebas Neue|800|||||||\u00bb text_text_color=\u00bb#986556&#8243; text_font_size=\u00bb100px\u00bb text_letter_spacing=\u00bb1px\u00bb custom_margin=\u00bb-50px|-65px|0px|0px|false|false\u00bb custom_margin_tablet=\u00bb-40px|0px|-25px|0px|false|true\u00bb custom_margin_phone=\u00bb-25px||-30px||false|true\u00bb custom_margin_last_edited=\u00bbon|phone\u00bb animation_style=\u00bbslide\u00bb animation_direction=\u00bbbottom\u00bb animation_duration=\u00bb1200ms\u00bb animation_delay=\u00bb400ms\u00bb animation_intensity_slide=\u00bb5%\u00bb link_option_url=\u00bbhttps:\/\/wa.me\/+34645581853&#8243; scroll_fade_enable=\u00bbon\u00bb scroll_fade=\u00bb0|35|35|100|0|100|100&#8243; scroll_scaling_enable=\u00bbon\u00bb scroll_scaling=\u00bb0|30|30|100|150%|100|100&#8243; text_font_size_tablet=\u00bb70px\u00bb text_font_size_phone=\u00bb45px\u00bb text_orientation_tablet=\u00bbcenter\u00bb text_orientation_phone=\u00bbcenter\u00bb text_orientation_last_edited=\u00bbon|phone\u00bb custom_css_main_element=\u00bbtransition: all .8s cubic-bezier(.2,.8,.2,1.2) 0s!important;\u00bb locked=\u00bboff\u00bb global_colors_info=\u00bb{%22gcid-primary-color%22:%91%22link_text_color%22,%22link_text_color%22%93,%22gcid-heading-color%22:%91%22header_text_color%22,%22header_4_text_color%22,%22header_3_text_color%22,%22header_2_text_color%22,%22header_5_text_color%22,%22header_6_text_color%22,%22quote_text_color%22,%22header_text_color%22,%22header_4_text_color%22,%22header_3_text_color%22,%22header_2_text_color%22,%22header_5_text_color%22,%22header_6_text_color%22,%22quote_text_color%22%93,%22gcid-secondary-color%22:%91%22quote_border_color%22,%22quote_border_color%22%93}\u00bb text_text_color__hover_enabled=\u00bbon|hover\u00bb text_text_color__hover=\u00bb#89B82A\u00bb]<\/p>\n<p>+34 645 581 853<\/p>\n<p>[\/et_pb_text][\/et_pb_column][\/et_pb_row][\/et_pb_section]<\/p>\n","protected":false},"excerpt":{"rendered":"<p>\u00bfLista para un cambio de look? \u00bfTienes un evento especial o simplemente quieres dedicarte un rato para ti? En Care Beauty Place encontrar\u00e1s el lugar perfecto para cuidarte.Ana, nuestra estilista, pone cari\u00f1o, detalle y experiencia en cada servicio para que todas las clientas salgan felices, radiantes y con la confianza renovada. Aqu\u00ed la belleza no [&hellip;]<\/p>\n","protected":false},"author":1,"featured_media":0,"parent":0,"menu_order":0,"comment_status":"closed","ping_status":"closed","template":"","meta":{"_et_pb_use_builder":"on","_et_pb_old_content":"","_et_gb_content_width":"","footnotes":""},"class_list":["post-17","page","type-page","status-publish","hentry"],"yoast_head":"<!-- This site is optimized with the Yoast SEO plugin v27.4 - https:\/\/yoast.com\/product\/yoast-seo-wordpress\/ -->\n<title>Pide tu cita ahora - Care Beauty Place<\/title>\n<meta name=\"description\" content=\"Pide tu cita en Care Beauty Place tu peluquer\u00eda y centro de est\u00e9tica en Sarri\u00e0-Sant Gervasi (BCN). Reserva por WhatsApp o ven a C\/ Brusi, 39.\" \/>\n<meta name=\"robots\" content=\"index, follow, max-snippet:-1, max-image-preview:large, max-video-preview:-1\" \/>\n<link rel=\"canonical\" href=\"https:\/\/carebeautyplace.es\/es\/pide-tu-cita-ahora\/\" \/>\n<meta property=\"og:locale\" content=\"es_ES\" \/>\n<meta property=\"og:type\" content=\"article\" \/>\n<meta property=\"og:title\" content=\"Pide tu cita ahora - Care Beauty Place\" \/>\n<meta property=\"og:description\" content=\"Pide tu cita en Care Beauty Place tu peluquer\u00eda y centro de est\u00e9tica en Sarri\u00e0-Sant Gervasi (BCN). Reserva por WhatsApp o ven a C\/ Brusi, 39.\" \/>\n<meta property=\"og:url\" content=\"https:\/\/carebeautyplace.es\/es\/pide-tu-cita-ahora\/\" \/>\n<meta property=\"og:site_name\" content=\"Care Beauty Place\" \/>\n<meta property=\"article:modified_time\" content=\"2026-04-24T11:20:27+00:00\" \/>\n<meta name=\"twitter:card\" content=\"summary_large_image\" \/>\n<meta name=\"twitter:label1\" content=\"Tiempo de lectura\" \/>\n\t<meta name=\"twitter:data1\" content=\"3 minutos\" \/>\n<script type=\"application\/ld+json\" class=\"yoast-schema-graph\">{\"@context\":\"https:\\\/\\\/schema.org\",\"@graph\":[{\"@type\":\"WebPage\",\"@id\":\"https:\\\/\\\/carebeautyplace.es\\\/es\\\/pide-tu-cita-ahora\\\/\",\"url\":\"https:\\\/\\\/carebeautyplace.es\\\/es\\\/pide-tu-cita-ahora\\\/\",\"name\":\"Pide tu cita ahora - Care Beauty Place\",\"isPartOf\":{\"@id\":\"https:\\\/\\\/carebeautyplace.es\\\/es\\\/#website\"},\"datePublished\":\"2025-09-03T15:44:41+00:00\",\"dateModified\":\"2026-04-24T11:20:27+00:00\",\"description\":\"Pide tu cita en Care Beauty Place tu peluquer\u00eda y centro de est\u00e9tica en Sarri\u00e0-Sant Gervasi (BCN). Reserva por WhatsApp o ven a C\\\/ Brusi, 39.\",\"breadcrumb\":{\"@id\":\"https:\\\/\\\/carebeautyplace.es\\\/es\\\/pide-tu-cita-ahora\\\/#breadcrumb\"},\"inLanguage\":\"es\",\"potentialAction\":[{\"@type\":\"ReadAction\",\"target\":[\"https:\\\/\\\/carebeautyplace.es\\\/es\\\/pide-tu-cita-ahora\\\/\"]}]},{\"@type\":\"BreadcrumbList\",\"@id\":\"https:\\\/\\\/carebeautyplace.es\\\/es\\\/pide-tu-cita-ahora\\\/#breadcrumb\",\"itemListElement\":[{\"@type\":\"ListItem\",\"position\":1,\"name\":\"Portada\",\"item\":\"https:\\\/\\\/carebeautyplace.es\\\/es\\\/\"},{\"@type\":\"ListItem\",\"position\":2,\"name\":\"Pide Hora\"}]},{\"@type\":\"WebSite\",\"@id\":\"https:\\\/\\\/carebeautyplace.es\\\/es\\\/#website\",\"url\":\"https:\\\/\\\/carebeautyplace.es\\\/es\\\/\",\"name\":\"Care Beauty Place\",\"description\":\"Tu Peluquer\u00eda y Centro de Est\u00e9tica en Barcelona\",\"potentialAction\":[{\"@type\":\"SearchAction\",\"target\":{\"@type\":\"EntryPoint\",\"urlTemplate\":\"https:\\\/\\\/carebeautyplace.es\\\/es\\\/?s={search_term_string}\"},\"query-input\":{\"@type\":\"PropertyValueSpecification\",\"valueRequired\":true,\"valueName\":\"search_term_string\"}}],\"inLanguage\":\"es\"}]}<\/script>\n<!-- \/ Yoast SEO plugin. -->","yoast_head_json":{"title":"Pide tu cita ahora - Care Beauty Place","description":"Pide tu cita en Care Beauty Place tu peluquer\u00eda y centro de est\u00e9tica en Sarri\u00e0-Sant Gervasi (BCN). Reserva por WhatsApp o ven a C\/ Brusi, 39.","robots":{"index":"index","follow":"follow","max-snippet":"max-snippet:-1","max-image-preview":"max-image-preview:large","max-video-preview":"max-video-preview:-1"},"canonical":"https:\/\/carebeautyplace.es\/es\/pide-tu-cita-ahora\/","og_locale":"es_ES","og_type":"article","og_title":"Pide tu cita ahora - Care Beauty Place","og_description":"Pide tu cita en Care Beauty Place tu peluquer\u00eda y centro de est\u00e9tica en Sarri\u00e0-Sant Gervasi (BCN). Reserva por WhatsApp o ven a C\/ Brusi, 39.","og_url":"https:\/\/carebeautyplace.es\/es\/pide-tu-cita-ahora\/","og_site_name":"Care Beauty Place","article_modified_time":"2026-04-24T11:20:27+00:00","twitter_card":"summary_large_image","twitter_misc":{"Tiempo de lectura":"3 minutos"},"schema":{"@context":"https:\/\/schema.org","@graph":[{"@type":"WebPage","@id":"https:\/\/carebeautyplace.es\/es\/pide-tu-cita-ahora\/","url":"https:\/\/carebeautyplace.es\/es\/pide-tu-cita-ahora\/","name":"Pide tu cita ahora - Care Beauty Place","isPartOf":{"@id":"https:\/\/carebeautyplace.es\/es\/#website"},"datePublished":"2025-09-03T15:44:41+00:00","dateModified":"2026-04-24T11:20:27+00:00","description":"Pide tu cita en Care Beauty Place tu peluquer\u00eda y centro de est\u00e9tica en Sarri\u00e0-Sant Gervasi (BCN). Reserva por WhatsApp o ven a C\/ Brusi, 39.","breadcrumb":{"@id":"https:\/\/carebeautyplace.es\/es\/pide-tu-cita-ahora\/#breadcrumb"},"inLanguage":"es","potentialAction":[{"@type":"ReadAction","target":["https:\/\/carebeautyplace.es\/es\/pide-tu-cita-ahora\/"]}]},{"@type":"BreadcrumbList","@id":"https:\/\/carebeautyplace.es\/es\/pide-tu-cita-ahora\/#breadcrumb","itemListElement":[{"@type":"ListItem","position":1,"name":"Portada","item":"https:\/\/carebeautyplace.es\/es\/"},{"@type":"ListItem","position":2,"name":"Pide Hora"}]},{"@type":"WebSite","@id":"https:\/\/carebeautyplace.es\/es\/#website","url":"https:\/\/carebeautyplace.es\/es\/","name":"Care Beauty Place","description":"Tu Peluquer\u00eda y Centro de Est\u00e9tica en Barcelona","potentialAction":[{"@type":"SearchAction","target":{"@type":"EntryPoint","urlTemplate":"https:\/\/carebeautyplace.es\/es\/?s={search_term_string}"},"query-input":{"@type":"PropertyValueSpecification","valueRequired":true,"valueName":"search_term_string"}}],"inLanguage":"es"}]}},"_links":{"self":[{"href":"https:\/\/carebeautyplace.es\/es\/wp-json\/wp\/v2\/pages\/17","targetHints":{"allow":["GET"]}}],"collection":[{"href":"https:\/\/carebeautyplace.es\/es\/wp-json\/wp\/v2\/pages"}],"about":[{"href":"https:\/\/carebeautyplace.es\/es\/wp-json\/wp\/v2\/types\/page"}],"author":[{"embeddable":true,"href":"https:\/\/carebeautyplace.es\/es\/wp-json\/wp\/v2\/users\/1"}],"replies":[{"embeddable":true,"href":"https:\/\/carebeautyplace.es\/es\/wp-json\/wp\/v2\/comments?post=17"}],"version-history":[{"count":107,"href":"https:\/\/carebeautyplace.es\/es\/wp-json\/wp\/v2\/pages\/17\/revisions"}],"predecessor-version":[{"id":1393,"href":"https:\/\/carebeautyplace.es\/es\/wp-json\/wp\/v2\/pages\/17\/revisions\/1393"}],"wp:attachment":[{"href":"https:\/\/carebeautyplace.es\/es\/wp-json\/wp\/v2\/media?parent=17"}],"curies":[{"name":"wp","href":"https:\/\/api.w.org\/{rel}","templated":true}]}}