{"id":13,"date":"2025-09-03T17:44:41","date_gmt":"2025-09-03T15:44:41","guid":{"rendered":"https:\/\/carebeautyplace.es\/?page_id=13"},"modified":"2026-04-24T13:01:32","modified_gmt":"2026-04-24T11:01:32","slug":"inicio-2","status":"publish","type":"page","link":"https:\/\/carebeautyplace.es\/es\/","title":{"rendered":"Inicio"},"content":{"rendered":"<p>[et_pb_section fb_built=\u00bb1&#8243; custom_padding_last_edited=\u00bbon|tablet\u00bb admin_label=\u00bbHero\u00bb _builder_version=\u00bb4.27.4&#8243; _module_preset=\u00bb_module_preset=\u00bb background_enable_color=\u00bboff\u00bb background_enable_image=\u00bboff\u00bb background_video_mp4=\u00bbhttps:\/\/carebeautyplace.es\/wp-content\/uploads\/2025\/09\/Secar-cabello.mp4&#8243; custom_padding=\u00bb0px||12vw||false|false\u00bb custom_padding_tablet=\u00bb||60vw||false|false\u00bb custom_padding_phone=\u00bb||30vw||false|false\u00bb bottom_divider_style=\u00bbwave\u00bb bottom_divider_color=\u00bb#EDE3DF\u00bb bottom_divider_height=\u00bb60px\u00bb bottom_divider_height_tablet=\u00bb45px\u00bb bottom_divider_height_phone=\u00bb35px\u00bb bottom_divider_height_last_edited=\u00bbon|phone\u00bb locked=\u00bboff\u00bb collapsed=\u00bbon\u00bb global_colors_info=\u00bb{}\u00bb][et_pb_row custom_padding_last_edited=\u00bbon|phone\u00bb _builder_version=\u00bb4.27.4&#8243; _module_preset=\u00bb5138c454-be54-4233-bd3b-f8e6a8747976&#8243; use_background_color_gradient=\u00bbon\u00bb background_color_gradient_stops=\u00bb#ede3df 0%|rgba(237,227,223,0.9) 11%|rgba(255,255,255,0) 100%\u00bb width=\u00bb100%\u00bb max_width=\u00bb2560px\u00bb custom_padding=\u00bb7vw||5vw|11.2vw|false|false\u00bb custom_padding_tablet=\u00bb25vw|||11.5vw|false|false\u00bb custom_padding_phone=\u00bb23vw||20vw|10vw|false|false\u00bb custom_css_main_element=\u00bbdisplay: flex!important;||align-items: center!important;\u00bb global_colors_info=\u00bb{}\u00bb][et_pb_column type=\u00bb4_4&#8243; _builder_version=\u00bb4.16&#8243; _module_preset=\u00bb73121f80-a3ef-4484-8763-c3f18e3c56d2&#8243; global_colors_info=\u00bb{}\u00bb][et_pb_text _builder_version=\u00bb4.27.4&#8243; _module_preset=\u00bb2c55a9c4-feed-423b-9edb-ae0b5b365cac\u00bb text_font=\u00bbBebas Neue|||on|||||\u00bb text_text_color=\u00bb#986556&#8243; text_font_size=\u00bb24px\u00bb text_letter_spacing=\u00bb1px\u00bb text_line_height=\u00bb1.4em\u00bb text_orientation=\u00bbjustified\u00bb custom_margin=\u00bb||10px|5px|false|false\u00bb animation_style=\u00bbfade\u00bb animation_duration=\u00bb1500ms\u00bb animation_delay=\u00bb700ms\u00bb text_font_size_tablet=\u00bb18px\u00bb text_font_size_phone=\u00bb16px\u00bb text_font_size_last_edited=\u00bbon|desktop\u00bb locked=\u00bboff\u00bb global_colors_info=\u00bb{%22gcid-primary-color%22:%91%22link_text_color%22,%22link_text_color%22%93,%22gcid-heading-color%22:%91%22header_text_color%22,%22header_4_text_color%22,%22header_3_text_color%22,%22header_2_text_color%22,%22header_5_text_color%22,%22header_6_text_color%22,%22quote_text_color%22,%22header_text_color%22,%22header_4_text_color%22,%22header_3_text_color%22,%22header_2_text_color%22,%22header_5_text_color%22,%22header_6_text_color%22,%22quote_text_color%22%93,%22gcid-secondary-color%22:%91%22quote_border_color%22,%22quote_border_color%22%93}\u00bb]<\/p>\n<p>Bienvenid@ a Care Beauty Place<\/p>\n<p>[\/et_pb_text][et_pb_heading title=\u00bbTu peluquer\u00eda y centro de est\u00e9tica en Sarri\u00e0-Sant Gervasi de Barcelona.\u00bb _builder_version=\u00bb4.27.4&#8243; _module_preset=\u00bbddeb8c09-9078-4424-bc15-2efb6572e28e\u00bb title_text_color=\u00bb#FFFFFF\u00bb title_font_size=\u00bb60px\u00bb width=\u00bb65%\u00bb width_tablet=\u00bb100%\u00bb width_phone=\u00bb95%\u00bb width_last_edited=\u00bbon|phone\u00bb animation_style=\u00bbslide\u00bb animation_direction=\u00bbtop\u00bb animation_duration=\u00bb1750ms\u00bb animation_delay=\u00bb100ms\u00bb animation_intensity_slide=\u00bb5%\u00bb title_font_size_tablet=\u00bb50px\u00bb title_font_size_phone=\u00bb32px\u00bb title_text_shadow_style=\u00bbpreset4&#8243; title_text_shadow_vertical_length=\u00bb0.03em\u00bb locked=\u00bboff\u00bb global_colors_info=\u00bb{}\u00bb][\/et_pb_heading][et_pb_button button_url=\u00bb#comienza-aqui\u00bb button_text=\u00bbTodo comienza aqu\u00ed\u00bb button_alignment=\u00bbleft\u00bb button_alignment_last_edited=\u00bboff|desktop\u00bb _builder_version=\u00bb4.27.4&#8243; _module_preset=\u00bb1bffc0fc-42a0-49d1-bd9a-ae3ade2d7206&#8243; button_text_size=\u00bb20px\u00bb button_bg_color=\u00bb#E2B093&#8243; button_letter_spacing=\u00bb1px\u00bb button_font=\u00bbBebas Neue|700|||||||\u00bb button_icon=\u00bb&#xf0c4;||fa||900&#8243; custom_margin_last_edited=\u00bboff|desktop\u00bb custom_padding=\u00bb10px|50px|10px|50px|true|true\u00bb custom_padding_tablet=\u00bb10px|50px|10px|50px|true|true\u00bb custom_padding_phone=\u00bb|30px||30px|true|true\u00bb custom_padding_last_edited=\u00bbon|phone\u00bb animation_style=\u00bbfade\u00bb animation_delay=\u00bb900ms\u00bb button_text_size_tablet=\u00bb20px\u00bb button_text_size_phone=\u00bb16px\u00bb button_text_size_last_edited=\u00bbon|phone\u00bb box_shadow_style=\u00bbpreset3&#8243; box_shadow_vertical=\u00bb0px\u00bb box_shadow_blur=\u00bb0px\u00bb locked=\u00bboff\u00bb global_colors_info=\u00bb{}\u00bb box_shadow_vertical__hover_enabled=\u00bbon|desktop\u00bb box_shadow_vertical__hover=\u00bb12px\u00bb box_shadow_blur__hover_enabled=\u00bbon|hover\u00bb box_shadow_blur__hover=\u00bb18px\u00bb button_bg_color__hover_enabled=\u00bbon|hover\u00bb button_bg_color__hover=\u00bb#89B82A\u00bb button_bg_enable_color__hover=\u00bbon\u00bb transform_styles__hover_enabled=\u00bbon|hover\u00bb transform_scale__hover_enabled=\u00bbon|hover\u00bb transform_translate__hover_enabled=\u00bbon|desktop\u00bb transform_rotate__hover_enabled=\u00bbon|desktop\u00bb transform_skew__hover_enabled=\u00bbon|desktop\u00bb transform_origin__hover_enabled=\u00bbon|desktop\u00bb transform_scale__hover=\u00bb102%|102%\u00bb][\/et_pb_button][\/et_pb_column][\/et_pb_row][\/et_pb_section][et_pb_section fb_built=\u00bb1&#8243; admin_label=\u00bbHero\u00bb _builder_version=\u00bb4.27.4&#8243; _module_preset=\u00bbdefault\u00bb background_color=\u00bb#ede3df\u00bb use_background_color_gradient=\u00bbon\u00bb background_color_gradient_stops=\u00bb#ede3df 0%|#ffffff 100%\u00bb custom_padding=\u00bb60px||||false|false\u00bb locked=\u00bboff\u00bb collapsed=\u00bboff\u00bb global_colors_info=\u00bb{}\u00bb][et_pb_row custom_padding_last_edited=\u00bbon|phone\u00bb module_id=\u00bbcomienza-aqui\u00bb _builder_version=\u00bb4.27.4&#8243; _module_preset=\u00bb5138c454-be54-4233-bd3b-f8e6a8747976&#8243; background_color=\u00bb#FFFFFF\u00bb custom_margin=\u00bb||||false|false\u00bb custom_padding=\u00bb110px|60px|60px|60px|false|true\u00bb custom_padding_tablet=\u00bb70px|40px||40px|false|true\u00bb custom_padding_phone=\u00bb60px|25px||25px|false|true\u00bb animation_style=\u00bbslide\u00bb animation_direction=\u00bbbottom\u00bb animation_duration=\u00bb1250ms\u00bb animation_delay=\u00bb450ms\u00bb animation_intensity_slide=\u00bb1%\u00bb border_radii=\u00bboff|160px|160px||\u00bb border_radii_tablet=\u00bboff|159px|159px||\u00bb border_radii_phone=\u00bboff|10px|10px||\u00bb border_radii_last_edited=\u00bbon|phone\u00bb locked=\u00bboff\u00bb global_colors_info=\u00bb{}\u00bb][et_pb_column type=\u00bb4_4&#8243; _builder_version=\u00bb4.23.1&#8243; _module_preset=\u00bb73121f80-a3ef-4484-8763-c3f18e3c56d2&#8243; global_colors_info=\u00bb{}\u00bb][et_pb_text _builder_version=\u00bb4.27.4&#8243; _module_preset=\u00bb2c55a9c4-feed-423b-9edb-ae0b5b365cac\u00bb text_font=\u00bbBebas Neue|||on|||||\u00bb text_text_color=\u00bb#89B82A\u00bb text_font_size=\u00bb24px\u00bb text_letter_spacing=\u00bb1px\u00bb text_line_height=\u00bb1.4em\u00bb text_orientation=\u00bbcenter\u00bb custom_margin=\u00bb||10px||false|false\u00bb text_font_size_tablet=\u00bb18px\u00bb text_font_size_phone=\u00bb16px\u00bb text_font_size_last_edited=\u00bbon|desktop\u00bb locked=\u00bboff\u00bb global_colors_info=\u00bb{%22gcid-primary-color%22:%91%22link_text_color%22%93,%22gcid-heading-color%22:%91%22header_text_color%22,%22header_4_text_color%22,%22header_3_text_color%22,%22header_2_text_color%22,%22header_5_text_color%22,%22header_6_text_color%22,%22quote_text_color%22%93,%22gcid-secondary-color%22:%91%22quote_border_color%22%93}\u00bb]<\/p>\n<p>Care beauty Place<\/p>\n<p>[\/et_pb_text][et_pb_heading title=\u00bbTu lugar para la belleza y el cuidado\u00bb _builder_version=\u00bb4.27.4&#8243; _module_preset=\u00bbddeb8c09-9078-4424-bc15-2efb6572e28e\u00bb title_level=\u00bbh2&#8243; title_text_align=\u00bbcenter\u00bb title_font_size=\u00bb44px\u00bb title_font_size_tablet=\u00bb38px\u00bb title_font_size_phone=\u00bb26px\u00bb locked=\u00bboff\u00bb global_colors_info=\u00bb{}\u00bb][\/et_pb_heading][et_pb_text _builder_version=\u00bb4.27.6&#8243; _module_preset=\u00bb2c55a9c4-feed-423b-9edb-ae0b5b365cac\u00bb text_font=\u00bb&#8211;et_global_heading_font|300|||||||\u00bb text_orientation=\u00bbcenter\u00bb custom_margin=\u00bb|0px|80px|0px|false|true\u00bb hover_enabled=\u00bb0&#8243; text_font_size_last_edited=\u00bboff|phone\u00bb text_orientation_tablet=\u00bbjustified\u00bb text_orientation_phone=\u00bbjustified\u00bb text_orientation_last_edited=\u00bbon|phone\u00bb locked=\u00bboff\u00bb global_colors_info=\u00bb{}\u00bb sticky_enabled=\u00bb0&#8243;]<\/p>\n<p>Bienvenida a Care Beauty Place, tu peluquer\u00eda y centro de est\u00e9tica en Sarri\u00e0-Sant Gervasi, nos encontrar\u00e1s muy cerca de Gr\u00e0cia. Aqu\u00ed cuidamos tu belleza con productos naturales, org\u00e1nicos y veganos, porque creemos que la salud del cabello y la piel es la base de todo buen resultado.<br \/>En nuestro sal\u00f3n encontrar\u00e1s un espacio elegante, acogedor y petfriendly pensado para que disfrutes de una experiencia de bienestar mientras realzamos lo mejor de ti.<br \/>\u00bfQuieres un cambio de look, un peinado especial o un tratamiento facial que te devuelva la luminosidad? Aqu\u00ed tienes tu lugar.<\/p>\n<p>[\/et_pb_text][et_pb_image src=\u00bbhttps:\/\/carebeautyplace.es\/wp-content\/uploads\/2025\/09\/CareBeautyPlace-Salon-02.webp\u00bb alt=\u00bbCare Beauty Place tu Peluquer\u00eda y Centro de est\u00e9tica en Sant Gervasi\u00bb show_in_lightbox=\u00bbon\u00bb force_fullwidth=\u00bbon\u00bb _builder_version=\u00bb4.27.4&#8243; _module_preset=\u00bb1cc6152f-565c-4c4d-b0c9-cf8c9576c341&#8243; border_width_all=\u00bb20px\u00bb border_color_all=\u00bb#FFFFFF\u00bb box_shadow_style=\u00bbpreset1&#8243; box_shadow_vertical=\u00bb2px\u00bb box_shadow_blur=\u00bb60px\u00bb box_shadow_spread=\u00bb0px\u00bb box_shadow_color=\u00bbrgba(0,0,0,0.3)\u00bb locked=\u00bboff\u00bb global_colors_info=\u00bb{}\u00bb][\/et_pb_image][\/et_pb_column][\/et_pb_row][\/et_pb_section][et_pb_section fb_built=\u00bb1&#8243; admin_label=\u00bbAbout\u00bb _builder_version=\u00bb4.27.4&#8243; _module_preset=\u00bbdefault\u00bb background_color=\u00bb#89B82A\u00bb z_index=\u00bb500&#8243; custom_padding=\u00bb0px||0px||true|false\u00bb top_divider_style=\u00bbwave2&#8243; top_divider_color=\u00bb#FFFFFF\u00bb top_divider_height=\u00bb90px\u00bb top_divider_flip=\u00bbhorizontal\u00bb locked=\u00bboff\u00bb collapsed=\u00bboff\u00bb global_colors_info=\u00bb{}\u00bb][et_pb_row custom_padding_last_edited=\u00bbon|phone\u00bb module_id=\u00bbfilosofia-care-beauty-place\u00bb _builder_version=\u00bb4.27.4&#8243; _module_preset=\u00bb048d8e79-b07f-439b-bd57-f41c14f0a56b\u00bb z_index=\u00bb500&#8243; custom_padding=\u00bb|30px|120px|30px|false|true\u00bb custom_padding_tablet=\u00bb|30px|60px|30px|false|true\u00bb custom_padding_phone=\u00bb|20px|40px|20px|false|true\u00bb custom_css_main_element=\u00bbtransition: all .6s cubic-bezier(.2,.8,.2,1.2) 0s!important;\u00bb border_radii=\u00bbon|0px|0px|0px|0px\u00bb border_color_all=\u00bb#DDD3D0&#8243; box_shadow_style=\u00bbnone\u00bb global_colors_info=\u00bb{}\u00bb border_color_all__hover_enabled=\u00bboff|hover\u00bb border_color_all__hover=\u00bb#89B82A\u00bb border_width_all__hover_enabled=\u00bboff|desktop\u00bb border_width_all__hover=\u00bb5px\u00bb][et_pb_column type=\u00bb4_4&#8243; _builder_version=\u00bb4.25.1&#8243; _module_preset=\u00bbdefault\u00bb global_colors_info=\u00bb{}\u00bb][et_pb_image src=\u00bbhttps:\/\/carebeautyplace.es\/wp-content\/uploads\/2026\/04\/Foto-ANA-MIRETE-1440x1800px.webp\u00bb alt=\u00bbAna Mirete Quintana trabaja en Care Beauty Place tu Centro de est\u00e9tica en Sant Gervasi\u00bb show_in_lightbox=\u00bbon\u00bb align=\u00bbcenter\u00bb module_id=\u00bbAna Mirete, de Care Beauty Place, tu Centro de est\u00e9tica en Sant Gervasi\u00bb _builder_version=\u00bb4.27.6&#8243; _module_preset=\u00bbdefault\u00bb max_width=\u00bb25%\u00bb max_width_tablet=\u00bb55%\u00bb max_width_phone=\u00bb80%\u00bb max_width_last_edited=\u00bbon|phone\u00bb module_alignment=\u00bbcenter\u00bb scroll_vertical_motion_enable=\u00bbon\u00bb scroll_vertical_motion=\u00bb0|50|50|100|-2.5|0|0&#8243; scroll_fade_enable=\u00bbon\u00bb hover_enabled=\u00bb0&#8243; border_width_all=\u00bb20px\u00bb border_color_all=\u00bb#FFFFFF\u00bb box_shadow_style=\u00bbpreset3&#8243; global_colors_info=\u00bb{}\u00bb sticky_enabled=\u00bb0&#8243;][\/et_pb_image][et_pb_social_media_follow icon_color=\u00bbgcid-secondary-color\u00bb disabled_on=\u00bboff|off|off\u00bb _builder_version=\u00bb4.27.4&#8243; _module_preset=\u00bb9a2c7b49-38da-4a8e-a698-40ad4873179f\u00bb text_orientation=\u00bbcenter\u00bb global_colors_info=\u00bb{%22gcid-secondary-color%22:%91%22icon_color%22%93}\u00bb][et_pb_social_media_follow_network social_network=\u00bbfacebook\u00bb url=\u00bbhttps:\/\/www.facebook.com\/care.beautyplace\/\u00bb icon_color=\u00bb#986556&#8243; use_icon_font_size=\u00bbon\u00bb icon_font_size=\u00bb24px\u00bb _builder_version=\u00bb4.27.4&#8243; _module_preset=\u00bb1224e17a-0c75-4103-8bf8-1e8e99f7001e\u00bb background_color=\u00bb#3b5998&#8243; transform_translate_linked__hover=\u00bboff\u00bb global_colors_info=\u00bb{}\u00bb icon_color__hover_enabled=\u00bbon|desktop\u00bb icon_color__hover=\u00bb#89B82A\u00bb transform_styles__hover_enabled=\u00bbon|desktop\u00bb transform_scale__hover_enabled=\u00bbon|desktop\u00bb transform_translate__hover_enabled=\u00bbon|desktop\u00bb transform_rotate__hover_enabled=\u00bbon|hover\u00bb transform_skew__hover_enabled=\u00bbon|hover\u00bb transform_origin__hover_enabled=\u00bbon|hover\u00bb transform_translate__hover=\u00bb0px|-5px\u00bb transform_scale__hover=\u00bb110%|110%\u00bb follow_button=\u00bboff\u00bb url_new_window=\u00bbon\u00bb]facebook[\/et_pb_social_media_follow_network][et_pb_social_media_follow_network social_network=\u00bbinstagram\u00bb url=\u00bbhttps:\/\/www.instagram.com\/carebeautyplace\/\u00bb icon_color=\u00bb#986556&#8243; use_icon_font_size=\u00bbon\u00bb icon_font_size=\u00bb24px\u00bb _builder_version=\u00bb4.27.4&#8243; _module_preset=\u00bb1224e17a-0c75-4103-8bf8-1e8e99f7001e\u00bb background_color=\u00bb#ea2c59&#8243; transform_translate_linked__hover=\u00bboff\u00bb global_colors_info=\u00bb{}\u00bb icon_color__hover_enabled=\u00bbon|hover\u00bb icon_color__hover=\u00bb#89B82A\u00bb transform_styles__hover_enabled=\u00bbon|desktop\u00bb transform_scale__hover_enabled=\u00bbon|desktop\u00bb transform_translate__hover_enabled=\u00bbon|desktop\u00bb transform_rotate__hover_enabled=\u00bbon|hover\u00bb transform_skew__hover_enabled=\u00bbon|hover\u00bb transform_origin__hover_enabled=\u00bbon|hover\u00bb transform_translate__hover=\u00bb0px|-5px\u00bb transform_scale__hover=\u00bb110%|110%\u00bb follow_button=\u00bboff\u00bb url_new_window=\u00bbon\u00bb]instagram[\/et_pb_social_media_follow_network][et_pb_social_media_follow_network social_network=\u00bblinkedin\u00bb url=\u00bbhttps:\/\/www.linkedin.com\/in\/ana-maria-mirete-quintana-38a74176\/\u00bb icon_color=\u00bb#986556&#8243; use_icon_font_size=\u00bbon\u00bb icon_font_size=\u00bb24px\u00bb _builder_version=\u00bb4.27.4&#8243; _module_preset=\u00bb1224e17a-0c75-4103-8bf8-1e8e99f7001e\u00bb background_color=\u00bb#007bb6&#8243; transform_translate_linked__hover=\u00bboff\u00bb global_colors_info=\u00bb{}\u00bb icon_color__hover_enabled=\u00bbon|desktop\u00bb icon_color__hover=\u00bb#89B82A\u00bb transform_styles__hover_enabled=\u00bbon|desktop\u00bb transform_scale__hover_enabled=\u00bbon|desktop\u00bb transform_translate__hover_enabled=\u00bbon|desktop\u00bb transform_rotate__hover_enabled=\u00bbon|hover\u00bb transform_skew__hover_enabled=\u00bbon|hover\u00bb transform_origin__hover_enabled=\u00bbon|hover\u00bb transform_translate__hover=\u00bb0px|-5px\u00bb transform_scale__hover=\u00bb110%|110%\u00bb follow_button=\u00bboff\u00bb url_new_window=\u00bbon\u00bb]linkedin[\/et_pb_social_media_follow_network][et_pb_social_media_follow_network social_network=\u00bbwhatsapp\u00bb url=\u00bbhttps:\/\/api.whatsapp.com\/send?phone=34645581853&#8243; icon_color=\u00bb#986556&#8243; use_icon_font_size=\u00bbon\u00bb icon_font_size=\u00bb24px\u00bb _builder_version=\u00bb4.27.4&#8243; _module_preset=\u00bb1224e17a-0c75-4103-8bf8-1e8e99f7001e\u00bb background_color=\u00bb#25D366&#8243; transform_translate_linked__hover=\u00bboff\u00bb global_colors_info=\u00bb{}\u00bb icon_color__hover_enabled=\u00bbon|hover\u00bb icon_color__hover=\u00bb#89B82A\u00bb transform_styles__hover_enabled=\u00bbon|desktop\u00bb transform_scale__hover_enabled=\u00bbon|desktop\u00bb transform_translate__hover_enabled=\u00bbon|desktop\u00bb transform_rotate__hover_enabled=\u00bbon|hover\u00bb transform_skew__hover_enabled=\u00bbon|hover\u00bb transform_origin__hover_enabled=\u00bbon|hover\u00bb transform_translate__hover=\u00bb0px|-5px\u00bb transform_scale__hover=\u00bb110%|110%\u00bb follow_button=\u00bboff\u00bb url_new_window=\u00bbon\u00bb]whatsapp[\/et_pb_social_media_follow_network][\/et_pb_social_media_follow][et_pb_heading title=\u00bbAna, es tu estilista en Care Beauty Place\u00bb _builder_version=\u00bb4.27.4&#8243; _module_preset=\u00bbc33f07d9-41e0-421a-8799-5799df695cce\u00bb title_level=\u00bbh3&#8243; title_text_align=\u00bbcenter\u00bb title_font_size=\u00bb44px\u00bb title_line_height=\u00bb1.15em\u00bb animation_style=\u00bbfade\u00bb animation_duration=\u00bb2000ms\u00bb title_font_size_tablet=\u00bb38px\u00bb title_font_size_phone=\u00bb26px\u00bb global_colors_info=\u00bb{}\u00bb][\/et_pb_heading][et_pb_text _builder_version=\u00bb4.27.4&#8243; _module_preset=\u00bb2c55a9c4-feed-423b-9edb-ae0b5b365cac\u00bb text_font=\u00bb&#8211;et_global_heading_font|300|||||||\u00bb text_orientation=\u00bbcenter\u00bb max_width=\u00bb70%\u00bb max_width_tablet=\u00bb82%\u00bb max_width_phone=\u00bb95%\u00bb max_width_last_edited=\u00bbon|phone\u00bb module_alignment=\u00bbcenter\u00bb animation_style=\u00bbslide\u00bb animation_direction=\u00bbbottom\u00bb animation_duration=\u00bb1200ms\u00bb animation_delay=\u00bb400ms\u00bb animation_intensity_slide=\u00bb5%\u00bb text_font_size_last_edited=\u00bboff|desktop\u00bb text_orientation_tablet=\u00bbjustified\u00bb text_orientation_phone=\u00bbjustified\u00bb text_orientation_last_edited=\u00bbon|phone\u00bb global_colors_info=\u00bb{}\u00bb]<\/p>\n<p>Ana, nuestra estilista, es <strong>experta en resaltar lo mejor de cada clienta<\/strong> con un trato cercano y profesional. No solo se trata de un corte o un color, sino de ofrecer un <strong>asesoramiento totalmente personalizado<\/strong> para que salgas con una sonrisa y un estilo que encaje contigo.<\/p>\n<p>[\/et_pb_text][dsm_icon_list list_alignment=\u00bbcenter\u00bb list_alignment_tablet=\u00bbcenter\u00bb list_alignment_phone=\u00bbflex-start\u00bb list_alignment_last_edited=\u00bbon|desktop\u00bb _builder_version=\u00bb4.27.4&#8243; _module_preset=\u00bbdefault\u00bb custom_margin=\u00bb|||0px|false|false\u00bb custom_margin_tablet=\u00bb|||0px|false|false\u00bb custom_margin_phone=\u00bb|-20px||5px|false|false\u00bb custom_margin_last_edited=\u00bbon|phone\u00bb animation_style=\u00bbslide\u00bb animation_direction=\u00bbbottom\u00bb animation_duration=\u00bb1200ms\u00bb animation_delay=\u00bb500ms\u00bb animation_intensity_slide=\u00bb5%\u00bb global_colors_info=\u00bb{}\u00bb][dsm_icon_list_child text=\u00bbCortes actuales y cl\u00e1sicos\u00bb font_icon=\u00bb&#xf00c;||fa||900&#8243; icon_font_size=\u00bb22px\u00bb _builder_version=\u00bb4.27.4&#8243; _module_preset=\u00bbdefault\u00bb text_font=\u00bb&#8211;et_global_heading_font|300|||||||\u00bb text_font_size=\u00bb15px\u00bb text_letter_spacing=\u00bb0px\u00bb text_line_height=\u00bb1.2em\u00bb transform_translate_linked__hover=\u00bboff\u00bb custom_margin=\u00bb5px||||false|false\u00bb custom_margin_tablet=\u00bb5px||||false|false\u00bb custom_margin_phone=\u00bb10px||||false|false\u00bb custom_margin_last_edited=\u00bbon|desktop\u00bb global_colors_info=\u00bb{}\u00bb transform_styles__hover_enabled=\u00bbon|hover\u00bb transform_scale__hover_enabled=\u00bbon|desktop\u00bb transform_translate__hover_enabled=\u00bbon|hover\u00bb transform_rotate__hover_enabled=\u00bbon|desktop\u00bb transform_skew__hover_enabled=\u00bbon|desktop\u00bb transform_origin__hover_enabled=\u00bbon|desktop\u00bb transform_translate__hover=\u00bb10px|0px\u00bb][\/dsm_icon_list_child][dsm_icon_list_child text=\u00bbPeinados para eventos u ocasiones especiales\u00bb font_icon=\u00bb&#xf00c;||fa||900&#8243; icon_font_size=\u00bb22px\u00bb _builder_version=\u00bb4.27.4&#8243; _module_preset=\u00bbdefault\u00bb text_font=\u00bb&#8211;et_global_heading_font|300|||||||\u00bb text_font_size=\u00bb15px\u00bb text_letter_spacing=\u00bb0px\u00bb text_line_height=\u00bb1.2em\u00bb transform_translate_linked__hover=\u00bboff\u00bb custom_margin=\u00bb5px||||false|false\u00bb custom_margin_tablet=\u00bb5px||||false|false\u00bb custom_margin_phone=\u00bb10px||||false|false\u00bb custom_margin_last_edited=\u00bbon|desktop\u00bb global_colors_info=\u00bb{}\u00bb transform_styles__hover_enabled=\u00bbon|hover\u00bb transform_scale__hover_enabled=\u00bbon|desktop\u00bb transform_translate__hover_enabled=\u00bbon|hover\u00bb transform_rotate__hover_enabled=\u00bbon|desktop\u00bb transform_skew__hover_enabled=\u00bbon|desktop\u00bb transform_origin__hover_enabled=\u00bbon|desktop\u00bb transform_translate__hover=\u00bb10px|0px\u00bb][\/dsm_icon_list_child][dsm_icon_list_child text=\u00bbColoraciones naturales y mechas balayage\u00bb font_icon=\u00bb&#xf00c;||fa||900&#8243; icon_font_size=\u00bb22px\u00bb _builder_version=\u00bb4.27.4&#8243; _module_preset=\u00bbdefault\u00bb text_font=\u00bb&#8211;et_global_heading_font|300|||||||\u00bb text_font_size=\u00bb15px\u00bb text_letter_spacing=\u00bb0px\u00bb text_line_height=\u00bb1.2em\u00bb transform_translate_linked__hover=\u00bboff\u00bb custom_margin=\u00bb5px||||false|false\u00bb custom_margin_tablet=\u00bb5px||||false|false\u00bb custom_margin_phone=\u00bb10px|40px|||false|false\u00bb custom_margin_last_edited=\u00bbon|phone\u00bb global_colors_info=\u00bb{}\u00bb transform_styles__hover_enabled=\u00bbon|hover\u00bb transform_scale__hover_enabled=\u00bbon|desktop\u00bb transform_translate__hover_enabled=\u00bbon|hover\u00bb transform_rotate__hover_enabled=\u00bbon|desktop\u00bb transform_skew__hover_enabled=\u00bbon|desktop\u00bb transform_origin__hover_enabled=\u00bbon|desktop\u00bb transform_translate__hover=\u00bb10px|0px\u00bb][\/dsm_icon_list_child][dsm_icon_list_child text=\u00bbTratamientos capilares org\u00e1nicos y mucho m\u00e1s\u2026\u00bb font_icon=\u00bb&#xf00c;||fa||900&#8243; icon_font_size=\u00bb22px\u00bb _builder_version=\u00bb4.27.4&#8243; _module_preset=\u00bbdefault\u00bb text_font=\u00bb&#8211;et_global_heading_font|300|||||||\u00bb text_font_size=\u00bb15px\u00bb text_letter_spacing=\u00bb0px\u00bb text_line_height=\u00bb1.2em\u00bb transform_translate_linked__hover=\u00bboff\u00bb custom_margin=\u00bb5px||||false|false\u00bb custom_margin_tablet=\u00bb5px||||false|false\u00bb custom_margin_phone=\u00bb10px|40px|||false|false\u00bb custom_margin_last_edited=\u00bbon|phone\u00bb global_colors_info=\u00bb{}\u00bb transform_styles__hover_enabled=\u00bbon|hover\u00bb transform_scale__hover_enabled=\u00bbon|desktop\u00bb transform_translate__hover_enabled=\u00bbon|hover\u00bb transform_rotate__hover_enabled=\u00bbon|desktop\u00bb transform_skew__hover_enabled=\u00bbon|desktop\u00bb transform_origin__hover_enabled=\u00bbon|desktop\u00bb transform_translate__hover=\u00bb10px|0px\u00bb][\/dsm_icon_list_child][\/dsm_icon_list][et_pb_button button_url=\u00bb#servicios-care-beauty-place\u00bb button_text=\u00bb\u00bfQu\u00e9 servicios encontrar\u00e1s en Care beauty Place?\u00bb button_alignment=\u00bbcenter\u00bb button_alignment_last_edited=\u00bboff|desktop\u00bb _builder_version=\u00bb4.27.4&#8243; _module_preset=\u00bb1bffc0fc-42a0-49d1-bd9a-ae3ade2d7206&#8243; button_text_size=\u00bb20px\u00bb button_letter_spacing=\u00bb1px\u00bb button_font=\u00bbBebas Neue|700|||||||\u00bb button_icon=\u00bb&#xf0c4;||fa||900&#8243; custom_margin=\u00bb60px||-10px||false|false\u00bb custom_margin_tablet=\u00bb70px||45px||false|false\u00bb custom_margin_phone=\u00bb70px||35px||false|false\u00bb custom_margin_last_edited=\u00bbon|phone\u00bb custom_padding=\u00bb15px|50px|15px|50px|true|true\u00bb custom_padding_tablet=\u00bb15px|50px|15px|50px|true|true\u00bb custom_padding_phone=\u00bb|30px||30px|true|true\u00bb custom_padding_last_edited=\u00bbon|phone\u00bb animation_style=\u00bbfade\u00bb scroll_vertical_motion_enable=\u00bbon\u00bb scroll_vertical_motion=\u00bb0|50|50|100|1.5|0|0&#8243; scroll_fade_enable=\u00bbon\u00bb button_text_size_tablet=\u00bb20px\u00bb button_text_size_phone=\u00bb16px\u00bb button_text_size_last_edited=\u00bbon|phone\u00bb custom_css_main_element=\u00bbline-height:1.1em!important;\u00bb box_shadow_style=\u00bbpreset3&#8243; box_shadow_vertical=\u00bb0px\u00bb box_shadow_blur=\u00bb0px\u00bb locked=\u00bboff\u00bb global_colors_info=\u00bb{}\u00bb box_shadow_vertical__hover_enabled=\u00bbon|desktop\u00bb box_shadow_vertical__hover=\u00bb12px\u00bb box_shadow_blur__hover_enabled=\u00bbon|hover\u00bb box_shadow_blur__hover=\u00bb18px\u00bb button_bg_color__hover_enabled=\u00bbon|hover\u00bb button_bg_color__hover=\u00bb#986556&#8243; button_bg_enable_color__hover=\u00bbon\u00bb transform_styles__hover_enabled=\u00bbon|hover\u00bb transform_scale__hover_enabled=\u00bbon|hover\u00bb transform_translate__hover_enabled=\u00bbon|desktop\u00bb transform_rotate__hover_enabled=\u00bbon|desktop\u00bb transform_skew__hover_enabled=\u00bbon|desktop\u00bb transform_origin__hover_enabled=\u00bbon|desktop\u00bb transform_scale__hover=\u00bb102%|102%\u00bb][\/et_pb_button][\/et_pb_column][\/et_pb_row][\/et_pb_section][et_pb_section fb_built=\u00bb1&#8243; admin_label=\u00bbServices\u00bb _builder_version=\u00bb4.27.4&#8243; _module_preset=\u00bbdefault\u00bb background_enable_image=\u00bboff\u00bb background_size=\u00bbcontain\u00bb locked=\u00bboff\u00bb collapsed=\u00bbon\u00bb global_colors_info=\u00bb{}\u00bb][et_pb_row module_id=\u00bbservicios-care-beauty-place\u00bb _builder_version=\u00bb4.27.4&#8243; _module_preset=\u00bb5138c454-be54-4233-bd3b-f8e6a8747976&#8243; global_colors_info=\u00bb{}\u00bb][et_pb_column type=\u00bb4_4&#8243; _builder_version=\u00bb4.17.3&#8243; _module_preset=\u00bb73121f80-a3ef-4484-8763-c3f18e3c56d2&#8243; global_colors_info=\u00bb{}\u00bb][et_pb_heading title=\u00bbNuestros Servicios en Care Beauty Place\u00bb _builder_version=\u00bb4.27.4&#8243; _module_preset=\u00bbddeb8c09-9078-4424-bc15-2efb6572e28e\u00bb title_level=\u00bbh2&#8243; title_font_size=\u00bb44px\u00bb title_font_size_tablet=\u00bb38px\u00bb title_font_size_phone=\u00bb26px\u00bb locked=\u00bboff\u00bb global_colors_info=\u00bb{}\u00bb][\/et_pb_heading][et_pb_text _builder_version=\u00bb4.27.4&#8243; _module_preset=\u00bb2c55a9c4-feed-423b-9edb-ae0b5b365cac\u00bb text_font=\u00bb&#8211;et_global_heading_font|300|||||||\u00bb custom_margin=\u00bb-20px|0px|-35px|0px|false|true\u00bb text_font_size_last_edited=\u00bboff|phone\u00bb locked=\u00bboff\u00bb global_colors_info=\u00bb{}\u00bb]<\/p>\n<p>En nuestro sal\u00f3n de Peluquer\u00eda y centro de est\u00e9tica en Sarri\u00e0-Sant Gervasi ponemos a tu disposici\u00f3n cuatro grandes \u00e1reas de belleza:<\/p>\n<p>[\/et_pb_text][\/et_pb_column][\/et_pb_row][et_pb_row column_structure=\u00bb2_5,3_5&#8243; use_custom_gutter=\u00bbon\u00bb gutter_width=\u00bb2&#8243; _builder_version=\u00bb4.27.4&#8243; _module_preset=\u00bb5138c454-be54-4233-bd3b-f8e6a8747976&#8243; custom_margin=\u00bb30px||||false|false\u00bb custom_css_main_element=\u00bbdisplay: flex;||align-items: center;\u00bb global_colors_info=\u00bb{}\u00bb custom_css_main_element_last_edited=\u00bbon|phone\u00bb custom_css_main_element_tablet=\u00bb \u00bb custom_css_main_element_phone=\u00bb \u00ab][et_pb_column type=\u00bb2_5&#8243; _builder_version=\u00bb4.27.4&#8243; _module_preset=\u00bb73121f80-a3ef-4484-8763-c3f18e3c56d2&#8243; scroll_fade_enable=\u00bbon\u00bb scroll_scaling_enable=\u00bbon\u00bb scroll_scaling=\u00bb0|50|50|100|140%|100|100&#8243; border_radii=\u00bbon|20px|20px|20px|20px\u00bb border_width_all=\u00bb20px\u00bb border_color_all=\u00bb#FFFFFF\u00bb box_shadow_style=\u00bbpreset3&#8243; box_shadow_blur=\u00bb35px\u00bb box_shadow_spread=\u00bb-5px\u00bb global_colors_info=\u00bb{}\u00bb][et_pb_image src=\u00bbhttps:\/\/carebeautyplace.es\/wp-content\/uploads\/2025\/09\/Logo-CareBeautyPlace-white.webp\u00bb align=\u00bbcenter\u00bb _builder_version=\u00bb4.27.4&#8243; _module_preset=\u00bb6ed8fd5c-62c5-4100-98c3-7b8b6d2c2ee6&#8243; background_enable_color=\u00bboff\u00bb use_background_color_gradient=\u00bbon\u00bb background_color_gradient_stops=\u00bb#89b82a 0%|#986556 100%\u00bb custom_padding=\u00bb20px|10px|20px|10px|true|true\u00bb border_radii=\u00bbon|0px|0px|0px|0px\u00bb global_colors_info=\u00bb{}\u00bb][\/et_pb_image][\/et_pb_column][et_pb_column type=\u00bb3_5&#8243; _builder_version=\u00bb4.27.4&#8243; _module_preset=\u00bb73121f80-a3ef-4484-8763-c3f18e3c56d2&#8243; custom_padding=\u00bb0px|||0px|false|false\u00bb custom_padding_tablet=\u00bb40px||||false|false\u00bb custom_padding_phone=\u00bb|||0px|false|false\u00bb custom_padding_last_edited=\u00bbon|desktop\u00bb global_colors_info=\u00bb{}\u00bb][et_pb_blurb title=\u00bbPeluquer\u00eda\u00bb image=\u00bbhttps:\/\/carebeautyplace.es\/wp-content\/uploads\/2025\/09\/Servicios-Peluqueria.webp\u00bb image_icon_width=\u00bb200%\u00bb _builder_version=\u00bb4.27.4&#8243; _module_preset=\u00bb65059203-12d3-44f6-8371-3f5cf61a0475&#8243; header_level=\u00bbh3&#8243; header_font=\u00bb&#8211;et_global_heading_font|700|||||||\u00bb header_text_color=\u00bb#0E0C19&#8243; body_line_height=\u00bb1.4em\u00bb image_icon_custom_margin=\u00bb|0px||-35px|false|false\u00bb image_icon_custom_padding=\u00bb||||false|false\u00bb transform_translate_linked__hover=\u00bboff\u00bb custom_margin=\u00bb|0px||70px|false|false\u00bb custom_margin_tablet=\u00bb|0px||70px|false|false\u00bb custom_margin_phone=\u00bb|||40px|false|false\u00bb custom_margin_last_edited=\u00bbon|phone\u00bb child_filter_sepia=\u00bb65%\u00bb custom_css_blurb_title=\u00bbmargin-bottom:-5px;\u00bb locked=\u00bboff\u00bb global_colors_info=\u00bb{%22gcid-36fd78a7-34bc-404d-873c-dafa34efaae5%22:%91%22image_icon_background_color%22%93,%22gcid-body-color%22:%91%22body_text_color%22%93,%22gcid-primary-color%22:%91%22icon_color%22,%22body_link_text_color%22%93,%22gcid-f2943306-fa6c-45f0-b632-5fc00151366a%22:%91%22icon_color%22,%22icon_color%22%93}\u00bb transform_styles__hover_enabled=\u00bbon|hover\u00bb transform_scale__hover_enabled=\u00bbon|desktop\u00bb transform_translate__hover_enabled=\u00bbon|hover\u00bb transform_rotate__hover_enabled=\u00bbon|desktop\u00bb transform_skew__hover_enabled=\u00bbon|desktop\u00bb transform_origin__hover_enabled=\u00bbon|desktop\u00bb transform_translate__hover=\u00bb10px|0px\u00bb header_text_color__hover_enabled=\u00bbon|hover\u00bb header_text_color__hover=\u00bb#89B82A\u00bb]<\/p>\n<p>Cortes, mechas balayage, coloraciones, alisados org\u00e1nicos y tratamientos capilares naturales para un cabello sano y lleno de vida.<\/p>\n<p>[\/et_pb_blurb][et_pb_blurb title=\u00bbEst\u00e9tica\u00bb image=\u00bbhttps:\/\/carebeautyplace.es\/wp-content\/uploads\/2025\/09\/Servicios-Estetica.webp\u00bb image_icon_width=\u00bb200%\u00bb _builder_version=\u00bb4.27.4&#8243; _module_preset=\u00bb65059203-12d3-44f6-8371-3f5cf61a0475&#8243; header_level=\u00bbh3&#8243; header_font=\u00bb&#8211;et_global_heading_font|700|||||||\u00bb header_text_color=\u00bb#0E0C19&#8243; body_line_height=\u00bb1.4em\u00bb image_icon_custom_margin=\u00bb|0px||-35px|false|false\u00bb image_icon_custom_padding=\u00bb||||false|false\u00bb transform_translate_linked__hover=\u00bboff\u00bb custom_margin=\u00bb|0px||70px|false|false\u00bb custom_margin_tablet=\u00bb|0px||70px|false|false\u00bb custom_margin_phone=\u00bb|||40px|false|false\u00bb custom_margin_last_edited=\u00bbon|phone\u00bb child_filter_sepia=\u00bb65%\u00bb custom_css_blurb_title=\u00bbmargin-bottom:-5px;\u00bb locked=\u00bboff\u00bb global_colors_info=\u00bb{%22gcid-f2943306-fa6c-45f0-b632-5fc00151366a%22:%91%22icon_color%22,%22icon_color%22%93}\u00bb transform_styles__hover_enabled=\u00bbon|hover\u00bb transform_scale__hover_enabled=\u00bbon|desktop\u00bb transform_translate__hover_enabled=\u00bbon|hover\u00bb transform_rotate__hover_enabled=\u00bbon|desktop\u00bb transform_skew__hover_enabled=\u00bbon|desktop\u00bb transform_origin__hover_enabled=\u00bbon|desktop\u00bb transform_translate__hover=\u00bb10px|0px\u00bb header_text_color__hover=\u00bb#89B82A\u00bb header_text_color__hover_enabled=\u00bbon|hover\u00bb]<\/p>\n<p>Masajes faciales, depilaci\u00f3n con cera, dise\u00f1o de cejas y cuidados de la piel con productos respetuosos y efectivos.<\/p>\n<p>[\/et_pb_blurb][et_pb_blurb title=\u00bbManicura &#038; Pedicura\u00bb image=\u00bbhttps:\/\/carebeautyplace.es\/wp-content\/uploads\/2025\/09\/Servicios-Manicura-y-pedicura.webp\u00bb image_icon_width=\u00bb200%\u00bb _builder_version=\u00bb4.27.4&#8243; _module_preset=\u00bb65059203-12d3-44f6-8371-3f5cf61a0475&#8243; header_level=\u00bbh3&#8243; header_font=\u00bb&#8211;et_global_heading_font|700|||||||\u00bb header_text_color=\u00bb#0E0C19&#8243; body_line_height=\u00bb1.4em\u00bb image_icon_custom_margin=\u00bb|0px||-35px|false|false\u00bb image_icon_custom_padding=\u00bb||||false|false\u00bb transform_translate_linked__hover=\u00bboff\u00bb custom_margin=\u00bb|0px||70px|false|false\u00bb custom_margin_tablet=\u00bb|0px||70px|false|false\u00bb custom_margin_phone=\u00bb|||40px|false|false\u00bb custom_margin_last_edited=\u00bbon|phone\u00bb child_filter_sepia=\u00bb65%\u00bb custom_css_blurb_title=\u00bbmargin-bottom:-5px;\u00bb locked=\u00bboff\u00bb global_colors_info=\u00bb{%22gcid-f2943306-fa6c-45f0-b632-5fc00151366a%22:%91%22icon_color%22,%22icon_color%22%93}\u00bb transform_styles__hover_enabled=\u00bbon|hover\u00bb transform_scale__hover_enabled=\u00bbon|desktop\u00bb transform_translate__hover_enabled=\u00bbon|hover\u00bb transform_rotate__hover_enabled=\u00bbon|desktop\u00bb transform_skew__hover_enabled=\u00bbon|desktop\u00bb transform_origin__hover_enabled=\u00bbon|desktop\u00bb transform_translate__hover=\u00bb10px|0px\u00bb header_text_color__hover=\u00bb#89B82A\u00bb header_text_color__hover_enabled=\u00bbon|hover\u00bb]<\/p>\n<p>Desde el esmaltado normal hasta el semipermanente, para que tus manos y pies luzcan impecables.<\/p>\n<p>[\/et_pb_blurb][et_pb_blurb title=\u00bbProductos profesionales\u00bb image=\u00bbhttps:\/\/carebeautyplace.es\/wp-content\/uploads\/2025\/09\/Servicios-Productos-profesionales-y-veganos.webp\u00bb image_icon_width=\u00bb200%\u00bb _builder_version=\u00bb4.27.4&#8243; _module_preset=\u00bb65059203-12d3-44f6-8371-3f5cf61a0475&#8243; header_level=\u00bbh3&#8243; header_font=\u00bb&#8211;et_global_heading_font|700|||||||\u00bb header_text_color=\u00bb#0E0C19&#8243; body_line_height=\u00bb1.4em\u00bb image_icon_custom_margin=\u00bb|0px||-35px|false|false\u00bb image_icon_custom_padding=\u00bb||||false|false\u00bb transform_translate_linked__hover=\u00bboff\u00bb custom_margin=\u00bb|0px||70px|false|false\u00bb custom_margin_tablet=\u00bb|0px||70px|false|false\u00bb custom_margin_phone=\u00bb|||40px|false|false\u00bb custom_margin_last_edited=\u00bbon|phone\u00bb child_filter_sepia=\u00bb65%\u00bb custom_css_blurb_title=\u00bbmargin-bottom:-5px;\u00bb locked=\u00bboff\u00bb global_colors_info=\u00bb{%22gcid-f2943306-fa6c-45f0-b632-5fc00151366a%22:%91%22icon_color%22,%22icon_color%22%93}\u00bb transform_styles__hover_enabled=\u00bbon|hover\u00bb transform_scale__hover_enabled=\u00bbon|desktop\u00bb transform_translate__hover_enabled=\u00bbon|hover\u00bb transform_rotate__hover_enabled=\u00bbon|desktop\u00bb transform_skew__hover_enabled=\u00bbon|desktop\u00bb transform_origin__hover_enabled=\u00bbon|desktop\u00bb transform_translate__hover=\u00bb10px|0px\u00bb header_text_color__hover=\u00bb#89B82A\u00bb header_text_color__hover_enabled=\u00bbon|hover\u00bb]<\/p>\n<p>Una cuidada selecci\u00f3n de marcas de calidad como Nook, Vagheggi y Orly (entre otras) para que sigas cuid\u00e1ndote tambi\u00e9n en casa.<\/p>\n<p>[\/et_pb_blurb][\/et_pb_column][\/et_pb_row][\/et_pb_section][et_pb_section fb_built=\u00bb1&#8243; admin_label=\u00bbGallery\u00bb _builder_version=\u00bb4.27.4&#8243; _module_preset=\u00bbdefault\u00bb background_enable_color=\u00bboff\u00bb background_enable_image=\u00bboff\u00bb custom_margin=\u00bb-1px||-1px||false|false\u00bb custom_padding=\u00bb||0px||false|false\u00bb top_divider_height=\u00bb30px\u00bb locked=\u00bboff\u00bb collapsed=\u00bbon\u00bb global_colors_info=\u00bb{}\u00bb][et_pb_row _builder_version=\u00bb4.27.4&#8243; _module_preset=\u00bb5138c454-be54-4233-bd3b-f8e6a8747976&#8243; custom_padding=\u00bb0px||||false|false\u00bb locked=\u00bboff\u00bb global_colors_info=\u00bb{}\u00bb][et_pb_column type=\u00bb4_4&#8243; _builder_version=\u00bb4.17.4&#8243; _module_preset=\u00bb73121f80-a3ef-4484-8763-c3f18e3c56d2&#8243; global_colors_info=\u00bb{}\u00bb][et_pb_text _builder_version=\u00bb4.27.4&#8243; _module_preset=\u00bb2c55a9c4-feed-423b-9edb-ae0b5b365cac\u00bb text_font=\u00bbBebas Neue|||on|||||\u00bb text_text_color=\u00bb#89B82A\u00bb text_font_size=\u00bb24px\u00bb text_letter_spacing=\u00bb1px\u00bb text_line_height=\u00bb1.4em\u00bb text_orientation=\u00bbcenter\u00bb custom_margin=\u00bb||10px||false|false\u00bb scroll_vertical_motion_enable=\u00bbon\u00bb scroll_vertical_motion=\u00bb0|50|50|100|-1.5|0|0&#8243; scroll_fade_enable=\u00bbon\u00bb text_font_size_tablet=\u00bb18px\u00bb text_font_size_phone=\u00bb16px\u00bb text_font_size_last_edited=\u00bbon|desktop\u00bb locked=\u00bboff\u00bb global_colors_info=\u00bb{%22gcid-primary-color%22:%91%22link_text_color%22%93,%22gcid-heading-color%22:%91%22header_text_color%22,%22header_4_text_color%22,%22header_3_text_color%22,%22header_2_text_color%22,%22header_5_text_color%22,%22header_6_text_color%22,%22quote_text_color%22%93,%22gcid-secondary-color%22:%91%22quote_border_color%22%93}\u00bb]<\/p>\n<p>Care beauty Place<\/p>\n<p>[\/et_pb_text][et_pb_heading title=\u00bbTratamientos estrella que amar\u00e1s\u00bb _builder_version=\u00bb4.27.4&#8243; _module_preset=\u00bbddeb8c09-9078-4424-bc15-2efb6572e28e\u00bb title_level=\u00bbh2&#8243; title_text_align=\u00bbcenter\u00bb title_font_size=\u00bb44px\u00bb title_font_size_tablet=\u00bb38px\u00bb title_font_size_phone=\u00bb26px\u00bb locked=\u00bboff\u00bb global_colors_info=\u00bb{}\u00bb][\/et_pb_heading][\/et_pb_column][\/et_pb_row][et_pb_row column_structure=\u00bb1_4,1_4,1_4,1_4&#8243; use_custom_gutter=\u00bbon\u00bb gutter_width=\u00bb2&#8243; make_equal=\u00bbon\u00bb _builder_version=\u00bb4.27.4&#8243; _module_preset=\u00bb5138c454-be54-4233-bd3b-f8e6a8747976&#8243; locked=\u00bboff\u00bb global_colors_info=\u00bb{}\u00bb][et_pb_column type=\u00bb1_4&#8243; _builder_version=\u00bb4.17.4&#8243; _module_preset=\u00bb73121f80-a3ef-4484-8763-c3f18e3c56d2&#8243; global_colors_info=\u00bb{}\u00bb][et_pb_blurb title=\u00bbBalayage natural para dar luz y movimiento a tu melena.\u00bb url=\u00bb#\u00bb use_icon=\u00bbon\u00bb font_icon=\u00bb&#xe031;||divi||400&#8243; icon_color=\u00bb#89B82A\u00bb image_icon_width=\u00bb400%\u00bb icon_alignment=\u00bbcenter\u00bb icon_alignment_tablet=\u00bbcenter\u00bb icon_alignment_phone=\u00bbcenter\u00bb icon_alignment_last_edited=\u00bboff|desktop\u00bb _builder_version=\u00bb4.27.4&#8243; _module_preset=\u00bb212b201d-2c34-41bd-936c-851b7357d08b\u00bb header_level=\u00bbh3&#8243; header_text_align=\u00bbcenter\u00bb header_text_color=\u00bb#FFFFFF\u00bb header_font_size=\u00bb20px\u00bb body_font=\u00bb&#8211;et_global_heading_font|300|||||||\u00bb body_text_align=\u00bbcenter\u00bb body_text_color=\u00bbgcid-heading-color\u00bb background_color=\u00bb#89B82A\u00bb background_image=\u00bbhttps:\/\/carebeautyplace.es\/wp-content\/uploads\/2025\/09\/CareBeautyPlace-Salon-02.webp\u00bb background_blend=\u00bbmultiply\u00bb transform_translate_linked__hover=\u00bboff\u00bb custom_padding=\u00bb2vw|1vw|2vw|1vw|true|true\u00bb animation_style=\u00bbslide\u00bb animation_direction=\u00bbbottom\u00bb animation_intensity_slide=\u00bb3%\u00bb header_text_align_tablet=\u00bbcenter\u00bb header_text_align_phone=\u00bbcenter\u00bb header_text_align_last_edited=\u00bboff|desktop\u00bb header_font_size_tablet=\u00bb20px\u00bb header_font_size_phone=\u00bb20px\u00bb header_font_size_last_edited=\u00bboff|phone\u00bb body_text_align_tablet=\u00bbcenter\u00bb body_text_align_phone=\u00bbcenter\u00bb body_text_align_last_edited=\u00bboff|desktop\u00bb border_radii=\u00bbon|10px|10px|10px|10px\u00bb border_width_all=\u00bb20px\u00bb border_color_all=\u00bb#FFFFFF\u00bb box_shadow_style=\u00bbpreset1&#8243; locked=\u00bboff\u00bb global_colors_info=\u00bb{%22gcid-primary-color%22:%91%22icon_color%22,%22body_link_text_color%22,%22icon_color%22,%22body_link_text_color%22,%22body_link_text_color%22,%22body_link_text_color%22,%22body_link_text_color%22,%22body_link_text_color%22%93,%22gcid-body-color%22:%91%22body_text_color%22,%22body_text_color%22,%22body_text_color%22,%22body_text_color%22,%22body_text_color%22,%22body_text_color%22,%22body_text_color%22,%22body_text_color%22%93}\u00bb child_filter_sepia__hover_enabled=\u00bboff|desktop\u00bb child_filter_sepia__hover=\u00bb45%\u00bb header_text_color__hover=\u00bb#FFFFFF\u00bb header_text_color__hover_enabled=\u00bbon|desktop\u00bb transform_styles__hover_enabled=\u00bbon|hover\u00bb transform_scale__hover_enabled=\u00bbon|hover\u00bb transform_translate__hover_enabled=\u00bbon|hover\u00bb transform_rotate__hover_enabled=\u00bbon|desktop\u00bb transform_skew__hover_enabled=\u00bbon|desktop\u00bb transform_origin__hover_enabled=\u00bbon|desktop\u00bb transform_translate__hover=\u00bb0px|-10px\u00bb background__hover_enabled=\u00bbon|hover\u00bb background_color__hover=\u00bb#986556&#8243; background_enable_color__hover=\u00bbon\u00bb icon_color__hover_enabled=\u00bbon|hover\u00bb icon_color__hover=\u00bb#FFFFFF\u00bb transform_scale__hover=\u00bb105%|105%\u00bb][\/et_pb_blurb][\/et_pb_column][et_pb_column type=\u00bb1_4&#8243; _builder_version=\u00bb4.17.4&#8243; _module_preset=\u00bb73121f80-a3ef-4484-8763-c3f18e3c56d2&#8243; global_colors_info=\u00bb{}\u00bb][et_pb_blurb title=\u00bbTratamientos capilares de hidrataci\u00f3n profunda\u00bb url=\u00bb#\u00bb use_icon=\u00bbon\u00bb font_icon=\u00bb&#xe031;||divi||400&#8243; icon_color=\u00bb#89B82A\u00bb image_icon_width=\u00bb400%\u00bb icon_alignment=\u00bbcenter\u00bb icon_alignment_tablet=\u00bbcenter\u00bb icon_alignment_phone=\u00bbcenter\u00bb icon_alignment_last_edited=\u00bboff|desktop\u00bb _builder_version=\u00bb4.27.4&#8243; _module_preset=\u00bb212b201d-2c34-41bd-936c-851b7357d08b\u00bb header_level=\u00bbh3&#8243; header_text_align=\u00bbcenter\u00bb header_text_color=\u00bb#FFFFFF\u00bb header_font_size=\u00bb20px\u00bb body_font=\u00bb&#8211;et_global_heading_font|300|||||||\u00bb body_text_align=\u00bbcenter\u00bb body_text_color=\u00bbgcid-heading-color\u00bb background_color=\u00bb#89B82A\u00bb background_image=\u00bbhttps:\/\/carebeautyplace.es\/wp-content\/uploads\/2025\/09\/CareBeautyPlace-Salon-03.webp\u00bb background_blend=\u00bbmultiply\u00bb transform_translate_linked__hover=\u00bboff\u00bb custom_padding=\u00bb2vw|1vw|2vw|1vw|true|true\u00bb animation_style=\u00bbslide\u00bb animation_direction=\u00bbbottom\u00bb animation_intensity_slide=\u00bb3%\u00bb header_text_align_tablet=\u00bbcenter\u00bb header_text_align_phone=\u00bbcenter\u00bb header_text_align_last_edited=\u00bboff|desktop\u00bb header_font_size_tablet=\u00bb20px\u00bb header_font_size_phone=\u00bb20px\u00bb header_font_size_last_edited=\u00bboff|phone\u00bb body_text_align_tablet=\u00bbcenter\u00bb body_text_align_phone=\u00bbcenter\u00bb body_text_align_last_edited=\u00bboff|desktop\u00bb border_radii=\u00bbon|10px|10px|10px|10px\u00bb border_width_all=\u00bb20px\u00bb border_color_all=\u00bb#FFFFFF\u00bb box_shadow_style=\u00bbpreset1&#8243; locked=\u00bboff\u00bb global_colors_info=\u00bb{%22gcid-primary-color%22:%91%22icon_color%22,%22body_link_text_color%22,%22icon_color%22,%22body_link_text_color%22,%22body_link_text_color%22,%22body_link_text_color%22,%22body_link_text_color%22,%22body_link_text_color%22%93,%22gcid-body-color%22:%91%22body_text_color%22,%22body_text_color%22,%22body_text_color%22,%22body_text_color%22,%22body_text_color%22,%22body_text_color%22,%22body_text_color%22,%22body_text_color%22%93}\u00bb child_filter_sepia__hover_enabled=\u00bboff|desktop\u00bb child_filter_sepia__hover=\u00bb45%\u00bb header_text_color__hover=\u00bb#FFFFFF\u00bb header_text_color__hover_enabled=\u00bbon|desktop\u00bb transform_styles__hover_enabled=\u00bbon|hover\u00bb transform_scale__hover_enabled=\u00bbon|hover\u00bb transform_translate__hover_enabled=\u00bbon|hover\u00bb transform_rotate__hover_enabled=\u00bbon|desktop\u00bb transform_skew__hover_enabled=\u00bbon|desktop\u00bb transform_origin__hover_enabled=\u00bbon|desktop\u00bb transform_translate__hover=\u00bb0px|-10px\u00bb background__hover_enabled=\u00bbon|hover\u00bb background_color__hover=\u00bb#986556&#8243; background_enable_color__hover=\u00bbon\u00bb icon_color__hover_enabled=\u00bbon|desktop\u00bb icon_color__hover=\u00bb#FFFFFF\u00bb transform_scale__hover=\u00bb105%|105%\u00bb][\/et_pb_blurb][\/et_pb_column][et_pb_column type=\u00bb1_4&#8243; _builder_version=\u00bb4.17.4&#8243; _module_preset=\u00bb73121f80-a3ef-4484-8763-c3f18e3c56d2&#8243; global_colors_info=\u00bb{}\u00bb][et_pb_blurb title=\u00bbManicuras semipermanentes de larga duraci\u00f3n\u00bb url=\u00bb#\u00bb use_icon=\u00bbon\u00bb font_icon=\u00bb&#xe031;||divi||400&#8243; icon_color=\u00bb#89B82A\u00bb image_icon_width=\u00bb400%\u00bb icon_alignment=\u00bbcenter\u00bb icon_alignment_tablet=\u00bbcenter\u00bb icon_alignment_phone=\u00bbcenter\u00bb icon_alignment_last_edited=\u00bboff|desktop\u00bb _builder_version=\u00bb4.27.4&#8243; _module_preset=\u00bb212b201d-2c34-41bd-936c-851b7357d08b\u00bb header_level=\u00bbh3&#8243; header_text_align=\u00bbcenter\u00bb header_text_color=\u00bb#FFFFFF\u00bb header_font_size=\u00bb20px\u00bb body_font=\u00bb&#8211;et_global_heading_font|300|||||||\u00bb body_text_align=\u00bbcenter\u00bb body_text_color=\u00bbgcid-heading-color\u00bb background_color=\u00bb#89B82A\u00bb background_image=\u00bbhttps:\/\/carebeautyplace.es\/wp-content\/uploads\/2025\/09\/CareBeautyPlace-Salon-04.webp\u00bb background_position=\u00bbbottom_center\u00bb background_blend=\u00bbmultiply\u00bb transform_translate_linked__hover=\u00bboff\u00bb custom_padding=\u00bb2vw|1vw|2vw|1vw|true|true\u00bb animation_style=\u00bbslide\u00bb animation_direction=\u00bbbottom\u00bb animation_intensity_slide=\u00bb3%\u00bb header_text_align_tablet=\u00bbcenter\u00bb header_text_align_phone=\u00bbcenter\u00bb header_text_align_last_edited=\u00bboff|desktop\u00bb header_font_size_tablet=\u00bb20px\u00bb header_font_size_phone=\u00bb20px\u00bb header_font_size_last_edited=\u00bboff|phone\u00bb body_text_align_tablet=\u00bbcenter\u00bb body_text_align_phone=\u00bbcenter\u00bb body_text_align_last_edited=\u00bboff|desktop\u00bb border_radii=\u00bbon|10px|10px|10px|10px\u00bb border_width_all=\u00bb20px\u00bb border_color_all=\u00bb#FFFFFF\u00bb box_shadow_style=\u00bbpreset1&#8243; locked=\u00bboff\u00bb global_colors_info=\u00bb{%22gcid-primary-color%22:%91%22icon_color%22,%22body_link_text_color%22,%22icon_color%22,%22body_link_text_color%22,%22body_link_text_color%22,%22body_link_text_color%22,%22body_link_text_color%22,%22body_link_text_color%22%93,%22gcid-body-color%22:%91%22body_text_color%22,%22body_text_color%22,%22body_text_color%22,%22body_text_color%22,%22body_text_color%22,%22body_text_color%22,%22body_text_color%22,%22body_text_color%22%93}\u00bb child_filter_sepia__hover_enabled=\u00bboff|desktop\u00bb child_filter_sepia__hover=\u00bb45%\u00bb header_text_color__hover=\u00bb#FFFFFF\u00bb header_text_color__hover_enabled=\u00bbon|desktop\u00bb transform_styles__hover_enabled=\u00bbon|hover\u00bb transform_scale__hover_enabled=\u00bbon|hover\u00bb transform_translate__hover_enabled=\u00bbon|hover\u00bb transform_rotate__hover_enabled=\u00bbon|desktop\u00bb transform_skew__hover_enabled=\u00bbon|desktop\u00bb transform_origin__hover_enabled=\u00bbon|desktop\u00bb transform_translate__hover=\u00bb0px|-10px\u00bb background__hover_enabled=\u00bbon|hover\u00bb background_color__hover=\u00bb#986556&#8243; background_enable_color__hover=\u00bbon\u00bb icon_color__hover_enabled=\u00bbon|hover\u00bb icon_color__hover=\u00bb#FFFFFF\u00bb transform_scale__hover=\u00bb105%|105%\u00bb][\/et_pb_blurb][\/et_pb_column][et_pb_column type=\u00bb1_4&#8243; _builder_version=\u00bb4.17.4&#8243; _module_preset=\u00bb73121f80-a3ef-4484-8763-c3f18e3c56d2&#8243; global_colors_info=\u00bb{}\u00bb][et_pb_blurb title=\u00bbDepilaci\u00f3n y dise\u00f1o de cejas personalizados a tu estilo\u00bb url=\u00bb#\u00bb use_icon=\u00bbon\u00bb font_icon=\u00bb&#xe031;||divi||400&#8243; icon_color=\u00bb#89B82A\u00bb image_icon_width=\u00bb400%\u00bb icon_alignment=\u00bbcenter\u00bb icon_alignment_tablet=\u00bbcenter\u00bb icon_alignment_phone=\u00bbcenter\u00bb icon_alignment_last_edited=\u00bboff|desktop\u00bb _builder_version=\u00bb4.27.4&#8243; _module_preset=\u00bb212b201d-2c34-41bd-936c-851b7357d08b\u00bb header_level=\u00bbh3&#8243; header_text_align=\u00bbcenter\u00bb header_text_color=\u00bb#FFFFFF\u00bb header_font_size=\u00bb20px\u00bb body_font=\u00bb&#8211;et_global_heading_font|300|||||||\u00bb body_text_align=\u00bbcenter\u00bb body_text_color=\u00bbgcid-heading-color\u00bb background_color=\u00bb#89B82A\u00bb background_image=\u00bbhttps:\/\/carebeautyplace.es\/wp-content\/uploads\/2025\/09\/CareBeautyPlace-Estetica-01.webp\u00bb background_blend=\u00bbmultiply\u00bb transform_translate_linked__hover=\u00bboff\u00bb custom_padding=\u00bb2vw|1vw|2vw|1vw|true|true\u00bb animation_style=\u00bbslide\u00bb animation_direction=\u00bbbottom\u00bb animation_intensity_slide=\u00bb3%\u00bb header_text_align_tablet=\u00bbcenter\u00bb header_text_align_phone=\u00bbcenter\u00bb header_text_align_last_edited=\u00bboff|desktop\u00bb header_font_size_tablet=\u00bb20px\u00bb header_font_size_phone=\u00bb20px\u00bb header_font_size_last_edited=\u00bboff|phone\u00bb body_text_align_tablet=\u00bbcenter\u00bb body_text_align_phone=\u00bbcenter\u00bb body_text_align_last_edited=\u00bboff|desktop\u00bb border_radii=\u00bbon|10px|10px|10px|10px\u00bb border_width_all=\u00bb20px\u00bb border_color_all=\u00bb#FFFFFF\u00bb box_shadow_style=\u00bbpreset1&#8243; locked=\u00bboff\u00bb global_colors_info=\u00bb{%22gcid-primary-color%22:%91%22icon_color%22,%22body_link_text_color%22,%22icon_color%22,%22body_link_text_color%22,%22body_link_text_color%22,%22body_link_text_color%22,%22body_link_text_color%22,%22body_link_text_color%22%93,%22gcid-body-color%22:%91%22body_text_color%22,%22body_text_color%22,%22body_text_color%22,%22body_text_color%22,%22body_text_color%22,%22body_text_color%22,%22body_text_color%22,%22body_text_color%22%93}\u00bb child_filter_sepia__hover_enabled=\u00bboff|desktop\u00bb child_filter_sepia__hover=\u00bb45%\u00bb header_text_color__hover=\u00bb#FFFFFF\u00bb header_text_color__hover_enabled=\u00bbon|desktop\u00bb transform_styles__hover_enabled=\u00bbon|hover\u00bb transform_scale__hover_enabled=\u00bbon|hover\u00bb transform_translate__hover_enabled=\u00bbon|hover\u00bb transform_rotate__hover_enabled=\u00bbon|desktop\u00bb transform_skew__hover_enabled=\u00bbon|desktop\u00bb transform_origin__hover_enabled=\u00bbon|desktop\u00bb transform_translate__hover=\u00bb0px|-10px\u00bb background__hover_enabled=\u00bbon|hover\u00bb background_color__hover=\u00bb#986556&#8243; background_enable_color__hover=\u00bbon\u00bb icon_color__hover_enabled=\u00bbon|hover\u00bb icon_color__hover=\u00bb#FFFFFF\u00bb transform_scale__hover=\u00bb105%|105%\u00bb][\/et_pb_blurb][\/et_pb_column][\/et_pb_row][et_pb_row _builder_version=\u00bb4.27.4&#8243; _module_preset=\u00bb5138c454-be54-4233-bd3b-f8e6a8747976&#8243; custom_margin=\u00bb20px||-30px||false|false\u00bb custom_margin_tablet=\u00bb-25px||0px||false|false\u00bb custom_margin_phone=\u00bb-25px||0px||false|false\u00bb custom_margin_last_edited=\u00bbon|phone\u00bb locked=\u00bboff\u00bb global_colors_info=\u00bb{}\u00bb][et_pb_column type=\u00bb4_4&#8243; _builder_version=\u00bb4.17.4&#8243; _module_preset=\u00bb73121f80-a3ef-4484-8763-c3f18e3c56d2&#8243; global_colors_info=\u00bb{}\u00bb][et_pb_button button_url=\u00bbhttps:\/\/carebeautyplace.es\/servicios\/\u00bb button_text=\u00bbDescubre m\u00e1s detalles en nuestra secci\u00f3n de Servicios\u00bb button_alignment=\u00bbcenter\u00bb button_alignment_last_edited=\u00bboff|desktop\u00bb _builder_version=\u00bb4.27.4&#8243; _module_preset=\u00bb1bffc0fc-42a0-49d1-bd9a-ae3ade2d7206&#8243; button_text_size=\u00bb20px\u00bb button_letter_spacing=\u00bb1px\u00bb button_font=\u00bbBebas Neue|700|||||||\u00bb button_icon=\u00bb&#xf0c4;||fa||900&#8243; custom_margin=\u00bb||100px||false|false\u00bb custom_margin_tablet=\u00bb60px||60px||false|false\u00bb custom_margin_phone=\u00bb45px||45px||false|false\u00bb custom_margin_last_edited=\u00bbon|phone\u00bb custom_padding=\u00bb15px|50px|15px|50px|true|true\u00bb custom_padding_tablet=\u00bb15px|50px|15px|50px|true|true\u00bb custom_padding_phone=\u00bb|30px||30px|true|true\u00bb custom_padding_last_edited=\u00bbon|desktop\u00bb animation_style=\u00bbfade\u00bb button_text_size_tablet=\u00bb20px\u00bb button_text_size_phone=\u00bb16px\u00bb button_text_size_last_edited=\u00bbon|phone\u00bb custom_css_main_element=\u00bbline-height:1.1em!important;\u00bb box_shadow_style=\u00bbpreset3&#8243; box_shadow_vertical=\u00bb0px\u00bb box_shadow_blur=\u00bb0px\u00bb locked=\u00bboff\u00bb global_colors_info=\u00bb{}\u00bb box_shadow_vertical__hover_enabled=\u00bbon|desktop\u00bb box_shadow_vertical__hover=\u00bb12px\u00bb box_shadow_blur__hover_enabled=\u00bbon|hover\u00bb box_shadow_blur__hover=\u00bb18px\u00bb button_bg_color__hover_enabled=\u00bbon|hover\u00bb button_bg_color__hover=\u00bb#986556&#8243; button_bg_enable_color__hover=\u00bbon\u00bb transform_styles__hover_enabled=\u00bbon|hover\u00bb transform_scale__hover_enabled=\u00bbon|hover\u00bb transform_translate__hover_enabled=\u00bbon|desktop\u00bb transform_rotate__hover_enabled=\u00bbon|desktop\u00bb transform_skew__hover_enabled=\u00bbon|desktop\u00bb transform_origin__hover_enabled=\u00bbon|desktop\u00bb transform_scale__hover=\u00bb102%|102%\u00bb][\/et_pb_button][\/et_pb_column][\/et_pb_row][\/et_pb_section][et_pb_section fb_built=\u00bb1&#8243; prev_background_color=\u00bb#ffffff\u00bb admin_label=\u00bbTestimonials\u00bb _builder_version=\u00bb4.27.4&#8243; _module_preset=\u00bbdefault\u00bb background_color=\u00bb#F0EBE8&#8243; background_enable_image=\u00bboff\u00bb background_size=\u00bbcontain\u00bb background_position=\u00bbtop_center\u00bb custom_margin=\u00bb-10px||||false|false\u00bb top_divider_style=\u00bbwaves2&#8243; top_divider_height_tablet=\u00bb60px\u00bb top_divider_height_phone=\u00bb50px\u00bb top_divider_height_last_edited=\u00bbon|phone\u00bb locked=\u00bboff\u00bb collapsed=\u00bbon\u00bb global_colors_info=\u00bb{}\u00bb][et_pb_row custom_padding_last_edited=\u00bbon|phone\u00bb _builder_version=\u00bb4.27.4&#8243; _module_preset=\u00bb5138c454-be54-4233-bd3b-f8e6a8747976&#8243; custom_padding=\u00bb6vw||||false|false\u00bb custom_padding_tablet=\u00bb10vw||||false|false\u00bb custom_padding_phone=\u00bb14vw||||false|false\u00bb global_colors_info=\u00bb{}\u00bb][et_pb_column type=\u00bb4_4&#8243; _builder_version=\u00bb4.16&#8243; _module_preset=\u00bb73121f80-a3ef-4484-8763-c3f18e3c56d2&#8243; global_colors_info=\u00bb{}\u00bb][et_pb_heading title=\u00bbLo Que Dicen Nuestr@s Client@s *\u00bb module_id=\u00bbtestimonios\u00bb _builder_version=\u00bb4.27.4&#8243; _module_preset=\u00bbddeb8c09-9078-4424-bc15-2efb6572e28e\u00bb title_font_size=\u00bb44px\u00bb custom_margin=\u00bb-30px||||false|false\u00bb custom_padding=\u00bb30px||||false|false\u00bb title_font_size_tablet=\u00bb38px\u00bb title_font_size_phone=\u00bb26px\u00bb locked=\u00bboff\u00bb global_colors_info=\u00bb{}\u00bb][\/et_pb_heading][\/et_pb_column][\/et_pb_row][et_pb_row module_class=\u00bbdm-autoplay\u00bb _builder_version=\u00bb4.27.4&#8243; _module_preset=\u00bb5138c454-be54-4233-bd3b-f8e6a8747976&#8243; background_enable_color=\u00bboff\u00bb background_enable_image=\u00bboff\u00bb background_video_mp4=\u00bbhttps:\/\/carebeautyplace.es\/wp-content\/uploads\/2025\/09\/Pelo-sano.mp4&#8243; custom_padding=\u00bb10vw|4vw|5vw|4vw|false|true\u00bb border_radii=\u00bbon|50px|50px|50px|50px\u00bb box_shadow_style=\u00bbpreset3&#8243; global_colors_info=\u00bb{}\u00bb][et_pb_column type=\u00bb4_4&#8243; _builder_version=\u00bb4.16&#8243; _module_preset=\u00bb73121f80-a3ef-4484-8763-c3f18e3c56d2&#8243; global_colors_info=\u00bb{}\u00bb][et_pb_code _builder_version=\u00bb4.27.4&#8243; _module_preset=\u00bbdefault\u00bb global_colors_info=\u00bb{}\u00bb]<pre class=\"ti-widget\"><template id=\"trustindex-google-widget-html\"><div class=\" ti-widget  ti-goog ti-disable-font ti-show-rating-text ti-review-text-mode-readmore ti-text-align-left\" data-no-translation=\"true\" data-plugin-version=\"13.2.9\" data-layout-id=\"5\" data-layout-category=\"slider\" data-set-id=\"light-background\" data-pid=\"\" data-language=\"es\" data-close-locale=\"Cerca\" data-review-target-width=\"275\" data-css-version=\"2\" data-reply-by-locale=\"Respuesta del propietario\" data-only-rating-locale=\"Esta usuario solo dej\u00f3 una calificaci\u00f3n.\" data-pager-autoplay-timeout=\"6\"> <div class=\"ti-widget-container ti-col-4\"> <div class=\"ti-footer ti-footer-grid source-Google\"> <div class=\"ti-fade-container\"> <div class=\"ti-rating-text\"> <strong class=\"ti-rating ti-rating-large\"> EXCELENTE <\/strong> <\/div> <span class=\"ti-stars star-lg\"><trustindex-image class=\"ti-star\" data-imgurl=\"https:\/\/cdn.trustindex.io\/assets\/platform\/Google\/star\/f.svg\" alt=\"Google star 1\" width=\"17\" height=\"17\" loading=\"lazy\"><\/trustindex-image><trustindex-image class=\"ti-star\" data-imgurl=\"https:\/\/cdn.trustindex.io\/assets\/platform\/Google\/star\/f.svg\" alt=\"Google star 2\" width=\"17\" height=\"17\" loading=\"lazy\"><\/trustindex-image><trustindex-image class=\"ti-star\" data-imgurl=\"https:\/\/cdn.trustindex.io\/assets\/platform\/Google\/star\/f.svg\" alt=\"Google star 3\" width=\"17\" height=\"17\" loading=\"lazy\"><\/trustindex-image><trustindex-image class=\"ti-star\" data-imgurl=\"https:\/\/cdn.trustindex.io\/assets\/platform\/Google\/star\/f.svg\" alt=\"Google star 4\" width=\"17\" height=\"17\" loading=\"lazy\"><\/trustindex-image><trustindex-image class=\"ti-star\" data-imgurl=\"https:\/\/cdn.trustindex.io\/assets\/platform\/Google\/star\/f.svg\" alt=\"Google star 5\" width=\"17\" height=\"17\" loading=\"lazy\"><\/trustindex-image><\/span> <div class=\"ti-rating-text\"> <span class=\"nowrap\">A base de <strong>97 rese\u00f1as<\/strong><\/span> <\/div> <div class=\"ti-large-logo\"> <div class=\"ti-v-center\"> <trustindex-image class=\"ti-logo-fb\" data-imgurl=\"https:\/\/cdn.trustindex.io\/assets\/platform\/Google\/logo.svg\" width=\"150\" height=\"25\" loading=\"lazy\" alt=\"Google\"><\/trustindex-image> <\/div> <\/div> <\/div> <\/div> <div class=\"ti-reviews-container\"> <div class=\"ti-controls\"> <div class=\"ti-next\" aria-label=\"Siguiente rese\u00f1a\" role=\"button\" tabindex=\"0\"><\/div> <div class=\"ti-prev\" aria-label=\"Rese\u00f1a anterior\" role=\"button\" tabindex=\"0\"><\/div> <\/div> <div class=\"ti-reviews-container-wrapper\">  <div data-empty=\"0\" class=\"ti-review-item source-Google ti-image-layout-thumbnail\" data-id=\"cfcd208495d565ef66e7dff9f98764da\"> <div class=\"ti-inner\"> <div class=\"ti-review-header\"> <div class=\"ti-platform-icon ti-with-tooltip\"> <span class=\"ti-tooltip\">Publicado en <\/span> <trustindex-image data-imgurl=\"https:\/\/cdn.trustindex.io\/assets\/platform\/Google\/icon.svg\" alt=\"\" width=\"20\" height=\"20\" loading=\"lazy\"><\/trustindex-image> <\/div> <div class=\"ti-profile-img\"> <trustindex-image data-imgurl=\"https:\/\/lh3.googleusercontent.com\/a\/ACg8ocK6I322tt3m8hfgeGFjfG3dDfnAlpJ5a7PKyDMUwuimCaRbkA=w40-h40-c-rp-mo-br100\" alt=\"zona town profile picture\" loading=\"lazy\"><\/trustindex-image> <\/div> <div class=\"ti-profile-details\"> <div class=\"ti-name\"> zona town <\/div> <div class=\"ti-date\">05\/03\/2026<\/div> <\/div> <\/div> <span class=\"ti-stars\"><trustindex-image class=\"ti-star\" data-imgurl=\"https:\/\/cdn.trustindex.io\/assets\/platform\/Google\/star\/f.svg\" alt=\"Google star 1\" width=\"17\" height=\"17\" loading=\"lazy\"><\/trustindex-image><trustindex-image class=\"ti-star\" data-imgurl=\"https:\/\/cdn.trustindex.io\/assets\/platform\/Google\/star\/f.svg\" alt=\"Google star 2\" width=\"17\" height=\"17\" loading=\"lazy\"><\/trustindex-image><trustindex-image class=\"ti-star\" data-imgurl=\"https:\/\/cdn.trustindex.io\/assets\/platform\/Google\/star\/f.svg\" alt=\"Google star 3\" width=\"17\" height=\"17\" loading=\"lazy\"><\/trustindex-image><trustindex-image class=\"ti-star\" data-imgurl=\"https:\/\/cdn.trustindex.io\/assets\/platform\/Google\/star\/f.svg\" alt=\"Google star 4\" width=\"17\" height=\"17\" loading=\"lazy\"><\/trustindex-image><trustindex-image class=\"ti-star\" data-imgurl=\"https:\/\/cdn.trustindex.io\/assets\/platform\/Google\/star\/f.svg\" alt=\"Google star 5\" width=\"17\" height=\"17\" loading=\"lazy\"><\/trustindex-image><span class=\"ti-verified-review ti-verified-platform\"><span class=\"ti-verified-tooltip\">Trustindex verifica que la fuente original de la rese\u00f1a sea Google.<\/span><\/span><\/span> <div class=\"ti-review-text-container ti-review-content\"><!-- R-CONTENT -->Muy contenta! Ana es una gran profesional, entiende perfectamente lo que quieres, y lo que tu pelo necesita.<!-- R-CONTENT --><\/div> <span class=\"ti-read-more\" data-container=\".ti-review-content\" data-collapse-text=\"Ocultar\" data-open-text=\"Leer m\u00e1s\"><\/span> <\/div> <\/div>  <div data-empty=\"0\" class=\"ti-review-item source-Google ti-image-layout-thumbnail\" data-id=\"cfcd208495d565ef66e7dff9f98764da\"> <div class=\"ti-inner\"> <div class=\"ti-review-header\"> <div class=\"ti-platform-icon ti-with-tooltip\"> <span class=\"ti-tooltip\">Publicado en <\/span> <trustindex-image data-imgurl=\"https:\/\/cdn.trustindex.io\/assets\/platform\/Google\/icon.svg\" alt=\"\" width=\"20\" height=\"20\" loading=\"lazy\"><\/trustindex-image> <\/div> <div class=\"ti-profile-img\"> <trustindex-image data-imgurl=\"https:\/\/lh3.googleusercontent.com\/a\/ACg8ocLVmNm3rNlfWEZZ894BLAlzJcFvBqvN5Bq6zfgzm6eUyUT90w=w40-h40-c-rp-mo-br100\" alt=\"Marta Martinez profile picture\" loading=\"lazy\"><\/trustindex-image> <\/div> <div class=\"ti-profile-details\"> <div class=\"ti-name\"> Marta Martinez <\/div> <div class=\"ti-date\">10\/06\/2025<\/div> <\/div> <\/div> <span class=\"ti-stars\"><trustindex-image class=\"ti-star\" data-imgurl=\"https:\/\/cdn.trustindex.io\/assets\/platform\/Google\/star\/f.svg\" alt=\"Google star 1\" width=\"17\" height=\"17\" loading=\"lazy\"><\/trustindex-image><trustindex-image class=\"ti-star\" data-imgurl=\"https:\/\/cdn.trustindex.io\/assets\/platform\/Google\/star\/f.svg\" alt=\"Google star 2\" width=\"17\" height=\"17\" loading=\"lazy\"><\/trustindex-image><trustindex-image class=\"ti-star\" data-imgurl=\"https:\/\/cdn.trustindex.io\/assets\/platform\/Google\/star\/f.svg\" alt=\"Google star 3\" width=\"17\" height=\"17\" loading=\"lazy\"><\/trustindex-image><trustindex-image class=\"ti-star\" data-imgurl=\"https:\/\/cdn.trustindex.io\/assets\/platform\/Google\/star\/f.svg\" alt=\"Google star 4\" width=\"17\" height=\"17\" loading=\"lazy\"><\/trustindex-image><trustindex-image class=\"ti-star\" data-imgurl=\"https:\/\/cdn.trustindex.io\/assets\/platform\/Google\/star\/f.svg\" alt=\"Google star 5\" width=\"17\" height=\"17\" loading=\"lazy\"><\/trustindex-image><span class=\"ti-verified-review ti-verified-platform\"><span class=\"ti-verified-tooltip\">Trustindex verifica que la fuente original de la rese\u00f1a sea Google.<\/span><\/span><\/span> <div class=\"ti-review-text-container ti-review-content\"><!-- R-CONTENT -->La atenci\u00f3n es genial, a parte de cortar y te\u00f1ir el pelo, se disfruta de un momento de relax. El lavacabezas un puntazo. Calidad precio inmejorable. Y el tratamiento facial intense con sonopuntura una maravilla<!-- R-CONTENT --><\/div> <span class=\"ti-read-more\" data-container=\".ti-review-content\" data-collapse-text=\"Ocultar\" data-open-text=\"Leer m\u00e1s\"><\/span> <\/div> <\/div>  <div data-empty=\"0\" class=\"ti-review-item source-Google ti-image-layout-thumbnail\" data-id=\"cfcd208495d565ef66e7dff9f98764da\"> <div class=\"ti-inner\"> <div class=\"ti-review-header\"> <div class=\"ti-platform-icon ti-with-tooltip\"> <span class=\"ti-tooltip\">Publicado en <\/span> <trustindex-image data-imgurl=\"https:\/\/cdn.trustindex.io\/assets\/platform\/Google\/icon.svg\" alt=\"\" width=\"20\" height=\"20\" loading=\"lazy\"><\/trustindex-image> <\/div> <div class=\"ti-profile-img\"> <trustindex-image data-imgurl=\"https:\/\/lh3.googleusercontent.com\/a-\/ALV-UjUNBDUHLM8Emv4uFE9PJpY7GM4J4QZJ66G6xAl8SfzCqo8YyhN2nA=w40-h40-c-rp-mo-br100\" alt=\"Amanda profile picture\" loading=\"lazy\"><\/trustindex-image> <\/div> <div class=\"ti-profile-details\"> <div class=\"ti-name\"> Amanda <\/div> <div class=\"ti-date\">28\/05\/2025<\/div> <\/div> <\/div> <span class=\"ti-stars\"><trustindex-image class=\"ti-star\" data-imgurl=\"https:\/\/cdn.trustindex.io\/assets\/platform\/Google\/star\/f.svg\" alt=\"Google star 1\" width=\"17\" height=\"17\" loading=\"lazy\"><\/trustindex-image><trustindex-image class=\"ti-star\" data-imgurl=\"https:\/\/cdn.trustindex.io\/assets\/platform\/Google\/star\/f.svg\" alt=\"Google star 2\" width=\"17\" height=\"17\" loading=\"lazy\"><\/trustindex-image><trustindex-image class=\"ti-star\" data-imgurl=\"https:\/\/cdn.trustindex.io\/assets\/platform\/Google\/star\/f.svg\" alt=\"Google star 3\" width=\"17\" height=\"17\" loading=\"lazy\"><\/trustindex-image><trustindex-image class=\"ti-star\" data-imgurl=\"https:\/\/cdn.trustindex.io\/assets\/platform\/Google\/star\/f.svg\" alt=\"Google star 4\" width=\"17\" height=\"17\" loading=\"lazy\"><\/trustindex-image><trustindex-image class=\"ti-star\" data-imgurl=\"https:\/\/cdn.trustindex.io\/assets\/platform\/Google\/star\/f.svg\" alt=\"Google star 5\" width=\"17\" height=\"17\" loading=\"lazy\"><\/trustindex-image><span class=\"ti-verified-review ti-verified-platform\"><span class=\"ti-verified-tooltip\">Trustindex verifica que la fuente original de la rese\u00f1a sea Google.<\/span><\/span><\/span> <div class=\"ti-review-text-container ti-review-content\"><!-- R-CONTENT -->Fant\u00e1stica experiencia! Me gust\u00f3 much\u00edsimo como me trat\u00f3 Ana. Era muy atenta, muy amable, simp\u00e1tica y profesional.\n\nMe explic\u00f3 todo lo necesario para cuidar mi cabello, ya que me hice una decoloraci\u00f3n y te\u00f1ido de pelo. Llevo dos semanas y el color a\u00fan est\u00e1 presente. Me gust\u00f3 mucho que utilizara productos naturales y que no da\u00f1en el cabello.\n\nMi estancia muy c\u00f3moda, no me dej\u00e9 el cuello de dolor, d\u00f3nde se lava el pelo, tiene un sill\u00f3n s\u00faper c\u00f3modo y tambi\u00e9n las butacas.\n\nA parte, me hice la manicura y qued\u00f3 s\u00faper lindas las u\u00f1as. Ya llevo como 2 semanas y est\u00e1n como nuevas.\n\nEstablecimiento y trato personal excelente. Lo recomiendo 100% y volver\u00e9 otra vez. Me gust\u00f3 much\u00edsimo.<!-- R-CONTENT --><\/div> <span class=\"ti-read-more\" data-container=\".ti-review-content\" data-collapse-text=\"Ocultar\" data-open-text=\"Leer m\u00e1s\"><\/span> <\/div> <\/div>  <div data-empty=\"0\" class=\"ti-review-item source-Google ti-image-layout-thumbnail\" data-id=\"cfcd208495d565ef66e7dff9f98764da\"> <div class=\"ti-inner\"> <div class=\"ti-review-header\"> <div class=\"ti-platform-icon ti-with-tooltip\"> <span class=\"ti-tooltip\">Publicado en <\/span> <trustindex-image data-imgurl=\"https:\/\/cdn.trustindex.io\/assets\/platform\/Google\/icon.svg\" alt=\"\" width=\"20\" height=\"20\" loading=\"lazy\"><\/trustindex-image> <\/div> <div class=\"ti-profile-img\"> <trustindex-image data-imgurl=\"https:\/\/lh3.googleusercontent.com\/a-\/ALV-UjW8uZkismVBd-Ntd6er43N6r5kQll1i1Wh5VkYBs3-iPXqb4doe=w40-h40-c-rp-mo-br100\" alt=\"Bel\u00e9n Sivatte profile picture\" loading=\"lazy\"><\/trustindex-image> <\/div> <div class=\"ti-profile-details\"> <div class=\"ti-name\"> Bel\u00e9n Sivatte <\/div> <div class=\"ti-date\">06\/07\/2024<\/div> <\/div> <\/div> <span class=\"ti-stars\"><trustindex-image class=\"ti-star\" data-imgurl=\"https:\/\/cdn.trustindex.io\/assets\/platform\/Google\/star\/f.svg\" alt=\"Google star 1\" width=\"17\" height=\"17\" loading=\"lazy\"><\/trustindex-image><trustindex-image class=\"ti-star\" data-imgurl=\"https:\/\/cdn.trustindex.io\/assets\/platform\/Google\/star\/f.svg\" alt=\"Google star 2\" width=\"17\" height=\"17\" loading=\"lazy\"><\/trustindex-image><trustindex-image class=\"ti-star\" data-imgurl=\"https:\/\/cdn.trustindex.io\/assets\/platform\/Google\/star\/f.svg\" alt=\"Google star 3\" width=\"17\" height=\"17\" loading=\"lazy\"><\/trustindex-image><trustindex-image class=\"ti-star\" data-imgurl=\"https:\/\/cdn.trustindex.io\/assets\/platform\/Google\/star\/f.svg\" alt=\"Google star 4\" width=\"17\" height=\"17\" loading=\"lazy\"><\/trustindex-image><trustindex-image class=\"ti-star\" data-imgurl=\"https:\/\/cdn.trustindex.io\/assets\/platform\/Google\/star\/f.svg\" alt=\"Google star 5\" width=\"17\" height=\"17\" loading=\"lazy\"><\/trustindex-image><span class=\"ti-verified-review ti-verified-platform\"><span class=\"ti-verified-tooltip\">Trustindex verifica que la fuente original de la rese\u00f1a sea Google.<\/span><\/span><\/span> <div class=\"ti-review-text-container ti-review-content\"><!-- R-CONTENT -->Vaig anar per tallar-ne el cabell i fer una donaci\u00f3 a 'Mechones solidarios'. L'Ana super maca i molt bona professional. M'ha encantat. Tornar\u00e9 segur!<!-- R-CONTENT --><\/div> <span class=\"ti-read-more\" data-container=\".ti-review-content\" data-collapse-text=\"Ocultar\" data-open-text=\"Leer m\u00e1s\"><\/span> <\/div> <\/div>  <div data-empty=\"0\" class=\"ti-review-item source-Google ti-image-layout-thumbnail\" data-id=\"cfcd208495d565ef66e7dff9f98764da\"> <div class=\"ti-inner\"> <div class=\"ti-review-header\"> <div class=\"ti-platform-icon ti-with-tooltip\"> <span class=\"ti-tooltip\">Publicado en <\/span> <trustindex-image data-imgurl=\"https:\/\/cdn.trustindex.io\/assets\/platform\/Google\/icon.svg\" alt=\"\" width=\"20\" height=\"20\" loading=\"lazy\"><\/trustindex-image> <\/div> <div class=\"ti-profile-img\"> <trustindex-image data-imgurl=\"https:\/\/lh3.googleusercontent.com\/a-\/ALV-UjWIGmodSWQv_q_XvGgHzIPmJRUg8qiFYD4fKdEyOmnzlrqXgmbb=w40-h40-c-rp-mo-br100\" alt=\"Manola Limo profile picture\" loading=\"lazy\"><\/trustindex-image> <\/div> <div class=\"ti-profile-details\"> <div class=\"ti-name\"> Manola Limo <\/div> <div class=\"ti-date\">29\/06\/2024<\/div> <\/div> <\/div> <span class=\"ti-stars\"><trustindex-image class=\"ti-star\" data-imgurl=\"https:\/\/cdn.trustindex.io\/assets\/platform\/Google\/star\/f.svg\" alt=\"Google star 1\" width=\"17\" height=\"17\" loading=\"lazy\"><\/trustindex-image><trustindex-image class=\"ti-star\" data-imgurl=\"https:\/\/cdn.trustindex.io\/assets\/platform\/Google\/star\/f.svg\" alt=\"Google star 2\" width=\"17\" height=\"17\" loading=\"lazy\"><\/trustindex-image><trustindex-image class=\"ti-star\" data-imgurl=\"https:\/\/cdn.trustindex.io\/assets\/platform\/Google\/star\/f.svg\" alt=\"Google star 3\" width=\"17\" height=\"17\" loading=\"lazy\"><\/trustindex-image><trustindex-image class=\"ti-star\" data-imgurl=\"https:\/\/cdn.trustindex.io\/assets\/platform\/Google\/star\/f.svg\" alt=\"Google star 4\" width=\"17\" height=\"17\" loading=\"lazy\"><\/trustindex-image><trustindex-image class=\"ti-star\" data-imgurl=\"https:\/\/cdn.trustindex.io\/assets\/platform\/Google\/star\/f.svg\" alt=\"Google star 5\" width=\"17\" height=\"17\" loading=\"lazy\"><\/trustindex-image><span class=\"ti-verified-review ti-verified-platform\"><span class=\"ti-verified-tooltip\">Trustindex verifica que la fuente original de la rese\u00f1a sea Google.<\/span><\/span><\/span> <div class=\"ti-review-text-container ti-review-content\"><!-- R-CONTENT -->Ana es TOP! Siempre te recibe con una gran sonrisa y amabilidad .. siempre dispuesta a ayudarte a verte y sentirte s\u00faper bien por fuera y por dentro! , adem\u00e1s que sus productos son 100% veganos \ud83c\udf31 y cruelty free \ud83e\udef6\ud83c\udffb. Definitivamente lo recomiendo 100000%<!-- R-CONTENT --><\/div> <span class=\"ti-read-more\" data-container=\".ti-review-content\" data-collapse-text=\"Ocultar\" data-open-text=\"Leer m\u00e1s\"><\/span> <\/div> <\/div>  <div data-empty=\"0\" class=\"ti-review-item source-Google ti-image-layout-thumbnail\" data-id=\"cfcd208495d565ef66e7dff9f98764da\"> <div class=\"ti-inner\"> <div class=\"ti-review-header\"> <div class=\"ti-platform-icon ti-with-tooltip\"> <span class=\"ti-tooltip\">Publicado en <\/span> <trustindex-image data-imgurl=\"https:\/\/cdn.trustindex.io\/assets\/platform\/Google\/icon.svg\" alt=\"\" width=\"20\" height=\"20\" loading=\"lazy\"><\/trustindex-image> <\/div> <div class=\"ti-profile-img\"> <trustindex-image data-imgurl=\"https:\/\/lh3.googleusercontent.com\/a-\/ALV-UjUrf6iGBWfbeY5CFoiMWaK9WvMwU9XPvTGZ2gKQ9UFNTYLLDR8=w40-h40-c-rp-mo-ba3-br100\" alt=\"Gloria Mallebrera profile picture\" loading=\"lazy\"><\/trustindex-image> <\/div> <div class=\"ti-profile-details\"> <div class=\"ti-name\"> Gloria Mallebrera <\/div> <div class=\"ti-date\">19\/06\/2024<\/div> <\/div> <\/div> <span class=\"ti-stars\"><trustindex-image class=\"ti-star\" data-imgurl=\"https:\/\/cdn.trustindex.io\/assets\/platform\/Google\/star\/f.svg\" alt=\"Google star 1\" width=\"17\" height=\"17\" loading=\"lazy\"><\/trustindex-image><trustindex-image class=\"ti-star\" data-imgurl=\"https:\/\/cdn.trustindex.io\/assets\/platform\/Google\/star\/f.svg\" alt=\"Google star 2\" width=\"17\" height=\"17\" loading=\"lazy\"><\/trustindex-image><trustindex-image class=\"ti-star\" data-imgurl=\"https:\/\/cdn.trustindex.io\/assets\/platform\/Google\/star\/f.svg\" alt=\"Google star 3\" width=\"17\" height=\"17\" loading=\"lazy\"><\/trustindex-image><trustindex-image class=\"ti-star\" data-imgurl=\"https:\/\/cdn.trustindex.io\/assets\/platform\/Google\/star\/f.svg\" alt=\"Google star 4\" width=\"17\" height=\"17\" loading=\"lazy\"><\/trustindex-image><trustindex-image class=\"ti-star\" data-imgurl=\"https:\/\/cdn.trustindex.io\/assets\/platform\/Google\/star\/f.svg\" alt=\"Google star 5\" width=\"17\" height=\"17\" loading=\"lazy\"><\/trustindex-image><span class=\"ti-verified-review ti-verified-platform\"><span class=\"ti-verified-tooltip\">Trustindex verifica que la fuente original de la rese\u00f1a sea Google.<\/span><\/span><\/span> <div class=\"ti-review-text-container ti-review-content\"><!-- R-CONTENT -->Ana es maravillosa.\nTe escucha, te entiende y plasma en tu cabello lo que realmente quieres, te aconseja en todo momento de manera acertada y te ayuda a tomar decisiones dada su amplia experiencia.\nUn sal\u00f3n de belleza totalmente recomendable, con una atenci\u00f3n y dedicaci\u00f3n exclusivas, productos naturales de la mayor calidad y a unos precios totalmente ajustados.\n100% recomendable!<!-- R-CONTENT --><\/div> <span class=\"ti-read-more\" data-container=\".ti-review-content\" data-collapse-text=\"Ocultar\" data-open-text=\"Leer m\u00e1s\"><\/span> <\/div> <\/div>  <div data-empty=\"0\" class=\"ti-review-item source-Google ti-image-layout-thumbnail\" data-id=\"cfcd208495d565ef66e7dff9f98764da\"> <div class=\"ti-inner\"> <div class=\"ti-review-header\"> <div class=\"ti-platform-icon ti-with-tooltip\"> <span class=\"ti-tooltip\">Publicado en <\/span> <trustindex-image data-imgurl=\"https:\/\/cdn.trustindex.io\/assets\/platform\/Google\/icon.svg\" alt=\"\" width=\"20\" height=\"20\" loading=\"lazy\"><\/trustindex-image> <\/div> <div class=\"ti-profile-img\"> <trustindex-image data-imgurl=\"https:\/\/lh3.googleusercontent.com\/a\/ACg8ocJA4CxJYPmzimo-LWnsUE3ACJjMdUVj8iK_eeQNkI-xxsO3Hg=w40-h40-c-rp-mo-br100\" alt=\"Stefanie Quijano Bloise profile picture\" loading=\"lazy\"><\/trustindex-image> <\/div> <div class=\"ti-profile-details\"> <div class=\"ti-name\"> Stefanie Quijano Bloise <\/div> <div class=\"ti-date\">18\/06\/2024<\/div> <\/div> <\/div> <span class=\"ti-stars\"><trustindex-image class=\"ti-star\" data-imgurl=\"https:\/\/cdn.trustindex.io\/assets\/platform\/Google\/star\/f.svg\" alt=\"Google star 1\" width=\"17\" height=\"17\" loading=\"lazy\"><\/trustindex-image><trustindex-image class=\"ti-star\" data-imgurl=\"https:\/\/cdn.trustindex.io\/assets\/platform\/Google\/star\/f.svg\" alt=\"Google star 2\" width=\"17\" height=\"17\" loading=\"lazy\"><\/trustindex-image><trustindex-image class=\"ti-star\" data-imgurl=\"https:\/\/cdn.trustindex.io\/assets\/platform\/Google\/star\/f.svg\" alt=\"Google star 3\" width=\"17\" height=\"17\" loading=\"lazy\"><\/trustindex-image><trustindex-image class=\"ti-star\" data-imgurl=\"https:\/\/cdn.trustindex.io\/assets\/platform\/Google\/star\/f.svg\" alt=\"Google star 4\" width=\"17\" height=\"17\" loading=\"lazy\"><\/trustindex-image><trustindex-image class=\"ti-star\" data-imgurl=\"https:\/\/cdn.trustindex.io\/assets\/platform\/Google\/star\/f.svg\" alt=\"Google star 5\" width=\"17\" height=\"17\" loading=\"lazy\"><\/trustindex-image><span class=\"ti-verified-review ti-verified-platform\"><span class=\"ti-verified-tooltip\">Trustindex verifica que la fuente original de la rese\u00f1a sea Google.<\/span><\/span><\/span> <div class=\"ti-review-text-container ti-review-content\"><!-- R-CONTENT -->Fui recomendada por un amigo, y la verdad que muy buena experiencia. Ana muy amable y atenta en todo momento y yo sal\u00ed muy satisfecha con el resultado. Ahora soy yo la que recomienda ir!<!-- R-CONTENT --><\/div> <span class=\"ti-read-more\" data-container=\".ti-review-content\" data-collapse-text=\"Ocultar\" data-open-text=\"Leer m\u00e1s\"><\/span> <\/div> <\/div>  <div data-empty=\"0\" class=\"ti-review-item source-Google ti-image-layout-thumbnail\" data-id=\"cfcd208495d565ef66e7dff9f98764da\"> <div class=\"ti-inner\"> <div class=\"ti-review-header\"> <div class=\"ti-platform-icon ti-with-tooltip\"> <span class=\"ti-tooltip\">Publicado en <\/span> <trustindex-image data-imgurl=\"https:\/\/cdn.trustindex.io\/assets\/platform\/Google\/icon.svg\" alt=\"\" width=\"20\" height=\"20\" loading=\"lazy\"><\/trustindex-image> <\/div> <div class=\"ti-profile-img\"> <trustindex-image data-imgurl=\"https:\/\/lh3.googleusercontent.com\/a\/ACg8ocLdtGHxthGXN2nhAdallh5V01TKtbTCp98KPMZhiuziwOhNhA=w40-h40-c-rp-mo-br100\" alt=\"Katarina Torninger profile picture\" loading=\"lazy\"><\/trustindex-image> <\/div> <div class=\"ti-profile-details\"> <div class=\"ti-name\"> Katarina Torninger <\/div> <div class=\"ti-date\">16\/06\/2024<\/div> <\/div> <\/div> <span class=\"ti-stars\"><trustindex-image class=\"ti-star\" data-imgurl=\"https:\/\/cdn.trustindex.io\/assets\/platform\/Google\/star\/f.svg\" alt=\"Google star 1\" width=\"17\" height=\"17\" loading=\"lazy\"><\/trustindex-image><trustindex-image class=\"ti-star\" data-imgurl=\"https:\/\/cdn.trustindex.io\/assets\/platform\/Google\/star\/f.svg\" alt=\"Google star 2\" width=\"17\" height=\"17\" loading=\"lazy\"><\/trustindex-image><trustindex-image class=\"ti-star\" data-imgurl=\"https:\/\/cdn.trustindex.io\/assets\/platform\/Google\/star\/f.svg\" alt=\"Google star 3\" width=\"17\" height=\"17\" loading=\"lazy\"><\/trustindex-image><trustindex-image class=\"ti-star\" data-imgurl=\"https:\/\/cdn.trustindex.io\/assets\/platform\/Google\/star\/f.svg\" alt=\"Google star 4\" width=\"17\" height=\"17\" loading=\"lazy\"><\/trustindex-image><trustindex-image class=\"ti-star\" data-imgurl=\"https:\/\/cdn.trustindex.io\/assets\/platform\/Google\/star\/f.svg\" alt=\"Google star 5\" width=\"17\" height=\"17\" loading=\"lazy\"><\/trustindex-image><span class=\"ti-verified-review ti-verified-platform\"><span class=\"ti-verified-tooltip\">Trustindex verifica que la fuente original de la rese\u00f1a sea Google.<\/span><\/span><\/span> <div class=\"ti-review-text-container ti-review-content\"><!-- R-CONTENT -->Servicio incre\u00edble, muy agradable. Me sent\u00ed muy relajada y el cabello qued\u00f3 hermoso, se siente m\u00e1s ligero y saludable. \u2665\ufe0f<!-- R-CONTENT --><\/div> <span class=\"ti-read-more\" data-container=\".ti-review-content\" data-collapse-text=\"Ocultar\" data-open-text=\"Leer m\u00e1s\"><\/span> <\/div> <\/div>  <div data-empty=\"0\" class=\"ti-review-item source-Google ti-image-layout-thumbnail\" data-id=\"cfcd208495d565ef66e7dff9f98764da\"> <div class=\"ti-inner\"> <div class=\"ti-review-header\"> <div class=\"ti-platform-icon ti-with-tooltip\"> <span class=\"ti-tooltip\">Publicado en <\/span> <trustindex-image data-imgurl=\"https:\/\/cdn.trustindex.io\/assets\/platform\/Google\/icon.svg\" alt=\"\" width=\"20\" height=\"20\" loading=\"lazy\"><\/trustindex-image> <\/div> <div class=\"ti-profile-img\"> <trustindex-image data-imgurl=\"https:\/\/lh3.googleusercontent.com\/a-\/ALV-UjUil-dBwzNy6UbONBGoiYRLloxHJb_3JqAzMXXgz4rZBjuPtyOH=w40-h40-c-rp-mo-br100\" alt=\"Magdalena Bolek profile picture\" loading=\"lazy\"><\/trustindex-image> <\/div> <div class=\"ti-profile-details\"> <div class=\"ti-name\"> Magdalena Bolek <\/div> <div class=\"ti-date\">20\/10\/2023<\/div> <\/div> <\/div> <span class=\"ti-stars\"><trustindex-image class=\"ti-star\" data-imgurl=\"https:\/\/cdn.trustindex.io\/assets\/platform\/Google\/star\/f.svg\" alt=\"Google star 1\" width=\"17\" height=\"17\" loading=\"lazy\"><\/trustindex-image><trustindex-image class=\"ti-star\" data-imgurl=\"https:\/\/cdn.trustindex.io\/assets\/platform\/Google\/star\/f.svg\" alt=\"Google star 2\" width=\"17\" height=\"17\" loading=\"lazy\"><\/trustindex-image><trustindex-image class=\"ti-star\" data-imgurl=\"https:\/\/cdn.trustindex.io\/assets\/platform\/Google\/star\/f.svg\" alt=\"Google star 3\" width=\"17\" height=\"17\" loading=\"lazy\"><\/trustindex-image><trustindex-image class=\"ti-star\" data-imgurl=\"https:\/\/cdn.trustindex.io\/assets\/platform\/Google\/star\/f.svg\" alt=\"Google star 4\" width=\"17\" height=\"17\" loading=\"lazy\"><\/trustindex-image><trustindex-image class=\"ti-star\" data-imgurl=\"https:\/\/cdn.trustindex.io\/assets\/platform\/Google\/star\/f.svg\" alt=\"Google star 5\" width=\"17\" height=\"17\" loading=\"lazy\"><\/trustindex-image><span class=\"ti-verified-review ti-verified-platform\"><span class=\"ti-verified-tooltip\">Trustindex verifica que la fuente original de la rese\u00f1a sea Google.<\/span><\/span><\/span> <div class=\"ti-review-text-container ti-review-content\"><!-- R-CONTENT -->Ana da una atenci\u00f3n muy personalizada y detallada. Te puede aconsejar no solamente sobre el corte o el color sino tambi\u00e9n que tratamiento necesita tu cabello y tu cuero cabelludo. Altamente recomendable.<!-- R-CONTENT --><\/div> <span class=\"ti-read-more\" data-container=\".ti-review-content\" data-collapse-text=\"Ocultar\" data-open-text=\"Leer m\u00e1s\"><\/span> <\/div> <\/div>  <\/div> <div class=\"ti-controls-line\"> <div class=\"dot\"><\/div> <\/div>   <div class=\"ti-verified-by ti-verified-by-row\" data-style=\"2\"> <div class=\"ti-inner\"> Verificado por: Trustindex <span class=\"ti-info-icon\"><\/span> <div class=\"ti-disclaimer\">La insignia verificada de Trustindex es el s\u00edmbolo universal de confianza. Solo las mejores empresas pueden obtener la insignia verificada si tienen una puntuaci\u00f3n de revisi\u00f3n superior a 4.5, basada en las rese\u00f1as de clientes de los \u00faltimos 12 meses. <a href=\"https:\/\/www.trustindex.io\/?a=sys&amp;c=wp-verified-badge&amp;url=\/the-trustindex-verified-badge\/\" target=\"_blank\">Leer m\u00e1s<\/a><\/div> <\/div> <\/div>  <\/div> <\/div> <\/div> <\/template><\/pre><div data-src=\"https:\/\/cdn.trustindex.io\/loader.js?wp-widget\" data-template-id=\"trustindex-google-widget-html\" data-css-url=\"https:\/\/carebeautyplace.es\/wp-content\/uploads\/trustindex-google-widget.css?1777028002\"><\/div>[\/et_pb_code][et_pb_text _builder_version=\u00bb4.27.4&#8243; _module_preset=\u00bb2c55a9c4-feed-423b-9edb-ae0b5b365cac\u00bb text_font=\u00bb&#8211;et_global_heading_font|300|||||||\u00bb text_text_color=\u00bb#0E0C19&#8243; text_font_size=\u00bb13px\u00bb text_line_height=\u00bb1.4em\u00bb text_orientation=\u00bbright\u00bb width=\u00bb25%\u00bb width_tablet=\u00bb80%\u00bb width_phone=\u00bb90%\u00bb width_last_edited=\u00bbon|phone\u00bb module_alignment=\u00bbright\u00bb custom_padding=\u00bb|15px|||false|false\u00bb text_text_color_tablet=\u00bb#FFFFFF\u00bb text_text_color_phone=\u00bb#FFFFFF\u00bb text_text_color_last_edited=\u00bbon|phone\u00bb text_font_size_last_edited=\u00bboff|phone\u00bb locked=\u00bboff\u00bb global_colors_info=\u00bb{%22gcid-primary-color%22:%91%22link_text_color%22%93,%22gcid-heading-color%22:%91%22header_text_color%22,%22header_4_text_color%22,%22header_3_text_color%22,%22header_2_text_color%22,%22header_5_text_color%22,%22header_6_text_color%22,%22quote_text_color%22%93,%22gcid-secondary-color%22:%91%22quote_border_color%22%93}\u00bb]<\/p>\n<p>* Estas valoraciones reales reflejan la confianza y satisfacci\u00f3n que sienten nuestr@s client@s.<\/p>\n<p>[\/et_pb_text][et_pb_button button_url=\u00bbhttps:\/\/g.page\/r\/CW6lIMGtXb90EBM\/review\u00bb button_text=\u00bbD\u00e9janos una rese\u00f1a\u00bb button_alignment=\u00bbcenter\u00bb button_alignment_last_edited=\u00bboff|desktop\u00bb _builder_version=\u00bb4.27.4&#8243; _module_preset=\u00bb1bffc0fc-42a0-49d1-bd9a-ae3ade2d7206&#8243; button_text_size=\u00bb20px\u00bb button_letter_spacing=\u00bb1px\u00bb button_font=\u00bbBebas Neue|700|||||||\u00bb button_icon=\u00bb&#xf0c4;||fa||900&#8243; custom_margin=\u00bb0px||0px||false|false\u00bb custom_margin_tablet=\u00bb60px||60px||false|false\u00bb custom_margin_phone=\u00bb45px||45px||false|false\u00bb custom_margin_last_edited=\u00bbon|phone\u00bb custom_padding=\u00bb10px|50px|10px|50px|true|true\u00bb custom_padding_tablet=\u00bb10px|50px|10px|50px|true|true\u00bb custom_padding_phone=\u00bb|30px||30px|true|true\u00bb custom_padding_last_edited=\u00bbon|phone\u00bb animation_style=\u00bbfade\u00bb button_text_size_tablet=\u00bb20px\u00bb button_text_size_phone=\u00bb16px\u00bb button_text_size_last_edited=\u00bbon|phone\u00bb box_shadow_style=\u00bbpreset3&#8243; box_shadow_vertical=\u00bb0px\u00bb box_shadow_blur=\u00bb0px\u00bb locked=\u00bboff\u00bb global_colors_info=\u00bb{}\u00bb box_shadow_vertical__hover_enabled=\u00bbon|desktop\u00bb box_shadow_vertical__hover=\u00bb12px\u00bb box_shadow_blur__hover_enabled=\u00bbon|hover\u00bb box_shadow_blur__hover=\u00bb18px\u00bb button_bg_color__hover_enabled=\u00bbon|hover\u00bb button_bg_color__hover=\u00bb#986556&#8243; button_bg_enable_color__hover=\u00bbon\u00bb transform_styles__hover_enabled=\u00bbon|hover\u00bb transform_scale__hover_enabled=\u00bbon|hover\u00bb transform_translate__hover_enabled=\u00bbon|desktop\u00bb transform_rotate__hover_enabled=\u00bbon|desktop\u00bb transform_skew__hover_enabled=\u00bbon|desktop\u00bb transform_origin__hover_enabled=\u00bbon|desktop\u00bb transform_scale__hover=\u00bb102%|102%\u00bb][\/et_pb_button][et_pb_code admin_label=\u00bbC\u00f3digo: CLASE CSS dm-autoplay-btn\u00bb _builder_version=\u00bb4.27.4&#8243; _module_preset=\u00bbdefault\u00bb global_colors_info=\u00bb{}\u00bb]<script><!-- [et_pb_line_break_holder] -->jQuery(document).ready(function($) {<!-- [et_pb_line_break_holder] -->if ($('.dm-autoplay .et_pb_video_box').length !== 0) {<!-- [et_pb_line_break_holder] -->$('.dm-autoplay .et_pb_video_box').find('video').prop('muted', true);<!-- [et_pb_line_break_holder] -->$(\".dm-autoplay .et_pb_video_box\").find('video').attr('loop', 'loop');<!-- [et_pb_line_break_holder] -->$(\".dm-autoplay .et_pb_video_box\").find('video').attr('playsInline', '');<!-- [et_pb_line_break_holder] -->$(\".dm-autoplay .et_pb_video_box\").each(function() {<!-- [et_pb_line_break_holder] -->$(this).find('video').get(0).play();<!-- [et_pb_line_break_holder] -->});<!-- [et_pb_line_break_holder] -->$('.dm-autoplay .et_pb_video_box').find('video').removeAttr('controls');<!-- [et_pb_line_break_holder] -->}<!-- [et_pb_line_break_holder] -->});<!-- [et_pb_line_break_holder] --><\/script>[\/et_pb_code][\/et_pb_column][\/et_pb_row][\/et_pb_section][et_pb_section fb_built=\u00bb1&#8243; prev_background_color=\u00bb#F0EBE8&#8243; admin_label=\u00bbGallery\u00bb _builder_version=\u00bb4.27.4&#8243; _module_preset=\u00bbdefault\u00bb use_background_color_gradient=\u00bbon\u00bb background_color_gradient_stops=\u00bbrgba(255,255,255,0.95) 0%|rgba(221,211,208,0.99) 100%\u00bb background_color_gradient_overlays_image=\u00bbon\u00bb background_image=\u00bbhttps:\/\/carebeautyplace.es\/wp-content\/uploads\/2025\/09\/pexels-n-voitkevich-8468134-1.jpg\u00bb parallax=\u00bbon\u00bb top_divider_style=\u00bbwave\u00bb top_divider_height=\u00bb30px\u00bb locked=\u00bboff\u00bb collapsed=\u00bboff\u00bb global_colors_info=\u00bb{}\u00bb][et_pb_row module_id=\u00bbgaleria\u00bb _builder_version=\u00bb4.27.4&#8243; _module_preset=\u00bb5138c454-be54-4233-bd3b-f8e6a8747976&#8243; locked=\u00bboff\u00bb global_colors_info=\u00bb{}\u00bb][et_pb_column type=\u00bb4_4&#8243; _builder_version=\u00bb4.17.4&#8243; _module_preset=\u00bb73121f80-a3ef-4484-8763-c3f18e3c56d2&#8243; global_colors_info=\u00bb{}\u00bb][et_pb_text _builder_version=\u00bb4.27.4&#8243; _module_preset=\u00bb2c55a9c4-feed-423b-9edb-ae0b5b365cac\u00bb text_font=\u00bbBebas Neue|||on|||||\u00bb text_text_color=\u00bb#89B82A\u00bb text_font_size=\u00bb24px\u00bb text_letter_spacing=\u00bb1px\u00bb text_line_height=\u00bb1.4em\u00bb text_orientation=\u00bbcenter\u00bb custom_margin=\u00bb||10px|5px|false|false\u00bb text_font_size_tablet=\u00bb18px\u00bb text_font_size_phone=\u00bb16px\u00bb text_font_size_last_edited=\u00bbon|desktop\u00bb locked=\u00bboff\u00bb global_colors_info=\u00bb{%22gcid-primary-color%22:%91%22link_text_color%22%93,%22gcid-heading-color%22:%91%22header_text_color%22,%22header_4_text_color%22,%22header_3_text_color%22,%22header_2_text_color%22,%22header_5_text_color%22,%22header_6_text_color%22,%22quote_text_color%22%93,%22gcid-secondary-color%22:%91%22quote_border_color%22%93}\u00bb]<\/p>\n<p>Casos de \u00e9xito<\/p>\n<p>[\/et_pb_text][et_pb_heading title=\u00bbGaler\u00eda de Client@s Felices\u00bb _builder_version=\u00bb4.27.4&#8243; _module_preset=\u00bbc33f07d9-41e0-421a-8799-5799df695cce\u00bb title_level=\u00bbh3&#8243; title_text_align=\u00bbcenter\u00bb title_font_size=\u00bb44px\u00bb title_line_height=\u00bb1.15em\u00bb animation_style=\u00bbfade\u00bb animation_duration=\u00bb2000ms\u00bb title_font_size_tablet=\u00bb38px\u00bb title_font_size_phone=\u00bb26px\u00bb global_colors_info=\u00bb{}\u00bb][\/et_pb_heading][\/et_pb_column][\/et_pb_row][et_pb_row column_structure=\u00bb1_4,1_4,1_4,1_4&#8243; use_custom_gutter=\u00bbon\u00bb gutter_width=\u00bb2&#8243; admin_label=\u00bbFila Peinados 01&#8243; _builder_version=\u00bb4.27.6&#8243; _module_preset=\u00bb5138c454-be54-4233-bd3b-f8e6a8747976&#8243; locked=\u00bboff\u00bb global_colors_info=\u00bb{}\u00bb][et_pb_column type=\u00bb1_4&#8243; _builder_version=\u00bb4.17.4&#8243; _module_preset=\u00bb73121f80-a3ef-4484-8763-c3f18e3c56d2&#8243; global_colors_info=\u00bb{}\u00bb][et_pb_image src=\u00bbhttps:\/\/carebeautyplace.es\/wp-content\/uploads\/2025\/09\/Peinado-04.webp\u00bb show_in_lightbox=\u00bbon\u00bb use_overlay=\u00bbon\u00bb overlay_icon_color=\u00bb#FFFFFF\u00bb hover_overlay_color=\u00bbrgba(0,0,0,0.5)\u00bb hover_icon=\u00bb&#xe04e;||divi||400&#8243; _builder_version=\u00bb4.27.4&#8243; _module_preset=\u00bb6ed8fd5c-62c5-4100-98c3-7b8b6d2c2ee6&#8243; transform_translate_linked__hover=\u00bboff\u00bb scroll_horizontal_motion_enable=\u00bbon\u00bb scroll_horizontal_motion=\u00bb0|30|30|100|-0.5|0|0&#8243; box_shadow_style=\u00bbpreset3&#8243; box_shadow_vertical=\u00bb0px\u00bb box_shadow_blur=\u00bb0px\u00bb locked=\u00bboff\u00bb global_colors_info=\u00bb{}\u00bb box_shadow_vertical__hover_enabled=\u00bbon|hover\u00bb box_shadow_vertical__hover=\u00bb12px\u00bb box_shadow_blur__hover_enabled=\u00bbon|hover\u00bb box_shadow_blur__hover=\u00bb18px\u00bb transform_styles__hover_enabled=\u00bbon|hover\u00bb transform_scale__hover_enabled=\u00bbon|hover\u00bb transform_translate__hover_enabled=\u00bbon|hover\u00bb transform_rotate__hover_enabled=\u00bbon|desktop\u00bb transform_skew__hover_enabled=\u00bbon|desktop\u00bb transform_origin__hover_enabled=\u00bbon|desktop\u00bb transform_scale__hover=\u00bb105%|105%\u00bb transform_translate__hover=\u00bb0px|-5px\u00bb][\/et_pb_image][\/et_pb_column][et_pb_column type=\u00bb1_4&#8243; _builder_version=\u00bb4.17.4&#8243; _module_preset=\u00bb73121f80-a3ef-4484-8763-c3f18e3c56d2&#8243; global_colors_info=\u00bb{}\u00bb][dsm_before_after_image before_src=\u00bbhttps:\/\/carebeautyplace.es\/wp-content\/uploads\/2025\/09\/Peinado-01B.webp\u00bb after_src=\u00bbhttps:\/\/carebeautyplace.es\/wp-content\/uploads\/2025\/09\/Peinado-01A.webp\u00bb before_label_text=\u00bb \u00bb after_label_text=\u00bb \u00bb show_label_hover=\u00bboff\u00bb default_offset_pct=\u00bb0.8&#8243; handle_border_color=\u00bb#FFFFFF\u00bb handle_background_color=\u00bb#FFFFFF\u00bb handle_arrow_color=\u00bbrgba(0,0,0,0.5)\u00bb _builder_version=\u00bb4.27.4&#8243; _module_preset=\u00bbdefault\u00bb transform_translate_linked__hover=\u00bboff\u00bb scroll_vertical_motion_enable=\u00bbon\u00bb scroll_vertical_motion=\u00bb0|30|30|100|0.5|0|0&#8243; border_radii=\u00bbon|6px|6px|6px|6px\u00bb box_shadow_style=\u00bbpreset3&#8243; box_shadow_vertical=\u00bb0px\u00bb box_shadow_blur=\u00bb0px\u00bb global_colors_info=\u00bb{}\u00bb box_shadow_vertical__hover_enabled=\u00bbon|hover\u00bb box_shadow_blur__hover_enabled=\u00bbon|desktop\u00bb box_shadow_vertical__hover=\u00bb12px\u00bb box_shadow_blur__hover=\u00bb18px\u00bb transform_styles__hover_enabled=\u00bbon|hover\u00bb transform_scale__hover_enabled=\u00bbon|hover\u00bb transform_translate__hover_enabled=\u00bbon|desktop\u00bb transform_rotate__hover_enabled=\u00bbon|desktop\u00bb transform_skew__hover_enabled=\u00bbon|desktop\u00bb transform_origin__hover_enabled=\u00bbon|desktop\u00bb transform_scale__hover=\u00bb105%|105%\u00bb transform_translate__hover=\u00bb0px|-5px\u00bb][\/dsm_before_after_image][\/et_pb_column][et_pb_column type=\u00bb1_4&#8243; _builder_version=\u00bb4.17.4&#8243; _module_preset=\u00bb73121f80-a3ef-4484-8763-c3f18e3c56d2&#8243; global_colors_info=\u00bb{}\u00bb][et_pb_image src=\u00bbhttps:\/\/carebeautyplace.es\/wp-content\/uploads\/2025\/09\/Peinado-03.webp\u00bb show_in_lightbox=\u00bbon\u00bb use_overlay=\u00bbon\u00bb overlay_icon_color=\u00bb#FFFFFF\u00bb hover_overlay_color=\u00bbrgba(0,0,0,0.5)\u00bb hover_icon=\u00bb&#xe04e;||divi||400&#8243; _builder_version=\u00bb4.27.4&#8243; _module_preset=\u00bb6ed8fd5c-62c5-4100-98c3-7b8b6d2c2ee6&#8243; transform_translate_linked__hover=\u00bboff\u00bb scroll_vertical_motion_enable=\u00bbon\u00bb scroll_vertical_motion=\u00bb0|30|30|100|0.5|0|0&#8243; box_shadow_style=\u00bbpreset3&#8243; box_shadow_vertical=\u00bb0px\u00bb box_shadow_blur=\u00bb0px\u00bb locked=\u00bboff\u00bb global_colors_info=\u00bb{}\u00bb box_shadow_vertical__hover_enabled=\u00bbon|hover\u00bb box_shadow_vertical__hover=\u00bb12px\u00bb box_shadow_blur__hover_enabled=\u00bbon|hover\u00bb box_shadow_blur__hover=\u00bb18px\u00bb transform_styles__hover_enabled=\u00bbon|hover\u00bb transform_scale__hover_enabled=\u00bbon|hover\u00bb transform_translate__hover_enabled=\u00bbon|hover\u00bb transform_rotate__hover_enabled=\u00bbon|desktop\u00bb transform_skew__hover_enabled=\u00bbon|desktop\u00bb transform_origin__hover_enabled=\u00bbon|desktop\u00bb transform_scale__hover=\u00bb105%|105%\u00bb transform_translate__hover=\u00bb0px|-5px\u00bb][\/et_pb_image][\/et_pb_column][et_pb_column type=\u00bb1_4&#8243; _builder_version=\u00bb4.17.4&#8243; _module_preset=\u00bb73121f80-a3ef-4484-8763-c3f18e3c56d2&#8243; global_colors_info=\u00bb{}\u00bb][et_pb_image src=\u00bbhttps:\/\/carebeautyplace.es\/wp-content\/uploads\/2025\/09\/Peinado-13.webp\u00bb show_in_lightbox=\u00bbon\u00bb use_overlay=\u00bbon\u00bb overlay_icon_color=\u00bb#FFFFFF\u00bb hover_overlay_color=\u00bbrgba(0,0,0,0.5)\u00bb hover_icon=\u00bb&#xe04e;||divi||400&#8243; _builder_version=\u00bb4.27.4&#8243; _module_preset=\u00bb6ed8fd5c-62c5-4100-98c3-7b8b6d2c2ee6&#8243; transform_translate_linked__hover=\u00bboff\u00bb scroll_horizontal_motion_enable=\u00bbon\u00bb scroll_horizontal_motion=\u00bb0|30|30|100|0.5|0|0&#8243; box_shadow_style=\u00bbpreset3&#8243; box_shadow_vertical=\u00bb0px\u00bb box_shadow_blur=\u00bb0px\u00bb locked=\u00bboff\u00bb global_colors_info=\u00bb{}\u00bb box_shadow_vertical__hover_enabled=\u00bbon|hover\u00bb box_shadow_vertical__hover=\u00bb12px\u00bb box_shadow_blur__hover_enabled=\u00bbon|hover\u00bb box_shadow_blur__hover=\u00bb18px\u00bb transform_styles__hover_enabled=\u00bbon|hover\u00bb transform_scale__hover_enabled=\u00bbon|hover\u00bb transform_translate__hover_enabled=\u00bbon|hover\u00bb transform_rotate__hover_enabled=\u00bbon|desktop\u00bb transform_skew__hover_enabled=\u00bbon|desktop\u00bb transform_origin__hover_enabled=\u00bbon|desktop\u00bb transform_scale__hover=\u00bb105%|105%\u00bb transform_translate__hover=\u00bb0px|-5px\u00bb][\/et_pb_image][\/et_pb_column][\/et_pb_row][et_pb_row column_structure=\u00bb1_4,1_4,1_4,1_4&#8243; use_custom_gutter=\u00bbon\u00bb gutter_width=\u00bb2&#8243; admin_label=\u00bbFila Peinados 02&#8243; _builder_version=\u00bb4.27.6&#8243; _module_preset=\u00bb5138c454-be54-4233-bd3b-f8e6a8747976&#8243; custom_margin=\u00bb-30px||||false|false\u00bb custom_margin_last_edited=\u00bboff|phone\u00bb locked=\u00bboff\u00bb global_colors_info=\u00bb{}\u00bb][et_pb_column type=\u00bb1_4&#8243; _builder_version=\u00bb4.17.4&#8243; _module_preset=\u00bb73121f80-a3ef-4484-8763-c3f18e3c56d2&#8243; global_colors_info=\u00bb{}\u00bb][et_pb_image src=\u00bbhttps:\/\/carebeautyplace.es\/wp-content\/uploads\/2025\/09\/Peinado-09.webp\u00bb show_in_lightbox=\u00bbon\u00bb use_overlay=\u00bbon\u00bb overlay_icon_color=\u00bb#FFFFFF\u00bb hover_overlay_color=\u00bbrgba(0,0,0,0.5)\u00bb hover_icon=\u00bb&#xe04e;||divi||400&#8243; _builder_version=\u00bb4.27.4&#8243; _module_preset=\u00bb6ed8fd5c-62c5-4100-98c3-7b8b6d2c2ee6&#8243; transform_translate_linked__hover=\u00bboff\u00bb scroll_horizontal_motion_enable=\u00bbon\u00bb scroll_horizontal_motion=\u00bb0|30|30|100|-0.5|0|0&#8243; box_shadow_style=\u00bbpreset3&#8243; box_shadow_vertical=\u00bb0px\u00bb box_shadow_blur=\u00bb0px\u00bb locked=\u00bboff\u00bb global_colors_info=\u00bb{}\u00bb box_shadow_vertical__hover_enabled=\u00bbon|hover\u00bb box_shadow_vertical__hover=\u00bb12px\u00bb box_shadow_blur__hover_enabled=\u00bbon|hover\u00bb box_shadow_blur__hover=\u00bb18px\u00bb transform_styles__hover_enabled=\u00bbon|hover\u00bb transform_scale__hover_enabled=\u00bbon|hover\u00bb transform_translate__hover_enabled=\u00bbon|hover\u00bb transform_rotate__hover_enabled=\u00bbon|desktop\u00bb transform_skew__hover_enabled=\u00bbon|desktop\u00bb transform_origin__hover_enabled=\u00bbon|desktop\u00bb transform_scale__hover=\u00bb105%|105%\u00bb transform_translate__hover=\u00bb0px|-5px\u00bb][\/et_pb_image][\/et_pb_column][et_pb_column type=\u00bb1_4&#8243; _builder_version=\u00bb4.17.4&#8243; _module_preset=\u00bb73121f80-a3ef-4484-8763-c3f18e3c56d2&#8243; global_colors_info=\u00bb{}\u00bb][et_pb_image src=\u00bbhttps:\/\/carebeautyplace.es\/wp-content\/uploads\/2025\/09\/Peinado-10.webp\u00bb show_in_lightbox=\u00bbon\u00bb use_overlay=\u00bbon\u00bb overlay_icon_color=\u00bb#FFFFFF\u00bb hover_overlay_color=\u00bbrgba(0,0,0,0.5)\u00bb hover_icon=\u00bb&#xe04e;||divi||400&#8243; _builder_version=\u00bb4.27.4&#8243; _module_preset=\u00bb6ed8fd5c-62c5-4100-98c3-7b8b6d2c2ee6&#8243; transform_translate_linked__hover=\u00bboff\u00bb scroll_vertical_motion_enable=\u00bbon\u00bb scroll_vertical_motion=\u00bb0|30|30|100|0.5|0|0&#8243; box_shadow_style=\u00bbpreset3&#8243; box_shadow_vertical=\u00bb0px\u00bb box_shadow_blur=\u00bb0px\u00bb locked=\u00bboff\u00bb global_colors_info=\u00bb{}\u00bb box_shadow_vertical__hover_enabled=\u00bbon|hover\u00bb box_shadow_vertical__hover=\u00bb12px\u00bb box_shadow_blur__hover_enabled=\u00bbon|hover\u00bb box_shadow_blur__hover=\u00bb18px\u00bb transform_styles__hover_enabled=\u00bbon|hover\u00bb transform_scale__hover_enabled=\u00bbon|hover\u00bb transform_translate__hover_enabled=\u00bbon|hover\u00bb transform_rotate__hover_enabled=\u00bbon|desktop\u00bb transform_skew__hover_enabled=\u00bbon|desktop\u00bb transform_origin__hover_enabled=\u00bbon|desktop\u00bb transform_scale__hover=\u00bb105%|105%\u00bb transform_translate__hover=\u00bb0px|-5px\u00bb][\/et_pb_image][\/et_pb_column][et_pb_column type=\u00bb1_4&#8243; _builder_version=\u00bb4.17.4&#8243; _module_preset=\u00bb73121f80-a3ef-4484-8763-c3f18e3c56d2&#8243; global_colors_info=\u00bb{}\u00bb][dsm_before_after_image before_src=\u00bbhttps:\/\/carebeautyplace.es\/wp-content\/uploads\/2025\/09\/Peinado-07B.webp\u00bb after_src=\u00bbhttps:\/\/carebeautyplace.es\/wp-content\/uploads\/2025\/09\/Peinado-07A.webp\u00bb before_label_text=\u00bb \u00bb after_label_text=\u00bb \u00bb show_label_hover=\u00bboff\u00bb default_offset_pct=\u00bb0.8&#8243; handle_border_color=\u00bb#FFFFFF\u00bb handle_background_color=\u00bb#FFFFFF\u00bb handle_arrow_color=\u00bbrgba(0,0,0,0.5)\u00bb _builder_version=\u00bb4.27.4&#8243; _module_preset=\u00bbdefault\u00bb transform_translate_linked__hover=\u00bboff\u00bb scroll_vertical_motion_enable=\u00bbon\u00bb scroll_vertical_motion=\u00bb0|30|30|100|0.5|0|0&#8243; border_radii=\u00bbon|6px|6px|6px|6px\u00bb box_shadow_style=\u00bbpreset3&#8243; box_shadow_vertical=\u00bb0px\u00bb box_shadow_blur=\u00bb0px\u00bb global_colors_info=\u00bb{}\u00bb box_shadow_vertical__hover_enabled=\u00bbon|hover\u00bb box_shadow_blur__hover_enabled=\u00bbon|desktop\u00bb box_shadow_vertical__hover=\u00bb12px\u00bb box_shadow_blur__hover=\u00bb18px\u00bb transform_styles__hover_enabled=\u00bbon|hover\u00bb transform_scale__hover_enabled=\u00bbon|hover\u00bb transform_translate__hover_enabled=\u00bbon|desktop\u00bb transform_rotate__hover_enabled=\u00bbon|desktop\u00bb transform_skew__hover_enabled=\u00bbon|desktop\u00bb transform_origin__hover_enabled=\u00bbon|desktop\u00bb transform_scale__hover=\u00bb105%|105%\u00bb transform_translate__hover=\u00bb0px|-5px\u00bb][\/dsm_before_after_image][\/et_pb_column][et_pb_column type=\u00bb1_4&#8243; _builder_version=\u00bb4.17.4&#8243; _module_preset=\u00bb73121f80-a3ef-4484-8763-c3f18e3c56d2&#8243; global_colors_info=\u00bb{}\u00bb][et_pb_image src=\u00bbhttps:\/\/carebeautyplace.es\/wp-content\/uploads\/2025\/09\/Peinado-05.webp\u00bb show_in_lightbox=\u00bbon\u00bb use_overlay=\u00bbon\u00bb overlay_icon_color=\u00bb#FFFFFF\u00bb hover_overlay_color=\u00bbrgba(0,0,0,0.5)\u00bb hover_icon=\u00bb&#xe04e;||divi||400&#8243; _builder_version=\u00bb4.27.4&#8243; _module_preset=\u00bb6ed8fd5c-62c5-4100-98c3-7b8b6d2c2ee6&#8243; transform_translate_linked__hover=\u00bboff\u00bb scroll_horizontal_motion_enable=\u00bbon\u00bb scroll_horizontal_motion=\u00bb0|30|30|100|0.5|0|0&#8243; box_shadow_style=\u00bbpreset3&#8243; box_shadow_vertical=\u00bb0px\u00bb box_shadow_blur=\u00bb0px\u00bb locked=\u00bboff\u00bb global_colors_info=\u00bb{}\u00bb box_shadow_vertical__hover_enabled=\u00bbon|hover\u00bb box_shadow_vertical__hover=\u00bb12px\u00bb box_shadow_blur__hover_enabled=\u00bbon|hover\u00bb box_shadow_blur__hover=\u00bb18px\u00bb transform_styles__hover_enabled=\u00bbon|hover\u00bb transform_scale__hover_enabled=\u00bbon|hover\u00bb transform_translate__hover_enabled=\u00bbon|hover\u00bb transform_rotate__hover_enabled=\u00bbon|desktop\u00bb transform_skew__hover_enabled=\u00bbon|desktop\u00bb transform_origin__hover_enabled=\u00bbon|desktop\u00bb transform_scale__hover=\u00bb105%|105%\u00bb transform_translate__hover=\u00bb0px|-5px\u00bb][\/et_pb_image][\/et_pb_column][\/et_pb_row][et_pb_row column_structure=\u00bb1_4,1_4,1_4,1_4&#8243; use_custom_gutter=\u00bbon\u00bb gutter_width=\u00bb2&#8243; admin_label=\u00bbFila Peinados 03&#8243; _builder_version=\u00bb4.27.6&#8243; _module_preset=\u00bb5138c454-be54-4233-bd3b-f8e6a8747976&#8243; custom_margin=\u00bb-30px||||false|false\u00bb custom_margin_last_edited=\u00bboff|phone\u00bb locked=\u00bboff\u00bb global_colors_info=\u00bb{}\u00bb][et_pb_column type=\u00bb1_4&#8243; _builder_version=\u00bb4.17.4&#8243; _module_preset=\u00bb73121f80-a3ef-4484-8763-c3f18e3c56d2&#8243; global_colors_info=\u00bb{}\u00bb][et_pb_image src=\u00bbhttps:\/\/carebeautyplace.es\/wp-content\/uploads\/2025\/09\/Peinado-06.webp\u00bb alt=\u00bbClienta feliz en Care Beauty Place Peluquer\u00eda y Centro de est\u00e9tica en Sant Gervasi\u00bb show_in_lightbox=\u00bbon\u00bb use_overlay=\u00bbon\u00bb overlay_icon_color=\u00bb#FFFFFF\u00bb hover_overlay_color=\u00bbrgba(0,0,0,0.5)\u00bb hover_icon=\u00bb&#xe04e;||divi||400&#8243; _builder_version=\u00bb4.27.4&#8243; _module_preset=\u00bb6ed8fd5c-62c5-4100-98c3-7b8b6d2c2ee6&#8243; transform_translate_linked__hover=\u00bboff\u00bb scroll_horizontal_motion_enable=\u00bbon\u00bb scroll_horizontal_motion=\u00bb0|30|30|100|-0.5|0|0&#8243; box_shadow_style=\u00bbpreset3&#8243; box_shadow_vertical=\u00bb0px\u00bb box_shadow_blur=\u00bb0px\u00bb locked=\u00bboff\u00bb global_colors_info=\u00bb{}\u00bb box_shadow_vertical__hover_enabled=\u00bbon|hover\u00bb box_shadow_vertical__hover=\u00bb12px\u00bb box_shadow_blur__hover_enabled=\u00bbon|hover\u00bb box_shadow_blur__hover=\u00bb18px\u00bb transform_styles__hover_enabled=\u00bbon|hover\u00bb transform_scale__hover_enabled=\u00bbon|hover\u00bb transform_translate__hover_enabled=\u00bbon|hover\u00bb transform_rotate__hover_enabled=\u00bbon|desktop\u00bb transform_skew__hover_enabled=\u00bbon|desktop\u00bb transform_origin__hover_enabled=\u00bbon|desktop\u00bb transform_scale__hover=\u00bb105%|105%\u00bb transform_translate__hover=\u00bb0px|-5px\u00bb][\/et_pb_image][\/et_pb_column][et_pb_column type=\u00bb1_4&#8243; _builder_version=\u00bb4.17.4&#8243; _module_preset=\u00bb73121f80-a3ef-4484-8763-c3f18e3c56d2&#8243; global_colors_info=\u00bb{}\u00bb][dsm_before_after_image before_src=\u00bbhttps:\/\/carebeautyplace.es\/wp-content\/uploads\/2025\/09\/Peinado-02A.webp\u00bb after_src=\u00bbhttps:\/\/carebeautyplace.es\/wp-content\/uploads\/2025\/09\/Peinado-02B.webp\u00bb before_label_text=\u00bb \u00bb after_label_text=\u00bb \u00bb show_label_hover=\u00bboff\u00bb default_offset_pct=\u00bb0.8&#8243; handle_border_color=\u00bb#FFFFFF\u00bb handle_background_color=\u00bb#FFFFFF\u00bb handle_arrow_color=\u00bbrgba(0,0,0,0.5)\u00bb _builder_version=\u00bb4.27.4&#8243; _module_preset=\u00bbdefault\u00bb transform_translate_linked__hover=\u00bboff\u00bb scroll_vertical_motion_enable=\u00bbon\u00bb scroll_vertical_motion=\u00bb0|30|30|100|0.5|0|0&#8243; border_radii=\u00bbon|6px|6px|6px|6px\u00bb box_shadow_style=\u00bbpreset3&#8243; box_shadow_vertical=\u00bb0px\u00bb box_shadow_blur=\u00bb0px\u00bb global_colors_info=\u00bb{}\u00bb box_shadow_vertical__hover_enabled=\u00bbon|hover\u00bb box_shadow_blur__hover_enabled=\u00bbon|desktop\u00bb box_shadow_vertical__hover=\u00bb12px\u00bb box_shadow_blur__hover=\u00bb18px\u00bb transform_styles__hover_enabled=\u00bbon|hover\u00bb transform_scale__hover_enabled=\u00bbon|hover\u00bb transform_translate__hover_enabled=\u00bbon|desktop\u00bb transform_rotate__hover_enabled=\u00bbon|desktop\u00bb transform_skew__hover_enabled=\u00bbon|desktop\u00bb transform_origin__hover_enabled=\u00bbon|desktop\u00bb transform_scale__hover=\u00bb105%|105%\u00bb transform_translate__hover=\u00bb0px|-5px\u00bb][\/dsm_before_after_image][\/et_pb_column][et_pb_column type=\u00bb1_4&#8243; _builder_version=\u00bb4.17.4&#8243; _module_preset=\u00bb73121f80-a3ef-4484-8763-c3f18e3c56d2&#8243; global_colors_info=\u00bb{}\u00bb][et_pb_image src=\u00bbhttps:\/\/carebeautyplace.es\/wp-content\/uploads\/2025\/09\/Peinado-11.webp\u00bb alt=\u00bbClienta feliz en Care Beauty Place Peluquer\u00eda y Centro de est\u00e9tica en Sant Gervasi\u00bb show_in_lightbox=\u00bbon\u00bb use_overlay=\u00bbon\u00bb overlay_icon_color=\u00bb#FFFFFF\u00bb hover_overlay_color=\u00bbrgba(0,0,0,0.5)\u00bb hover_icon=\u00bb&#xe04e;||divi||400&#8243; _builder_version=\u00bb4.27.4&#8243; _module_preset=\u00bb6ed8fd5c-62c5-4100-98c3-7b8b6d2c2ee6&#8243; transform_translate_linked__hover=\u00bboff\u00bb scroll_vertical_motion_enable=\u00bbon\u00bb scroll_vertical_motion=\u00bb0|30|30|100|0.5|0|0&#8243; box_shadow_style=\u00bbpreset3&#8243; box_shadow_vertical=\u00bb0px\u00bb box_shadow_blur=\u00bb0px\u00bb locked=\u00bboff\u00bb global_colors_info=\u00bb{}\u00bb box_shadow_vertical__hover_enabled=\u00bbon|hover\u00bb box_shadow_vertical__hover=\u00bb12px\u00bb box_shadow_blur__hover_enabled=\u00bbon|hover\u00bb box_shadow_blur__hover=\u00bb18px\u00bb transform_styles__hover_enabled=\u00bbon|hover\u00bb transform_scale__hover_enabled=\u00bbon|hover\u00bb transform_translate__hover_enabled=\u00bbon|hover\u00bb transform_rotate__hover_enabled=\u00bbon|desktop\u00bb transform_skew__hover_enabled=\u00bbon|desktop\u00bb transform_origin__hover_enabled=\u00bbon|desktop\u00bb transform_scale__hover=\u00bb105%|105%\u00bb transform_translate__hover=\u00bb0px|-5px\u00bb][\/et_pb_image][\/et_pb_column][et_pb_column type=\u00bb1_4&#8243; _builder_version=\u00bb4.17.4&#8243; _module_preset=\u00bb73121f80-a3ef-4484-8763-c3f18e3c56d2&#8243; global_colors_info=\u00bb{}\u00bb][et_pb_image src=\u00bbhttps:\/\/carebeautyplace.es\/wp-content\/uploads\/2025\/09\/Peinado-12.webp\u00bb show_in_lightbox=\u00bbon\u00bb use_overlay=\u00bbon\u00bb overlay_icon_color=\u00bb#FFFFFF\u00bb hover_overlay_color=\u00bbrgba(0,0,0,0.5)\u00bb hover_icon=\u00bb&#xe04e;||divi||400&#8243; _builder_version=\u00bb4.27.4&#8243; _module_preset=\u00bb6ed8fd5c-62c5-4100-98c3-7b8b6d2c2ee6&#8243; transform_translate_linked__hover=\u00bboff\u00bb scroll_horizontal_motion_enable=\u00bbon\u00bb scroll_horizontal_motion=\u00bb0|30|30|100|0.5|0|0&#8243; box_shadow_style=\u00bbpreset3&#8243; box_shadow_vertical=\u00bb0px\u00bb box_shadow_blur=\u00bb0px\u00bb locked=\u00bboff\u00bb global_colors_info=\u00bb{}\u00bb box_shadow_vertical__hover_enabled=\u00bbon|hover\u00bb box_shadow_vertical__hover=\u00bb12px\u00bb box_shadow_blur__hover_enabled=\u00bbon|hover\u00bb box_shadow_blur__hover=\u00bb18px\u00bb transform_styles__hover_enabled=\u00bbon|hover\u00bb transform_scale__hover_enabled=\u00bbon|hover\u00bb transform_translate__hover_enabled=\u00bbon|hover\u00bb transform_rotate__hover_enabled=\u00bbon|desktop\u00bb transform_skew__hover_enabled=\u00bbon|desktop\u00bb transform_origin__hover_enabled=\u00bbon|desktop\u00bb transform_scale__hover=\u00bb105%|105%\u00bb transform_translate__hover=\u00bb0px|-5px\u00bb][\/et_pb_image][\/et_pb_column][\/et_pb_row][et_pb_row column_structure=\u00bb1_4,1_4,1_4,1_4&#8243; use_custom_gutter=\u00bbon\u00bb gutter_width=\u00bb2&#8243; admin_label=\u00bbFila Peinados 04&#8243; _builder_version=\u00bb4.27.6&#8243; _module_preset=\u00bb5138c454-be54-4233-bd3b-f8e6a8747976&#8243; custom_margin=\u00bb-30px||||false|false\u00bb custom_margin_last_edited=\u00bboff|phone\u00bb locked=\u00bboff\u00bb global_colors_info=\u00bb{}\u00bb][et_pb_column type=\u00bb1_4&#8243; _builder_version=\u00bb4.17.4&#8243; _module_preset=\u00bb73121f80-a3ef-4484-8763-c3f18e3c56d2&#8243; global_colors_info=\u00bb{}\u00bb][et_pb_image src=\u00bbhttps:\/\/carebeautyplace.es\/wp-content\/uploads\/2026\/04\/Peinados-16.webp\u00bb alt=\u00bbClienta feliz en Care Beauty Place Peluquer\u00eda y Centro de est\u00e9tica en Sant Gervasi\u00bb show_in_lightbox=\u00bbon\u00bb use_overlay=\u00bbon\u00bb overlay_icon_color=\u00bb#FFFFFF\u00bb hover_overlay_color=\u00bbrgba(0,0,0,0.5)\u00bb hover_icon=\u00bb&#xe04e;||divi||400&#8243; _builder_version=\u00bb4.27.6&#8243; _module_preset=\u00bb6ed8fd5c-62c5-4100-98c3-7b8b6d2c2ee6&#8243; transform_translate_linked__hover=\u00bboff\u00bb scroll_horizontal_motion_enable=\u00bbon\u00bb scroll_horizontal_motion=\u00bb0|30|30|100|-0.5|0|0&#8243; box_shadow_style=\u00bbpreset3&#8243; box_shadow_vertical=\u00bb0px\u00bb box_shadow_blur=\u00bb0px\u00bb locked=\u00bboff\u00bb global_colors_info=\u00bb{}\u00bb box_shadow_vertical__hover_enabled=\u00bbon|hover\u00bb box_shadow_vertical__hover=\u00bb12px\u00bb box_shadow_blur__hover_enabled=\u00bbon|hover\u00bb box_shadow_blur__hover=\u00bb18px\u00bb transform_styles__hover_enabled=\u00bbon|hover\u00bb transform_scale__hover_enabled=\u00bbon|hover\u00bb transform_translate__hover_enabled=\u00bbon|hover\u00bb transform_rotate__hover_enabled=\u00bbon|desktop\u00bb transform_skew__hover_enabled=\u00bbon|desktop\u00bb transform_origin__hover_enabled=\u00bbon|desktop\u00bb transform_scale__hover=\u00bb105%|105%\u00bb transform_translate__hover=\u00bb0px|-5px\u00bb][\/et_pb_image][\/et_pb_column][et_pb_column type=\u00bb1_4&#8243; _builder_version=\u00bb4.17.4&#8243; _module_preset=\u00bb73121f80-a3ef-4484-8763-c3f18e3c56d2&#8243; global_colors_info=\u00bb{}\u00bb][et_pb_image src=\u00bbhttps:\/\/carebeautyplace.es\/wp-content\/uploads\/2026\/04\/Peinados-17.webp\u00bb alt=\u00bbClienta feliz en Care Beauty Place Peluquer\u00eda y Centro de est\u00e9tica en Sant Gervasi\u00bb show_in_lightbox=\u00bbon\u00bb use_overlay=\u00bbon\u00bb overlay_icon_color=\u00bb#FFFFFF\u00bb hover_overlay_color=\u00bbrgba(0,0,0,0.5)\u00bb hover_icon=\u00bb&#xe04e;||divi||400&#8243; _builder_version=\u00bb4.27.6&#8243; _module_preset=\u00bb6ed8fd5c-62c5-4100-98c3-7b8b6d2c2ee6&#8243; transform_translate_linked__hover=\u00bboff\u00bb scroll_vertical_motion_enable=\u00bbon\u00bb scroll_vertical_motion=\u00bb0|30|30|100|0.5|0|0&#8243; box_shadow_style=\u00bbpreset3&#8243; box_shadow_vertical=\u00bb0px\u00bb box_shadow_blur=\u00bb0px\u00bb locked=\u00bboff\u00bb global_colors_info=\u00bb{}\u00bb box_shadow_vertical__hover_enabled=\u00bbon|hover\u00bb box_shadow_vertical__hover=\u00bb12px\u00bb box_shadow_blur__hover_enabled=\u00bbon|hover\u00bb box_shadow_blur__hover=\u00bb18px\u00bb transform_styles__hover_enabled=\u00bbon|hover\u00bb transform_scale__hover_enabled=\u00bbon|hover\u00bb transform_translate__hover_enabled=\u00bbon|hover\u00bb transform_rotate__hover_enabled=\u00bbon|desktop\u00bb transform_skew__hover_enabled=\u00bbon|desktop\u00bb transform_origin__hover_enabled=\u00bbon|desktop\u00bb transform_scale__hover=\u00bb105%|105%\u00bb transform_translate__hover=\u00bb0px|-5px\u00bb][\/et_pb_image][\/et_pb_column][et_pb_column type=\u00bb1_4&#8243; _builder_version=\u00bb4.17.4&#8243; _module_preset=\u00bb73121f80-a3ef-4484-8763-c3f18e3c56d2&#8243; global_colors_info=\u00bb{}\u00bb][dsm_before_after_image before_src=\u00bbhttps:\/\/carebeautyplace.es\/wp-content\/uploads\/2026\/04\/Peinados-15A.webp\u00bb after_src=\u00bbhttps:\/\/carebeautyplace.es\/wp-content\/uploads\/2026\/04\/Peinados-15B.webp\u00bb before_label_text=\u00bb \u00bb after_label_text=\u00bb \u00bb show_label_hover=\u00bboff\u00bb default_offset_pct=\u00bb0.8&#8243; handle_border_color=\u00bb#FFFFFF\u00bb handle_background_color=\u00bb#FFFFFF\u00bb handle_arrow_color=\u00bbrgba(0,0,0,0.5)\u00bb _builder_version=\u00bb4.27.6&#8243; _module_preset=\u00bbdefault\u00bb transform_translate_linked__hover=\u00bboff\u00bb scroll_vertical_motion_enable=\u00bbon\u00bb scroll_vertical_motion=\u00bb0|30|30|100|0.5|0|0&#8243; border_radii=\u00bbon|6px|6px|6px|6px\u00bb box_shadow_style=\u00bbpreset3&#8243; box_shadow_vertical=\u00bb0px\u00bb box_shadow_blur=\u00bb0px\u00bb global_colors_info=\u00bb{}\u00bb box_shadow_vertical__hover_enabled=\u00bbon|hover\u00bb box_shadow_blur__hover_enabled=\u00bbon|desktop\u00bb box_shadow_vertical__hover=\u00bb12px\u00bb box_shadow_blur__hover=\u00bb18px\u00bb transform_styles__hover_enabled=\u00bbon|hover\u00bb transform_scale__hover_enabled=\u00bbon|hover\u00bb transform_translate__hover_enabled=\u00bbon|desktop\u00bb transform_rotate__hover_enabled=\u00bbon|desktop\u00bb transform_skew__hover_enabled=\u00bbon|desktop\u00bb transform_origin__hover_enabled=\u00bbon|desktop\u00bb transform_scale__hover=\u00bb105%|105%\u00bb transform_translate__hover=\u00bb0px|-5px\u00bb][\/dsm_before_after_image][\/et_pb_column][et_pb_column type=\u00bb1_4&#8243; _builder_version=\u00bb4.17.4&#8243; _module_preset=\u00bb73121f80-a3ef-4484-8763-c3f18e3c56d2&#8243; global_colors_info=\u00bb{}\u00bb][et_pb_image src=\u00bbhttps:\/\/carebeautyplace.es\/wp-content\/uploads\/2026\/04\/Peinados-19.webp\u00bb show_in_lightbox=\u00bbon\u00bb use_overlay=\u00bbon\u00bb overlay_icon_color=\u00bb#FFFFFF\u00bb hover_overlay_color=\u00bbrgba(0,0,0,0.5)\u00bb hover_icon=\u00bb&#xe04e;||divi||400&#8243; _builder_version=\u00bb4.27.6&#8243; _module_preset=\u00bb6ed8fd5c-62c5-4100-98c3-7b8b6d2c2ee6&#8243; transform_translate_linked__hover=\u00bboff\u00bb scroll_horizontal_motion_enable=\u00bbon\u00bb scroll_horizontal_motion=\u00bb0|30|30|100|0.5|0|0&#8243; box_shadow_style=\u00bbpreset3&#8243; box_shadow_vertical=\u00bb0px\u00bb box_shadow_blur=\u00bb0px\u00bb locked=\u00bboff\u00bb global_colors_info=\u00bb{}\u00bb box_shadow_vertical__hover_enabled=\u00bbon|hover\u00bb box_shadow_vertical__hover=\u00bb12px\u00bb box_shadow_blur__hover_enabled=\u00bbon|hover\u00bb box_shadow_blur__hover=\u00bb18px\u00bb transform_styles__hover_enabled=\u00bbon|hover\u00bb transform_scale__hover_enabled=\u00bbon|hover\u00bb transform_translate__hover_enabled=\u00bbon|hover\u00bb transform_rotate__hover_enabled=\u00bbon|desktop\u00bb transform_skew__hover_enabled=\u00bbon|desktop\u00bb transform_origin__hover_enabled=\u00bbon|desktop\u00bb transform_scale__hover=\u00bb105%|105%\u00bb transform_translate__hover=\u00bb0px|-5px\u00bb][\/et_pb_image][\/et_pb_column][\/et_pb_row][et_pb_row column_structure=\u00bb1_4,1_4,1_4,1_4&#8243; use_custom_gutter=\u00bbon\u00bb gutter_width=\u00bb2&#8243; admin_label=\u00bbFila Peinados 05&#8243; _builder_version=\u00bb4.27.6&#8243; _module_preset=\u00bb5138c454-be54-4233-bd3b-f8e6a8747976&#8243; custom_margin=\u00bb-30px||||false|false\u00bb custom_margin_last_edited=\u00bboff|phone\u00bb locked=\u00bboff\u00bb global_colors_info=\u00bb{}\u00bb][et_pb_column type=\u00bb1_4&#8243; _builder_version=\u00bb4.17.4&#8243; _module_preset=\u00bb73121f80-a3ef-4484-8763-c3f18e3c56d2&#8243; global_colors_info=\u00bb{}\u00bb][et_pb_image src=\u00bbhttps:\/\/carebeautyplace.es\/wp-content\/uploads\/2026\/04\/Peinados-18.webp\u00bb alt=\u00bbClienta feliz en Care Beauty Place Peluquer\u00eda y Centro de est\u00e9tica en Sant Gervasi\u00bb show_in_lightbox=\u00bbon\u00bb use_overlay=\u00bbon\u00bb overlay_icon_color=\u00bb#FFFFFF\u00bb hover_overlay_color=\u00bbrgba(0,0,0,0.5)\u00bb hover_icon=\u00bb&#xe04e;||divi||400&#8243; _builder_version=\u00bb4.27.6&#8243; _module_preset=\u00bb6ed8fd5c-62c5-4100-98c3-7b8b6d2c2ee6&#8243; transform_translate_linked__hover=\u00bboff\u00bb scroll_horizontal_motion_enable=\u00bbon\u00bb scroll_horizontal_motion=\u00bb0|30|30|100|-0.5|0|0&#8243; box_shadow_style=\u00bbpreset3&#8243; box_shadow_vertical=\u00bb0px\u00bb box_shadow_blur=\u00bb0px\u00bb locked=\u00bboff\u00bb global_colors_info=\u00bb{}\u00bb box_shadow_vertical__hover_enabled=\u00bbon|hover\u00bb box_shadow_vertical__hover=\u00bb12px\u00bb box_shadow_blur__hover_enabled=\u00bbon|hover\u00bb box_shadow_blur__hover=\u00bb18px\u00bb transform_styles__hover_enabled=\u00bbon|hover\u00bb transform_scale__hover_enabled=\u00bbon|hover\u00bb transform_translate__hover_enabled=\u00bbon|hover\u00bb transform_rotate__hover_enabled=\u00bbon|desktop\u00bb transform_skew__hover_enabled=\u00bbon|desktop\u00bb transform_origin__hover_enabled=\u00bbon|desktop\u00bb transform_scale__hover=\u00bb105%|105%\u00bb transform_translate__hover=\u00bb0px|-5px\u00bb][\/et_pb_image][\/et_pb_column][et_pb_column type=\u00bb1_4&#8243; _builder_version=\u00bb4.17.4&#8243; _module_preset=\u00bb73121f80-a3ef-4484-8763-c3f18e3c56d2&#8243; global_colors_info=\u00bb{}\u00bb][dsm_before_after_image before_src=\u00bbhttps:\/\/carebeautyplace.es\/wp-content\/uploads\/2026\/04\/Peinados-20A.webp\u00bb after_src=\u00bbhttps:\/\/carebeautyplace.es\/wp-content\/uploads\/2026\/04\/Peinados-20B.webp\u00bb before_label_text=\u00bb \u00bb after_label_text=\u00bb \u00bb show_label_hover=\u00bboff\u00bb default_offset_pct=\u00bb0.8&#8243; handle_border_color=\u00bb#FFFFFF\u00bb handle_background_color=\u00bb#FFFFFF\u00bb handle_arrow_color=\u00bbrgba(0,0,0,0.5)\u00bb _builder_version=\u00bb4.27.6&#8243; _module_preset=\u00bbdefault\u00bb transform_translate_linked__hover=\u00bboff\u00bb scroll_vertical_motion_enable=\u00bbon\u00bb scroll_vertical_motion=\u00bb0|30|30|100|0.5|0|0&#8243; border_radii=\u00bbon|6px|6px|6px|6px\u00bb box_shadow_style=\u00bbpreset3&#8243; box_shadow_vertical=\u00bb0px\u00bb box_shadow_blur=\u00bb0px\u00bb global_colors_info=\u00bb{}\u00bb box_shadow_vertical__hover_enabled=\u00bbon|hover\u00bb box_shadow_blur__hover_enabled=\u00bbon|desktop\u00bb box_shadow_vertical__hover=\u00bb12px\u00bb box_shadow_blur__hover=\u00bb18px\u00bb transform_styles__hover_enabled=\u00bbon|hover\u00bb transform_scale__hover_enabled=\u00bbon|hover\u00bb transform_translate__hover_enabled=\u00bbon|desktop\u00bb transform_rotate__hover_enabled=\u00bbon|desktop\u00bb transform_skew__hover_enabled=\u00bbon|desktop\u00bb transform_origin__hover_enabled=\u00bbon|desktop\u00bb transform_scale__hover=\u00bb105%|105%\u00bb transform_translate__hover=\u00bb0px|-5px\u00bb][\/dsm_before_after_image][\/et_pb_column][et_pb_column type=\u00bb1_4&#8243; _builder_version=\u00bb4.17.4&#8243; _module_preset=\u00bb73121f80-a3ef-4484-8763-c3f18e3c56d2&#8243; global_colors_info=\u00bb{}\u00bb][et_pb_image src=\u00bbhttps:\/\/carebeautyplace.es\/wp-content\/uploads\/2026\/04\/Peinados-14.webp\u00bb alt=\u00bbClienta feliz en Care Beauty Place Peluquer\u00eda y Centro de est\u00e9tica en Sant Gervasi\u00bb show_in_lightbox=\u00bbon\u00bb use_overlay=\u00bbon\u00bb overlay_icon_color=\u00bb#FFFFFF\u00bb hover_overlay_color=\u00bbrgba(0,0,0,0.5)\u00bb hover_icon=\u00bb&#xe04e;||divi||400&#8243; _builder_version=\u00bb4.27.6&#8243; _module_preset=\u00bb6ed8fd5c-62c5-4100-98c3-7b8b6d2c2ee6&#8243; transform_translate_linked__hover=\u00bboff\u00bb scroll_vertical_motion_enable=\u00bbon\u00bb scroll_vertical_motion=\u00bb0|30|30|100|0.5|0|0&#8243; box_shadow_style=\u00bbpreset3&#8243; box_shadow_vertical=\u00bb0px\u00bb box_shadow_blur=\u00bb0px\u00bb locked=\u00bboff\u00bb global_colors_info=\u00bb{}\u00bb box_shadow_vertical__hover_enabled=\u00bbon|hover\u00bb box_shadow_vertical__hover=\u00bb12px\u00bb box_shadow_blur__hover_enabled=\u00bbon|hover\u00bb box_shadow_blur__hover=\u00bb18px\u00bb transform_styles__hover_enabled=\u00bbon|hover\u00bb transform_scale__hover_enabled=\u00bbon|hover\u00bb transform_translate__hover_enabled=\u00bbon|hover\u00bb transform_rotate__hover_enabled=\u00bbon|desktop\u00bb transform_skew__hover_enabled=\u00bbon|desktop\u00bb transform_origin__hover_enabled=\u00bbon|desktop\u00bb transform_scale__hover=\u00bb105%|105%\u00bb transform_translate__hover=\u00bb0px|-5px\u00bb][\/et_pb_image][\/et_pb_column][et_pb_column type=\u00bb1_4&#8243; _builder_version=\u00bb4.17.4&#8243; _module_preset=\u00bb73121f80-a3ef-4484-8763-c3f18e3c56d2&#8243; global_colors_info=\u00bb{}\u00bb][et_pb_image src=\u00bbhttps:\/\/carebeautyplace.es\/wp-content\/uploads\/2026\/04\/Peinados-21.webp\u00bb show_in_lightbox=\u00bbon\u00bb use_overlay=\u00bbon\u00bb overlay_icon_color=\u00bb#FFFFFF\u00bb hover_overlay_color=\u00bbrgba(0,0,0,0.5)\u00bb hover_icon=\u00bb&#xe04e;||divi||400&#8243; _builder_version=\u00bb4.27.6&#8243; _module_preset=\u00bb6ed8fd5c-62c5-4100-98c3-7b8b6d2c2ee6&#8243; transform_translate_linked__hover=\u00bboff\u00bb scroll_horizontal_motion_enable=\u00bbon\u00bb scroll_horizontal_motion=\u00bb0|30|30|100|0.5|0|0&#8243; box_shadow_style=\u00bbpreset3&#8243; box_shadow_vertical=\u00bb0px\u00bb box_shadow_blur=\u00bb0px\u00bb locked=\u00bboff\u00bb global_colors_info=\u00bb{}\u00bb box_shadow_vertical__hover_enabled=\u00bbon|hover\u00bb box_shadow_vertical__hover=\u00bb12px\u00bb box_shadow_blur__hover_enabled=\u00bbon|hover\u00bb box_shadow_blur__hover=\u00bb18px\u00bb transform_styles__hover_enabled=\u00bbon|hover\u00bb transform_scale__hover_enabled=\u00bbon|hover\u00bb transform_translate__hover_enabled=\u00bbon|hover\u00bb transform_rotate__hover_enabled=\u00bbon|desktop\u00bb transform_skew__hover_enabled=\u00bbon|desktop\u00bb transform_origin__hover_enabled=\u00bbon|desktop\u00bb transform_scale__hover=\u00bb105%|105%\u00bb transform_translate__hover=\u00bb0px|-5px\u00bb][\/et_pb_image][\/et_pb_column][\/et_pb_row][et_pb_row custom_padding_last_edited=\u00bbon|phone\u00bb _builder_version=\u00bb4.27.4&#8243; _module_preset=\u00bb5138c454-be54-4233-bd3b-f8e6a8747976&#8243; background_color=\u00bb#EDE3DF\u00bb background_image=\u00bbhttps:\/\/carebeautyplace.es\/wp-content\/uploads\/2025\/09\/CareBeautyPlace-Salon-02.webp\u00bb background_blend=\u00bboverlay\u00bb custom_padding=\u00bb6vw|8%|6vw|8%|true|true\u00bb custom_padding_tablet=\u00bb14vw|6%|14vw|6%|true|true\u00bb custom_padding_phone=\u00bb20vw|8%|18vw|8%|false|true\u00bb animation_style=\u00bbslide\u00bb animation_direction=\u00bbbottom\u00bb animation_duration=\u00bb1600ms\u00bb animation_delay=\u00bb150ms\u00bb animation_intensity_slide=\u00bb5%\u00bb border_radii=\u00bbon|30px|30px|30px|30px\u00bb box_shadow_style=\u00bbpreset1&#8243; global_colors_info=\u00bb{}\u00bb][et_pb_column type=\u00bb4_4&#8243; _builder_version=\u00bb4.18.0&#8243; _module_preset=\u00bb73121f80-a3ef-4484-8763-c3f18e3c56d2&#8243; global_colors_info=\u00bb{}\u00bb][et_pb_heading title=\u00bbReserva tu cita y si\u00e9ntete radiante\u00bb _builder_version=\u00bb4.27.4&#8243; _module_preset=\u00bbc33f07d9-41e0-421a-8799-5799df695cce\u00bb title_text_align=\u00bbcenter\u00bb title_text_color=\u00bb#986556&#8243; title_font_size=\u00bb44px\u00bb title_line_height=\u00bb1.15em\u00bb custom_margin_tablet=\u00bb-25px||10px||false|false\u00bb custom_margin_phone=\u00bb-25px||10px||false|false\u00bb custom_margin_last_edited=\u00bbon|desktop\u00bb animation_style=\u00bbfade\u00bb animation_duration=\u00bb2000ms\u00bb title_font_size_tablet=\u00bb38px\u00bb title_font_size_phone=\u00bb26px\u00bb global_colors_info=\u00bb{}\u00bb][\/et_pb_heading][et_pb_text _builder_version=\u00bb4.27.4&#8243; _module_preset=\u00bb2c55a9c4-feed-423b-9edb-ae0b5b365cac\u00bb text_font=\u00bb&#8211;et_global_heading_font|300|||||||\u00bb text_orientation=\u00bbcenter\u00bb module_alignment=\u00bbcenter\u00bb animation_style=\u00bbslide\u00bb animation_direction=\u00bbbottom\u00bb animation_duration=\u00bb1200ms\u00bb animation_delay=\u00bb400ms\u00bb animation_intensity_slide=\u00bb5%\u00bb text_font_size_last_edited=\u00bboff|desktop\u00bb global_colors_info=\u00bb{}\u00bb]<\/p>\n<p>No pospongas ese momento para ti. Reserva ahora y disfruta de un cuidado \u00fanico en Care Beauty Place.<\/p>\n<p>[\/et_pb_text][et_pb_button button_url=\u00bbhttps:\/\/api.whatsapp.com\/send?phone=34645581853&#8243; button_text=\u00bb\u00a1Pide tu cita y deja que Ana saque lo mejor de ti!\u00bb button_alignment=\u00bbcenter\u00bb button_alignment_tablet=\u00bbcenter\u00bb button_alignment_phone=\u00bbcenter\u00bb button_alignment_last_edited=\u00bbon|phone\u00bb _builder_version=\u00bb4.27.4&#8243; _module_preset=\u00bb1bffc0fc-42a0-49d1-bd9a-ae3ade2d7206&#8243; button_text_size=\u00bb20px\u00bb button_text_color=\u00bb#89B82A\u00bb button_bg_color=\u00bb#FFFFFF\u00bb button_letter_spacing=\u00bb1px\u00bb button_font=\u00bbBebas Neue|700|||||||\u00bb button_icon=\u00bb&#xf0c4;||fa||900&#8243; custom_margin=\u00bb29px||||false|false\u00bb custom_margin_tablet=\u00bb||||false|false\u00bb custom_margin_phone=\u00bb||||false|false\u00bb custom_margin_last_edited=\u00bboff|phone\u00bb custom_padding=\u00bb15px|50px|15px|50px|true|true\u00bb custom_padding_tablet=\u00bb15px|50px|15px|50px|true|true\u00bb custom_padding_phone=\u00bb|30px||30px|true|true\u00bb custom_padding_last_edited=\u00bbon|phone\u00bb animation_style=\u00bbfade\u00bb hover_enabled=\u00bb0&#8243; button_text_size_tablet=\u00bb20px\u00bb button_text_size_phone=\u00bb16px\u00bb button_text_size_last_edited=\u00bbon|phone\u00bb custom_css_main_element=\u00bbline-height:1.1em!important;\u00bb box_shadow_style=\u00bbpreset3&#8243; box_shadow_vertical=\u00bb0px\u00bb box_shadow_blur=\u00bb0px\u00bb locked=\u00bboff\u00bb global_colors_info=\u00bb{}\u00bb box_shadow_vertical__hover_enabled=\u00bbon|desktop\u00bb box_shadow_vertical__hover=\u00bb12px\u00bb box_shadow_blur__hover_enabled=\u00bbon|hover\u00bb box_shadow_blur__hover=\u00bb18px\u00bb button_bg_color__hover_enabled=\u00bboff|desktop\u00bb button_bg_color__hover=\u00bb#986556&#8243; button_bg_enable_color__hover=\u00bbon\u00bb transform_styles__hover_enabled=\u00bbon|hover\u00bb transform_scale__hover_enabled=\u00bbon|hover\u00bb transform_translate__hover_enabled=\u00bbon|desktop\u00bb transform_rotate__hover_enabled=\u00bbon|desktop\u00bb transform_skew__hover_enabled=\u00bbon|desktop\u00bb transform_origin__hover_enabled=\u00bbon|desktop\u00bb transform_scale__hover=\u00bb102%|102%\u00bb button_text_color__hover_enabled=\u00bboff|desktop\u00bb button_text_color__hover=\u00bb#FFFFFF\u00bb sticky_enabled=\u00bb0&#8243;][\/et_pb_button][\/et_pb_column][\/et_pb_row][\/et_pb_section]<\/p>\n","protected":false},"excerpt":{"rendered":"<p>Bienvenid@ a Care Beauty PlaceCare beauty PlaceBienvenida a Care Beauty Place, tu peluquer\u00eda y centro de est\u00e9tica en Sarri\u00e0-Sant Gervasi, nos encontrar\u00e1s muy cerca de Gr\u00e0cia. Aqu\u00ed cuidamos tu belleza con productos naturales, org\u00e1nicos y veganos, porque creemos que la salud del cabello y la piel es la base de todo buen resultado.En nuestro sal\u00f3n [&hellip;]<\/p>\n","protected":false},"author":1,"featured_media":0,"parent":0,"menu_order":0,"comment_status":"closed","ping_status":"closed","template":"","meta":{"_et_pb_use_builder":"on","_et_pb_old_content":"","_et_gb_content_width":"","footnotes":""},"class_list":["post-13","page","type-page","status-publish","hentry"],"yoast_head":"<!-- This site is optimized with the Yoast SEO plugin v27.5 - https:\/\/yoast.com\/product\/yoast-seo-wordpress\/ -->\n<title>Care Beauty Place - Peluquer\u00eda y centro de est\u00e9tica en Sarri\u00e0-Sant Gervasi en BCN<\/title>\n<meta name=\"description\" content=\"\u2728 Care Beauty Place, tu peluquer\u00eda y centro de est\u00e9tica en Sarri\u00e0-Sant Gervasi [Brusi, 39 BCN] Tratamientos naturales\/veganos: \u00a1pide cita hoy!\" \/>\n<meta name=\"robots\" content=\"index, follow, max-snippet:-1, max-image-preview:large, max-video-preview:-1\" \/>\n<link rel=\"canonical\" href=\"https:\/\/carebeautyplace.es\/es\/\" \/>\n<meta property=\"og:locale\" content=\"es_ES\" \/>\n<meta property=\"og:type\" content=\"article\" \/>\n<meta property=\"og:title\" content=\"Care Beauty Place - Peluquer\u00eda y centro de est\u00e9tica en Sarri\u00e0-Sant Gervasi en BCN\" \/>\n<meta property=\"og:description\" content=\"\u2728 Care Beauty Place, tu peluquer\u00eda y centro de est\u00e9tica en Sarri\u00e0-Sant Gervasi [Brusi, 39 BCN] Tratamientos naturales\/veganos: \u00a1pide cita hoy!\" \/>\n<meta property=\"og:url\" content=\"https:\/\/carebeautyplace.es\/es\/\" \/>\n<meta property=\"og:site_name\" content=\"Care Beauty Place\" \/>\n<meta property=\"article:modified_time\" content=\"2026-04-24T11:01:32+00:00\" \/>\n<meta name=\"twitter:card\" content=\"summary_large_image\" \/>\n<meta name=\"twitter:label1\" content=\"Tiempo de lectura\" \/>\n\t<meta name=\"twitter:data1\" content=\"7 minutos\" \/>\n<script type=\"application\/ld+json\" class=\"yoast-schema-graph\">{\"@context\":\"https:\\\/\\\/schema.org\",\"@graph\":[{\"@type\":\"WebPage\",\"@id\":\"https:\\\/\\\/carebeautyplace.es\\\/es\\\/\",\"url\":\"https:\\\/\\\/carebeautyplace.es\\\/es\\\/\",\"name\":\"Care Beauty Place - Peluquer\u00eda y centro de est\u00e9tica en Sarri\u00e0-Sant Gervasi en BCN\",\"isPartOf\":{\"@id\":\"https:\\\/\\\/carebeautyplace.es\\\/es\\\/#website\"},\"datePublished\":\"2025-09-03T15:44:41+00:00\",\"dateModified\":\"2026-04-24T11:01:32+00:00\",\"description\":\"\u2728 Care Beauty Place, tu peluquer\u00eda y centro de est\u00e9tica en Sarri\u00e0-Sant Gervasi [Brusi, 39 BCN] Tratamientos naturales\\\/veganos: \u00a1pide cita hoy!\",\"breadcrumb\":{\"@id\":\"https:\\\/\\\/carebeautyplace.es\\\/es\\\/#breadcrumb\"},\"inLanguage\":\"es\",\"potentialAction\":[{\"@type\":\"ReadAction\",\"target\":[\"https:\\\/\\\/carebeautyplace.es\\\/es\\\/\"]}]},{\"@type\":\"BreadcrumbList\",\"@id\":\"https:\\\/\\\/carebeautyplace.es\\\/es\\\/#breadcrumb\",\"itemListElement\":[{\"@type\":\"ListItem\",\"position\":1,\"name\":\"Portada\",\"item\":\"https:\\\/\\\/carebeautyplace.es\\\/es\\\/\"},{\"@type\":\"ListItem\",\"position\":2,\"name\":\"Inicio\"}]},{\"@type\":\"WebSite\",\"@id\":\"https:\\\/\\\/carebeautyplace.es\\\/es\\\/#website\",\"url\":\"https:\\\/\\\/carebeautyplace.es\\\/es\\\/\",\"name\":\"Care Beauty Place\",\"description\":\"Tu Peluquer\u00eda y Centro de Est\u00e9tica en Barcelona\",\"potentialAction\":[{\"@type\":\"SearchAction\",\"target\":{\"@type\":\"EntryPoint\",\"urlTemplate\":\"https:\\\/\\\/carebeautyplace.es\\\/es\\\/?s={search_term_string}\"},\"query-input\":{\"@type\":\"PropertyValueSpecification\",\"valueRequired\":true,\"valueName\":\"search_term_string\"}}],\"inLanguage\":\"es\"}]}<\/script>\n<!-- \/ Yoast SEO plugin. -->","yoast_head_json":{"title":"Care Beauty Place - Peluquer\u00eda y centro de est\u00e9tica en Sarri\u00e0-Sant Gervasi en BCN","description":"\u2728 Care Beauty Place, tu peluquer\u00eda y centro de est\u00e9tica en Sarri\u00e0-Sant Gervasi [Brusi, 39 BCN] Tratamientos naturales\/veganos: \u00a1pide cita hoy!","robots":{"index":"index","follow":"follow","max-snippet":"max-snippet:-1","max-image-preview":"max-image-preview:large","max-video-preview":"max-video-preview:-1"},"canonical":"https:\/\/carebeautyplace.es\/es\/","og_locale":"es_ES","og_type":"article","og_title":"Care Beauty Place - Peluquer\u00eda y centro de est\u00e9tica en Sarri\u00e0-Sant Gervasi en BCN","og_description":"\u2728 Care Beauty Place, tu peluquer\u00eda y centro de est\u00e9tica en Sarri\u00e0-Sant Gervasi [Brusi, 39 BCN] Tratamientos naturales\/veganos: \u00a1pide cita hoy!","og_url":"https:\/\/carebeautyplace.es\/es\/","og_site_name":"Care Beauty Place","article_modified_time":"2026-04-24T11:01:32+00:00","twitter_card":"summary_large_image","twitter_misc":{"Tiempo de lectura":"7 minutos"},"schema":{"@context":"https:\/\/schema.org","@graph":[{"@type":"WebPage","@id":"https:\/\/carebeautyplace.es\/es\/","url":"https:\/\/carebeautyplace.es\/es\/","name":"Care Beauty Place - Peluquer\u00eda y centro de est\u00e9tica en Sarri\u00e0-Sant Gervasi en BCN","isPartOf":{"@id":"https:\/\/carebeautyplace.es\/es\/#website"},"datePublished":"2025-09-03T15:44:41+00:00","dateModified":"2026-04-24T11:01:32+00:00","description":"\u2728 Care Beauty Place, tu peluquer\u00eda y centro de est\u00e9tica en Sarri\u00e0-Sant Gervasi [Brusi, 39 BCN] Tratamientos naturales\/veganos: \u00a1pide cita hoy!","breadcrumb":{"@id":"https:\/\/carebeautyplace.es\/es\/#breadcrumb"},"inLanguage":"es","potentialAction":[{"@type":"ReadAction","target":["https:\/\/carebeautyplace.es\/es\/"]}]},{"@type":"BreadcrumbList","@id":"https:\/\/carebeautyplace.es\/es\/#breadcrumb","itemListElement":[{"@type":"ListItem","position":1,"name":"Portada","item":"https:\/\/carebeautyplace.es\/es\/"},{"@type":"ListItem","position":2,"name":"Inicio"}]},{"@type":"WebSite","@id":"https:\/\/carebeautyplace.es\/es\/#website","url":"https:\/\/carebeautyplace.es\/es\/","name":"Care Beauty Place","description":"Tu Peluquer\u00eda y Centro de Est\u00e9tica en Barcelona","potentialAction":[{"@type":"SearchAction","target":{"@type":"EntryPoint","urlTemplate":"https:\/\/carebeautyplace.es\/es\/?s={search_term_string}"},"query-input":{"@type":"PropertyValueSpecification","valueRequired":true,"valueName":"search_term_string"}}],"inLanguage":"es"}]}},"_links":{"self":[{"href":"https:\/\/carebeautyplace.es\/es\/wp-json\/wp\/v2\/pages\/13","targetHints":{"allow":["GET"]}}],"collection":[{"href":"https:\/\/carebeautyplace.es\/es\/wp-json\/wp\/v2\/pages"}],"about":[{"href":"https:\/\/carebeautyplace.es\/es\/wp-json\/wp\/v2\/types\/page"}],"author":[{"embeddable":true,"href":"https:\/\/carebeautyplace.es\/es\/wp-json\/wp\/v2\/users\/1"}],"replies":[{"embeddable":true,"href":"https:\/\/carebeautyplace.es\/es\/wp-json\/wp\/v2\/comments?post=13"}],"version-history":[{"count":165,"href":"https:\/\/carebeautyplace.es\/es\/wp-json\/wp\/v2\/pages\/13\/revisions"}],"predecessor-version":[{"id":1387,"href":"https:\/\/carebeautyplace.es\/es\/wp-json\/wp\/v2\/pages\/13\/revisions\/1387"}],"wp:attachment":[{"href":"https:\/\/carebeautyplace.es\/es\/wp-json\/wp\/v2\/media?parent=13"}],"curies":[{"name":"wp","href":"https:\/\/api.w.org\/{rel}","templated":true}]}}