{"id":1298,"date":"2025-11-27T11:19:10","date_gmt":"2025-11-27T10:19:10","guid":{"rendered":"https:\/\/carebeautyplace.es\/?page_id=1298"},"modified":"2025-11-27T11:47:52","modified_gmt":"2025-11-27T10:47:52","slug":"aviso-legal","status":"publish","type":"page","link":"https:\/\/carebeautyplace.es\/es\/aviso-legal\/","title":{"rendered":"Aviso legal"},"content":{"rendered":"<p>[et_pb_section fb_built=\u00bb1&#8243; admin_label=\u00bbHero\u00bb _builder_version=\u00bb4.27.4&#8243; _module_preset=\u00bbdefault\u00bb background_color=\u00bb#ede3df\u00bb use_background_color_gradient=\u00bbon\u00bb background_color_gradient_stops=\u00bb#ede3df 0%|#ffffff 100%\u00bb custom_padding=\u00bb20px||40px||false|false\u00bb locked=\u00bboff\u00bb collapsed=\u00bboff\u00bb global_colors_info=\u00bb{}\u00bb][et_pb_row custom_padding_last_edited=\u00bbon|phone\u00bb _builder_version=\u00bb4.27.4&#8243; _module_preset=\u00bb5138c454-be54-4233-bd3b-f8e6a8747976&#8243; background_color=\u00bb#FFFFFF\u00bb custom_margin=\u00bb||||false|false\u00bb custom_padding=\u00bb110px|60px|90px|60px|false|true\u00bb custom_padding_tablet=\u00bb|40px|0px|40px|false|true\u00bb custom_padding_phone=\u00bb|25px|10px|25px|false|true\u00bb animation_style=\u00bbslide\u00bb animation_direction=\u00bbbottom\u00bb animation_duration=\u00bb1250ms\u00bb animation_delay=\u00bb450ms\u00bb animation_intensity_slide=\u00bb1%\u00bb border_radii=\u00bboff|160px|160px||\u00bb border_radii_tablet=\u00bboff||160px||\u00bb border_radii_phone=\u00bboff||160px||\u00bb border_radii_last_edited=\u00bbon|phone\u00bb locked=\u00bboff\u00bb global_colors_info=\u00bb{}\u00bb][et_pb_column type=\u00bb4_4&#8243; _builder_version=\u00bb4.23.1&#8243; _module_preset=\u00bb73121f80-a3ef-4484-8763-c3f18e3c56d2&#8243; global_colors_info=\u00bb{}\u00bb][et_pb_text _builder_version=\u00bb4.27.4&#8243; _module_preset=\u00bb2c55a9c4-feed-423b-9edb-ae0b5b365cac\u00bb text_font=\u00bbBebas Neue|||on|||||\u00bb text_text_color=\u00bb#89B82A\u00bb text_font_size=\u00bb24px\u00bb text_letter_spacing=\u00bb1px\u00bb text_line_height=\u00bb1.4em\u00bb text_orientation=\u00bbjustified\u00bb custom_margin=\u00bb50px||10px|5px|false|false\u00bb custom_margin_tablet=\u00bb0px||||false|false\u00bb custom_margin_phone=\u00bb0px||||false|false\u00bb custom_margin_last_edited=\u00bbon|desktop\u00bb text_font_size_tablet=\u00bb18px\u00bb text_font_size_phone=\u00bb16px\u00bb text_font_size_last_edited=\u00bbon|desktop\u00bb locked=\u00bboff\u00bb global_colors_info=\u00bb{%22gcid-primary-color%22:%91%22link_text_color%22%93,%22gcid-heading-color%22:%91%22header_text_color%22,%22header_4_text_color%22,%22header_3_text_color%22,%22header_2_text_color%22,%22header_5_text_color%22,%22header_6_text_color%22,%22quote_text_color%22%93,%22gcid-secondary-color%22:%91%22quote_border_color%22%93}\u00bb]Care Beauty Place informa[\/et_pb_text][et_pb_heading title=\u00bbAviso Legal\u00bb _builder_version=\u00bb4.27.4&#8243; _module_preset=\u00bbddeb8c09-9078-4424-bc15-2efb6572e28e\u00bb title_font_size=\u00bb44px\u00bb title_font_size_tablet=\u00bb38px\u00bb title_font_size_phone=\u00bb26px\u00bb locked=\u00bboff\u00bb global_colors_info=\u00bb{}\u00bb][\/et_pb_heading][et_pb_text _builder_version=\u00bb4.27.4&#8243; _module_preset=\u00bb2c55a9c4-feed-423b-9edb-ae0b5b365cac\u00bb text_font=\u00bb&#8211;et_global_heading_font|300|||||||\u00bb text_orientation=\u00bbjustified\u00bb custom_margin=\u00bb|0px||0px|false|true\u00bb text_font_size_last_edited=\u00bboff|phone\u00bb locked=\u00bboff\u00bb global_colors_info=\u00bb{}\u00bb]<\/p>\n<p data-start=\"421\" data-end=\"460\"><strong data-start=\"423\" data-end=\"458\">AVISO LEGAL \u2014 CARE BEAUTY PLACE<\/strong><\/p>\n<p data-start=\"461\" data-end=\"533\">(Propiedad de ANA M\u00aa MIRETE QUINTANA, en adelante \u201c<strong>CARE BEAUTY PLACE<\/strong>\u201d)<\/p>\n<p data-start=\"535\" data-end=\"566\"><strong data-start=\"538\" data-end=\"566\">1. DATOS IDENTIFICATIVOS<\/strong><\/p>\n<p data-start=\"567\" data-end=\"752\">En cumplimiento de lo dispuesto en la Ley 34\/2002, de 11 de julio, de Servicios de la Sociedad de la Informaci\u00f3n y de Comercio Electr\u00f3nico (LSSI-CE), se informa de los siguientes datos:<\/p>\n<ul data-start=\"754\" data-end=\"1031\">\n<li data-start=\"754\" data-end=\"803\">\n<p data-start=\"756\" data-end=\"803\">Titular de la web: <strong data-start=\"775\" data-end=\"801\">ANA M\u00aa MIRETE QUINTANA<\/strong><\/p>\n<\/li>\n<li data-start=\"804\" data-end=\"847\">\n<p data-start=\"806\" data-end=\"847\">Nombre comercial: <strong data-start=\"824\" data-end=\"845\">CARE BEAUTY PLACE<\/strong><\/p>\n<\/li>\n<li data-start=\"848\" data-end=\"870\">\n<p data-start=\"850\" data-end=\"870\">NIF: <strong data-start=\"855\" data-end=\"868\">74234889C<\/strong><\/p>\n<\/li>\n<li data-start=\"871\" data-end=\"928\">\n<p data-start=\"873\" data-end=\"928\">Direcci\u00f3n fiscal: <strong>Carrer de Brusi, 39, 08006 Barcelona (Espa\u00f1a)<\/strong><\/p>\n<\/li>\n<li data-start=\"929\" data-end=\"995\">\n<p data-start=\"931\" data-end=\"995\">Correo electr\u00f3nico de contacto: <strong data-start=\"963\" data-end=\"993\"><a data-start=\"965\" data-end=\"991\" class=\"decorated-link cursor-pointer\" rel=\"noopener\">care.beautyplace@gmail.com<span aria-hidden=\"true\" class=\"ms-0.5 inline-block align-middle leading-none\"><svg width=\"20\" height=\"20\" viewbox=\"0 0 20 20\" fill=\"currentColor\" xmlns=\"http:\/\/www.w3.org\/2000\/svg\" data-rtl-flip=\"\" class=\"block h-[0.75em] w-[0.75em] stroke-current stroke-[0.75]\"><path d=\"M14.3349 13.3301V6.60645L5.47065 15.4707C5.21095 15.7304 4.78895 15.7304 4.52925 15.4707C4.26955 15.211 4.26955 14.789 4.52925 14.5293L13.3935 5.66504H6.66011C6.29284 5.66504 5.99507 5.36727 5.99507 5C5.99507 4.63273 6.29284 4.33496 6.66011 4.33496H14.9999L15.1337 4.34863C15.4369 4.41057 15.665 4.67857 15.665 5V13.3301C15.6649 13.6973 15.3672 13.9951 14.9999 13.9951C14.6327 13.9951 14.335 13.6973 14.3349 13.3301Z\"><\/path><\/svg><\/span><\/a><\/strong><\/p>\n<\/li>\n<li data-start=\"996\" data-end=\"1031\">\n<p data-start=\"998\" data-end=\"1031\">Sitio web: <strong data-start=\"1009\" data-end=\"1031\">carebeautyplace.es<\/strong><\/p>\n<\/li>\n<\/ul>\n<p data-start=\"1033\" data-end=\"1152\">El acceso y uso de este sitio web atribuye la condici\u00f3n de usuario, implicando la aceptaci\u00f3n plena de este Aviso Legal.<\/p>\n<p data-start=\"1154\" data-end=\"1170\"><strong data-start=\"1157\" data-end=\"1170\">2. OBJETO<\/strong><\/p>\n<p data-start=\"1171\" data-end=\"1343\">El presente Aviso Legal regula las condiciones de acceso, navegaci\u00f3n y uso del sitio web <strong data-start=\"1260\" data-end=\"1282\">carebeautyplace.es<\/strong>, as\u00ed como las responsabilidades derivadas de su utilizaci\u00f3n.<\/p>\n<p data-start=\"1345\" data-end=\"1511\"><strong>CARE BEAUTY PLACE<\/strong> se reserva el derecho de modificar los contenidos, dise\u00f1o o configuraci\u00f3n del sitio web cuando lo considere oportuno, sin necesidad de previo aviso.<\/p>\n<p data-start=\"1513\" data-end=\"1541\"><strong data-start=\"1516\" data-end=\"1541\">3. CONDICIONES DE USO<\/strong><\/p>\n<p data-start=\"1542\" data-end=\"1658\">El usuario se compromete a utilizar el sitio web de manera diligente, correcta y l\u00edcita, absteni\u00e9ndose de emplearlo:<\/p>\n<ul data-start=\"1660\" data-end=\"1900\">\n<li data-start=\"1660\" data-end=\"1717\">\n<p data-start=\"1662\" data-end=\"1717\">Para actividades il\u00edcitas o contrarias a la buena fe.<\/p>\n<\/li>\n<li data-start=\"1718\" data-end=\"1798\">\n<p data-start=\"1720\" data-end=\"1798\">Para provocar da\u00f1os en sistemas f\u00edsicos o l\u00f3gicos del titular o de terceros.<\/p>\n<\/li>\n<li data-start=\"1799\" data-end=\"1900\">\n<p data-start=\"1801\" data-end=\"1900\">Para introducir o difundir virus inform\u00e1ticos o cualquier otro sistema susceptible de causar da\u00f1os.<\/p>\n<\/li>\n<\/ul>\n<p data-start=\"1902\" data-end=\"2017\"><strong>CARE BEAUTY PLACE<\/strong> no se hace responsable del uso indebido que los usuarios puedan realizar del contenido de la web.<\/p>\n<p data-start=\"2019\" data-end=\"2063\"><strong data-start=\"2022\" data-end=\"2063\">4. PROPIEDAD INTELECTUAL E INDUSTRIAL<\/strong><\/p>\n<p data-start=\"2064\" data-end=\"2243\">Todos los contenidos del sitio web (textos, im\u00e1genes, logotipos, dise\u00f1o, c\u00f3digo fuente, etc.) son titularidad de <strong data-start=\"2177\" data-end=\"2198\">CARE BEAUTY PLACE<\/strong>, o bien dispone de autorizaci\u00f3n para su uso.<\/p>\n<p data-start=\"2245\" data-end=\"2411\">Queda prohibida la reproducci\u00f3n, distribuci\u00f3n, comunicaci\u00f3n p\u00fablica o transformaci\u00f3n de dichos contenidos sin autorizaci\u00f3n expresa y por escrito de <strong>CARE BEAUTY PLACE<\/strong>.<\/p>\n<p data-start=\"2413\" data-end=\"2525\">El usuario se compromete a respetar plenamente los derechos de Propiedad Intelectual e Industrial del sitio web.<\/p>\n<p data-start=\"2527\" data-end=\"2553\"><strong data-start=\"2530\" data-end=\"2553\">5. ENLACES EXTERNOS<\/strong><\/p>\n<p data-start=\"2554\" data-end=\"2753\">El sitio web puede incluir enlaces hacia sitios de terceros.<br data-start=\"2614\" data-end=\"2617\" \/><strong>CARE BEAUTY PLACE<\/strong> no asume responsabilidad alguna por dichos contenidos ni por los da\u00f1os que pudieran derivarse del acceso a los mismos.<\/p>\n<p data-start=\"2755\" data-end=\"2795\"><strong data-start=\"2758\" data-end=\"2795\">6. PROTECCI\u00d3N DE DATOS PERSONALES<\/strong><\/p>\n<p data-start=\"2796\" data-end=\"3104\">Los datos personales facilitados a trav\u00e9s del sitio web (formularios de cita online y suscripci\u00f3n a newsletter) ser\u00e1n tratados conforme a lo establecido en la <strong data-start=\"2955\" data-end=\"2981\">Pol\u00edtica de Privacidad<\/strong>, disponible en esta misma web y elaborada siguiendo el Reglamento (UE) 2016\/679 (RGPD) y la Ley Org\u00e1nica 3\/2018 (LOPDGDD).<\/p>\n<p data-start=\"3106\" data-end=\"3144\"><strong data-start=\"3109\" data-end=\"3144\">7. EXCLUSI\u00d3N DE RESPONSABILIDAD<\/strong><\/p>\n<p data-start=\"3145\" data-end=\"3176\"><strong>CARE BEAUTY PLACE<\/strong> no garantiza:<\/p>\n<ul data-start=\"3178\" data-end=\"3375\">\n<li data-start=\"3178\" data-end=\"3223\">\n<p data-start=\"3180\" data-end=\"3223\">La disponibilidad continua del sitio web.<\/p>\n<\/li>\n<li data-start=\"3224\" data-end=\"3264\">\n<p data-start=\"3226\" data-end=\"3264\">La inexistencia de errores t\u00e9cnicos.<\/p>\n<\/li>\n<li data-start=\"3265\" data-end=\"3375\">\n<p data-start=\"3267\" data-end=\"3375\">La ausencia de virus u otros elementos que puedan causar alteraciones en el sistema inform\u00e1tico del usuario.<\/p>\n<\/li>\n<\/ul>\n<p data-start=\"3377\" data-end=\"3528\">El titular no ser\u00e1 responsable de los da\u00f1os o perjuicios derivados del uso del sitio web cuando tengan origen en causas externas o ajenas a su control.<\/p>\n<p data-start=\"3530\" data-end=\"3576\"><strong data-start=\"3533\" data-end=\"3576\">8. LEGISLACI\u00d3N APLICABLE Y JURISDICCI\u00d3N<\/strong><\/p>\n<p data-start=\"3577\" data-end=\"3841\">Para la resoluci\u00f3n de cualquier conflicto relacionado con este sitio web, ser\u00e1 de aplicaci\u00f3n la legislaci\u00f3n espa\u00f1ola.<br data-start=\"3694\" data-end=\"3697\" \/>Las partes se someten a los Juzgados y Tribunales de <strong data-start=\"3750\" data-end=\"3763\">BARCELONA<\/strong>, renunciando expresamente a cualquier otro fuero que pudiera corresponderles.<\/p>\n<p>[\/et_pb_text][et_pb_button button_url=\u00bb@ET-DC@eyJkeW5hbWljIjp0cnVlLCJjb250ZW50IjoiaG9tZV91cmwiLCJzZXR0aW5ncyI6e319@\u00bb button_text=\u00bbVolver a la Home\u00bb button_alignment=\u00bbcenter\u00bb button_alignment_last_edited=\u00bboff|desktop\u00bb _builder_version=\u00bb4.27.4&#8243; _dynamic_attributes=\u00bbbutton_url\u00bb _module_preset=\u00bb1bffc0fc-42a0-49d1-bd9a-ae3ade2d7206&#8243; button_text_size=\u00bb20px\u00bb button_letter_spacing=\u00bb1px\u00bb button_font=\u00bbBebas Neue|700|||||||\u00bb button_icon=\u00bb&#xf0c4;||fa||900&#8243; custom_margin=\u00bb90px||-10px||false|false\u00bb custom_margin_tablet=\u00bb60px||60px||false|false\u00bb custom_margin_phone=\u00bb45px||35px||false|false\u00bb custom_margin_last_edited=\u00bbon|phone\u00bb custom_padding=\u00bb10px|50px|10px|50px|true|true\u00bb custom_padding_tablet=\u00bb10px|50px|10px|50px|true|true\u00bb custom_padding_phone=\u00bb|30px||30px|true|true\u00bb custom_padding_last_edited=\u00bbon|phone\u00bb animation_style=\u00bbfade\u00bb button_text_size_tablet=\u00bb20px\u00bb button_text_size_phone=\u00bb16px\u00bb button_text_size_last_edited=\u00bbon|phone\u00bb box_shadow_style=\u00bbpreset3&#8243; box_shadow_vertical=\u00bb0px\u00bb box_shadow_blur=\u00bb0px\u00bb locked=\u00bboff\u00bb global_colors_info=\u00bb{}\u00bb box_shadow_vertical__hover_enabled=\u00bbon|desktop\u00bb box_shadow_vertical__hover=\u00bb12px\u00bb box_shadow_blur__hover_enabled=\u00bbon|hover\u00bb box_shadow_blur__hover=\u00bb18px\u00bb button_bg_color__hover_enabled=\u00bbon|hover\u00bb button_bg_color__hover=\u00bb#986556&#8243; button_bg_enable_color__hover=\u00bbon\u00bb transform_styles__hover_enabled=\u00bbon|hover\u00bb transform_scale__hover_enabled=\u00bbon|hover\u00bb transform_translate__hover_enabled=\u00bbon|desktop\u00bb transform_rotate__hover_enabled=\u00bbon|desktop\u00bb transform_skew__hover_enabled=\u00bbon|desktop\u00bb transform_origin__hover_enabled=\u00bbon|desktop\u00bb transform_scale__hover=\u00bb102%|102%\u00bb][\/et_pb_button][\/et_pb_column][\/et_pb_row][\/et_pb_section]<\/p>\n","protected":false},"excerpt":{"rendered":"<p>Care Beauty Place informaAVISO LEGAL \u2014 CARE BEAUTY PLACE (Propiedad de ANA M\u00aa MIRETE QUINTANA, en adelante \u201cCARE BEAUTY PLACE\u201d) 1. DATOS IDENTIFICATIVOS En cumplimiento de lo dispuesto en la Ley 34\/2002, de 11 de julio, de Servicios de la Sociedad de la Informaci\u00f3n y de Comercio Electr\u00f3nico (LSSI-CE), se informa de los siguientes datos: [&hellip;]<\/p>\n","protected":false},"author":1,"featured_media":0,"parent":0,"menu_order":0,"comment_status":"closed","ping_status":"open","template":"","meta":{"_et_pb_use_builder":"on","_et_pb_old_content":"<!-- wp:heading -->\r\n<h2 class=\"wp-block-heading\">Qui\u00e9nes somos<\/h2>\r\n<!-- \/wp:heading -->\r\n<!-- wp:paragraph -->\r\n<p><strong class=\"privacy-policy-tutorial\">Texto sugerido: <\/strong>La direcci\u00f3n de nuestra web es: https:\/\/pruebas.prodex-informatica.com\/peluqueria-ana.<\/p>\r\n<!-- \/wp:paragraph -->\r\n<!-- wp:heading -->\r\n<h2 class=\"wp-block-heading\">Comentarios<\/h2>\r\n<!-- \/wp:heading -->\r\n<!-- wp:paragraph -->\r\n<p><strong class=\"privacy-policy-tutorial\">Texto sugerido: <\/strong>Cuando los visitantes dejan comentarios en la web, recopilamos los datos que se muestran en el formulario de comentarios, as\u00ed como la direcci\u00f3n IP del visitante y la cadena de agentes de usuario del navegador para ayudar a la detecci\u00f3n de spam.<\/p>\r\n<!-- \/wp:paragraph -->\r\n<!-- wp:paragraph -->\r\n<p>Una cadena an\u00f3nima creada a partir de tu direcci\u00f3n de correo electr\u00f3nico (tambi\u00e9n llamada hash) puede ser proporcionada al servicio de Gravatar para ver si la est\u00e1s usando. La pol\u00edtica de privacidad del servicio Gravatar est\u00e1 disponible aqu\u00ed: https:\/\/automattic.com\/privacy\/. Despu\u00e9s de la aprobaci\u00f3n de tu comentario, la imagen de tu perfil es visible para el p\u00fablico en el contexto de tu comentario.<\/p>\r\n<!-- \/wp:paragraph -->\r\n<!-- wp:heading -->\r\n<h2 class=\"wp-block-heading\">Medios<\/h2>\r\n<!-- \/wp:heading -->\r\n<!-- wp:paragraph -->\r\n<p><strong class=\"privacy-policy-tutorial\">Texto sugerido: <\/strong>Si subes im\u00e1genes a la web, deber\u00edas evitar subir im\u00e1genes con datos de ubicaci\u00f3n (GPS EXIF) incluidos. Los visitantes de la web pueden descargar y extraer cualquier dato de ubicaci\u00f3n de las im\u00e1genes de la web.<\/p>\r\n<!-- \/wp:paragraph -->\r\n<!-- wp:heading -->\r\n<h2 class=\"wp-block-heading\">Cookies<\/h2>\r\n<!-- \/wp:heading -->\r\n<!-- wp:paragraph -->\r\n<p><strong class=\"privacy-policy-tutorial\">Texto sugerido: <\/strong>Si dejas un comentario en nuestro sitio puedes elegir guardar tu nombre, direcci\u00f3n de correo electr\u00f3nico y web en cookies. Esto es para tu comodidad, para que no tengas que volver a rellenar tus datos cuando dejes otro comentario. Estas cookies tendr\u00e1n una duraci\u00f3n de un a\u00f1o.<\/p>\r\n<!-- \/wp:paragraph -->\r\n<!-- wp:paragraph -->\r\n<p>Si tienes una cuenta y te conectas a este sitio, instalaremos una cookie temporal para determinar si tu navegador acepta cookies. Esta cookie no contiene datos personales y se elimina al cerrar el navegador.<\/p>\r\n<!-- \/wp:paragraph -->\r\n<!-- wp:paragraph -->\r\n<p>Cuando accedas, tambi\u00e9n instalaremos varias cookies para guardar tu informaci\u00f3n de acceso y tus opciones de visualizaci\u00f3n de pantalla. Las cookies de acceso duran dos d\u00edas, y las cookies de opciones de pantalla duran un a\u00f1o. Si seleccionas \u00abRecu\u00e9rdarme\u00bb, tu acceso perdurar\u00e1 durante dos semanas. Si sales de tu cuenta, las cookies de acceso se eliminar\u00e1n.<\/p>\r\n<!-- \/wp:paragraph -->\r\n<!-- wp:paragraph -->\r\n<p>Si editas o publicas un art\u00edculo se guardar\u00e1 una cookie adicional en tu navegador. Esta cookie no incluye datos personales y simplemente indica el ID del art\u00edculo que acabas de editar. Caduca despu\u00e9s de 1 d\u00eda.<\/p>\r\n<!-- \/wp:paragraph -->\r\n<!-- wp:heading -->\r\n<h2 class=\"wp-block-heading\">Contenido incrustado de otros sitios web<\/h2>\r\n<!-- \/wp:heading -->\r\n<!-- wp:paragraph -->\r\n<p><strong class=\"privacy-policy-tutorial\">Texto sugerido: <\/strong>Los art\u00edculos de este sitio pueden incluir contenido incrustado (por ejemplo, v\u00eddeos, im\u00e1genes, art\u00edculos, etc.). El contenido incrustado de otras webs se comporta exactamente de la misma manera que si el visitante hubiera visitado la otra web.<\/p>\r\n<!-- \/wp:paragraph -->\r\n<!-- wp:paragraph -->\r\n<p>Estas web pueden recopilar datos sobre ti, utilizar cookies, incrustar un seguimiento adicional de terceros, y supervisar tu interacci\u00f3n con ese contenido incrustado, incluido el seguimiento de tu interacci\u00f3n con el contenido incrustado si tienes una cuenta y est\u00e1s conectado a esa web.<\/p>\r\n<!-- \/wp:paragraph -->\r\n<!-- wp:heading -->\r\n<h2 class=\"wp-block-heading\">Con qui\u00e9n compartimos tus datos<\/h2>\r\n<!-- \/wp:heading -->\r\n<!-- wp:paragraph -->\r\n<p><strong class=\"privacy-policy-tutorial\">Texto sugerido: <\/strong>Si solicitas un restablecimiento de contrase\u00f1a, tu direcci\u00f3n IP ser\u00e1 incluida en el correo electr\u00f3nico de restablecimiento.<\/p>\r\n<!-- \/wp:paragraph -->\r\n<!-- wp:heading -->\r\n<h2 class=\"wp-block-heading\">Cu\u00e1nto tiempo conservamos tus datos<\/h2>\r\n<!-- \/wp:heading -->\r\n<!-- wp:paragraph -->\r\n<p><strong class=\"privacy-policy-tutorial\">Texto sugerido: <\/strong>Si dejas un comentario, el comentario y sus metadatos se conservan indefinidamente. Esto es para que podamos reconocer y aprobar comentarios sucesivos autom\u00e1ticamente, en lugar de mantenerlos en una cola de moderaci\u00f3n.<\/p>\r\n<!-- \/wp:paragraph -->\r\n<!-- wp:paragraph -->\r\n<p>De los usuarios que se registran en nuestra web (si los hay), tambi\u00e9n almacenamos la informaci\u00f3n personal que proporcionan en su perfil de usuario. Todos los usuarios pueden ver, editar o eliminar su informaci\u00f3n personal en cualquier momento (excepto que no pueden cambiar su nombre de usuario). Los administradores de la web tambi\u00e9n pueden ver y editar esa informaci\u00f3n.<\/p>\r\n<!-- \/wp:paragraph -->\r\n<!-- wp:heading -->\r\n<h2 class=\"wp-block-heading\">Qu\u00e9 derechos tienes sobre tus datos<\/h2>\r\n<!-- \/wp:heading -->\r\n<!-- wp:paragraph -->\r\n<p><strong class=\"privacy-policy-tutorial\">Texto sugerido: <\/strong>Si tienes una cuenta o has dejado comentarios en esta web, puedes solicitar recibir un archivo de exportaci\u00f3n de los datos personales que tenemos sobre ti, incluyendo cualquier dato que nos hayas proporcionado. Tambi\u00e9n puedes solicitar que eliminemos cualquier dato personal que tengamos sobre ti. Esto no incluye ning\u00fan dato que estemos obligados a conservar con fines administrativos, legales o de seguridad.<\/p>\r\n<!-- \/wp:paragraph -->\r\n<!-- wp:heading -->\r\n<h2 class=\"wp-block-heading\">D\u00f3nde se env\u00edan tus datos<\/h2>\r\n<!-- \/wp:heading -->\r\n<!-- wp:paragraph -->\r\n<p><strong class=\"privacy-policy-tutorial\">Texto sugerido: <\/strong>Los comentarios de los visitantes puede que los revise un servicio de detecci\u00f3n autom\u00e1tica de spam.<\/p>\r\n<!-- \/wp:paragraph -->\r\n","_et_gb_content_width":"","footnotes":""},"class_list":["post-1298","page","type-page","status-publish","hentry"],"yoast_head":"<!-- This site is optimized with the Yoast SEO plugin v27.4 - https:\/\/yoast.com\/product\/yoast-seo-wordpress\/ -->\n<title>Aviso legal - Care Beauty Place<\/title>\n<meta name=\"robots\" content=\"noindex, follow\" \/>\n<meta property=\"og:locale\" content=\"es_ES\" \/>\n<meta property=\"og:type\" content=\"article\" \/>\n<meta property=\"og:title\" content=\"Aviso legal - Care Beauty Place\" \/>\n<meta property=\"og:description\" content=\"Care Beauty Place informaAVISO LEGAL \u2014 CARE BEAUTY PLACE (Propiedad de ANA M\u00aa MIRETE QUINTANA, en adelante \u201cCARE BEAUTY PLACE\u201d) 1. DATOS IDENTIFICATIVOS En cumplimiento de lo dispuesto en la Ley 34\/2002, de 11 de julio, de Servicios de la Sociedad de la Informaci\u00f3n y de Comercio Electr\u00f3nico (LSSI-CE), se informa de los siguientes datos: [&hellip;]\" \/>\n<meta property=\"og:url\" content=\"https:\/\/carebeautyplace.es\/es\/aviso-legal\/\" \/>\n<meta property=\"og:site_name\" content=\"Care Beauty Place\" \/>\n<meta property=\"article:modified_time\" content=\"2025-11-27T10:47:52+00:00\" \/>\n<meta name=\"twitter:card\" content=\"summary_large_image\" \/>\n<meta name=\"twitter:label1\" content=\"Tiempo de lectura\" \/>\n\t<meta name=\"twitter:data1\" content=\"2 minutos\" \/>\n<script type=\"application\/ld+json\" class=\"yoast-schema-graph\">{\"@context\":\"https:\\\/\\\/schema.org\",\"@graph\":[{\"@type\":\"WebPage\",\"@id\":\"https:\\\/\\\/carebeautyplace.es\\\/es\\\/aviso-legal\\\/\",\"url\":\"https:\\\/\\\/carebeautyplace.es\\\/es\\\/aviso-legal\\\/\",\"name\":\"Aviso legal - Care Beauty Place\",\"isPartOf\":{\"@id\":\"https:\\\/\\\/carebeautyplace.es\\\/es\\\/#website\"},\"datePublished\":\"2025-11-27T10:19:10+00:00\",\"dateModified\":\"2025-11-27T10:47:52+00:00\",\"breadcrumb\":{\"@id\":\"https:\\\/\\\/carebeautyplace.es\\\/es\\\/aviso-legal\\\/#breadcrumb\"},\"inLanguage\":\"es\",\"potentialAction\":[{\"@type\":\"ReadAction\",\"target\":[\"https:\\\/\\\/carebeautyplace.es\\\/es\\\/aviso-legal\\\/\"]}]},{\"@type\":\"BreadcrumbList\",\"@id\":\"https:\\\/\\\/carebeautyplace.es\\\/es\\\/aviso-legal\\\/#breadcrumb\",\"itemListElement\":[{\"@type\":\"ListItem\",\"position\":1,\"name\":\"Portada\",\"item\":\"https:\\\/\\\/carebeautyplace.es\\\/es\\\/\"},{\"@type\":\"ListItem\",\"position\":2,\"name\":\"Aviso legal\"}]},{\"@type\":\"WebSite\",\"@id\":\"https:\\\/\\\/carebeautyplace.es\\\/es\\\/#website\",\"url\":\"https:\\\/\\\/carebeautyplace.es\\\/es\\\/\",\"name\":\"Care Beauty Place\",\"description\":\"Tu Peluquer\u00eda y Centro de Est\u00e9tica en Barcelona\",\"potentialAction\":[{\"@type\":\"SearchAction\",\"target\":{\"@type\":\"EntryPoint\",\"urlTemplate\":\"https:\\\/\\\/carebeautyplace.es\\\/es\\\/?s={search_term_string}\"},\"query-input\":{\"@type\":\"PropertyValueSpecification\",\"valueRequired\":true,\"valueName\":\"search_term_string\"}}],\"inLanguage\":\"es\"}]}<\/script>\n<!-- \/ Yoast SEO plugin. -->","yoast_head_json":{"title":"Aviso legal - Care Beauty Place","robots":{"index":"noindex","follow":"follow"},"og_locale":"es_ES","og_type":"article","og_title":"Aviso legal - Care Beauty Place","og_description":"Care Beauty Place informaAVISO LEGAL \u2014 CARE BEAUTY PLACE (Propiedad de ANA M\u00aa MIRETE QUINTANA, en adelante \u201cCARE BEAUTY PLACE\u201d) 1. DATOS IDENTIFICATIVOS En cumplimiento de lo dispuesto en la Ley 34\/2002, de 11 de julio, de Servicios de la Sociedad de la Informaci\u00f3n y de Comercio Electr\u00f3nico (LSSI-CE), se informa de los siguientes datos: [&hellip;]","og_url":"https:\/\/carebeautyplace.es\/es\/aviso-legal\/","og_site_name":"Care Beauty Place","article_modified_time":"2025-11-27T10:47:52+00:00","twitter_card":"summary_large_image","twitter_misc":{"Tiempo de lectura":"2 minutos"},"schema":{"@context":"https:\/\/schema.org","@graph":[{"@type":"WebPage","@id":"https:\/\/carebeautyplace.es\/es\/aviso-legal\/","url":"https:\/\/carebeautyplace.es\/es\/aviso-legal\/","name":"Aviso legal - Care Beauty Place","isPartOf":{"@id":"https:\/\/carebeautyplace.es\/es\/#website"},"datePublished":"2025-11-27T10:19:10+00:00","dateModified":"2025-11-27T10:47:52+00:00","breadcrumb":{"@id":"https:\/\/carebeautyplace.es\/es\/aviso-legal\/#breadcrumb"},"inLanguage":"es","potentialAction":[{"@type":"ReadAction","target":["https:\/\/carebeautyplace.es\/es\/aviso-legal\/"]}]},{"@type":"BreadcrumbList","@id":"https:\/\/carebeautyplace.es\/es\/aviso-legal\/#breadcrumb","itemListElement":[{"@type":"ListItem","position":1,"name":"Portada","item":"https:\/\/carebeautyplace.es\/es\/"},{"@type":"ListItem","position":2,"name":"Aviso legal"}]},{"@type":"WebSite","@id":"https:\/\/carebeautyplace.es\/es\/#website","url":"https:\/\/carebeautyplace.es\/es\/","name":"Care Beauty Place","description":"Tu Peluquer\u00eda y Centro de Est\u00e9tica en Barcelona","potentialAction":[{"@type":"SearchAction","target":{"@type":"EntryPoint","urlTemplate":"https:\/\/carebeautyplace.es\/es\/?s={search_term_string}"},"query-input":{"@type":"PropertyValueSpecification","valueRequired":true,"valueName":"search_term_string"}}],"inLanguage":"es"}]}},"_links":{"self":[{"href":"https:\/\/carebeautyplace.es\/es\/wp-json\/wp\/v2\/pages\/1298","targetHints":{"allow":["GET"]}}],"collection":[{"href":"https:\/\/carebeautyplace.es\/es\/wp-json\/wp\/v2\/pages"}],"about":[{"href":"https:\/\/carebeautyplace.es\/es\/wp-json\/wp\/v2\/types\/page"}],"author":[{"embeddable":true,"href":"https:\/\/carebeautyplace.es\/es\/wp-json\/wp\/v2\/users\/1"}],"replies":[{"embeddable":true,"href":"https:\/\/carebeautyplace.es\/es\/wp-json\/wp\/v2\/comments?post=1298"}],"version-history":[{"count":5,"href":"https:\/\/carebeautyplace.es\/es\/wp-json\/wp\/v2\/pages\/1298\/revisions"}],"predecessor-version":[{"id":1312,"href":"https:\/\/carebeautyplace.es\/es\/wp-json\/wp\/v2\/pages\/1298\/revisions\/1312"}],"wp:attachment":[{"href":"https:\/\/carebeautyplace.es\/es\/wp-json\/wp\/v2\/media?parent=1298"}],"curies":[{"name":"wp","href":"https:\/\/api.w.org\/{rel}","templated":true}]}}