{"id":11,"date":"2025-09-03T17:44:41","date_gmt":"2025-09-03T15:44:41","guid":{"rendered":"https:\/\/carebeautyplace.es\/?page_id=11"},"modified":"2026-04-24T13:06:55","modified_gmt":"2026-04-24T11:06:55","slug":"nosotros","status":"publish","type":"page","link":"https:\/\/carebeautyplace.es\/es\/nosotros\/","title":{"rendered":"Nosotros"},"content":{"rendered":"<p>[et_pb_section fb_built=\u00bb1&#8243; admin_label=\u00bbHero\u00bb _builder_version=\u00bb4.27.4&#8243; _module_preset=\u00bbdefault\u00bb background_color=\u00bb#ede3df\u00bb use_background_color_gradient=\u00bbon\u00bb background_color_gradient_stops=\u00bb#ede3df 0%|#ffffff 100%\u00bb custom_padding=\u00bb20px||40px||false|false\u00bb locked=\u00bboff\u00bb collapsed=\u00bboff\u00bb global_colors_info=\u00bb{}\u00bb][et_pb_row column_structure=\u00bb2_5,3_5&#8243; custom_padding_last_edited=\u00bbon|phone\u00bb _builder_version=\u00bb4.27.4&#8243; _module_preset=\u00bb5138c454-be54-4233-bd3b-f8e6a8747976&#8243; background_color=\u00bb#FFFFFF\u00bb custom_margin=\u00bb||||false|false\u00bb custom_padding=\u00bb110px|60px|60px|60px|false|true\u00bb custom_padding_tablet=\u00bb|40px||40px|false|true\u00bb custom_padding_phone=\u00bb|25px||25px|false|true\u00bb animation_style=\u00bbslide\u00bb animation_direction=\u00bbbottom\u00bb animation_duration=\u00bb1250ms\u00bb animation_delay=\u00bb450ms\u00bb animation_intensity_slide=\u00bb1%\u00bb border_radii=\u00bboff|160px|160px||\u00bb border_radii_tablet=\u00bboff||160px||\u00bb border_radii_phone=\u00bboff||160px||\u00bb border_radii_last_edited=\u00bbon|phone\u00bb locked=\u00bboff\u00bb global_colors_info=\u00bb{}\u00bb][et_pb_column type=\u00bb2_5&#8243; _builder_version=\u00bb4.23.1&#8243; _module_preset=\u00bb73121f80-a3ef-4484-8763-c3f18e3c56d2&#8243; global_colors_info=\u00bb{}\u00bb][et_pb_text _builder_version=\u00bb4.27.4&#8243; _module_preset=\u00bb2c55a9c4-feed-423b-9edb-ae0b5b365cac\u00bb text_font=\u00bbBebas Neue|||on|||||\u00bb text_text_color=\u00bb#89B82A\u00bb text_font_size=\u00bb24px\u00bb text_letter_spacing=\u00bb1px\u00bb text_line_height=\u00bb1.4em\u00bb text_orientation=\u00bbjustified\u00bb custom_margin=\u00bb50px||10px|5px|false|false\u00bb custom_margin_tablet=\u00bb0px||||false|false\u00bb custom_margin_phone=\u00bb0px||||false|false\u00bb custom_margin_last_edited=\u00bbon|desktop\u00bb text_font_size_tablet=\u00bb18px\u00bb text_font_size_phone=\u00bb16px\u00bb text_font_size_last_edited=\u00bbon|desktop\u00bb locked=\u00bboff\u00bb global_colors_info=\u00bb{%22gcid-primary-color%22:%91%22link_text_color%22%93,%22gcid-heading-color%22:%91%22header_text_color%22,%22header_4_text_color%22,%22header_3_text_color%22,%22header_2_text_color%22,%22header_5_text_color%22,%22header_6_text_color%22,%22quote_text_color%22%93,%22gcid-secondary-color%22:%91%22quote_border_color%22%93}\u00bb]<\/p>\n<p>Sobre nosotros<\/p>\n<p>[\/et_pb_text][et_pb_heading title=\u00bbTu sal\u00f3n de belleza y centro de est\u00e9tica en Sant Gervasi, Barcelona.\u00bb _builder_version=\u00bb4.27.4&#8243; _module_preset=\u00bbddeb8c09-9078-4424-bc15-2efb6572e28e\u00bb title_font_size=\u00bb44px\u00bb title_font_size_tablet=\u00bb38px\u00bb title_font_size_phone=\u00bb26px\u00bb locked=\u00bboff\u00bb global_colors_info=\u00bb{}\u00bb][\/et_pb_heading][et_pb_text _builder_version=\u00bb4.27.6&#8243; _module_preset=\u00bb2c55a9c4-feed-423b-9edb-ae0b5b365cac\u00bb text_font=\u00bb&#8211;et_global_heading_font|300|||||||\u00bb text_orientation=\u00bbjustified\u00bb custom_margin=\u00bb|0px||0px|false|true\u00bb hover_enabled=\u00bb0&#8243; text_font_size_last_edited=\u00bboff|phone\u00bb locked=\u00bboff\u00bb global_colors_info=\u00bb{}\u00bb sticky_enabled=\u00bb0&#8243;]<\/p>\n<p>En Care Beauty Place no somos solo una peluquer\u00eda cualquiera en Barcelona, somos ese lugar especial donde cuidamos de ti con dedicaci\u00f3n, mimo y profesionalidad. Para nosotras la belleza no es solo una cuesti\u00f3n de estilo, sino de salud: un cabello cuidado y una piel bien tratada son la base de cualquier look, por ello trabajamos con productos naturales, org\u00e1nicos y veganos que respetan tu piel, tu cabello y el medioambiente.<\/p>\n<p>Nuestro sal\u00f3n y centro de est\u00e9tica en Sant Gervasi es un rinc\u00f3n acogedor donde cada detalle est\u00e1 pensado para que tu disfrutes de un momento de calma mientras nosotras realzamos tu mejor versi\u00f3n.<\/p>\n<p>[\/et_pb_text][et_pb_button button_url=\u00bb#filosofia-care-beauty-place\u00bb button_text=\u00bbConoce nuestra filosof\u00eda\u00bb button_alignment=\u00bbcenter\u00bb button_alignment_last_edited=\u00bboff|desktop\u00bb _builder_version=\u00bb4.27.4&#8243; _module_preset=\u00bb1bffc0fc-42a0-49d1-bd9a-ae3ade2d7206&#8243; button_text_size=\u00bb20px\u00bb button_letter_spacing=\u00bb1px\u00bb button_font=\u00bbBebas Neue|700|||||||\u00bb button_icon=\u00bb&#xf0c4;||fa||900&#8243; custom_margin=\u00bb40px||-10px||false|false\u00bb custom_margin_tablet=\u00bb60px||60px||false|false\u00bb custom_margin_phone=\u00bb45px||35px||false|false\u00bb custom_margin_last_edited=\u00bbon|phone\u00bb custom_padding=\u00bb10px|50px|10px|50px|true|true\u00bb custom_padding_tablet=\u00bb10px|50px|10px|50px|true|true\u00bb custom_padding_phone=\u00bb|30px||30px|true|true\u00bb custom_padding_last_edited=\u00bbon|phone\u00bb animation_style=\u00bbfade\u00bb button_text_size_tablet=\u00bb20px\u00bb button_text_size_phone=\u00bb16px\u00bb button_text_size_last_edited=\u00bbon|phone\u00bb box_shadow_style=\u00bbpreset3&#8243; box_shadow_vertical=\u00bb0px\u00bb box_shadow_blur=\u00bb0px\u00bb locked=\u00bboff\u00bb global_colors_info=\u00bb{}\u00bb box_shadow_vertical__hover_enabled=\u00bbon|desktop\u00bb box_shadow_vertical__hover=\u00bb12px\u00bb box_shadow_blur__hover_enabled=\u00bbon|hover\u00bb box_shadow_blur__hover=\u00bb18px\u00bb button_bg_color__hover_enabled=\u00bbon|hover\u00bb button_bg_color__hover=\u00bb#986556&#8243; button_bg_enable_color__hover=\u00bbon\u00bb transform_styles__hover_enabled=\u00bbon|hover\u00bb transform_scale__hover_enabled=\u00bbon|hover\u00bb transform_translate__hover_enabled=\u00bbon|desktop\u00bb transform_rotate__hover_enabled=\u00bbon|desktop\u00bb transform_skew__hover_enabled=\u00bbon|desktop\u00bb transform_origin__hover_enabled=\u00bbon|desktop\u00bb transform_scale__hover=\u00bb102%|102%\u00bb][\/et_pb_button][\/et_pb_column][et_pb_column type=\u00bb3_5&#8243; _builder_version=\u00bb4.27.4&#8243; _module_preset=\u00bb73121f80-a3ef-4484-8763-c3f18e3c56d2&#8243; custom_css_main_element=\u00bbdisplay: flex;||align-items: center;\u00bb global_colors_info=\u00bb{}\u00bb][et_pb_image src=\u00bbhttps:\/\/carebeautyplace.es\/wp-content\/uploads\/2025\/09\/CareBeautyPlace-Salon-01.webp\u00bb alt=\u00bbCare Beauty Place tu Centro de est\u00e9tica en Sant Gervasi\u00bb show_in_lightbox=\u00bbon\u00bb _builder_version=\u00bb4.27.4&#8243; _module_preset=\u00bb1cc6152f-565c-4c4d-b0c9-cf8c9576c341&#8243; border_width_all=\u00bb20px\u00bb border_color_all=\u00bb#FFFFFF\u00bb box_shadow_style=\u00bbpreset1&#8243; box_shadow_vertical=\u00bb2px\u00bb box_shadow_blur=\u00bb80px\u00bb box_shadow_spread=\u00bb0px\u00bb box_shadow_color=\u00bbrgba(0,0,0,0.3)\u00bb locked=\u00bboff\u00bb global_colors_info=\u00bb{}\u00bb][\/et_pb_image][\/et_pb_column][\/et_pb_row][\/et_pb_section][et_pb_section fb_built=\u00bb1&#8243; admin_label=\u00bbAbout\u00bb _builder_version=\u00bb4.27.4&#8243; _module_preset=\u00bbdefault\u00bb custom_margin=\u00bb-5px||||false|false\u00bb locked=\u00bboff\u00bb collapsed=\u00bboff\u00bb global_colors_info=\u00bb{}\u00bb][et_pb_row custom_padding_last_edited=\u00bbon|phone\u00bb module_id=\u00bbfilosofia-care-beauty-place\u00bb _builder_version=\u00bb4.27.4&#8243; _module_preset=\u00bb048d8e79-b07f-439b-bd57-f41c14f0a56b\u00bb custom_padding_tablet=\u00bb\u00bb custom_padding_phone=\u00bb\u00bb box_shadow_vertical=\u00bb0px\u00bb global_colors_info=\u00bb{}\u00bb][et_pb_column type=\u00bb4_4&#8243; _builder_version=\u00bb4.25.1&#8243; _module_preset=\u00bbdefault\u00bb global_colors_info=\u00bb{}\u00bb][et_pb_image src=\u00bbhttps:\/\/carebeautyplace.es\/wp-content\/uploads\/2025\/09\/Logo-CareBeautyPlace-brown.webp\u00bb alt=\u00bbCare Beauty Place Peluquer\u00eda y Centro de est\u00e9tica en Sant Gervasi Barcelona\u00bb align=\u00bbcenter\u00bb _builder_version=\u00bb4.27.4&#8243; _module_preset=\u00bbdefault\u00bb max_width=\u00bb20%\u00bb max_width_tablet=\u00bb40%\u00bb max_width_phone=\u00bb70%\u00bb max_width_last_edited=\u00bbon|phone\u00bb custom_margin=\u00bb||0px||false|false\u00bb custom_margin_tablet=\u00bb||5px||false|false\u00bb custom_margin_phone=\u00bb||10px||false|false\u00bb custom_margin_last_edited=\u00bbon|phone\u00bb animation_style=\u00bbfade\u00bb global_colors_info=\u00bb{}\u00bb][\/et_pb_image][et_pb_heading title=\u00bbLa Filosof\u00eda Care Beauty Place\u00bb _builder_version=\u00bb4.27.4&#8243; _module_preset=\u00bbc33f07d9-41e0-421a-8799-5799df695cce\u00bb title_text_align=\u00bbcenter\u00bb title_font_size=\u00bb44px\u00bb title_line_height=\u00bb1.15em\u00bb animation_style=\u00bbfade\u00bb animation_duration=\u00bb2000ms\u00bb title_font_size_tablet=\u00bb38px\u00bb title_font_size_phone=\u00bb26px\u00bb global_colors_info=\u00bb{}\u00bb][\/et_pb_heading][et_pb_text _builder_version=\u00bb4.27.4&#8243; _module_preset=\u00bb2c55a9c4-feed-423b-9edb-ae0b5b365cac\u00bb text_font=\u00bb&#8211;et_global_heading_font|300|||||||\u00bb text_orientation=\u00bbcenter\u00bb width=\u00bb100%\u00bb width_tablet=\u00bb97%\u00bb width_phone=\u00bb95%\u00bb width_last_edited=\u00bbon|phone\u00bb module_alignment=\u00bbcenter\u00bb animation_style=\u00bbslide\u00bb animation_direction=\u00bbbottom\u00bb animation_duration=\u00bb1200ms\u00bb animation_delay=\u00bb400ms\u00bb animation_intensity_slide=\u00bb5%\u00bb text_font_size_last_edited=\u00bboff|desktop\u00bb text_orientation_tablet=\u00bbjustified\u00bb text_orientation_phone=\u00bbjustified\u00bb text_orientation_last_edited=\u00bbon|tablet\u00bb global_colors_info=\u00bb{}\u00bb]<\/p>\n<p>Desde el primer d\u00eda, nuestra misi\u00f3n ha sido clara: ofrecer tratamientos de peluquer\u00eda y est\u00e9tica que prioricen la salud y la sostenibilidad.<br \/>Queremos que te sientas guapa sin renunciar a cuidar tu piel ni al planeta.<br \/>En cada servicio encontrar\u00e1s cercan\u00eda, asesoramiento personalizado y resultados que te har\u00e1n sonre\u00edr frente al espejo.<\/p>\n<p>[\/et_pb_text][et_pb_video src=\u00bbhttps:\/\/carebeautyplace.es\/wp-content\/uploads\/2025\/09\/Pelo-sano.mp4&#8243; module_class=\u00bbdm-autoplay\u00bb _builder_version=\u00bb4.27.4&#8243; _module_preset=\u00bbdefault\u00bb global_colors_info=\u00bb{}\u00bb][\/et_pb_video][et_pb_heading title=\u00bbNuestro compromiso con el bienestar, las personas y el planeta\u00bb _builder_version=\u00bb4.27.4&#8243; _module_preset=\u00bbc33f07d9-41e0-421a-8799-5799df695cce\u00bb title_text_align=\u00bbcenter\u00bb title_font_size=\u00bb44px\u00bb title_line_height=\u00bb1.15em\u00bb width=\u00bb100%\u00bb width_tablet=\u00bb70%\u00bb width_phone=\u00bb80%\u00bb width_last_edited=\u00bbon|phone\u00bb module_alignment=\u00bbcenter\u00bb custom_margin=\u00bb||15px||false|false\u00bb custom_margin_tablet=\u00bb15px||10px||false|false\u00bb custom_margin_phone=\u00bb0px||10px||false|false\u00bb custom_margin_last_edited=\u00bbon|phone\u00bb animation_style=\u00bbfade\u00bb animation_duration=\u00bb2000ms\u00bb title_font_size_tablet=\u00bb38px\u00bb title_font_size_phone=\u00bb26px\u00bb global_colors_info=\u00bb{}\u00bb][\/et_pb_heading][et_pb_text _builder_version=\u00bb4.27.4&#8243; _module_preset=\u00bb2c55a9c4-feed-423b-9edb-ae0b5b365cac\u00bb text_font=\u00bb&#8211;et_global_heading_font|300|||||||\u00bb text_orientation=\u00bbcenter\u00bb width=\u00bb70%\u00bb width_tablet=\u00bb97%\u00bb width_phone=\u00bb95%\u00bb width_last_edited=\u00bbon|desktop\u00bb module_alignment=\u00bbcenter\u00bb custom_margin=\u00bb||50px||false|false\u00bb custom_margin_tablet=\u00bb||40px||false|false\u00bb custom_margin_phone=\u00bb||40px||false|false\u00bb custom_margin_last_edited=\u00bbon|phone\u00bb animation_style=\u00bbslide\u00bb animation_direction=\u00bbbottom\u00bb animation_duration=\u00bb1200ms\u00bb animation_delay=\u00bb400ms\u00bb animation_intensity_slide=\u00bb5%\u00bb text_font_size_last_edited=\u00bboff|desktop\u00bb text_orientation_tablet=\u00bbjustified\u00bb text_orientation_phone=\u00bbjustified\u00bb text_orientation_last_edited=\u00bbon|phone\u00bb global_colors_info=\u00bb{}\u00bb]<\/p>\n<p>En <strong>Care Beauty Place<\/strong> creemos en una belleza responsable. Adem\u00e1s de trabajar con productos naturales, veganos y respetuosos con el medio ambiente, colaboramos con proyectos que reflejan nuestros valores. Nos puedes encontrar en Treatwell (donde nuestro sal\u00f3n fue reconocido como Top Rated en el 2022), somos un espacio pet friendly avalado por la comunidad de Sr. Perro, y pertenecemos a la red de peluquer\u00edas solidarias que colaboran con la asociaci\u00f3n \u00abMechones Solidarios\u00bb, ayudando a transformar donaciones de cabello en pelucas de calidad para personas que afrontan tratamientos oncol\u00f3gicos.<\/p>\n<p>En <strong>Care Beauty Place<\/strong> pensamos que un peque\u00f1o gesto puede marcar una gran diferencia\u2026 y nos encanta formar parte de ello.<\/p>\n<p>[\/et_pb_text][dica_divi_carousel show_items_desktop=\u00bb5&#8243; centermode=\u00bbon\u00bb loop=\u00bbon\u00bb autoplay=\u00bbon\u00bb scroller_effect=\u00bbon\u00bb item_spacing=\u00bb15&#8243; item_spacing_last_edited=\u00bboff|desktop\u00bb advanced_effect=\u00bb1&#8243; overlay_color_field_bgcolor=\u00bbrgba(255,255,255,0.85)\u00bb image_sizing=\u00bb200px\u00bb _builder_version=\u00bb4.27.4&#8243; width=\u00bb45%\u00bb width_tablet=\u00bb50%\u00bb width_phone=\u00bb100%\u00bb width_last_edited=\u00bbon|desktop\u00bb module_alignment=\u00bbcenter\u00bb global_colors_info=\u00bb{}\u00bb][dica_divi_carouselitem admin_label=\u00bbCarrusel item &#8211; TOP RATED 2022&#8243; button_url_new_window=\u00bb1&#8243; image=\u00bbhttps:\/\/carebeautyplace.es\/wp-content\/uploads\/2025\/11\/Top-Rated-2022.webp\u00bb _builder_version=\u00bb4.27.4&#8243; global_colors_info=\u00bb{}\u00bb][\/dica_divi_carouselitem][dica_divi_carouselitem admin_label=\u00bbCarrusel item &#8211; TREATWELL\u00bb button_url_new_window=\u00bb1&#8243; image=\u00bbhttps:\/\/carebeautyplace.es\/wp-content\/uploads\/2025\/11\/Treatwell-only.webp\u00bb _builder_version=\u00bb4.27.4&#8243; global_colors_info=\u00bb{}\u00bb][\/dica_divi_carouselitem][dica_divi_carouselitem admin_label=\u00bbCarrusel item &#8211; SR. PERRO\u00bb button_url_new_window=\u00bb1&#8243; image=\u00bbhttps:\/\/carebeautyplace.es\/wp-content\/uploads\/2025\/11\/Sr.Perro-perros-buenos-bienvenidos.webp\u00bb _builder_version=\u00bb4.27.4&#8243; global_colors_info=\u00bb{}\u00bb][\/dica_divi_carouselitem][dica_divi_carouselitem admin_label=\u00bbCarrusel item &#8211; PET FRIENDLY LOGO\u00bb button_url_new_window=\u00bb1&#8243; image=\u00bbhttps:\/\/carebeautyplace.es\/wp-content\/uploads\/2025\/11\/Pet-Friendly-green.webp\u00bb _builder_version=\u00bb4.27.4&#8243; global_colors_info=\u00bb{}\u00bb][\/dica_divi_carouselitem][dica_divi_carouselitem admin_label=\u00bbCarrusel item &#8211; MECHONES SOLIDARIOS\u00bb button_url_new_window=\u00bb1&#8243; image=\u00bbhttps:\/\/carebeautyplace.es\/wp-content\/uploads\/2025\/11\/Mechones-Solidarios.webp\u00bb _builder_version=\u00bb4.27.4&#8243; global_colors_info=\u00bb{}\u00bb][\/dica_divi_carouselitem][\/dica_divi_carousel][et_pb_code admin_label=\u00bbC\u00f3digo: CLASE CSS dm-autoplay-btn\u00bb _builder_version=\u00bb4.27.4&#8243; _module_preset=\u00bbdefault\u00bb global_colors_info=\u00bb{}\u00bb]<script><!-- [et_pb_line_break_holder] -->jQuery(document).ready(function($) {<!-- [et_pb_line_break_holder] -->if ($('.dm-autoplay .et_pb_video_box').length !== 0) {<!-- [et_pb_line_break_holder] -->$('.dm-autoplay .et_pb_video_box').find('video').prop('muted', true);<!-- [et_pb_line_break_holder] -->$(\".dm-autoplay .et_pb_video_box\").find('video').attr('loop', 'loop');<!-- [et_pb_line_break_holder] -->$(\".dm-autoplay .et_pb_video_box\").find('video').attr('playsInline', '');<!-- [et_pb_line_break_holder] -->$(\".dm-autoplay .et_pb_video_box\").each(function() {<!-- [et_pb_line_break_holder] -->$(this).find('video').get(0).play();<!-- [et_pb_line_break_holder] -->});<!-- [et_pb_line_break_holder] -->$('.dm-autoplay .et_pb_video_box').find('video').removeAttr('controls');<!-- [et_pb_line_break_holder] -->}<!-- [et_pb_line_break_holder] -->});<!-- [et_pb_line_break_holder] --><\/script>[\/et_pb_code][\/et_pb_column][\/et_pb_row][\/et_pb_section][et_pb_section fb_built=\u00bb1&#8243; admin_label=\u00bbPerson\u00bb _builder_version=\u00bb4.27.4&#8243; _module_preset=\u00bbdefault\u00bb background_color=\u00bb#ede3df\u00bb top_divider_style=\u00bbwave\u00bb top_divider_color=\u00bb#FFFFFF\u00bb top_divider_height=\u00bb40px\u00bb locked=\u00bboff\u00bb collapsed=\u00bboff\u00bb global_colors_info=\u00bb{}\u00bb][et_pb_row column_structure=\u00bb2_5,3_5&#8243; _builder_version=\u00bb4.27.4&#8243; _module_preset=\u00bbdefault\u00bb custom_margin=\u00bb45px||30px||false|false\u00bb custom_margin_tablet=\u00bb65px||0px||false|false\u00bb custom_margin_phone=\u00bb20px||-30px||false|false\u00bb custom_margin_last_edited=\u00bbon|phone\u00bb custom_css_main_element=\u00bbdisplay: flex;||align-items: center;\u00bb global_colors_info=\u00bb{}\u00bb custom_css_main_element_last_edited=\u00bbon|phone\u00bb custom_css_main_element_tablet=\u00bb \u00bb custom_css_main_element_phone=\u00bb \u00ab][et_pb_column type=\u00bb2_5&#8243; _builder_version=\u00bb4.27.4&#8243; _module_preset=\u00bbdefault\u00bb global_colors_info=\u00bb{}\u00bb][et_pb_image src=\u00bbhttps:\/\/carebeautyplace.es\/wp-content\/uploads\/2026\/04\/Foto-ANA-MIRETE-800x500px.webp\u00bb alt=\u00bbAna Mirete Quintana trabaja en Care Beauty Place tu Centro de est\u00e9tica en Sant Gervasi\u00bb show_in_lightbox=\u00bbon\u00bb module_id=\u00bbana\u00bb _builder_version=\u00bb4.27.6&#8243; _module_preset=\u00bbdefault\u00bb custom_margin=\u00bb-30px||||false|false\u00bb custom_padding=\u00bb30px||||false|false\u00bb border_width_all=\u00bb20px\u00bb border_color_all=\u00bb#FFFFFF\u00bb box_shadow_style=\u00bbpreset3&#8243; global_colors_info=\u00bb{}\u00bb][\/et_pb_image][et_pb_social_media_follow icon_color=\u00bbgcid-secondary-color\u00bb disabled_on=\u00bbon|on|off\u00bb _builder_version=\u00bb4.27.4&#8243; _module_preset=\u00bb9a2c7b49-38da-4a8e-a698-40ad4873179f\u00bb global_colors_info=\u00bb{%22gcid-secondary-color%22:%91%22icon_color%22%93}\u00bb][et_pb_social_media_follow_network social_network=\u00bbfacebook\u00bb url=\u00bbhttps:\/\/www.facebook.com\/care.beautyplace\/\u00bb icon_color=\u00bb#986556&#8243; use_icon_font_size=\u00bbon\u00bb icon_font_size=\u00bb24px\u00bb _builder_version=\u00bb4.27.4&#8243; _module_preset=\u00bb1224e17a-0c75-4103-8bf8-1e8e99f7001e\u00bb background_color=\u00bb#3b5998&#8243; transform_translate_linked__hover=\u00bboff\u00bb global_colors_info=\u00bb{}\u00bb icon_color__hover_enabled=\u00bbon|desktop\u00bb icon_color__hover=\u00bb#89B82A\u00bb transform_styles__hover_enabled=\u00bbon|desktop\u00bb transform_scale__hover_enabled=\u00bbon|desktop\u00bb transform_translate__hover_enabled=\u00bbon|desktop\u00bb transform_rotate__hover_enabled=\u00bbon|hover\u00bb transform_skew__hover_enabled=\u00bbon|hover\u00bb transform_origin__hover_enabled=\u00bbon|hover\u00bb transform_translate__hover=\u00bb0px|-5px\u00bb transform_scale__hover=\u00bb110%|110%\u00bb follow_button=\u00bboff\u00bb url_new_window=\u00bbon\u00bb]facebook[\/et_pb_social_media_follow_network][et_pb_social_media_follow_network social_network=\u00bbinstagram\u00bb url=\u00bbhttps:\/\/www.instagram.com\/carebeautyplace\/\u00bb icon_color=\u00bb#986556&#8243; use_icon_font_size=\u00bbon\u00bb icon_font_size=\u00bb24px\u00bb _builder_version=\u00bb4.27.4&#8243; _module_preset=\u00bb1224e17a-0c75-4103-8bf8-1e8e99f7001e\u00bb background_color=\u00bb#ea2c59&#8243; transform_translate_linked__hover=\u00bboff\u00bb global_colors_info=\u00bb{}\u00bb icon_color__hover_enabled=\u00bbon|hover\u00bb icon_color__hover=\u00bb#89B82A\u00bb transform_styles__hover_enabled=\u00bbon|desktop\u00bb transform_scale__hover_enabled=\u00bbon|desktop\u00bb transform_translate__hover_enabled=\u00bbon|desktop\u00bb transform_rotate__hover_enabled=\u00bbon|hover\u00bb transform_skew__hover_enabled=\u00bbon|hover\u00bb transform_origin__hover_enabled=\u00bbon|hover\u00bb transform_translate__hover=\u00bb0px|-5px\u00bb transform_scale__hover=\u00bb110%|110%\u00bb follow_button=\u00bboff\u00bb url_new_window=\u00bbon\u00bb]instagram[\/et_pb_social_media_follow_network][et_pb_social_media_follow_network social_network=\u00bblinkedin\u00bb url=\u00bbhttps:\/\/www.linkedin.com\/in\/ana-maria-mirete-quintana-38a74176\/\u00bb icon_color=\u00bb#986556&#8243; use_icon_font_size=\u00bbon\u00bb icon_font_size=\u00bb24px\u00bb _builder_version=\u00bb4.27.4&#8243; _module_preset=\u00bb1224e17a-0c75-4103-8bf8-1e8e99f7001e\u00bb background_color=\u00bb#007bb6&#8243; transform_translate_linked__hover=\u00bboff\u00bb global_colors_info=\u00bb{}\u00bb icon_color__hover_enabled=\u00bbon|desktop\u00bb icon_color__hover=\u00bb#89B82A\u00bb transform_styles__hover_enabled=\u00bbon|desktop\u00bb transform_scale__hover_enabled=\u00bbon|desktop\u00bb transform_translate__hover_enabled=\u00bbon|desktop\u00bb transform_rotate__hover_enabled=\u00bbon|hover\u00bb transform_skew__hover_enabled=\u00bbon|hover\u00bb transform_origin__hover_enabled=\u00bbon|hover\u00bb transform_translate__hover=\u00bb0px|-5px\u00bb transform_scale__hover=\u00bb110%|110%\u00bb follow_button=\u00bboff\u00bb url_new_window=\u00bbon\u00bb]linkedin[\/et_pb_social_media_follow_network][et_pb_social_media_follow_network social_network=\u00bbwhatsapp\u00bb url=\u00bbhttps:\/\/api.whatsapp.com\/send?phone=34645581853&#8243; icon_color=\u00bb#986556&#8243; use_icon_font_size=\u00bbon\u00bb icon_font_size=\u00bb24px\u00bb _builder_version=\u00bb4.27.4&#8243; _module_preset=\u00bb1224e17a-0c75-4103-8bf8-1e8e99f7001e\u00bb background_color=\u00bb#25D366&#8243; transform_translate_linked__hover=\u00bboff\u00bb global_colors_info=\u00bb{}\u00bb icon_color__hover_enabled=\u00bbon|hover\u00bb icon_color__hover=\u00bb#89B82A\u00bb transform_styles__hover_enabled=\u00bbon|desktop\u00bb transform_scale__hover_enabled=\u00bbon|desktop\u00bb transform_translate__hover_enabled=\u00bbon|desktop\u00bb transform_rotate__hover_enabled=\u00bbon|hover\u00bb transform_skew__hover_enabled=\u00bbon|hover\u00bb transform_origin__hover_enabled=\u00bbon|hover\u00bb transform_translate__hover=\u00bb0px|-5px\u00bb transform_scale__hover=\u00bb110%|110%\u00bb follow_button=\u00bboff\u00bb url_new_window=\u00bbon\u00bb]whatsapp[\/et_pb_social_media_follow_network][\/et_pb_social_media_follow][\/et_pb_column][et_pb_column type=\u00bb3_5&#8243; _builder_version=\u00bb4.25.1&#8243; _module_preset=\u00bbdefault\u00bb global_colors_info=\u00bb{}\u00bb][et_pb_heading title=\u00bbAna, tu estilista de confianza en Sant Gervasi\u00bb _builder_version=\u00bb4.27.4&#8243; _module_preset=\u00bbc33f07d9-41e0-421a-8799-5799df695cce\u00bb title_font_size=\u00bb44px\u00bb title_line_height=\u00bb1.15em\u00bb custom_margin_tablet=\u00bb-25px||10px||false|false\u00bb custom_margin_phone=\u00bb-25px||10px||false|false\u00bb custom_margin_last_edited=\u00bbon|desktop\u00bb animation_style=\u00bbfade\u00bb animation_duration=\u00bb2000ms\u00bb title_font_size_tablet=\u00bb38px\u00bb title_font_size_phone=\u00bb26px\u00bb global_colors_info=\u00bb{}\u00bb][\/et_pb_heading][et_pb_social_media_follow icon_color=\u00bbgcid-secondary-color\u00bb disabled_on=\u00bboff|off|on\u00bb _builder_version=\u00bb4.27.4&#8243; _module_preset=\u00bb9a2c7b49-38da-4a8e-a698-40ad4873179f\u00bb text_orientation=\u00bbleft\u00bb custom_margin=\u00bb|||-15px|false|false\u00bb custom_padding=\u00bb||||false|false\u00bb global_colors_info=\u00bb{%22gcid-secondary-color%22:%91%22icon_color%22%93}\u00bb][et_pb_social_media_follow_network social_network=\u00bbfacebook\u00bb url=\u00bbhttps:\/\/www.facebook.com\/care.beautyplace\/\u00bb icon_color=\u00bb#986556&#8243; use_icon_font_size=\u00bbon\u00bb icon_font_size=\u00bb24px\u00bb _builder_version=\u00bb4.27.4&#8243; _module_preset=\u00bb1224e17a-0c75-4103-8bf8-1e8e99f7001e\u00bb background_color=\u00bb#3b5998&#8243; transform_translate_linked__hover=\u00bboff\u00bb global_colors_info=\u00bb{}\u00bb icon_color__hover_enabled=\u00bbon|desktop\u00bb icon_color__hover=\u00bb#89B82A\u00bb transform_styles__hover_enabled=\u00bbon|desktop\u00bb transform_scale__hover_enabled=\u00bbon|desktop\u00bb transform_translate__hover_enabled=\u00bbon|desktop\u00bb transform_rotate__hover_enabled=\u00bbon|hover\u00bb transform_skew__hover_enabled=\u00bbon|hover\u00bb transform_origin__hover_enabled=\u00bbon|hover\u00bb transform_translate__hover=\u00bb0px|-5px\u00bb transform_scale__hover=\u00bb110%|110%\u00bb follow_button=\u00bboff\u00bb url_new_window=\u00bbon\u00bb]facebook[\/et_pb_social_media_follow_network][et_pb_social_media_follow_network social_network=\u00bbinstagram\u00bb url=\u00bbhttps:\/\/www.instagram.com\/carebeautyplace\/\u00bb icon_color=\u00bb#986556&#8243; use_icon_font_size=\u00bbon\u00bb icon_font_size=\u00bb24px\u00bb _builder_version=\u00bb4.27.4&#8243; _module_preset=\u00bb1224e17a-0c75-4103-8bf8-1e8e99f7001e\u00bb background_color=\u00bb#ea2c59&#8243; transform_translate_linked__hover=\u00bboff\u00bb global_colors_info=\u00bb{}\u00bb icon_color__hover_enabled=\u00bbon|hover\u00bb icon_color__hover=\u00bb#89B82A\u00bb transform_styles__hover_enabled=\u00bbon|desktop\u00bb transform_scale__hover_enabled=\u00bbon|desktop\u00bb transform_translate__hover_enabled=\u00bbon|desktop\u00bb transform_rotate__hover_enabled=\u00bbon|hover\u00bb transform_skew__hover_enabled=\u00bbon|hover\u00bb transform_origin__hover_enabled=\u00bbon|hover\u00bb transform_translate__hover=\u00bb0px|-5px\u00bb transform_scale__hover=\u00bb110%|110%\u00bb follow_button=\u00bboff\u00bb url_new_window=\u00bbon\u00bb]instagram[\/et_pb_social_media_follow_network][et_pb_social_media_follow_network social_network=\u00bblinkedin\u00bb url=\u00bbhttps:\/\/www.linkedin.com\/in\/ana-maria-mirete-quintana-38a74176\/\u00bb icon_color=\u00bb#986556&#8243; use_icon_font_size=\u00bbon\u00bb icon_font_size=\u00bb24px\u00bb _builder_version=\u00bb4.27.4&#8243; _module_preset=\u00bb1224e17a-0c75-4103-8bf8-1e8e99f7001e\u00bb background_color=\u00bb#007bb6&#8243; transform_translate_linked__hover=\u00bboff\u00bb global_colors_info=\u00bb{}\u00bb icon_color__hover_enabled=\u00bbon|desktop\u00bb icon_color__hover=\u00bb#89B82A\u00bb transform_styles__hover_enabled=\u00bbon|desktop\u00bb transform_scale__hover_enabled=\u00bbon|desktop\u00bb transform_translate__hover_enabled=\u00bbon|desktop\u00bb transform_rotate__hover_enabled=\u00bbon|hover\u00bb transform_skew__hover_enabled=\u00bbon|hover\u00bb transform_origin__hover_enabled=\u00bbon|hover\u00bb transform_translate__hover=\u00bb0px|-5px\u00bb transform_scale__hover=\u00bb110%|110%\u00bb follow_button=\u00bboff\u00bb url_new_window=\u00bbon\u00bb]linkedin[\/et_pb_social_media_follow_network][et_pb_social_media_follow_network social_network=\u00bbwhatsapp\u00bb url=\u00bbhttps:\/\/api.whatsapp.com\/send?phone=34645581853&#8243; icon_color=\u00bb#986556&#8243; use_icon_font_size=\u00bbon\u00bb icon_font_size=\u00bb24px\u00bb _builder_version=\u00bb4.27.4&#8243; _module_preset=\u00bb1224e17a-0c75-4103-8bf8-1e8e99f7001e\u00bb background_color=\u00bb#25D366&#8243; transform_translate_linked__hover=\u00bboff\u00bb global_colors_info=\u00bb{}\u00bb icon_color__hover_enabled=\u00bbon|hover\u00bb icon_color__hover=\u00bb#89B82A\u00bb transform_styles__hover_enabled=\u00bbon|desktop\u00bb transform_scale__hover_enabled=\u00bbon|desktop\u00bb transform_translate__hover_enabled=\u00bbon|desktop\u00bb transform_rotate__hover_enabled=\u00bbon|hover\u00bb transform_skew__hover_enabled=\u00bbon|hover\u00bb transform_origin__hover_enabled=\u00bbon|hover\u00bb transform_translate__hover=\u00bb0px|-5px\u00bb transform_scale__hover=\u00bb110%|110%\u00bb follow_button=\u00bboff\u00bb url_new_window=\u00bbon\u00bb]whatsapp[\/et_pb_social_media_follow_network][\/et_pb_social_media_follow][et_pb_text _builder_version=\u00bb4.27.4&#8243; _module_preset=\u00bb2c55a9c4-feed-423b-9edb-ae0b5b365cac\u00bb text_font=\u00bb&#8211;et_global_heading_font|300|||||||\u00bb text_orientation=\u00bbjustified\u00bb animation_style=\u00bbslide\u00bb animation_direction=\u00bbbottom\u00bb animation_duration=\u00bb1200ms\u00bb animation_delay=\u00bb400ms\u00bb animation_intensity_slide=\u00bb5%\u00bb text_font_size_last_edited=\u00bboff|desktop\u00bb global_colors_info=\u00bb{}\u00bb]<\/p>\n<p>Detr\u00e1s de Care Beauty Place est\u00e1 <strong>Ana<\/strong>, estilista con m\u00e1s de 15 a\u00f1os de experiencia. Reconocida por su trato cercano y su habilidad para encontrar el estilo perfecto para cada persona, ha convertido el sal\u00f3n en un espacio donde las clientas se sienten escuchadas, mimadas y cuidadas.<\/p>\n<p>Adem\u00e1s, <strong>Ana<\/strong> est\u00e1 en continua formaci\u00f3n, siempre realizando cursos y ampliando sus conocimientos para mantenerse al d\u00eda de las \u00faltimas tendencias. Le apasiona poder trasladar todo lo que aprende a sus clientas para ofrecerles lo mejor en cada visita.<\/p>\n<p>[\/et_pb_text][dsm_icon_list _builder_version=\u00bb4.27.4&#8243; _module_preset=\u00bbdefault\u00bb animation_style=\u00bbslide\u00bb animation_direction=\u00bbbottom\u00bb animation_duration=\u00bb1200ms\u00bb animation_delay=\u00bb500ms\u00bb animation_intensity_slide=\u00bb5%\u00bb global_colors_info=\u00bb{}\u00bb][dsm_icon_list_child text=\u00bbExperta en cortes, mechas balayage y coloraciones naturales\u00bb font_icon=\u00bb&#xf00c;||fa||900&#8243; icon_font_size=\u00bb22px\u00bb _builder_version=\u00bb4.27.4&#8243; _module_preset=\u00bbdefault\u00bb text_font=\u00bb&#8211;et_global_heading_font|300|||||||\u00bb text_font_size=\u00bb15px\u00bb text_letter_spacing=\u00bb0px\u00bb text_line_height=\u00bb1.2em\u00bb transform_translate_linked__hover=\u00bboff\u00bb text_font_size_phone=\u00bb15px\u00bb text_font_size_last_edited=\u00bboff|tablet\u00bb global_colors_info=\u00bb{}\u00bb transform_styles__hover_enabled=\u00bbon|hover\u00bb transform_scale__hover_enabled=\u00bbon|hover\u00bb transform_translate__hover_enabled=\u00bbon|hover\u00bb transform_rotate__hover_enabled=\u00bbon|desktop\u00bb transform_skew__hover_enabled=\u00bbon|desktop\u00bb transform_origin__hover_enabled=\u00bbon|desktop\u00bb transform_translate__hover=\u00bb10px|0px\u00bb][\/dsm_icon_list_child][dsm_icon_list_child text=\u00bbAmplia experiencia en tratamientos capilares org\u00e1nicos y antica\u00edda\u00bb font_icon=\u00bb&#xf00c;||fa||900&#8243; icon_font_size=\u00bb22px\u00bb _builder_version=\u00bb4.27.4&#8243; _module_preset=\u00bbdefault\u00bb text_font=\u00bb&#8211;et_global_heading_font|300|||||||\u00bb text_font_size=\u00bb15px\u00bb text_letter_spacing=\u00bb0px\u00bb text_line_height=\u00bb1.2em\u00bb transform_translate_linked__hover=\u00bboff\u00bb custom_margin=\u00bb5px||||false|false\u00bb custom_margin_tablet=\u00bb5px||||false|false\u00bb custom_margin_phone=\u00bb10px||||false|false\u00bb custom_margin_last_edited=\u00bbon|desktop\u00bb global_colors_info=\u00bb{}\u00bb transform_styles__hover_enabled=\u00bbon|hover\u00bb transform_scale__hover_enabled=\u00bbon|desktop\u00bb transform_translate__hover_enabled=\u00bbon|hover\u00bb transform_rotate__hover_enabled=\u00bbon|desktop\u00bb transform_skew__hover_enabled=\u00bbon|desktop\u00bb transform_origin__hover_enabled=\u00bbon|desktop\u00bb transform_translate__hover=\u00bb10px|0px\u00bb][\/dsm_icon_list_child][dsm_icon_list_child text=\u00bbProfesional en servicios de est\u00e9tica facial y corporal\u00bb font_icon=\u00bb&#xf00c;||fa||900&#8243; icon_font_size=\u00bb22px\u00bb _builder_version=\u00bb4.27.4&#8243; _module_preset=\u00bbdefault\u00bb text_font=\u00bb&#8211;et_global_heading_font|300|||||||\u00bb text_font_size=\u00bb15px\u00bb text_letter_spacing=\u00bb0px\u00bb text_line_height=\u00bb1.2em\u00bb transform_translate_linked__hover=\u00bboff\u00bb custom_margin=\u00bb5px||||false|false\u00bb custom_margin_tablet=\u00bb5px||||false|false\u00bb custom_margin_phone=\u00bb10px|40px|||false|false\u00bb custom_margin_last_edited=\u00bbon|phone\u00bb global_colors_info=\u00bb{}\u00bb transform_styles__hover_enabled=\u00bbon|hover\u00bb transform_scale__hover_enabled=\u00bbon|desktop\u00bb transform_translate__hover_enabled=\u00bbon|hover\u00bb transform_rotate__hover_enabled=\u00bbon|desktop\u00bb transform_skew__hover_enabled=\u00bbon|desktop\u00bb transform_origin__hover_enabled=\u00bbon|desktop\u00bb transform_translate__hover=\u00bb10px|0px\u00bb][\/dsm_icon_list_child][\/dsm_icon_list][et_pb_button button_url=\u00bbhttps:\/\/api.whatsapp.com\/send?phone=34645581853&#8243; button_text=\u00bbReserva tu cita con Ana\u00bb button_alignment=\u00bbleft\u00bb button_alignment_last_edited=\u00bboff|desktop\u00bb _builder_version=\u00bb4.27.4&#8243; _module_preset=\u00bb1bffc0fc-42a0-49d1-bd9a-ae3ade2d7206&#8243; button_text_size=\u00bb20px\u00bb button_letter_spacing=\u00bb1px\u00bb button_font=\u00bbBebas Neue|700|||||||\u00bb button_icon=\u00bb&#xf0c4;||fa||900&#8243; custom_margin=\u00bb40px||-10px||false|false\u00bb custom_margin_tablet=\u00bb60px||60px||false|false\u00bb custom_margin_phone=\u00bb45px||35px||false|false\u00bb custom_margin_last_edited=\u00bbon|phone\u00bb custom_padding=\u00bb10px|50px|10px|50px|true|true\u00bb custom_padding_tablet=\u00bb10px|50px|10px|50px|true|true\u00bb custom_padding_phone=\u00bb|30px||30px|true|true\u00bb custom_padding_last_edited=\u00bbon|phone\u00bb animation_style=\u00bbfade\u00bb button_text_size_tablet=\u00bb20px\u00bb button_text_size_phone=\u00bb16px\u00bb button_text_size_last_edited=\u00bbon|phone\u00bb box_shadow_style=\u00bbpreset3&#8243; box_shadow_vertical=\u00bb0px\u00bb box_shadow_blur=\u00bb0px\u00bb locked=\u00bboff\u00bb global_colors_info=\u00bb{}\u00bb box_shadow_vertical__hover_enabled=\u00bbon|desktop\u00bb box_shadow_vertical__hover=\u00bb12px\u00bb box_shadow_blur__hover_enabled=\u00bbon|hover\u00bb box_shadow_blur__hover=\u00bb18px\u00bb button_bg_color__hover_enabled=\u00bbon|hover\u00bb button_bg_color__hover=\u00bb#986556&#8243; button_bg_enable_color__hover=\u00bbon\u00bb transform_styles__hover_enabled=\u00bbon|hover\u00bb transform_scale__hover_enabled=\u00bbon|hover\u00bb transform_translate__hover_enabled=\u00bbon|desktop\u00bb transform_rotate__hover_enabled=\u00bbon|desktop\u00bb transform_skew__hover_enabled=\u00bbon|desktop\u00bb transform_origin__hover_enabled=\u00bbon|desktop\u00bb transform_scale__hover=\u00bb102%|102%\u00bb][\/et_pb_button][\/et_pb_column][\/et_pb_row][\/et_pb_section][et_pb_section fb_built=\u00bb1&#8243; admin_label=\u00bbTestimonials\u00bb _builder_version=\u00bb4.27.4&#8243; _module_preset=\u00bbdefault\u00bb background_enable_image=\u00bboff\u00bb background_size=\u00bbcontain\u00bb background_position=\u00bbtop_left\u00bb background_horizontal_offset=\u00bb12%\u00bb background_last_edited=\u00bbon|phone\u00bb background_size_tablet=\u00bbcover\u00bb background_position_phone=\u00bbtop_left\u00bb background_horizontal_offset_tablet=\u00bb-13%\u00bb background_horizontal_offset_phone=\u00bb8%\u00bb locked=\u00bboff\u00bb collapsed=\u00bboff\u00bb global_colors_info=\u00bb{}\u00bb][et_pb_row _builder_version=\u00bb4.16&#8243; _module_preset=\u00bb5138c454-be54-4233-bd3b-f8e6a8747976&#8243; locked=\u00bboff\u00bb global_colors_info=\u00bb{}\u00bb][et_pb_column type=\u00bb4_4&#8243; _builder_version=\u00bb4.16&#8243; _module_preset=\u00bb73121f80-a3ef-4484-8763-c3f18e3c56d2&#8243; global_colors_info=\u00bb{}\u00bb][et_pb_heading title=\u00bbOpiniones de Nuestr@s Client@s *\u00bb _builder_version=\u00bb4.27.4&#8243; _module_preset=\u00bbc33f07d9-41e0-421a-8799-5799df695cce\u00bb title_text_align=\u00bbcenter\u00bb title_font_size=\u00bb44px\u00bb title_line_height=\u00bb1.15em\u00bb animation_style=\u00bbfade\u00bb animation_duration=\u00bb2000ms\u00bb title_font_size_tablet=\u00bb38px\u00bb title_font_size_phone=\u00bb26px\u00bb title_font_size_last_edited=\u00bbon|tablet\u00bb global_colors_info=\u00bb{}\u00bb][\/et_pb_heading][\/et_pb_column][\/et_pb_row][et_pb_row column_structure=\u00bb1_3,1_3,1_3&#8243; disabled_on=\u00bbon|on|on\u00bb _builder_version=\u00bb4.27.4&#8243; _module_preset=\u00bb5138c454-be54-4233-bd3b-f8e6a8747976&#8243; disabled=\u00bbon\u00bb locked=\u00bboff\u00bb global_colors_info=\u00bb{}\u00bb][et_pb_column type=\u00bb1_3&#8243; _builder_version=\u00bb4.17.6&#8243; _module_preset=\u00bb73121f80-a3ef-4484-8763-c3f18e3c56d2&#8243; global_colors_info=\u00bb{}\u00bb][et_pb_icon font_icon=\u00bb&#xf005;||fa||900&#8243; icon_color=\u00bbgcid-secondary-color\u00bb icon_width=\u00bb38px\u00bb align=\u00bbcenter\u00bb module_class=\u00bbai_ignore_font_icon\u00bb _builder_version=\u00bb4.27.4&#8243; _module_preset=\u00bbc2c23269-d09e-4bca-9247-65cd5ecf15a9&#8243; locked=\u00bboff\u00bb global_colors_info=\u00bb{%22gcid-secondary-color%22:%91%22icon_color%22%93}\u00bb font_icon__hover_enabled=\u00bboff|desktop\u00bb font_icon__hover=\u00bb\uf005||fa||900&#8243; icon_color__hover_enabled=\u00bbon|desktop\u00bb icon_color__hover=\u00bb#E2B093&#8243; icon_width__hover_enabled=\u00bboff|hover\u00bb icon_width__hover=\u00bb40px\u00bb transform_styles__hover_enabled=\u00bbon|hover\u00bb transform_scale__hover_enabled=\u00bbon|hover\u00bb transform_translate__hover_enabled=\u00bbon|hover\u00bb transform_rotate__hover_enabled=\u00bbon|hover\u00bb transform_skew__hover_enabled=\u00bbon|hover\u00bb transform_origin__hover_enabled=\u00bbon|hover\u00bb transform_scale__hover=\u00bb120%|120%\u00bb][\/et_pb_icon][et_pb_text _builder_version=\u00bb4.27.4&#8243; _module_preset=\u00bbca5459fa-2abd-4000-9b59-3cb483bcc17e\u00bb text_font=\u00bb&#8211;et_global_heading_font|300|on||||||\u00bb text_text_color=\u00bbgcid-heading-color\u00bb text_orientation=\u00bbcenter\u00bb locked=\u00bboff\u00bb global_colors_info=\u00bb{%22gcid-primary-color%22:%91%22link_text_color%22,%22link_text_color%22,%22link_text_color%22%93,%22gcid-heading-color%22:%91%22header_text_color%22,%22header_4_text_color%22,%22header_3_text_color%22,%22header_2_text_color%22,%22header_5_text_color%22,%22header_6_text_color%22,%22quote_text_color%22,%22text_text_color%22%93,%22gcid-secondary-color%22:%91%22quote_border_color%22,%22quote_border_color%22,%22quote_border_color%22%93}\u00bb]\u00bbDesde que descubr\u00ed Care Beauty Place, no he vuelto a otro sal\u00f3n. La atenci\u00f3n es incre\u00edble y siempre salgo encantada con mi nuevo look.\u00bb[\/et_pb_text][et_pb_heading title=\u00bbMar\u00eda G.\u00bb _builder_version=\u00bb4.27.4&#8243; _module_preset=\u00bbf0c675ea-2574-4d0e-b725-30f8550a8550&#8243; title_level=\u00bbh3&#8243; title_font=\u00bbBebas Neue|||on|||||\u00bb title_text_align=\u00bbcenter\u00bb title_text_color=\u00bbgcid-primary-color\u00bb title_font_size=\u00bb24px\u00bb custom_margin=\u00bb||||false|false\u00bb custom_margin_last_edited=\u00bboff|tablet\u00bb title_font_size_tablet=\u00bb18px\u00bb title_font_size_phone=\u00bb16px\u00bb title_font_size_last_edited=\u00bbon|phone\u00bb locked=\u00bboff\u00bb global_colors_info=\u00bb{%22gcid-primary-color%22:%91%22title_text_color%22%93}\u00bb title_text_color__hover_enabled=\u00bbon|hover\u00bb title_text_color__hover=\u00bb#E2B093&#8243;][\/et_pb_heading][\/et_pb_column][et_pb_column type=\u00bb1_3&#8243; _builder_version=\u00bb4.17.6&#8243; _module_preset=\u00bb73121f80-a3ef-4484-8763-c3f18e3c56d2&#8243; custom_padding_tablet=\u00bb30px||||false|false\u00bb custom_padding_phone=\u00bb30px||||false|false\u00bb custom_padding_last_edited=\u00bbon|tablet\u00bb global_colors_info=\u00bb{}\u00bb][et_pb_icon font_icon=\u00bb&#xf005;||fa||900&#8243; icon_color=\u00bbgcid-secondary-color\u00bb icon_width=\u00bb38px\u00bb align=\u00bbcenter\u00bb module_class=\u00bbai_ignore_font_icon\u00bb _builder_version=\u00bb4.27.4&#8243; _module_preset=\u00bbc2c23269-d09e-4bca-9247-65cd5ecf15a9&#8243; locked=\u00bboff\u00bb global_colors_info=\u00bb{%22gcid-secondary-color%22:%91%22icon_color%22%93}\u00bb font_icon__hover_enabled=\u00bboff|desktop\u00bb font_icon__hover=\u00bb\uf005||fa||900&#8243; icon_color__hover_enabled=\u00bbon|desktop\u00bb icon_color__hover=\u00bb#E2B093&#8243; icon_width__hover_enabled=\u00bboff|hover\u00bb icon_width__hover=\u00bb40px\u00bb transform_styles__hover_enabled=\u00bbon|hover\u00bb transform_scale__hover_enabled=\u00bbon|hover\u00bb transform_translate__hover_enabled=\u00bbon|hover\u00bb transform_rotate__hover_enabled=\u00bbon|hover\u00bb transform_skew__hover_enabled=\u00bbon|hover\u00bb transform_origin__hover_enabled=\u00bbon|hover\u00bb transform_scale__hover=\u00bb120%|120%\u00bb][\/et_pb_icon][et_pb_text _builder_version=\u00bb4.27.4&#8243; _module_preset=\u00bbca5459fa-2abd-4000-9b59-3cb483bcc17e\u00bb text_font=\u00bb&#8211;et_global_heading_font|300|on||||||\u00bb text_text_color=\u00bbgcid-heading-color\u00bb text_orientation=\u00bbcenter\u00bb locked=\u00bboff\u00bb global_colors_info=\u00bb{%22gcid-primary-color%22:%91%22link_text_color%22,%22link_text_color%22,%22link_text_color%22%93,%22gcid-heading-color%22:%91%22header_text_color%22,%22header_4_text_color%22,%22header_3_text_color%22,%22header_2_text_color%22,%22header_5_text_color%22,%22header_6_text_color%22,%22quote_text_color%22,%22text_text_color%22%93,%22gcid-secondary-color%22:%91%22quote_border_color%22,%22quote_border_color%22,%22quote_border_color%22%93}\u00bb]<\/p>\n<p>\u00abAna es una artista. Su habilidad para entender lo que quiero y mejorarlo es impresionante. Me siento renovada cada vez que la visito.\u00bb<\/p>\n<p>[\/et_pb_text][et_pb_heading title=\u00bbLaura S.\u00bb _builder_version=\u00bb4.27.4&#8243; _module_preset=\u00bbf0c675ea-2574-4d0e-b725-30f8550a8550&#8243; title_level=\u00bbh3&#8243; title_font=\u00bbBebas Neue|||on|||||\u00bb title_text_align=\u00bbcenter\u00bb title_text_color=\u00bbgcid-primary-color\u00bb title_font_size=\u00bb24px\u00bb custom_margin=\u00bb||||false|false\u00bb custom_margin_last_edited=\u00bboff|tablet\u00bb title_font_size_tablet=\u00bb18px\u00bb title_font_size_phone=\u00bb16px\u00bb title_font_size_last_edited=\u00bbon|phone\u00bb locked=\u00bboff\u00bb global_colors_info=\u00bb{%22gcid-primary-color%22:%91%22title_text_color%22%93}\u00bb title_text_color__hover_enabled=\u00bbon|hover\u00bb title_text_color__hover=\u00bb#E2B093&#8243;][\/et_pb_heading][\/et_pb_column][et_pb_column type=\u00bb1_3&#8243; _builder_version=\u00bb4.17.6&#8243; _module_preset=\u00bb73121f80-a3ef-4484-8763-c3f18e3c56d2&#8243; custom_padding_tablet=\u00bb30px||||false|false\u00bb custom_padding_phone=\u00bb30px||||false|false\u00bb custom_padding_last_edited=\u00bbon|tablet\u00bb global_colors_info=\u00bb{}\u00bb][et_pb_icon font_icon=\u00bb&#xf005;||fa||900&#8243; icon_color=\u00bbgcid-secondary-color\u00bb icon_width=\u00bb38px\u00bb align=\u00bbcenter\u00bb module_class=\u00bbai_ignore_font_icon\u00bb _builder_version=\u00bb4.27.4&#8243; _module_preset=\u00bbc2c23269-d09e-4bca-9247-65cd5ecf15a9&#8243; locked=\u00bboff\u00bb global_colors_info=\u00bb{%22gcid-secondary-color%22:%91%22icon_color%22%93}\u00bb font_icon__hover_enabled=\u00bboff|desktop\u00bb font_icon__hover=\u00bb\uf005||fa||900&#8243; icon_color__hover_enabled=\u00bbon|desktop\u00bb icon_color__hover=\u00bb#E2B093&#8243; icon_width__hover_enabled=\u00bboff|hover\u00bb icon_width__hover=\u00bb40px\u00bb transform_styles__hover_enabled=\u00bbon|hover\u00bb transform_scale__hover_enabled=\u00bbon|hover\u00bb transform_translate__hover_enabled=\u00bbon|hover\u00bb transform_rotate__hover_enabled=\u00bbon|hover\u00bb transform_skew__hover_enabled=\u00bbon|hover\u00bb transform_origin__hover_enabled=\u00bbon|hover\u00bb transform_scale__hover=\u00bb120%|120%\u00bb][\/et_pb_icon][et_pb_text _builder_version=\u00bb4.27.4&#8243; _module_preset=\u00bbca5459fa-2abd-4000-9b59-3cb483bcc17e\u00bb text_font=\u00bb&#8211;et_global_heading_font|300|on||||||\u00bb text_text_color=\u00bbgcid-heading-color\u00bb text_orientation=\u00bbcenter\u00bb locked=\u00bboff\u00bb global_colors_info=\u00bb{%22gcid-primary-color%22:%91%22link_text_color%22,%22link_text_color%22,%22link_text_color%22%93,%22gcid-heading-color%22:%91%22header_text_color%22,%22header_4_text_color%22,%22header_3_text_color%22,%22header_2_text_color%22,%22header_5_text_color%22,%22header_6_text_color%22,%22quote_text_color%22,%22text_text_color%22%93,%22gcid-secondary-color%22:%91%22quote_border_color%22,%22quote_border_color%22,%22quote_border_color%22%93}\u00bb]<\/p>\n<p>\u00abEl ambiente es acogedor y relajante. Me encanta que usen productos naturales que cuidan mi cabello y mi piel.\u00bb<\/p>\n<p>[\/et_pb_text][et_pb_heading title=\u00bbCarmen R.\u00bb _builder_version=\u00bb4.27.4&#8243; _module_preset=\u00bbf0c675ea-2574-4d0e-b725-30f8550a8550&#8243; title_level=\u00bbh3&#8243; title_font=\u00bbBebas Neue|||on|||||\u00bb title_text_align=\u00bbcenter\u00bb title_text_color=\u00bbgcid-primary-color\u00bb title_font_size=\u00bb24px\u00bb custom_margin=\u00bb||||false|false\u00bb custom_margin_last_edited=\u00bboff|tablet\u00bb title_font_size_tablet=\u00bb18px\u00bb title_font_size_phone=\u00bb16px\u00bb title_font_size_last_edited=\u00bbon|phone\u00bb locked=\u00bboff\u00bb global_colors_info=\u00bb{%22gcid-primary-color%22:%91%22title_text_color%22%93}\u00bb title_text_color__hover_enabled=\u00bbon|hover\u00bb title_text_color__hover=\u00bb#E2B093&#8243;][\/et_pb_heading][\/et_pb_column][\/et_pb_row][et_pb_row _builder_version=\u00bb4.17.6&#8243; _module_preset=\u00bb5138c454-be54-4233-bd3b-f8e6a8747976&#8243; locked=\u00bboff\u00bb global_colors_info=\u00bb{}\u00bb][et_pb_column type=\u00bb4_4&#8243; _builder_version=\u00bb4.17.6&#8243; _module_preset=\u00bb73121f80-a3ef-4484-8763-c3f18e3c56d2&#8243; global_colors_info=\u00bb{}\u00bb][et_pb_code _builder_version=\u00bb4.27.4&#8243; _module_preset=\u00bbdefault\u00bb global_colors_info=\u00bb{}\u00bb]<pre class=\"ti-widget\"><template id=\"trustindex-google-widget-html\"><div class=\" ti-widget  ti-goog ti-disable-font ti-show-rating-text ti-review-text-mode-readmore ti-text-align-left\" data-no-translation=\"true\" data-plugin-version=\"13.2.9\" data-layout-id=\"5\" data-layout-category=\"slider\" data-set-id=\"light-background\" data-pid=\"\" data-language=\"es\" data-close-locale=\"Cerca\" data-review-target-width=\"275\" data-css-version=\"2\" data-reply-by-locale=\"Respuesta del propietario\" data-only-rating-locale=\"Esta usuario solo dej\u00f3 una calificaci\u00f3n.\" data-pager-autoplay-timeout=\"6\"> <div class=\"ti-widget-container ti-col-4\"> <div class=\"ti-footer ti-footer-grid source-Google\"> <div class=\"ti-fade-container\"> <div class=\"ti-rating-text\"> <strong class=\"ti-rating ti-rating-large\"> EXCELENTE <\/strong> <\/div> <span class=\"ti-stars star-lg\"><trustindex-image class=\"ti-star\" data-imgurl=\"https:\/\/cdn.trustindex.io\/assets\/platform\/Google\/star\/f.svg\" alt=\"Google star 1\" width=\"17\" height=\"17\" loading=\"lazy\"><\/trustindex-image><trustindex-image class=\"ti-star\" data-imgurl=\"https:\/\/cdn.trustindex.io\/assets\/platform\/Google\/star\/f.svg\" alt=\"Google star 2\" width=\"17\" height=\"17\" loading=\"lazy\"><\/trustindex-image><trustindex-image class=\"ti-star\" data-imgurl=\"https:\/\/cdn.trustindex.io\/assets\/platform\/Google\/star\/f.svg\" alt=\"Google star 3\" width=\"17\" height=\"17\" loading=\"lazy\"><\/trustindex-image><trustindex-image class=\"ti-star\" data-imgurl=\"https:\/\/cdn.trustindex.io\/assets\/platform\/Google\/star\/f.svg\" alt=\"Google star 4\" width=\"17\" height=\"17\" loading=\"lazy\"><\/trustindex-image><trustindex-image class=\"ti-star\" data-imgurl=\"https:\/\/cdn.trustindex.io\/assets\/platform\/Google\/star\/f.svg\" alt=\"Google star 5\" width=\"17\" height=\"17\" loading=\"lazy\"><\/trustindex-image><\/span> <div class=\"ti-rating-text\"> <span class=\"nowrap\">A base de <strong>97 rese\u00f1as<\/strong><\/span> <\/div> <div class=\"ti-large-logo\"> <div class=\"ti-v-center\"> <trustindex-image class=\"ti-logo-fb\" data-imgurl=\"https:\/\/cdn.trustindex.io\/assets\/platform\/Google\/logo.svg\" width=\"150\" height=\"25\" loading=\"lazy\" alt=\"Google\"><\/trustindex-image> <\/div> <\/div> <\/div> <\/div> <div class=\"ti-reviews-container\"> <div class=\"ti-controls\"> <div class=\"ti-next\" aria-label=\"Siguiente rese\u00f1a\" role=\"button\" tabindex=\"0\"><\/div> <div class=\"ti-prev\" aria-label=\"Rese\u00f1a anterior\" role=\"button\" tabindex=\"0\"><\/div> <\/div> <div class=\"ti-reviews-container-wrapper\">  <div data-empty=\"0\" class=\"ti-review-item source-Google ti-image-layout-thumbnail\" data-id=\"cfcd208495d565ef66e7dff9f98764da\"> <div class=\"ti-inner\"> <div class=\"ti-review-header\"> <div class=\"ti-platform-icon ti-with-tooltip\"> <span class=\"ti-tooltip\">Publicado en <\/span> <trustindex-image data-imgurl=\"https:\/\/cdn.trustindex.io\/assets\/platform\/Google\/icon.svg\" alt=\"\" width=\"20\" height=\"20\" loading=\"lazy\"><\/trustindex-image> <\/div> <div class=\"ti-profile-img\"> <trustindex-image data-imgurl=\"https:\/\/lh3.googleusercontent.com\/a\/ACg8ocK6I322tt3m8hfgeGFjfG3dDfnAlpJ5a7PKyDMUwuimCaRbkA=w40-h40-c-rp-mo-br100\" alt=\"zona town profile picture\" loading=\"lazy\"><\/trustindex-image> <\/div> <div class=\"ti-profile-details\"> <div class=\"ti-name\"> zona town <\/div> <div class=\"ti-date\">05\/03\/2026<\/div> <\/div> <\/div> <span class=\"ti-stars\"><trustindex-image class=\"ti-star\" data-imgurl=\"https:\/\/cdn.trustindex.io\/assets\/platform\/Google\/star\/f.svg\" alt=\"Google star 1\" width=\"17\" height=\"17\" loading=\"lazy\"><\/trustindex-image><trustindex-image class=\"ti-star\" data-imgurl=\"https:\/\/cdn.trustindex.io\/assets\/platform\/Google\/star\/f.svg\" alt=\"Google star 2\" width=\"17\" height=\"17\" loading=\"lazy\"><\/trustindex-image><trustindex-image class=\"ti-star\" data-imgurl=\"https:\/\/cdn.trustindex.io\/assets\/platform\/Google\/star\/f.svg\" alt=\"Google star 3\" width=\"17\" height=\"17\" loading=\"lazy\"><\/trustindex-image><trustindex-image class=\"ti-star\" data-imgurl=\"https:\/\/cdn.trustindex.io\/assets\/platform\/Google\/star\/f.svg\" alt=\"Google star 4\" width=\"17\" height=\"17\" loading=\"lazy\"><\/trustindex-image><trustindex-image class=\"ti-star\" data-imgurl=\"https:\/\/cdn.trustindex.io\/assets\/platform\/Google\/star\/f.svg\" alt=\"Google star 5\" width=\"17\" height=\"17\" loading=\"lazy\"><\/trustindex-image><span class=\"ti-verified-review ti-verified-platform\"><span class=\"ti-verified-tooltip\">Trustindex verifica que la fuente original de la rese\u00f1a sea Google.<\/span><\/span><\/span> <div class=\"ti-review-text-container ti-review-content\"><!-- R-CONTENT -->Muy contenta! Ana es una gran profesional, entiende perfectamente lo que quieres, y lo que tu pelo necesita.<!-- R-CONTENT --><\/div> <span class=\"ti-read-more\" data-container=\".ti-review-content\" data-collapse-text=\"Ocultar\" data-open-text=\"Leer m\u00e1s\"><\/span> <\/div> <\/div>  <div data-empty=\"0\" class=\"ti-review-item source-Google ti-image-layout-thumbnail\" data-id=\"cfcd208495d565ef66e7dff9f98764da\"> <div class=\"ti-inner\"> <div class=\"ti-review-header\"> <div class=\"ti-platform-icon ti-with-tooltip\"> <span class=\"ti-tooltip\">Publicado en <\/span> <trustindex-image data-imgurl=\"https:\/\/cdn.trustindex.io\/assets\/platform\/Google\/icon.svg\" alt=\"\" width=\"20\" height=\"20\" loading=\"lazy\"><\/trustindex-image> <\/div> <div class=\"ti-profile-img\"> <trustindex-image data-imgurl=\"https:\/\/lh3.googleusercontent.com\/a\/ACg8ocLVmNm3rNlfWEZZ894BLAlzJcFvBqvN5Bq6zfgzm6eUyUT90w=w40-h40-c-rp-mo-br100\" alt=\"Marta Martinez profile picture\" loading=\"lazy\"><\/trustindex-image> <\/div> <div class=\"ti-profile-details\"> <div class=\"ti-name\"> Marta Martinez <\/div> <div class=\"ti-date\">10\/06\/2025<\/div> <\/div> <\/div> <span class=\"ti-stars\"><trustindex-image class=\"ti-star\" data-imgurl=\"https:\/\/cdn.trustindex.io\/assets\/platform\/Google\/star\/f.svg\" alt=\"Google star 1\" width=\"17\" height=\"17\" loading=\"lazy\"><\/trustindex-image><trustindex-image class=\"ti-star\" data-imgurl=\"https:\/\/cdn.trustindex.io\/assets\/platform\/Google\/star\/f.svg\" alt=\"Google star 2\" width=\"17\" height=\"17\" loading=\"lazy\"><\/trustindex-image><trustindex-image class=\"ti-star\" data-imgurl=\"https:\/\/cdn.trustindex.io\/assets\/platform\/Google\/star\/f.svg\" alt=\"Google star 3\" width=\"17\" height=\"17\" loading=\"lazy\"><\/trustindex-image><trustindex-image class=\"ti-star\" data-imgurl=\"https:\/\/cdn.trustindex.io\/assets\/platform\/Google\/star\/f.svg\" alt=\"Google star 4\" width=\"17\" height=\"17\" loading=\"lazy\"><\/trustindex-image><trustindex-image class=\"ti-star\" data-imgurl=\"https:\/\/cdn.trustindex.io\/assets\/platform\/Google\/star\/f.svg\" alt=\"Google star 5\" width=\"17\" height=\"17\" loading=\"lazy\"><\/trustindex-image><span class=\"ti-verified-review ti-verified-platform\"><span class=\"ti-verified-tooltip\">Trustindex verifica que la fuente original de la rese\u00f1a sea Google.<\/span><\/span><\/span> <div class=\"ti-review-text-container ti-review-content\"><!-- R-CONTENT -->La atenci\u00f3n es genial, a parte de cortar y te\u00f1ir el pelo, se disfruta de un momento de relax. El lavacabezas un puntazo. Calidad precio inmejorable. Y el tratamiento facial intense con sonopuntura una maravilla<!-- R-CONTENT --><\/div> <span class=\"ti-read-more\" data-container=\".ti-review-content\" data-collapse-text=\"Ocultar\" data-open-text=\"Leer m\u00e1s\"><\/span> <\/div> <\/div>  <div data-empty=\"0\" class=\"ti-review-item source-Google ti-image-layout-thumbnail\" data-id=\"cfcd208495d565ef66e7dff9f98764da\"> <div class=\"ti-inner\"> <div class=\"ti-review-header\"> <div class=\"ti-platform-icon ti-with-tooltip\"> <span class=\"ti-tooltip\">Publicado en <\/span> <trustindex-image data-imgurl=\"https:\/\/cdn.trustindex.io\/assets\/platform\/Google\/icon.svg\" alt=\"\" width=\"20\" height=\"20\" loading=\"lazy\"><\/trustindex-image> <\/div> <div class=\"ti-profile-img\"> <trustindex-image data-imgurl=\"https:\/\/lh3.googleusercontent.com\/a-\/ALV-UjUNBDUHLM8Emv4uFE9PJpY7GM4J4QZJ66G6xAl8SfzCqo8YyhN2nA=w40-h40-c-rp-mo-br100\" alt=\"Amanda profile picture\" loading=\"lazy\"><\/trustindex-image> <\/div> <div class=\"ti-profile-details\"> <div class=\"ti-name\"> Amanda <\/div> <div class=\"ti-date\">28\/05\/2025<\/div> <\/div> <\/div> <span class=\"ti-stars\"><trustindex-image class=\"ti-star\" data-imgurl=\"https:\/\/cdn.trustindex.io\/assets\/platform\/Google\/star\/f.svg\" alt=\"Google star 1\" width=\"17\" height=\"17\" loading=\"lazy\"><\/trustindex-image><trustindex-image class=\"ti-star\" data-imgurl=\"https:\/\/cdn.trustindex.io\/assets\/platform\/Google\/star\/f.svg\" alt=\"Google star 2\" width=\"17\" height=\"17\" loading=\"lazy\"><\/trustindex-image><trustindex-image class=\"ti-star\" data-imgurl=\"https:\/\/cdn.trustindex.io\/assets\/platform\/Google\/star\/f.svg\" alt=\"Google star 3\" width=\"17\" height=\"17\" loading=\"lazy\"><\/trustindex-image><trustindex-image class=\"ti-star\" data-imgurl=\"https:\/\/cdn.trustindex.io\/assets\/platform\/Google\/star\/f.svg\" alt=\"Google star 4\" width=\"17\" height=\"17\" loading=\"lazy\"><\/trustindex-image><trustindex-image class=\"ti-star\" data-imgurl=\"https:\/\/cdn.trustindex.io\/assets\/platform\/Google\/star\/f.svg\" alt=\"Google star 5\" width=\"17\" height=\"17\" loading=\"lazy\"><\/trustindex-image><span class=\"ti-verified-review ti-verified-platform\"><span class=\"ti-verified-tooltip\">Trustindex verifica que la fuente original de la rese\u00f1a sea Google.<\/span><\/span><\/span> <div class=\"ti-review-text-container ti-review-content\"><!-- R-CONTENT -->Fant\u00e1stica experiencia! Me gust\u00f3 much\u00edsimo como me trat\u00f3 Ana. Era muy atenta, muy amable, simp\u00e1tica y profesional.\n\nMe explic\u00f3 todo lo necesario para cuidar mi cabello, ya que me hice una decoloraci\u00f3n y te\u00f1ido de pelo. Llevo dos semanas y el color a\u00fan est\u00e1 presente. Me gust\u00f3 mucho que utilizara productos naturales y que no da\u00f1en el cabello.\n\nMi estancia muy c\u00f3moda, no me dej\u00e9 el cuello de dolor, d\u00f3nde se lava el pelo, tiene un sill\u00f3n s\u00faper c\u00f3modo y tambi\u00e9n las butacas.\n\nA parte, me hice la manicura y qued\u00f3 s\u00faper lindas las u\u00f1as. Ya llevo como 2 semanas y est\u00e1n como nuevas.\n\nEstablecimiento y trato personal excelente. Lo recomiendo 100% y volver\u00e9 otra vez. Me gust\u00f3 much\u00edsimo.<!-- R-CONTENT --><\/div> <span class=\"ti-read-more\" data-container=\".ti-review-content\" data-collapse-text=\"Ocultar\" data-open-text=\"Leer m\u00e1s\"><\/span> <\/div> <\/div>  <div data-empty=\"0\" class=\"ti-review-item source-Google ti-image-layout-thumbnail\" data-id=\"cfcd208495d565ef66e7dff9f98764da\"> <div class=\"ti-inner\"> <div class=\"ti-review-header\"> <div class=\"ti-platform-icon ti-with-tooltip\"> <span class=\"ti-tooltip\">Publicado en <\/span> <trustindex-image data-imgurl=\"https:\/\/cdn.trustindex.io\/assets\/platform\/Google\/icon.svg\" alt=\"\" width=\"20\" height=\"20\" loading=\"lazy\"><\/trustindex-image> <\/div> <div class=\"ti-profile-img\"> <trustindex-image data-imgurl=\"https:\/\/lh3.googleusercontent.com\/a-\/ALV-UjW8uZkismVBd-Ntd6er43N6r5kQll1i1Wh5VkYBs3-iPXqb4doe=w40-h40-c-rp-mo-br100\" alt=\"Bel\u00e9n Sivatte profile picture\" loading=\"lazy\"><\/trustindex-image> <\/div> <div class=\"ti-profile-details\"> <div class=\"ti-name\"> Bel\u00e9n Sivatte <\/div> <div class=\"ti-date\">06\/07\/2024<\/div> <\/div> <\/div> <span class=\"ti-stars\"><trustindex-image class=\"ti-star\" data-imgurl=\"https:\/\/cdn.trustindex.io\/assets\/platform\/Google\/star\/f.svg\" alt=\"Google star 1\" width=\"17\" height=\"17\" loading=\"lazy\"><\/trustindex-image><trustindex-image class=\"ti-star\" data-imgurl=\"https:\/\/cdn.trustindex.io\/assets\/platform\/Google\/star\/f.svg\" alt=\"Google star 2\" width=\"17\" height=\"17\" loading=\"lazy\"><\/trustindex-image><trustindex-image class=\"ti-star\" data-imgurl=\"https:\/\/cdn.trustindex.io\/assets\/platform\/Google\/star\/f.svg\" alt=\"Google star 3\" width=\"17\" height=\"17\" loading=\"lazy\"><\/trustindex-image><trustindex-image class=\"ti-star\" data-imgurl=\"https:\/\/cdn.trustindex.io\/assets\/platform\/Google\/star\/f.svg\" alt=\"Google star 4\" width=\"17\" height=\"17\" loading=\"lazy\"><\/trustindex-image><trustindex-image class=\"ti-star\" data-imgurl=\"https:\/\/cdn.trustindex.io\/assets\/platform\/Google\/star\/f.svg\" alt=\"Google star 5\" width=\"17\" height=\"17\" loading=\"lazy\"><\/trustindex-image><span class=\"ti-verified-review ti-verified-platform\"><span class=\"ti-verified-tooltip\">Trustindex verifica que la fuente original de la rese\u00f1a sea Google.<\/span><\/span><\/span> <div class=\"ti-review-text-container ti-review-content\"><!-- R-CONTENT -->Vaig anar per tallar-ne el cabell i fer una donaci\u00f3 a 'Mechones solidarios'. L'Ana super maca i molt bona professional. M'ha encantat. Tornar\u00e9 segur!<!-- R-CONTENT --><\/div> <span class=\"ti-read-more\" data-container=\".ti-review-content\" data-collapse-text=\"Ocultar\" data-open-text=\"Leer m\u00e1s\"><\/span> <\/div> <\/div>  <div data-empty=\"0\" class=\"ti-review-item source-Google ti-image-layout-thumbnail\" data-id=\"cfcd208495d565ef66e7dff9f98764da\"> <div class=\"ti-inner\"> <div class=\"ti-review-header\"> <div class=\"ti-platform-icon ti-with-tooltip\"> <span class=\"ti-tooltip\">Publicado en <\/span> <trustindex-image data-imgurl=\"https:\/\/cdn.trustindex.io\/assets\/platform\/Google\/icon.svg\" alt=\"\" width=\"20\" height=\"20\" loading=\"lazy\"><\/trustindex-image> <\/div> <div class=\"ti-profile-img\"> <trustindex-image data-imgurl=\"https:\/\/lh3.googleusercontent.com\/a-\/ALV-UjWIGmodSWQv_q_XvGgHzIPmJRUg8qiFYD4fKdEyOmnzlrqXgmbb=w40-h40-c-rp-mo-br100\" alt=\"Manola Limo profile picture\" loading=\"lazy\"><\/trustindex-image> <\/div> <div class=\"ti-profile-details\"> <div class=\"ti-name\"> Manola Limo <\/div> <div class=\"ti-date\">29\/06\/2024<\/div> <\/div> <\/div> <span class=\"ti-stars\"><trustindex-image class=\"ti-star\" data-imgurl=\"https:\/\/cdn.trustindex.io\/assets\/platform\/Google\/star\/f.svg\" alt=\"Google star 1\" width=\"17\" height=\"17\" loading=\"lazy\"><\/trustindex-image><trustindex-image class=\"ti-star\" data-imgurl=\"https:\/\/cdn.trustindex.io\/assets\/platform\/Google\/star\/f.svg\" alt=\"Google star 2\" width=\"17\" height=\"17\" loading=\"lazy\"><\/trustindex-image><trustindex-image class=\"ti-star\" data-imgurl=\"https:\/\/cdn.trustindex.io\/assets\/platform\/Google\/star\/f.svg\" alt=\"Google star 3\" width=\"17\" height=\"17\" loading=\"lazy\"><\/trustindex-image><trustindex-image class=\"ti-star\" data-imgurl=\"https:\/\/cdn.trustindex.io\/assets\/platform\/Google\/star\/f.svg\" alt=\"Google star 4\" width=\"17\" height=\"17\" loading=\"lazy\"><\/trustindex-image><trustindex-image class=\"ti-star\" data-imgurl=\"https:\/\/cdn.trustindex.io\/assets\/platform\/Google\/star\/f.svg\" alt=\"Google star 5\" width=\"17\" height=\"17\" loading=\"lazy\"><\/trustindex-image><span class=\"ti-verified-review ti-verified-platform\"><span class=\"ti-verified-tooltip\">Trustindex verifica que la fuente original de la rese\u00f1a sea Google.<\/span><\/span><\/span> <div class=\"ti-review-text-container ti-review-content\"><!-- R-CONTENT -->Ana es TOP! Siempre te recibe con una gran sonrisa y amabilidad .. siempre dispuesta a ayudarte a verte y sentirte s\u00faper bien por fuera y por dentro! , adem\u00e1s que sus productos son 100% veganos \ud83c\udf31 y cruelty free \ud83e\udef6\ud83c\udffb. Definitivamente lo recomiendo 100000%<!-- R-CONTENT --><\/div> <span class=\"ti-read-more\" data-container=\".ti-review-content\" data-collapse-text=\"Ocultar\" data-open-text=\"Leer m\u00e1s\"><\/span> <\/div> <\/div>  <div data-empty=\"0\" class=\"ti-review-item source-Google ti-image-layout-thumbnail\" data-id=\"cfcd208495d565ef66e7dff9f98764da\"> <div class=\"ti-inner\"> <div class=\"ti-review-header\"> <div class=\"ti-platform-icon ti-with-tooltip\"> <span class=\"ti-tooltip\">Publicado en <\/span> <trustindex-image data-imgurl=\"https:\/\/cdn.trustindex.io\/assets\/platform\/Google\/icon.svg\" alt=\"\" width=\"20\" height=\"20\" loading=\"lazy\"><\/trustindex-image> <\/div> <div class=\"ti-profile-img\"> <trustindex-image data-imgurl=\"https:\/\/lh3.googleusercontent.com\/a-\/ALV-UjUrf6iGBWfbeY5CFoiMWaK9WvMwU9XPvTGZ2gKQ9UFNTYLLDR8=w40-h40-c-rp-mo-ba3-br100\" alt=\"Gloria Mallebrera profile picture\" loading=\"lazy\"><\/trustindex-image> <\/div> <div class=\"ti-profile-details\"> <div class=\"ti-name\"> Gloria Mallebrera <\/div> <div class=\"ti-date\">19\/06\/2024<\/div> <\/div> <\/div> <span class=\"ti-stars\"><trustindex-image class=\"ti-star\" data-imgurl=\"https:\/\/cdn.trustindex.io\/assets\/platform\/Google\/star\/f.svg\" alt=\"Google star 1\" width=\"17\" height=\"17\" loading=\"lazy\"><\/trustindex-image><trustindex-image class=\"ti-star\" data-imgurl=\"https:\/\/cdn.trustindex.io\/assets\/platform\/Google\/star\/f.svg\" alt=\"Google star 2\" width=\"17\" height=\"17\" loading=\"lazy\"><\/trustindex-image><trustindex-image class=\"ti-star\" data-imgurl=\"https:\/\/cdn.trustindex.io\/assets\/platform\/Google\/star\/f.svg\" alt=\"Google star 3\" width=\"17\" height=\"17\" loading=\"lazy\"><\/trustindex-image><trustindex-image class=\"ti-star\" data-imgurl=\"https:\/\/cdn.trustindex.io\/assets\/platform\/Google\/star\/f.svg\" alt=\"Google star 4\" width=\"17\" height=\"17\" loading=\"lazy\"><\/trustindex-image><trustindex-image class=\"ti-star\" data-imgurl=\"https:\/\/cdn.trustindex.io\/assets\/platform\/Google\/star\/f.svg\" alt=\"Google star 5\" width=\"17\" height=\"17\" loading=\"lazy\"><\/trustindex-image><span class=\"ti-verified-review ti-verified-platform\"><span class=\"ti-verified-tooltip\">Trustindex verifica que la fuente original de la rese\u00f1a sea Google.<\/span><\/span><\/span> <div class=\"ti-review-text-container ti-review-content\"><!-- R-CONTENT -->Ana es maravillosa.\nTe escucha, te entiende y plasma en tu cabello lo que realmente quieres, te aconseja en todo momento de manera acertada y te ayuda a tomar decisiones dada su amplia experiencia.\nUn sal\u00f3n de belleza totalmente recomendable, con una atenci\u00f3n y dedicaci\u00f3n exclusivas, productos naturales de la mayor calidad y a unos precios totalmente ajustados.\n100% recomendable!<!-- R-CONTENT --><\/div> <span class=\"ti-read-more\" data-container=\".ti-review-content\" data-collapse-text=\"Ocultar\" data-open-text=\"Leer m\u00e1s\"><\/span> <\/div> <\/div>  <div data-empty=\"0\" class=\"ti-review-item source-Google ti-image-layout-thumbnail\" data-id=\"cfcd208495d565ef66e7dff9f98764da\"> <div class=\"ti-inner\"> <div class=\"ti-review-header\"> <div class=\"ti-platform-icon ti-with-tooltip\"> <span class=\"ti-tooltip\">Publicado en <\/span> <trustindex-image data-imgurl=\"https:\/\/cdn.trustindex.io\/assets\/platform\/Google\/icon.svg\" alt=\"\" width=\"20\" height=\"20\" loading=\"lazy\"><\/trustindex-image> <\/div> <div class=\"ti-profile-img\"> <trustindex-image data-imgurl=\"https:\/\/lh3.googleusercontent.com\/a\/ACg8ocJA4CxJYPmzimo-LWnsUE3ACJjMdUVj8iK_eeQNkI-xxsO3Hg=w40-h40-c-rp-mo-br100\" alt=\"Stefanie Quijano Bloise profile picture\" loading=\"lazy\"><\/trustindex-image> <\/div> <div class=\"ti-profile-details\"> <div class=\"ti-name\"> Stefanie Quijano Bloise <\/div> <div class=\"ti-date\">18\/06\/2024<\/div> <\/div> <\/div> <span class=\"ti-stars\"><trustindex-image class=\"ti-star\" data-imgurl=\"https:\/\/cdn.trustindex.io\/assets\/platform\/Google\/star\/f.svg\" alt=\"Google star 1\" width=\"17\" height=\"17\" loading=\"lazy\"><\/trustindex-image><trustindex-image class=\"ti-star\" data-imgurl=\"https:\/\/cdn.trustindex.io\/assets\/platform\/Google\/star\/f.svg\" alt=\"Google star 2\" width=\"17\" height=\"17\" loading=\"lazy\"><\/trustindex-image><trustindex-image class=\"ti-star\" data-imgurl=\"https:\/\/cdn.trustindex.io\/assets\/platform\/Google\/star\/f.svg\" alt=\"Google star 3\" width=\"17\" height=\"17\" loading=\"lazy\"><\/trustindex-image><trustindex-image class=\"ti-star\" data-imgurl=\"https:\/\/cdn.trustindex.io\/assets\/platform\/Google\/star\/f.svg\" alt=\"Google star 4\" width=\"17\" height=\"17\" loading=\"lazy\"><\/trustindex-image><trustindex-image class=\"ti-star\" data-imgurl=\"https:\/\/cdn.trustindex.io\/assets\/platform\/Google\/star\/f.svg\" alt=\"Google star 5\" width=\"17\" height=\"17\" loading=\"lazy\"><\/trustindex-image><span class=\"ti-verified-review ti-verified-platform\"><span class=\"ti-verified-tooltip\">Trustindex verifica que la fuente original de la rese\u00f1a sea Google.<\/span><\/span><\/span> <div class=\"ti-review-text-container ti-review-content\"><!-- R-CONTENT -->Fui recomendada por un amigo, y la verdad que muy buena experiencia. Ana muy amable y atenta en todo momento y yo sal\u00ed muy satisfecha con el resultado. Ahora soy yo la que recomienda ir!<!-- R-CONTENT --><\/div> <span class=\"ti-read-more\" data-container=\".ti-review-content\" data-collapse-text=\"Ocultar\" data-open-text=\"Leer m\u00e1s\"><\/span> <\/div> <\/div>  <div data-empty=\"0\" class=\"ti-review-item source-Google ti-image-layout-thumbnail\" data-id=\"cfcd208495d565ef66e7dff9f98764da\"> <div class=\"ti-inner\"> <div class=\"ti-review-header\"> <div class=\"ti-platform-icon ti-with-tooltip\"> <span class=\"ti-tooltip\">Publicado en <\/span> <trustindex-image data-imgurl=\"https:\/\/cdn.trustindex.io\/assets\/platform\/Google\/icon.svg\" alt=\"\" width=\"20\" height=\"20\" loading=\"lazy\"><\/trustindex-image> <\/div> <div class=\"ti-profile-img\"> <trustindex-image data-imgurl=\"https:\/\/lh3.googleusercontent.com\/a\/ACg8ocLdtGHxthGXN2nhAdallh5V01TKtbTCp98KPMZhiuziwOhNhA=w40-h40-c-rp-mo-br100\" alt=\"Katarina Torninger profile picture\" loading=\"lazy\"><\/trustindex-image> <\/div> <div class=\"ti-profile-details\"> <div class=\"ti-name\"> Katarina Torninger <\/div> <div class=\"ti-date\">16\/06\/2024<\/div> <\/div> <\/div> <span class=\"ti-stars\"><trustindex-image class=\"ti-star\" data-imgurl=\"https:\/\/cdn.trustindex.io\/assets\/platform\/Google\/star\/f.svg\" alt=\"Google star 1\" width=\"17\" height=\"17\" loading=\"lazy\"><\/trustindex-image><trustindex-image class=\"ti-star\" data-imgurl=\"https:\/\/cdn.trustindex.io\/assets\/platform\/Google\/star\/f.svg\" alt=\"Google star 2\" width=\"17\" height=\"17\" loading=\"lazy\"><\/trustindex-image><trustindex-image class=\"ti-star\" data-imgurl=\"https:\/\/cdn.trustindex.io\/assets\/platform\/Google\/star\/f.svg\" alt=\"Google star 3\" width=\"17\" height=\"17\" loading=\"lazy\"><\/trustindex-image><trustindex-image class=\"ti-star\" data-imgurl=\"https:\/\/cdn.trustindex.io\/assets\/platform\/Google\/star\/f.svg\" alt=\"Google star 4\" width=\"17\" height=\"17\" loading=\"lazy\"><\/trustindex-image><trustindex-image class=\"ti-star\" data-imgurl=\"https:\/\/cdn.trustindex.io\/assets\/platform\/Google\/star\/f.svg\" alt=\"Google star 5\" width=\"17\" height=\"17\" loading=\"lazy\"><\/trustindex-image><span class=\"ti-verified-review ti-verified-platform\"><span class=\"ti-verified-tooltip\">Trustindex verifica que la fuente original de la rese\u00f1a sea Google.<\/span><\/span><\/span> <div class=\"ti-review-text-container ti-review-content\"><!-- R-CONTENT -->Servicio incre\u00edble, muy agradable. Me sent\u00ed muy relajada y el cabello qued\u00f3 hermoso, se siente m\u00e1s ligero y saludable. \u2665\ufe0f<!-- R-CONTENT --><\/div> <span class=\"ti-read-more\" data-container=\".ti-review-content\" data-collapse-text=\"Ocultar\" data-open-text=\"Leer m\u00e1s\"><\/span> <\/div> <\/div>  <div data-empty=\"0\" class=\"ti-review-item source-Google ti-image-layout-thumbnail\" data-id=\"cfcd208495d565ef66e7dff9f98764da\"> <div class=\"ti-inner\"> <div class=\"ti-review-header\"> <div class=\"ti-platform-icon ti-with-tooltip\"> <span class=\"ti-tooltip\">Publicado en <\/span> <trustindex-image data-imgurl=\"https:\/\/cdn.trustindex.io\/assets\/platform\/Google\/icon.svg\" alt=\"\" width=\"20\" height=\"20\" loading=\"lazy\"><\/trustindex-image> <\/div> <div class=\"ti-profile-img\"> <trustindex-image data-imgurl=\"https:\/\/lh3.googleusercontent.com\/a-\/ALV-UjUil-dBwzNy6UbONBGoiYRLloxHJb_3JqAzMXXgz4rZBjuPtyOH=w40-h40-c-rp-mo-br100\" alt=\"Magdalena Bolek profile picture\" loading=\"lazy\"><\/trustindex-image> <\/div> <div class=\"ti-profile-details\"> <div class=\"ti-name\"> Magdalena Bolek <\/div> <div class=\"ti-date\">20\/10\/2023<\/div> <\/div> <\/div> <span class=\"ti-stars\"><trustindex-image class=\"ti-star\" data-imgurl=\"https:\/\/cdn.trustindex.io\/assets\/platform\/Google\/star\/f.svg\" alt=\"Google star 1\" width=\"17\" height=\"17\" loading=\"lazy\"><\/trustindex-image><trustindex-image class=\"ti-star\" data-imgurl=\"https:\/\/cdn.trustindex.io\/assets\/platform\/Google\/star\/f.svg\" alt=\"Google star 2\" width=\"17\" height=\"17\" loading=\"lazy\"><\/trustindex-image><trustindex-image class=\"ti-star\" data-imgurl=\"https:\/\/cdn.trustindex.io\/assets\/platform\/Google\/star\/f.svg\" alt=\"Google star 3\" width=\"17\" height=\"17\" loading=\"lazy\"><\/trustindex-image><trustindex-image class=\"ti-star\" data-imgurl=\"https:\/\/cdn.trustindex.io\/assets\/platform\/Google\/star\/f.svg\" alt=\"Google star 4\" width=\"17\" height=\"17\" loading=\"lazy\"><\/trustindex-image><trustindex-image class=\"ti-star\" data-imgurl=\"https:\/\/cdn.trustindex.io\/assets\/platform\/Google\/star\/f.svg\" alt=\"Google star 5\" width=\"17\" height=\"17\" loading=\"lazy\"><\/trustindex-image><span class=\"ti-verified-review ti-verified-platform\"><span class=\"ti-verified-tooltip\">Trustindex verifica que la fuente original de la rese\u00f1a sea Google.<\/span><\/span><\/span> <div class=\"ti-review-text-container ti-review-content\"><!-- R-CONTENT -->Ana da una atenci\u00f3n muy personalizada y detallada. Te puede aconsejar no solamente sobre el corte o el color sino tambi\u00e9n que tratamiento necesita tu cabello y tu cuero cabelludo. Altamente recomendable.<!-- R-CONTENT --><\/div> <span class=\"ti-read-more\" data-container=\".ti-review-content\" data-collapse-text=\"Ocultar\" data-open-text=\"Leer m\u00e1s\"><\/span> <\/div> <\/div>  <\/div> <div class=\"ti-controls-line\"> <div class=\"dot\"><\/div> <\/div>   <div class=\"ti-verified-by ti-verified-by-row\" data-style=\"2\"> <div class=\"ti-inner\"> Verificado por: Trustindex <span class=\"ti-info-icon\"><\/span> <div class=\"ti-disclaimer\">La insignia verificada de Trustindex es el s\u00edmbolo universal de confianza. Solo las mejores empresas pueden obtener la insignia verificada si tienen una puntuaci\u00f3n de revisi\u00f3n superior a 4.5, basada en las rese\u00f1as de clientes de los \u00faltimos 12 meses. <a href=\"https:\/\/www.trustindex.io\/?a=sys&amp;c=wp-verified-badge&amp;url=\/the-trustindex-verified-badge\/\" target=\"_blank\">Leer m\u00e1s<\/a><\/div> <\/div> <\/div>  <\/div> <\/div> <\/div> <\/template><\/pre><div data-src=\"https:\/\/cdn.trustindex.io\/loader.js?wp-widget\" data-template-id=\"trustindex-google-widget-html\" data-css-url=\"https:\/\/carebeautyplace.es\/wp-content\/uploads\/trustindex-google-widget.css?1777028002\"><\/div>[\/et_pb_code][et_pb_text _builder_version=\u00bb4.27.4&#8243; _module_preset=\u00bb2c55a9c4-feed-423b-9edb-ae0b5b365cac\u00bb text_font=\u00bb&#8211;et_global_heading_font|300|||||||\u00bb text_font_size=\u00bb13px\u00bb text_line_height=\u00bb1.4em\u00bb text_orientation=\u00bbright\u00bb width_phone=\u00bb90%\u00bb width_last_edited=\u00bboff|desktop\u00bb module_alignment=\u00bbright\u00bb custom_padding=\u00bb|15px|||false|false\u00bb text_font_size_last_edited=\u00bboff|phone\u00bb locked=\u00bboff\u00bb global_colors_info=\u00bb{}\u00bb]<\/p>\n<p>* Estas valoraciones reales reflejan la confianza y satisfacci\u00f3n que sienten nuestr@s client@s.<\/p>\n<p>[\/et_pb_text][\/et_pb_column][\/et_pb_row][\/et_pb_section][et_pb_section fb_built=\u00bb1&#8243; admin_label=\u00bbServices\u00bb _builder_version=\u00bb4.27.4&#8243; _module_preset=\u00bbdefault\u00bb locked=\u00bboff\u00bb collapsed=\u00bboff\u00bb global_colors_info=\u00bb{}\u00bb][et_pb_row _builder_version=\u00bb4.27.4&#8243; _module_preset=\u00bb5138c454-be54-4233-bd3b-f8e6a8747976&#8243; custom_margin=\u00bb-60px|auto|-10px|auto|false|false\u00bb locked=\u00bboff\u00bb global_colors_info=\u00bb{}\u00bb][et_pb_column type=\u00bb4_4&#8243; _builder_version=\u00bb4.18.0&#8243; _module_preset=\u00bb73121f80-a3ef-4484-8763-c3f18e3c56d2&#8243; global_colors_info=\u00bb{}\u00bb][et_pb_heading title=\u00bbNuestros Servicios\u00bb _builder_version=\u00bb4.27.4&#8243; _module_preset=\u00bbf0c675ea-2574-4d0e-b725-30f8550a8550&#8243; title_level=\u00bbh2&#8243; title_font=\u00bbBebas Neue|||on|||||\u00bb title_text_align=\u00bbcenter\u00bb title_text_color=\u00bbgcid-primary-color\u00bb title_font_size=\u00bb24px\u00bb custom_margin=\u00bb||10px|5px|false|false\u00bb scroll_vertical_motion_enable=\u00bbon\u00bb scroll_vertical_motion=\u00bb0|50|50|100|-1.5|0|0&#8243; scroll_fade_enable=\u00bbon\u00bb title_font_size_tablet=\u00bb18px\u00bb title_font_size_phone=\u00bb16px\u00bb title_font_size_last_edited=\u00bbon|phone\u00bb locked=\u00bboff\u00bb global_colors_info=\u00bb{%22gcid-primary-color%22:%91%22title_text_color%22%93}\u00bb][\/et_pb_heading][et_pb_heading title=\u00bb\u00bfQu\u00e9 encontrar\u00e1s en nuestro sal\u00f3n en Barcelona?\u00bb _builder_version=\u00bb4.27.4&#8243; _module_preset=\u00bbc33f07d9-41e0-421a-8799-5799df695cce\u00bb title_level=\u00bbh3&#8243; title_text_align=\u00bbcenter\u00bb title_font_size=\u00bb44px\u00bb title_line_height=\u00bb1.15em\u00bb animation_style=\u00bbfade\u00bb animation_duration=\u00bb2000ms\u00bb title_font_size_tablet=\u00bb38px\u00bb title_font_size_phone=\u00bb26px\u00bb global_colors_info=\u00bb{}\u00bb][\/et_pb_heading][et_pb_text _builder_version=\u00bb4.27.4&#8243; _module_preset=\u00bb2c55a9c4-feed-423b-9edb-ae0b5b365cac\u00bb text_font=\u00bb&#8211;et_global_heading_font|300|||||||\u00bb text_orientation=\u00bbcenter\u00bb custom_margin=\u00bb|0px||0px|false|true\u00bb animation_style=\u00bbslide\u00bb animation_direction=\u00bbbottom\u00bb animation_duration=\u00bb1200ms\u00bb animation_delay=\u00bb400ms\u00bb animation_intensity_slide=\u00bb5%\u00bb text_font_size_last_edited=\u00bboff|phone\u00bb locked=\u00bboff\u00bb global_colors_info=\u00bb{}\u00bb]<\/p>\n<p>En Care Beauty Place reunimos todo lo que necesitas para cuidarte en un solo lugar.<\/p>\n<p>[\/et_pb_text][\/et_pb_column][\/et_pb_row][et_pb_row column_structure=\u00bb1_4,1_4,1_4,1_4&#8243; custom_padding_last_edited=\u00bbon|tablet\u00bb _builder_version=\u00bb4.19.0&#8243; _module_preset=\u00bb5138c454-be54-4233-bd3b-f8e6a8747976&#8243; custom_padding_tablet=\u00bb||0px||false|false\u00bb custom_padding_phone=\u00bb||0px||false|false\u00bb global_colors_info=\u00bb{}\u00bb][et_pb_column type=\u00bb1_4&#8243; _builder_version=\u00bb4.18.0&#8243; _module_preset=\u00bb73121f80-a3ef-4484-8763-c3f18e3c56d2&#8243; global_colors_info=\u00bb{}\u00bb][et_pb_blurb title=\u00bbPeluquer\u00eda\u00bb image=\u00bbhttps:\/\/carebeautyplace.es\/wp-content\/uploads\/2025\/09\/Servicios-Peluqueria.webp\u00bb image_icon_width=\u00bb50%\u00bb icon_alignment_tablet=\u00bbcenter\u00bb icon_alignment_phone=\u00bbcenter\u00bb icon_alignment_last_edited=\u00bbon|phone\u00bb _builder_version=\u00bb4.27.4&#8243; _module_preset=\u00bb212b201d-2c34-41bd-936c-851b7357d08b\u00bb header_text_align=\u00bbleft\u00bb header_text_color=\u00bb#0E0C19&#8243; header_font_size=\u00bb20px\u00bb body_font=\u00bb&#8211;et_global_heading_font|300|||||||\u00bb body_text_align=\u00bbleft\u00bb body_text_color=\u00bbgcid-heading-color\u00bb transform_translate_linked__hover=\u00bboff\u00bb child_filter_sepia=\u00bb65%\u00bb animation_style=\u00bbslide\u00bb animation_direction=\u00bbbottom\u00bb animation_intensity_slide=\u00bb3%\u00bb header_text_align_tablet=\u00bbcenter\u00bb header_text_align_phone=\u00bbcenter\u00bb header_text_align_last_edited=\u00bbon|phone\u00bb header_font_size_tablet=\u00bb20px\u00bb header_font_size_phone=\u00bb20px\u00bb header_font_size_last_edited=\u00bboff|phone\u00bb body_text_align_tablet=\u00bbcenter\u00bb body_text_align_phone=\u00bbcenter\u00bb body_text_align_last_edited=\u00bbon|phone\u00bb global_colors_info=\u00bb{%22gcid-primary-color%22:%91%22icon_color%22,%22body_link_text_color%22,%22link_text_color%22,%22link_text_color%22,%22link_text_color%22%93,%22gcid-heading-color%22:%91%22header_4_text_color%22,%22header_3_text_color%22,%22header_2_text_color%22,%22header_5_text_color%22,%22header_6_text_color%22,%22quote_text_color%22,%22text_text_color%22%93,%22gcid-body-color%22:%91%22body_text_color%22,%22body_text_color%22,%22body_text_color%22%93,%22gcid-secondary-color%22:%91%22quote_border_color%22,%22quote_border_color%22,%22quote_border_color%22,%22icon_color%22%93}\u00bb child_filter_sepia__hover_enabled=\u00bboff|desktop\u00bb child_filter_sepia__hover=\u00bb40%\u00bb header_text_color__hover_enabled=\u00bbon|hover\u00bb header_text_color__hover=\u00bb#89B82A\u00bb transform_styles__hover_enabled=\u00bbon|hover\u00bb transform_scale__hover_enabled=\u00bbon|hover\u00bb transform_translate__hover_enabled=\u00bbon|hover\u00bb transform_rotate__hover_enabled=\u00bbon|hover\u00bb transform_skew__hover_enabled=\u00bbon|hover\u00bb transform_origin__hover_enabled=\u00bbon|hover\u00bb transform_translate__hover=\u00bb0px|-10px\u00bb]<\/p>\n<p>Cortes, coloraciones, peinados para eventos y tratamientos capilares respetuosos con tu cabello.<\/p>\n<p>[\/et_pb_blurb][\/et_pb_column][et_pb_column type=\u00bb1_4&#8243; _builder_version=\u00bb4.18.0&#8243; _module_preset=\u00bb73121f80-a3ef-4484-8763-c3f18e3c56d2&#8243; global_colors_info=\u00bb{}\u00bb][et_pb_blurb title=\u00bbEst\u00e9tica\u00bb image=\u00bbhttps:\/\/carebeautyplace.es\/wp-content\/uploads\/2025\/09\/Servicios-Estetica.webp\u00bb image_icon_width=\u00bb50%\u00bb icon_alignment_tablet=\u00bbcenter\u00bb icon_alignment_phone=\u00bbcenter\u00bb icon_alignment_last_edited=\u00bbon|phone\u00bb _builder_version=\u00bb4.27.4&#8243; _module_preset=\u00bb212b201d-2c34-41bd-936c-851b7357d08b\u00bb header_text_align=\u00bbleft\u00bb header_text_color=\u00bb#0E0C19&#8243; header_font_size=\u00bb20px\u00bb body_font=\u00bb&#8211;et_global_heading_font|300|||||||\u00bb body_text_align=\u00bbleft\u00bb body_text_color=\u00bbgcid-heading-color\u00bb transform_translate_linked__hover=\u00bboff\u00bb child_filter_sepia=\u00bb55%\u00bb animation_style=\u00bbslide\u00bb animation_direction=\u00bbbottom\u00bb animation_intensity_slide=\u00bb3%\u00bb header_text_align_tablet=\u00bbcenter\u00bb header_text_align_phone=\u00bbcenter\u00bb header_text_align_last_edited=\u00bbon|phone\u00bb header_font_size_tablet=\u00bb20px\u00bb header_font_size_phone=\u00bb20px\u00bb header_font_size_last_edited=\u00bboff|phone\u00bb body_text_align_tablet=\u00bbcenter\u00bb body_text_align_phone=\u00bbcenter\u00bb body_text_align_last_edited=\u00bbon|phone\u00bb locked=\u00bboff\u00bb global_colors_info=\u00bb{%22gcid-body-color%22:%91%22body_text_color%22,%22body_text_color%22%93,%22gcid-heading-color%22:%91%22header_text_color%22,%22header_text_color%22%93,%22gcid-secondary-color%22:%91%22icon_color%22%93}\u00bb child_filter_sepia__hover_enabled=\u00bboff|desktop\u00bb child_filter_sepia__hover=\u00bb45%\u00bb header_text_color__hover=\u00bb#89B82A\u00bb header_text_color__hover_enabled=\u00bbon|hover\u00bb transform_styles__hover_enabled=\u00bbon|hover\u00bb transform_scale__hover_enabled=\u00bbon|desktop\u00bb transform_translate__hover_enabled=\u00bbon|hover\u00bb transform_rotate__hover_enabled=\u00bbon|desktop\u00bb transform_skew__hover_enabled=\u00bbon|desktop\u00bb transform_origin__hover_enabled=\u00bbon|desktop\u00bb transform_translate__hover=\u00bb0px|-10px\u00bb]<\/p>\n<p>Masajes faciales, depilaci\u00f3n y tratamientos corporales personalizados.<\/p>\n<p>[\/et_pb_blurb][\/et_pb_column][et_pb_column type=\u00bb1_4&#8243; _builder_version=\u00bb4.18.0&#8243; _module_preset=\u00bb73121f80-a3ef-4484-8763-c3f18e3c56d2&#8243; global_colors_info=\u00bb{}\u00bb][et_pb_blurb title=\u00bbManicura &#038; Pedicura\u00bb image=\u00bbhttps:\/\/carebeautyplace.es\/wp-content\/uploads\/2025\/09\/Servicios-Manicura-y-pedicura.webp\u00bb image_icon_width=\u00bb50%\u00bb icon_alignment_tablet=\u00bbcenter\u00bb icon_alignment_phone=\u00bbcenter\u00bb icon_alignment_last_edited=\u00bbon|phone\u00bb _builder_version=\u00bb4.27.4&#8243; _module_preset=\u00bb212b201d-2c34-41bd-936c-851b7357d08b\u00bb header_text_align=\u00bbleft\u00bb header_text_color=\u00bb#0E0C19&#8243; header_font_size=\u00bb20px\u00bb body_font=\u00bb&#8211;et_global_heading_font|300|||||||\u00bb body_text_align=\u00bbleft\u00bb body_text_color=\u00bbgcid-heading-color\u00bb transform_translate_linked__hover=\u00bboff\u00bb child_filter_sepia=\u00bb50%\u00bb animation_style=\u00bbslide\u00bb animation_direction=\u00bbbottom\u00bb animation_intensity_slide=\u00bb3%\u00bb header_text_align_tablet=\u00bbcenter\u00bb header_text_align_phone=\u00bbcenter\u00bb header_text_align_last_edited=\u00bbon|phone\u00bb header_font_size_tablet=\u00bb20px\u00bb header_font_size_phone=\u00bb20px\u00bb header_font_size_last_edited=\u00bboff|phone\u00bb body_text_align_tablet=\u00bbcenter\u00bb body_text_align_phone=\u00bbcenter\u00bb body_text_align_last_edited=\u00bbon|phone\u00bb locked=\u00bboff\u00bb global_colors_info=\u00bb{%22gcid-body-color%22:%91%22body_text_color%22,%22body_text_color%22%93,%22gcid-heading-color%22:%91%22header_text_color%22,%22header_text_color%22%93,%22gcid-secondary-color%22:%91%22icon_color%22%93}\u00bb child_filter_sepia__hover_enabled=\u00bboff|desktop\u00bb child_filter_sepia__hover=\u00bb45%\u00bb header_text_color__hover=\u00bb#89B82A\u00bb header_text_color__hover_enabled=\u00bbon|hover\u00bb transform_styles__hover_enabled=\u00bbon|hover\u00bb transform_scale__hover_enabled=\u00bbon|desktop\u00bb transform_translate__hover_enabled=\u00bbon|hover\u00bb transform_rotate__hover_enabled=\u00bbon|desktop\u00bb transform_skew__hover_enabled=\u00bbon|desktop\u00bb transform_origin__hover_enabled=\u00bbon|desktop\u00bb transform_translate__hover=\u00bb0px|-10px\u00bb]<\/p>\n<p>Una amplia variedad de opciones, desde esmaltado cl\u00e1sico hasta semipermanente.<\/p>\n<p>[\/et_pb_blurb][\/et_pb_column][et_pb_column type=\u00bb1_4&#8243; _builder_version=\u00bb4.18.0&#8243; _module_preset=\u00bb73121f80-a3ef-4484-8763-c3f18e3c56d2&#8243; global_colors_info=\u00bb{}\u00bb][et_pb_blurb title=\u00bbProductos profesionales\u00bb image=\u00bbhttps:\/\/carebeautyplace.es\/wp-content\/uploads\/2025\/09\/Servicios-Productos-profesionales-y-veganos.webp\u00bb image_icon_width=\u00bb50%\u00bb icon_alignment_tablet=\u00bbcenter\u00bb icon_alignment_phone=\u00bbcenter\u00bb icon_alignment_last_edited=\u00bbon|phone\u00bb _builder_version=\u00bb4.27.4&#8243; _module_preset=\u00bb212b201d-2c34-41bd-936c-851b7357d08b\u00bb header_text_align=\u00bbleft\u00bb header_text_color=\u00bb#0E0C19&#8243; header_font_size=\u00bb20px\u00bb body_font=\u00bb&#8211;et_global_heading_font|300|||||||\u00bb body_text_align=\u00bbleft\u00bb body_text_color=\u00bbgcid-heading-color\u00bb transform_translate_linked__hover=\u00bboff\u00bb child_filter_sepia=\u00bb55%\u00bb animation_style=\u00bbslide\u00bb animation_direction=\u00bbbottom\u00bb animation_intensity_slide=\u00bb3%\u00bb header_text_align_tablet=\u00bbcenter\u00bb header_text_align_phone=\u00bbcenter\u00bb header_text_align_last_edited=\u00bbon|phone\u00bb header_font_size_tablet=\u00bb20px\u00bb header_font_size_phone=\u00bb20px\u00bb header_font_size_last_edited=\u00bboff|phone\u00bb body_text_align_tablet=\u00bbcenter\u00bb body_text_align_phone=\u00bbcenter\u00bb body_text_align_last_edited=\u00bbon|phone\u00bb locked=\u00bboff\u00bb global_colors_info=\u00bb{%22gcid-body-color%22:%91%22body_text_color%22,%22body_text_color%22%93,%22gcid-heading-color%22:%91%22header_text_color%22,%22header_text_color%22%93,%22gcid-secondary-color%22:%91%22icon_color%22%93}\u00bb child_filter_sepia__hover_enabled=\u00bboff|desktop\u00bb child_filter_sepia__hover=\u00bb45%\u00bb header_text_color__hover=\u00bb#89B82A\u00bb header_text_color__hover_enabled=\u00bbon|hover\u00bb transform_styles__hover_enabled=\u00bbon|hover\u00bb transform_scale__hover_enabled=\u00bbon|desktop\u00bb transform_translate__hover_enabled=\u00bbon|hover\u00bb transform_rotate__hover_enabled=\u00bbon|desktop\u00bb transform_skew__hover_enabled=\u00bbon|desktop\u00bb transform_origin__hover_enabled=\u00bbon|desktop\u00bb transform_translate__hover=\u00bb0px|-10px\u00bb]<\/p>\n<p>Marcas exclusivas como Nook, Vagheggi y Orly (entre otras) para prolongar los resultados en casa.<\/p>\n<p>[\/et_pb_blurb][\/et_pb_column][\/et_pb_row][et_pb_row _builder_version=\u00bb4.27.4&#8243; _module_preset=\u00bbdefault\u00bb custom_margin=\u00bb||-10px||false|false\u00bb custom_margin_tablet=\u00bb||-60px||false|false\u00bb custom_margin_phone=\u00bb||-50px||false|false\u00bb custom_margin_last_edited=\u00bbon|phone\u00bb locked=\u00bboff\u00bb global_colors_info=\u00bb{}\u00bb][et_pb_column type=\u00bb4_4&#8243; _builder_version=\u00bb4.23.1&#8243; _module_preset=\u00bbdefault\u00bb global_colors_info=\u00bb{}\u00bb][et_pb_button button_url=\u00bbhttps:\/\/carebeautyplace.es\/servicios\/\u00bb button_text=\u00bbVer todos nuestros servicios\u00bb button_alignment=\u00bbcenter\u00bb button_alignment_last_edited=\u00bboff|desktop\u00bb _builder_version=\u00bb4.27.4&#8243; _module_preset=\u00bb1bffc0fc-42a0-49d1-bd9a-ae3ade2d7206&#8243; button_text_size=\u00bb20px\u00bb button_letter_spacing=\u00bb1px\u00bb button_font=\u00bbBebas Neue|700|||||||\u00bb button_icon=\u00bb&#xf0c4;||fa||900&#8243; custom_margin=\u00bb40px||-10px||false|false\u00bb custom_margin_tablet=\u00bb60px||60px||false|false\u00bb custom_margin_phone=\u00bb45px||35px||false|false\u00bb custom_margin_last_edited=\u00bbon|phone\u00bb custom_padding=\u00bb10px|50px|10px|50px|true|true\u00bb custom_padding_tablet=\u00bb10px|50px|10px|50px|true|true\u00bb custom_padding_phone=\u00bb|30px||30px|true|true\u00bb custom_padding_last_edited=\u00bbon|phone\u00bb animation_style=\u00bbfade\u00bb button_text_size_tablet=\u00bb20px\u00bb button_text_size_phone=\u00bb16px\u00bb button_text_size_last_edited=\u00bbon|phone\u00bb box_shadow_style=\u00bbpreset3&#8243; box_shadow_vertical=\u00bb0px\u00bb box_shadow_blur=\u00bb0px\u00bb locked=\u00bboff\u00bb global_colors_info=\u00bb{}\u00bb box_shadow_vertical__hover_enabled=\u00bbon|desktop\u00bb box_shadow_vertical__hover=\u00bb12px\u00bb box_shadow_blur__hover_enabled=\u00bbon|hover\u00bb box_shadow_blur__hover=\u00bb18px\u00bb button_bg_color__hover_enabled=\u00bbon|hover\u00bb button_bg_color__hover=\u00bb#986556&#8243; button_bg_enable_color__hover=\u00bbon\u00bb transform_styles__hover_enabled=\u00bbon|hover\u00bb transform_scale__hover_enabled=\u00bbon|hover\u00bb transform_translate__hover_enabled=\u00bbon|desktop\u00bb transform_rotate__hover_enabled=\u00bbon|desktop\u00bb transform_skew__hover_enabled=\u00bbon|desktop\u00bb transform_origin__hover_enabled=\u00bbon|desktop\u00bb transform_scale__hover=\u00bb102%|102%\u00bb][\/et_pb_button][\/et_pb_column][\/et_pb_row][\/et_pb_section][et_pb_section fb_built=\u00bb1&#8243; prev_background_color=\u00bb#ffffff\u00bb _builder_version=\u00bb4.27.4&#8243; _module_preset=\u00bbdefault\u00bb background_color=\u00bb#F0EBE8&#8243; background_enable_image=\u00bboff\u00bb background_size=\u00bbcustom\u00bb background_image_width=\u00bb75%\u00bb background_position=\u00bbtop_right\u00bb background_horizontal_offset=\u00bb0%\u00bb background_vertical_offset=\u00bb100%\u00bb top_divider_style=\u00bbwave2&#8243; top_divider_height=\u00bb40px\u00bb bottom_divider_style=\u00bbcurve\u00bb bottom_divider_color=\u00bb#986556&#8243; bottom_divider_height=\u00bb55px\u00bb bottom_divider_flip=\u00bbhorizontal\u00bb bottom_divider_height_tablet=\u00bb50px\u00bb bottom_divider_height_phone=\u00bb35px\u00bb bottom_divider_height_last_edited=\u00bbon|phone\u00bb collapsed=\u00bboff\u00bb global_colors_info=\u00bb{}\u00bb][et_pb_row column_structure=\u00bb1_2,1_4,1_4&#8243; use_custom_gutter=\u00bbon\u00bb gutter_width=\u00bb2&#8243; make_equal=\u00bbon\u00bb custom_padding_last_edited=\u00bbon|phone\u00bb _builder_version=\u00bb4.27.4&#8243; _module_preset=\u00bbdefault\u00bb custom_padding=\u00bb6vw||6vw||true|false\u00bb custom_padding_tablet=\u00bb15vw||6vw||false|false\u00bb custom_padding_phone=\u00bb20vw||16vw||false|false\u00bb custom_css_main_element=\u00bbdisplay: grid;||grid-template-columns: 40% 30% 30%;||gap: 0px!important;||align-items: center;\u00bb global_colors_info=\u00bb{}\u00bb custom_css_main_element_last_edited=\u00bbon|desktop\u00bb custom_css_main_element_tablet=\u00bb \u00bb custom_css_main_element_phone=\u00bb \u00ab][et_pb_column type=\u00bb1_2&#8243; _builder_version=\u00bb4.27.4&#8243; _module_preset=\u00bbdefault\u00bb global_colors_info=\u00bb{}\u00bb][et_pb_heading title=\u00bbUn sal\u00f3n de belleza pensado para ti\u00bb _builder_version=\u00bb4.27.4&#8243; _module_preset=\u00bbc33f07d9-41e0-421a-8799-5799df695cce\u00bb title_font_size=\u00bb44px\u00bb title_line_height=\u00bb1.15em\u00bb width=\u00bb90%\u00bb width_tablet=\u00bb100%\u00bb width_phone=\u00bb90%\u00bb width_last_edited=\u00bbon|phone\u00bb custom_margin=\u00bb||15px||false|false\u00bb custom_margin_tablet=\u00bb-25px||10px||false|false\u00bb custom_margin_phone=\u00bb-25px||10px||false|false\u00bb custom_margin_last_edited=\u00bbon|tablet\u00bb animation_style=\u00bbfade\u00bb animation_duration=\u00bb2000ms\u00bb title_font_size_tablet=\u00bb38px\u00bb title_font_size_phone=\u00bb26px\u00bb global_colors_info=\u00bb{}\u00bb][\/et_pb_heading][et_pb_text _builder_version=\u00bb4.27.4&#8243; _module_preset=\u00bb2c55a9c4-feed-423b-9edb-ae0b5b365cac\u00bb text_font=\u00bb&#8211;et_global_heading_font|300|||||||\u00bb text_orientation=\u00bbjustified\u00bb animation_style=\u00bbslide\u00bb animation_direction=\u00bbbottom\u00bb animation_duration=\u00bb1200ms\u00bb animation_delay=\u00bb400ms\u00bb animation_intensity_slide=\u00bb5%\u00bb text_font_size_last_edited=\u00bboff|desktop\u00bb global_colors_info=\u00bb{}\u00bb]<\/p>\n<p>En definitiva, nuestro sal\u00f3n est\u00e1 pensado para todas aquellas personas que quieran cuidarse, mimarse o resaltar lo mejor de s\u00ed mismas, sin importar edad ni estilo. Tanto si buscas un look fresco, como si quieres un tratamiento m\u00e1s espec\u00edfico para tu piel o cabello, aqu\u00ed encontrar\u00e1s el equilibrio perfecto entre est\u00e9tica y bienestar.<\/p>\n<p>[\/et_pb_text][dsm_icon_list _builder_version=\u00bb4.27.4&#8243; _module_preset=\u00bbdefault\u00bb custom_padding=\u00bb||40px||false|false\u00bb animation_style=\u00bbslide\u00bb animation_direction=\u00bbbottom\u00bb animation_duration=\u00bb1200ms\u00bb animation_delay=\u00bb500ms\u00bb animation_intensity_slide=\u00bb5%\u00bb global_colors_info=\u00bb{}\u00bb][dsm_icon_list_child text=\u00bbUbicados en el coraz\u00f3n del emblem\u00e1tico barrio de  Sarri\u00e0-Sant Gervasi de Barcelona\u00bb font_icon=\u00bb&#xe089;||divi||400&#8243; icon_font_size=\u00bb22px\u00bb _builder_version=\u00bb4.27.4&#8243; _module_preset=\u00bbdefault\u00bb text_font=\u00bb&#8211;et_global_heading_font|300|||||||\u00bb text_font_size=\u00bb15px\u00bb text_letter_spacing=\u00bb0px\u00bb text_line_height=\u00bb1.2em\u00bb transform_translate_linked__hover=\u00bboff\u00bb custom_margin=\u00bb||||false|false\u00bb custom_padding=\u00bb||4px||false|false\u00bb custom_padding_tablet=\u00bb||4px||false|false\u00bb custom_padding_phone=\u00bb||4px||false|false\u00bb custom_padding_last_edited=\u00bboff|phone\u00bb text_font_size_phone=\u00bb15px\u00bb text_font_size_last_edited=\u00bboff|tablet\u00bb global_colors_info=\u00bb{}\u00bb transform_styles__hover_enabled=\u00bbon|hover\u00bb transform_scale__hover_enabled=\u00bbon|hover\u00bb transform_translate__hover_enabled=\u00bbon|hover\u00bb transform_rotate__hover_enabled=\u00bbon|desktop\u00bb transform_skew__hover_enabled=\u00bbon|desktop\u00bb transform_origin__hover_enabled=\u00bbon|desktop\u00bb transform_translate__hover=\u00bb10px|0px\u00bb][\/dsm_icon_list_child][dsm_icon_list_child text=\u00bbNos encontrar\u00e1s en Carrer de Brusi, 39 \u2013 a dos pasos de Gr\u00e0cia \u2013\u00bb font_icon=\u00bb&#xf21d;||fa||900&#8243; icon_font_size=\u00bb22px\u00bb _builder_version=\u00bb4.27.4&#8243; _module_preset=\u00bbdefault\u00bb text_font=\u00bb&#8211;et_global_heading_font|300|||||||\u00bb text_font_size=\u00bb15px\u00bb text_letter_spacing=\u00bb0px\u00bb text_line_height=\u00bb1.2em\u00bb transform_translate_linked__hover=\u00bboff\u00bb custom_margin=\u00bb3px||||false|false\u00bb custom_padding_tablet=\u00bb||1px||false|false\u00bb custom_padding_phone=\u00bb2px||0px||false|false\u00bb custom_padding_last_edited=\u00bboff|desktop\u00bb text_font_size_phone=\u00bb15px\u00bb text_font_size_last_edited=\u00bboff|tablet\u00bb global_colors_info=\u00bb{}\u00bb transform_styles__hover_enabled=\u00bbon|hover\u00bb transform_scale__hover_enabled=\u00bbon|hover\u00bb transform_translate__hover_enabled=\u00bbon|hover\u00bb transform_rotate__hover_enabled=\u00bbon|desktop\u00bb transform_skew__hover_enabled=\u00bbon|desktop\u00bb transform_origin__hover_enabled=\u00bbon|desktop\u00bb transform_translate__hover=\u00bb10px|0px\u00bb][\/dsm_icon_list_child][dsm_icon_list_child text=\u00bbAdem\u00e1s, somos un sal\u00f3n petfriendly\u00bb font_icon=\u00bb&#xf1b0;||fa||900&#8243; icon_font_size=\u00bb22px\u00bb _builder_version=\u00bb4.27.4&#8243; _module_preset=\u00bbdefault\u00bb text_font=\u00bb&#8211;et_global_heading_font|300|||||||\u00bb text_font_size=\u00bb15px\u00bb text_letter_spacing=\u00bb0px\u00bb text_line_height=\u00bb1.2em\u00bb transform_translate_linked__hover=\u00bboff\u00bb custom_margin=\u00bb6px||||false|false\u00bb custom_margin_tablet=\u00bb5px||||false|false\u00bb custom_margin_phone=\u00bb6px||||false|false\u00bb custom_margin_last_edited=\u00bboff|desktop\u00bb custom_padding=\u00bb||0px||false|false\u00bb global_colors_info=\u00bb{}\u00bb transform_styles__hover_enabled=\u00bbon|hover\u00bb transform_scale__hover_enabled=\u00bbon|desktop\u00bb transform_translate__hover_enabled=\u00bbon|hover\u00bb transform_rotate__hover_enabled=\u00bbon|desktop\u00bb transform_skew__hover_enabled=\u00bbon|desktop\u00bb transform_origin__hover_enabled=\u00bbon|desktop\u00bb transform_translate__hover=\u00bb10px|0px\u00bb][\/dsm_icon_list_child][\/dsm_icon_list][\/et_pb_column][et_pb_column type=\u00bb1_4&#8243; _builder_version=\u00bb4.27.4&#8243; _module_preset=\u00bbdefault\u00bb global_colors_info=\u00bb{}\u00bb][et_pb_image src=\u00bbhttps:\/\/carebeautyplace.es\/wp-content\/uploads\/2025\/09\/CareBeautyPlace-Estetica-01.webp\u00bb alt=\u00bbCare Beauty Place tu Centro de est\u00e9tica en Sant Gervasi\u00bb show_in_lightbox=\u00bbon\u00bb _builder_version=\u00bb4.27.4&#8243; _module_preset=\u00bbdefault\u00bb scroll_vertical_motion_enable=\u00bbon\u00bb scroll_vertical_motion=\u00bb0|30|30|100|-1|0|0&#8243; scroll_fade_enable=\u00bbon\u00bb scroll_fade=\u00bb0|35|35|100|0|100|100&#8243; border_width_all=\u00bb20px\u00bb border_color_all=\u00bb#FFFFFF\u00bb box_shadow_style=\u00bbpreset3&#8243; global_colors_info=\u00bb{}\u00bb][\/et_pb_image][\/et_pb_column][et_pb_column type=\u00bb1_4&#8243; _builder_version=\u00bb4.27.4&#8243; _module_preset=\u00bbdefault\u00bb global_colors_info=\u00bb{}\u00bb][et_pb_image src=\u00bbhttps:\/\/carebeautyplace.es\/wp-content\/uploads\/2025\/09\/CareBeautyPlace-Salon-05A.webp\u00bb alt=\u00bbCare Beauty Place tu Centro de est\u00e9tica en Sant Gervasi y adem\u00e1s petfriendly\u00bb show_in_lightbox=\u00bbon\u00bb _builder_version=\u00bb4.27.4&#8243; _module_preset=\u00bbdefault\u00bb scroll_vertical_motion_enable=\u00bbon\u00bb scroll_vertical_motion=\u00bb0|30|30|100|1|0|0&#8243; scroll_fade_enable=\u00bbon\u00bb scroll_fade=\u00bb0|35|35|100|0|100|100&#8243; border_width_all=\u00bb20px\u00bb border_color_all=\u00bb#FFFFFF\u00bb box_shadow_style=\u00bbpreset3&#8243; global_colors_info=\u00bb{}\u00bb][\/et_pb_image][\/et_pb_column][\/et_pb_row][\/et_pb_section][et_pb_section fb_built=\u00bb1&#8243; admin_label=\u00bbCall to Action\u00bb _builder_version=\u00bb4.27.4&#8243; _module_preset=\u00bbdefault\u00bb background_enable_color=\u00bboff\u00bb use_background_color_gradient=\u00bbon\u00bb background_color_gradient_stops=\u00bb#986556 0%|#e2b093 50%|#89b82a 100%\u00bb custom_margin=\u00bb-1px||||false|false\u00bb custom_padding=\u00bb||0px||false|false\u00bb locked=\u00bboff\u00bb collapsed=\u00bboff\u00bb global_colors_info=\u00bb{%22gcid-primary-color%22:%91%22background_color%22%93}\u00bb][et_pb_row column_structure=\u00bb2_3,1_3&#8243; custom_padding_last_edited=\u00bbon|phone\u00bb _builder_version=\u00bb4.27.4&#8243; _module_preset=\u00bb5138c454-be54-4233-bd3b-f8e6a8747976&#8243; custom_margin=\u00bb0px||0px||false|false\u00bb custom_padding=\u00bb3vw||7vw||false|false\u00bb custom_padding_tablet=\u00bb15vw||||false|false\u00bb custom_padding_phone=\u00bb12vw||||false|false\u00bb global_colors_info=\u00bb{}\u00bb][et_pb_column type=\u00bb2_3&#8243; _builder_version=\u00bb4.16.0&#8243; _module_preset=\u00bb73121f80-a3ef-4484-8763-c3f18e3c56d2&#8243; global_colors_info=\u00bb{}\u00bb][et_pb_heading title=\u00bbReserva tu Cita y Descubre el Cuidado Personalizado\u00bb _builder_version=\u00bb4.27.4&#8243; _module_preset=\u00bbba4a6336-701f-47b8-bf5c-09da0ce28016&#8243; title_text_align=\u00bbleft\u00bb title_text_color=\u00bb#FFFFFF\u00bb title_font_size=\u00bb33px\u00bb title_text_align_tablet=\u00bbcenter\u00bb title_text_align_phone=\u00bbcenter\u00bb title_text_align_last_edited=\u00bbon|phone\u00bb title_font_size_tablet=\u00bb38px\u00bb title_font_size_phone=\u00bb26px\u00bb locked=\u00bboff\u00bb global_colors_info=\u00bb{}\u00bb][\/et_pb_heading][\/et_pb_column][et_pb_column type=\u00bb1_3&#8243; _builder_version=\u00bb4.16.0&#8243; _module_preset=\u00bb73121f80-a3ef-4484-8763-c3f18e3c56d2&#8243; global_colors_info=\u00bb{}\u00bb][et_pb_button button_url=\u00bbhttps:\/\/api.whatsapp.com\/send?phone=34645581853&#8243; button_text=\u00bbReserva Tu Cita Ahora\u00bb button_alignment=\u00bbright\u00bb button_alignment_tablet=\u00bbcenter\u00bb button_alignment_phone=\u00bbcenter\u00bb button_alignment_last_edited=\u00bbon|phone\u00bb _builder_version=\u00bb4.27.4&#8243; _module_preset=\u00bb1bffc0fc-42a0-49d1-bd9a-ae3ade2d7206&#8243; button_text_size=\u00bb20px\u00bb button_text_color=\u00bb#89B82A\u00bb button_bg_color=\u00bb#FFFFFF\u00bb button_letter_spacing=\u00bb1px\u00bb button_font=\u00bbBebas Neue|700|||||||\u00bb button_icon=\u00bb&#xf0c4;||fa||900&#8243; custom_margin=\u00bb0px||||false|false\u00bb custom_margin_tablet=\u00bb||||false|false\u00bb custom_margin_phone=\u00bb||||false|false\u00bb custom_margin_last_edited=\u00bboff|phone\u00bb custom_padding=\u00bb10px|50px|10px|50px|true|true\u00bb custom_padding_tablet=\u00bb10px|50px|10px|50px|true|true\u00bb custom_padding_phone=\u00bb|30px||30px|true|true\u00bb custom_padding_last_edited=\u00bbon|phone\u00bb animation_style=\u00bbfade\u00bb button_text_size_tablet=\u00bb20px\u00bb button_text_size_phone=\u00bb16px\u00bb button_text_size_last_edited=\u00bbon|phone\u00bb box_shadow_style=\u00bbpreset3&#8243; box_shadow_vertical=\u00bb0px\u00bb box_shadow_blur=\u00bb0px\u00bb locked=\u00bboff\u00bb global_colors_info=\u00bb{}\u00bb box_shadow_vertical__hover_enabled=\u00bbon|desktop\u00bb box_shadow_vertical__hover=\u00bb12px\u00bb box_shadow_blur__hover_enabled=\u00bbon|hover\u00bb box_shadow_blur__hover=\u00bb18px\u00bb button_bg_color__hover_enabled=\u00bboff|desktop\u00bb button_bg_color__hover=\u00bb#986556&#8243; button_bg_enable_color__hover=\u00bbon\u00bb transform_styles__hover_enabled=\u00bbon|hover\u00bb transform_scale__hover_enabled=\u00bbon|hover\u00bb transform_translate__hover_enabled=\u00bbon|desktop\u00bb transform_rotate__hover_enabled=\u00bbon|desktop\u00bb transform_skew__hover_enabled=\u00bbon|desktop\u00bb transform_origin__hover_enabled=\u00bbon|desktop\u00bb transform_scale__hover=\u00bb102%|102%\u00bb button_text_color__hover_enabled=\u00bboff|desktop\u00bb button_text_color__hover=\u00bb#FFFFFF\u00bb][\/et_pb_button][\/et_pb_column][\/et_pb_row][\/et_pb_section]<\/p>\n","protected":false},"excerpt":{"rendered":"<p>Sobre nosotrosEn Care Beauty Place no somos solo una peluquer\u00eda cualquiera en Barcelona, somos ese lugar especial donde cuidamos de ti con dedicaci\u00f3n, mimo y profesionalidad. Para nosotras la belleza no es solo una cuesti\u00f3n de estilo, sino de salud: un cabello cuidado y una piel bien tratada son la base de cualquier look, por [&hellip;]<\/p>\n","protected":false},"author":1,"featured_media":82,"parent":0,"menu_order":0,"comment_status":"closed","ping_status":"closed","template":"","meta":{"_et_pb_use_builder":"on","_et_pb_old_content":"","_et_gb_content_width":"","footnotes":""},"class_list":["post-11","page","type-page","status-publish","has-post-thumbnail","hentry"],"yoast_head":"<!-- This site is optimized with the Yoast SEO plugin v27.4 - https:\/\/yoast.com\/product\/yoast-seo-wordpress\/ -->\n<title>Nosotros - Tu Peluquer\u00eda y Centro de Est\u00e9tica en Sant Gervasi<\/title>\n<meta name=\"description\" content=\"Care Beauty Place peluquer\u00eda y centro de est\u00e9tica en Sant Gervasi (Barcelona). Ana, tu estilista de confianza, te cuida con productos veganos.\" \/>\n<meta name=\"robots\" content=\"index, follow, max-snippet:-1, max-image-preview:large, max-video-preview:-1\" \/>\n<link rel=\"canonical\" href=\"https:\/\/carebeautyplace.es\/es\/nosotros\/\" \/>\n<meta property=\"og:locale\" content=\"es_ES\" \/>\n<meta property=\"og:type\" content=\"article\" \/>\n<meta property=\"og:title\" content=\"Nosotros - Tu Peluquer\u00eda y Centro de Est\u00e9tica en Sant Gervasi\" \/>\n<meta property=\"og:description\" content=\"Care Beauty Place peluquer\u00eda y centro de est\u00e9tica en Sant Gervasi (Barcelona). Ana, tu estilista de confianza, te cuida con productos veganos.\" \/>\n<meta property=\"og:url\" content=\"https:\/\/carebeautyplace.es\/es\/nosotros\/\" \/>\n<meta property=\"og:site_name\" content=\"Care Beauty Place\" \/>\n<meta property=\"article:modified_time\" content=\"2026-04-24T11:06:55+00:00\" \/>\n<meta property=\"og:image\" content=\"https:\/\/carebeautyplace.es\/wp-content\/uploads\/2025\/09\/Foto-ANA-800x500px.webp\" \/>\n\t<meta property=\"og:image:width\" content=\"750\" \/>\n\t<meta property=\"og:image:height\" content=\"500\" \/>\n\t<meta property=\"og:image:type\" content=\"image\/webp\" \/>\n<meta name=\"twitter:card\" content=\"summary_large_image\" \/>\n<meta name=\"twitter:label1\" content=\"Tiempo de lectura\" \/>\n\t<meta name=\"twitter:data1\" content=\"4 minutos\" \/>\n<script type=\"application\/ld+json\" class=\"yoast-schema-graph\">{\"@context\":\"https:\\\/\\\/schema.org\",\"@graph\":[{\"@type\":\"WebPage\",\"@id\":\"https:\\\/\\\/carebeautyplace.es\\\/es\\\/nosotros\\\/\",\"url\":\"https:\\\/\\\/carebeautyplace.es\\\/es\\\/nosotros\\\/\",\"name\":\"Nosotros - Tu Peluquer\u00eda y Centro de Est\u00e9tica en Sant Gervasi\",\"isPartOf\":{\"@id\":\"https:\\\/\\\/carebeautyplace.es\\\/es\\\/#website\"},\"primaryImageOfPage\":{\"@id\":\"https:\\\/\\\/carebeautyplace.es\\\/es\\\/nosotros\\\/#primaryimage\"},\"image\":{\"@id\":\"https:\\\/\\\/carebeautyplace.es\\\/es\\\/nosotros\\\/#primaryimage\"},\"thumbnailUrl\":\"https:\\\/\\\/carebeautyplace.es\\\/wp-content\\\/uploads\\\/2025\\\/09\\\/Foto-ANA-800x500px.webp\",\"datePublished\":\"2025-09-03T15:44:41+00:00\",\"dateModified\":\"2026-04-24T11:06:55+00:00\",\"description\":\"Care Beauty Place peluquer\u00eda y centro de est\u00e9tica en Sant Gervasi (Barcelona). Ana, tu estilista de confianza, te cuida con productos veganos.\",\"breadcrumb\":{\"@id\":\"https:\\\/\\\/carebeautyplace.es\\\/es\\\/nosotros\\\/#breadcrumb\"},\"inLanguage\":\"es\",\"potentialAction\":[{\"@type\":\"ReadAction\",\"target\":[\"https:\\\/\\\/carebeautyplace.es\\\/es\\\/nosotros\\\/\"]}]},{\"@type\":\"ImageObject\",\"inLanguage\":\"es\",\"@id\":\"https:\\\/\\\/carebeautyplace.es\\\/es\\\/nosotros\\\/#primaryimage\",\"url\":\"https:\\\/\\\/carebeautyplace.es\\\/wp-content\\\/uploads\\\/2025\\\/09\\\/Foto-ANA-800x500px.webp\",\"contentUrl\":\"https:\\\/\\\/carebeautyplace.es\\\/wp-content\\\/uploads\\\/2025\\\/09\\\/Foto-ANA-800x500px.webp\",\"width\":750,\"height\":500},{\"@type\":\"BreadcrumbList\",\"@id\":\"https:\\\/\\\/carebeautyplace.es\\\/es\\\/nosotros\\\/#breadcrumb\",\"itemListElement\":[{\"@type\":\"ListItem\",\"position\":1,\"name\":\"Portada\",\"item\":\"https:\\\/\\\/carebeautyplace.es\\\/es\\\/\"},{\"@type\":\"ListItem\",\"position\":2,\"name\":\"Nosotros\"}]},{\"@type\":\"WebSite\",\"@id\":\"https:\\\/\\\/carebeautyplace.es\\\/es\\\/#website\",\"url\":\"https:\\\/\\\/carebeautyplace.es\\\/es\\\/\",\"name\":\"Care Beauty Place\",\"description\":\"Tu Peluquer\u00eda y Centro de Est\u00e9tica en Barcelona\",\"potentialAction\":[{\"@type\":\"SearchAction\",\"target\":{\"@type\":\"EntryPoint\",\"urlTemplate\":\"https:\\\/\\\/carebeautyplace.es\\\/es\\\/?s={search_term_string}\"},\"query-input\":{\"@type\":\"PropertyValueSpecification\",\"valueRequired\":true,\"valueName\":\"search_term_string\"}}],\"inLanguage\":\"es\"}]}<\/script>\n<!-- \/ Yoast SEO plugin. -->","yoast_head_json":{"title":"Nosotros - Tu Peluquer\u00eda y Centro de Est\u00e9tica en Sant Gervasi","description":"Care Beauty Place peluquer\u00eda y centro de est\u00e9tica en Sant Gervasi (Barcelona). Ana, tu estilista de confianza, te cuida con productos veganos.","robots":{"index":"index","follow":"follow","max-snippet":"max-snippet:-1","max-image-preview":"max-image-preview:large","max-video-preview":"max-video-preview:-1"},"canonical":"https:\/\/carebeautyplace.es\/es\/nosotros\/","og_locale":"es_ES","og_type":"article","og_title":"Nosotros - Tu Peluquer\u00eda y Centro de Est\u00e9tica en Sant Gervasi","og_description":"Care Beauty Place peluquer\u00eda y centro de est\u00e9tica en Sant Gervasi (Barcelona). Ana, tu estilista de confianza, te cuida con productos veganos.","og_url":"https:\/\/carebeautyplace.es\/es\/nosotros\/","og_site_name":"Care Beauty Place","article_modified_time":"2026-04-24T11:06:55+00:00","og_image":[{"width":750,"height":500,"url":"https:\/\/carebeautyplace.es\/wp-content\/uploads\/2025\/09\/Foto-ANA-800x500px.webp","type":"image\/webp"}],"twitter_card":"summary_large_image","twitter_misc":{"Tiempo de lectura":"4 minutos"},"schema":{"@context":"https:\/\/schema.org","@graph":[{"@type":"WebPage","@id":"https:\/\/carebeautyplace.es\/es\/nosotros\/","url":"https:\/\/carebeautyplace.es\/es\/nosotros\/","name":"Nosotros - Tu Peluquer\u00eda y Centro de Est\u00e9tica en Sant Gervasi","isPartOf":{"@id":"https:\/\/carebeautyplace.es\/es\/#website"},"primaryImageOfPage":{"@id":"https:\/\/carebeautyplace.es\/es\/nosotros\/#primaryimage"},"image":{"@id":"https:\/\/carebeautyplace.es\/es\/nosotros\/#primaryimage"},"thumbnailUrl":"https:\/\/carebeautyplace.es\/wp-content\/uploads\/2025\/09\/Foto-ANA-800x500px.webp","datePublished":"2025-09-03T15:44:41+00:00","dateModified":"2026-04-24T11:06:55+00:00","description":"Care Beauty Place peluquer\u00eda y centro de est\u00e9tica en Sant Gervasi (Barcelona). Ana, tu estilista de confianza, te cuida con productos veganos.","breadcrumb":{"@id":"https:\/\/carebeautyplace.es\/es\/nosotros\/#breadcrumb"},"inLanguage":"es","potentialAction":[{"@type":"ReadAction","target":["https:\/\/carebeautyplace.es\/es\/nosotros\/"]}]},{"@type":"ImageObject","inLanguage":"es","@id":"https:\/\/carebeautyplace.es\/es\/nosotros\/#primaryimage","url":"https:\/\/carebeautyplace.es\/wp-content\/uploads\/2025\/09\/Foto-ANA-800x500px.webp","contentUrl":"https:\/\/carebeautyplace.es\/wp-content\/uploads\/2025\/09\/Foto-ANA-800x500px.webp","width":750,"height":500},{"@type":"BreadcrumbList","@id":"https:\/\/carebeautyplace.es\/es\/nosotros\/#breadcrumb","itemListElement":[{"@type":"ListItem","position":1,"name":"Portada","item":"https:\/\/carebeautyplace.es\/es\/"},{"@type":"ListItem","position":2,"name":"Nosotros"}]},{"@type":"WebSite","@id":"https:\/\/carebeautyplace.es\/es\/#website","url":"https:\/\/carebeautyplace.es\/es\/","name":"Care Beauty Place","description":"Tu Peluquer\u00eda y Centro de Est\u00e9tica en Barcelona","potentialAction":[{"@type":"SearchAction","target":{"@type":"EntryPoint","urlTemplate":"https:\/\/carebeautyplace.es\/es\/?s={search_term_string}"},"query-input":{"@type":"PropertyValueSpecification","valueRequired":true,"valueName":"search_term_string"}}],"inLanguage":"es"}]}},"_links":{"self":[{"href":"https:\/\/carebeautyplace.es\/es\/wp-json\/wp\/v2\/pages\/11","targetHints":{"allow":["GET"]}}],"collection":[{"href":"https:\/\/carebeautyplace.es\/es\/wp-json\/wp\/v2\/pages"}],"about":[{"href":"https:\/\/carebeautyplace.es\/es\/wp-json\/wp\/v2\/types\/page"}],"author":[{"embeddable":true,"href":"https:\/\/carebeautyplace.es\/es\/wp-json\/wp\/v2\/users\/1"}],"replies":[{"embeddable":true,"href":"https:\/\/carebeautyplace.es\/es\/wp-json\/wp\/v2\/comments?post=11"}],"version-history":[{"count":180,"href":"https:\/\/carebeautyplace.es\/es\/wp-json\/wp\/v2\/pages\/11\/revisions"}],"predecessor-version":[{"id":1390,"href":"https:\/\/carebeautyplace.es\/es\/wp-json\/wp\/v2\/pages\/11\/revisions\/1390"}],"wp:featuredmedia":[{"embeddable":true,"href":"https:\/\/carebeautyplace.es\/es\/wp-json\/wp\/v2\/media\/82"}],"wp:attachment":[{"href":"https:\/\/carebeautyplace.es\/es\/wp-json\/wp\/v2\/media?parent=11"}],"curies":[{"name":"wp","href":"https:\/\/api.w.org\/{rel}","templated":true}]}}